{"id":7058,"date":"2025-05-15T11:24:00","date_gmt":"2025-05-15T11:24:00","guid":{"rendered":"https:\/\/www.childrenfirst.ch\/angebot-2\/"},"modified":"2026-06-23T08:22:44","modified_gmt":"2026-06-23T08:22:44","slug":"angebot","status":"publish","type":"page","link":"https:\/\/www.childrenfirst.ch\/de\/angebot\/","title":{"rendered":"Angebot"},"content":{"rendered":"\t\t<div data-elementor-type=\"wp-page\" data-elementor-id=\"7058\" class=\"elementor elementor-7058 elementor-6625\" data-elementor-post-type=\"page\">\n\t\t\t\t<div class=\"elementor-element elementor-element-6ef55c7d e-con-full banner-section e-flex e-con e-parent\" data-id=\"6ef55c7d\" data-element_type=\"container\" data-e-type=\"container\" data-settings=\"{&quot;background_background&quot;:&quot;classic&quot;}\">\n\t\t<div class=\"elementor-element elementor-element-d7d10cb e-flex e-con-boxed e-con e-child\" data-id=\"d7d10cb\" data-element_type=\"container\" data-e-type=\"container\">\n\t\t\t\t\t<div class=\"e-con-inner\">\n\t\t<div class=\"elementor-element elementor-element-40a01c8f e-con-full e-flex e-con e-child\" data-id=\"40a01c8f\" data-element_type=\"container\" data-e-type=\"container\">\n\t\t\t\t<div class=\"elementor-element elementor-element-110cea11 elementor-widget__width-initial quote-icon elementor-widget elementor-widget-heading\" data-id=\"110cea11\" data-element_type=\"widget\" data-e-type=\"widget\" data-widget_type=\"heading.default\">\n\t\t\t\t<div class=\"elementor-widget-container\">\n\t\t\t\t\t<h1 class=\"elementor-heading-title elementor-size-default\">Melden Sie sich jetzt an f\u00fcr den Schulbeginn am 17. August 2026.<\/h1>\t\t\t\t<\/div>\n\t\t\t\t<\/div>\n\t\t\t\t<\/div>\n\t\t\t\t\t<\/div>\n\t\t\t\t<\/div>\n\t\t\t\t<\/div>\n\t\t<div class=\"elementor-element elementor-element-11a622ce relative-section overflow-full e-flex e-con-boxed e-con e-parent\" data-id=\"11a622ce\" data-element_type=\"container\" data-e-type=\"container\">\n\t\t\t\t\t<div class=\"e-con-inner\">\n\t\t<div class=\"elementor-element elementor-element-3738560f e-con-full elementor-hidden-mobile e-flex e-con e-child\" data-id=\"3738560f\" data-element_type=\"container\" data-e-type=\"container\" data-settings=\"{&quot;background_background&quot;:&quot;classic&quot;}\">\n\t\t\t\t<\/div>\n\t\t<div class=\"elementor-element elementor-element-41f4792e e-con-full e-flex e-con e-child\" data-id=\"41f4792e\" data-element_type=\"container\" data-e-type=\"container\" data-settings=\"{&quot;background_background&quot;:&quot;classic&quot;}\">\n\t\t<div class=\"elementor-element elementor-element-642d7c e-con-full reverse-block e-flex e-con e-child\" data-id=\"642d7c\" data-element_type=\"container\" data-e-type=\"container\" data-settings=\"{&quot;background_background&quot;:&quot;classic&quot;}\">\n\t\t<div class=\"elementor-element elementor-element-25994fe4 e-con-full e-flex e-con e-child\" data-id=\"25994fe4\" data-element_type=\"container\" data-e-type=\"container\" data-settings=\"{&quot;background_background&quot;:&quot;classic&quot;}\">\n\t\t<div class=\"elementor-element elementor-element-46bb484c e-con-full e-flex e-con e-child\" data-id=\"46bb484c\" data-element_type=\"container\" data-e-type=\"container\">\n\t\t\t\t<div class=\"elementor-element elementor-element-94153af elementor-widget elementor-widget-text-editor\" data-id=\"94153af\" data-element_type=\"widget\" data-e-type=\"widget\" data-widget_type=\"text-editor.default\">\n\t\t\t\t<div class=\"elementor-widget-container\">\n\t\t\t\t\t\t\t\t\t<p><span style=\"font-weight: 400;\">Die zweisprachige Primarschule (DE\/EN) von Children First er\u00f6ffnet im August 2026 ihren neuen Standort in Seefeld. Mit \u00fcber 20 Jahren Erfahrung und Lehrpersonen, die Englisch als Muttersprache beherrschen, bereiten wir die Sch\u00fclerinnen und Sch\u00fcler gezielt auf weiterf\u00fchrende Schulen und die Z\u00fcrcher Gymnasium-Aufnahmepr\u00fcfung vor. Unser britisch-schweizerisches Children First Curriculum vereint das Beste aus beiden Bildungssystemen. Ihr Kind kann bei uns sein volles Potenzial entfalten.<\/span><\/p>\t\t\t\t\t\t\t\t<\/div>\n\t\t\t\t<\/div>\n\t\t\t\t<div class=\"elementor-element elementor-element-1d68087 cursor-pointer elementor-widget elementor-widget-heading\" data-id=\"1d68087\" data-element_type=\"widget\" data-e-type=\"widget\" id=\"education-btn\" data-widget_type=\"heading.default\">\n\t\t\t\t<div class=\"elementor-widget-container\">\n\t\t\t\t\t<h5 class=\"elementor-heading-title elementor-size-default\">Mehr erfahren<\/h5>\t\t\t\t<\/div>\n\t\t\t\t<\/div>\n\t\t\t\t<\/div>\n\t\t\t\t<\/div>\n\t\t<div class=\"elementor-element elementor-element-28f51a18 e-con-full e-flex e-con e-child\" data-id=\"28f51a18\" data-element_type=\"container\" data-e-type=\"container\">\n\t\t\t\t<div class=\"elementor-element elementor-element-ca22615 elementor-widget__width-initial circle-box circle-box-center elementor-widget elementor-widget-heading\" data-id=\"ca22615\" data-element_type=\"widget\" data-e-type=\"widget\" id=\"education-btn1\" data-widget_type=\"heading.default\">\n\t\t\t\t<div class=\"elementor-widget-container\">\n\t\t\t\t\t<h2 class=\"elementor-heading-title elementor-size-default\">Neues Angebot<\/h2>\t\t\t\t<\/div>\n\t\t\t\t<\/div>\n\t\t\t\t<\/div>\n\t\t\t\t<\/div>\n\t\t<div class=\"elementor-element elementor-element-7effb0f6 e-con-full e-flex e-con e-child\" data-id=\"7effb0f6\" data-element_type=\"container\" data-e-type=\"container\" data-settings=\"{&quot;background_background&quot;:&quot;classic&quot;}\">\n\t\t<div class=\"elementor-element elementor-element-3d6fd8d4 e-con-full e-flex e-con e-child\" data-id=\"3d6fd8d4\" data-element_type=\"container\" data-e-type=\"container\" data-settings=\"{&quot;background_background&quot;:&quot;classic&quot;}\">\n\t\t\t\t<div class=\"elementor-element elementor-element-1c21a295 elementor-widget__width-initial elementor-widget elementor-widget-text-editor\" data-id=\"1c21a295\" data-element_type=\"widget\" data-e-type=\"widget\" data-widget_type=\"text-editor.default\">\n\t\t\t\t<div class=\"elementor-widget-container\">\n\t\t\t\t\t\t\t\t\t<p><span style=\"font-weight: 400;\">Unser neu gestalteter Standort erm\u00f6glicht es Ihrem Kind, eine vollst\u00e4ndig anerkannte Schweizer internationale Tagesschule zu besuchen \u2013 inklusive ausgewogenem Mittagessen und abwechslungsreichen Nachmittagsaktivit\u00e4ten. Alles unter einem Dach!<\/span><\/p>\t\t\t\t\t\t\t\t<\/div>\n\t\t\t\t<\/div>\n\t\t\t\t<div class=\"elementor-element elementor-element-25234ee cursor-pointer elementor-widget elementor-widget-heading\" data-id=\"25234ee\" data-element_type=\"widget\" data-e-type=\"widget\" id=\"activity-program-btn\" data-widget_type=\"heading.default\">\n\t\t\t\t<div class=\"elementor-widget-container\">\n\t\t\t\t\t<h5 class=\"elementor-heading-title elementor-size-default\">Mehr erfahren<\/h5>\t\t\t\t<\/div>\n\t\t\t\t<\/div>\n\t\t\t\t<\/div>\n\t\t<div class=\"elementor-element elementor-element-5ab19ca5 e-con-full e-flex e-con e-child\" data-id=\"5ab19ca5\" data-element_type=\"container\" data-e-type=\"container\">\n\t\t\t\t<div class=\"elementor-element elementor-element-681df19d elementor-widget__width-initial circle-box circle-box-center elementor-widget elementor-widget-heading\" data-id=\"681df19d\" data-element_type=\"widget\" data-e-type=\"widget\" id=\"activity-program-btn1\" data-widget_type=\"heading.default\">\n\t\t\t\t<div class=\"elementor-widget-container\">\n\t\t\t\t\t<h2 class=\"elementor-heading-title elementor-size-default\">Alles unter einem Dach<\/h2>\t\t\t\t<\/div>\n\t\t\t\t<\/div>\n\t\t\t\t<\/div>\n\t\t\t\t<\/div>\n\t\t\t\t<\/div>\n\t\t<div class=\"elementor-element elementor-element-5adb6b92 popup-new e-con-full e-flex e-con e-child\" data-id=\"5adb6b92\" data-element_type=\"container\" data-e-type=\"container\" id=\"education-popup\" data-settings=\"{&quot;background_background&quot;:&quot;classic&quot;}\">\n\t\t<div class=\"elementor-element elementor-element-3b2c5d50 e-con-full scroll-box e-flex e-con e-child\" data-id=\"3b2c5d50\" data-element_type=\"container\" data-e-type=\"container\">\n\t\t<div class=\"elementor-element elementor-element-44466916 e-con-full e-flex e-con e-child\" data-id=\"44466916\" data-element_type=\"container\" data-e-type=\"container\" data-settings=\"{&quot;background_background&quot;:&quot;classic&quot;}\">\n\t\t\t\t<div class=\"elementor-element elementor-element-4cf1a305 elementor-widget__width-initial elementor-widget elementor-widget-text-editor\" data-id=\"4cf1a305\" data-element_type=\"widget\" data-e-type=\"widget\" data-widget_type=\"text-editor.default\">\n\t\t\t\t<div class=\"elementor-widget-container\">\n\t\t\t\t\t\t\t\t\t<p><strong>Wir bieten eine erstklassige, individuelle Vorbereitung in famili\u00e4rer Atmosph\u00e4re.<\/strong> Kleine Klassen, engagierte Lehrpersonen und ausreichend Zeit erm\u00f6glichen es uns, gezielt auf jede Sch\u00fclerin und jeden Sch\u00fcler einzugehen.<\/p><p>Neben dem regul\u00e4ren Unterricht gibt es bei uns spannende ausserschulische Aktivit\u00e4ten wie Schach, Philosophie und Musik \u2013 alles in unserer wundersch\u00f6nen Villa in Z\u00fcrich.<\/p><p>In der ersten Phase der Grundschule werden die Grundlagen des Lernens gelegt, w\u00e4hrend sich die Grundf\u00e4higkeiten schnell entwickeln.<\/p>\t\t\t\t\t\t\t\t<\/div>\n\t\t\t\t<\/div>\n\t\t\t\t<div class=\"elementor-element elementor-element-485939d2 elementor-widget elementor-widget-image\" data-id=\"485939d2\" data-element_type=\"widget\" data-e-type=\"widget\" data-widget_type=\"image.default\">\n\t\t\t\t<div class=\"elementor-widget-container\">\n\t\t\t\t\t\t\t\t\t\t\t\t\t\t\t<img fetchpriority=\"high\" decoding=\"async\" width=\"319\" height=\"213\" src=\"https:\/\/www.childrenfirst.ch\/wp-content\/uploads\/2025\/01\/Indoor-activities-19-e1738193091133.jpg\" class=\"attachment-full size-full wp-image-4934\" alt=\"\" srcset=\"https:\/\/www.childrenfirst.ch\/wp-content\/uploads\/2025\/01\/Indoor-activities-19-e1738193091133.jpg 319w, https:\/\/www.childrenfirst.ch\/wp-content\/uploads\/2025\/01\/Indoor-activities-19-e1738193091133-300x200.jpg 300w\" sizes=\"(max-width: 319px) 100vw, 319px\" \/>\t\t\t\t\t\t\t\t\t\t\t\t\t\t\t<\/div>\n\t\t\t\t<\/div>\n\t\t\t\t<\/div>\n\t\t<div class=\"elementor-element elementor-element-4c8c3a0 e-con-full e-flex e-con e-child\" data-id=\"4c8c3a0\" data-element_type=\"container\" data-e-type=\"container\">\n\t\t\t\t<div class=\"elementor-element elementor-element-37a115a5 elementor-widget__width-initial elementor-widget elementor-widget-text-editor\" data-id=\"37a115a5\" data-element_type=\"widget\" data-e-type=\"widget\" data-widget_type=\"text-editor.default\">\n\t\t\t\t<div class=\"elementor-widget-container\">\n\t\t\t\t\t\t\t\t\t<strong>Merkmale der Bildung bei Children First:<\/strong>\n<ul style=\"margin-bottom: 20px; margin-top: 20px;\">\n \t<li>Abstraktion, Verantwortung f\u00fcr Forschung und Lernen, Anh\u00e4ufung von Wissen und Fakten<\/li>\n \t<li>Fl\u00fcssiges Lesen, das Schreiben l\u00e4ngerer S\u00e4tze und einer Vielzahl von Texten verstehen<\/li>\n \t<li>Mathematik<\/li>\n \t<li>Deutsch und Englisch<\/li>\n \t<li>Naturwissenschaften<\/li>\n<\/ul>\nWir begleiten Ihr Kind in den ersten Schuljahren individuell und bereiten\u00a0 auf weiterf\u00fchrende Schulen und die Z\u00fcrcher Gymnasium-Aufnahmepr\u00fcfung vor. In unserem famili\u00e4ren Umfeld kann Ihr Kind schulisch Wachsen. Wir f\u00f6rdern Ihr Kind mit unserer langj\u00e4hrigen Erfahrung und stehen auch Ihnen als Eltern mit Rat und Erfahrung zur Seite.\n\nJetzt mehr erfahren und einen Platz f\u00fcr Ihr Kind sichern!\t\t\t\t\t\t\t\t<\/div>\n\t\t\t\t<\/div>\n\t\t\t\t<div class=\"elementor-element elementor-element-74e740c0 buttons-popup elementor-widget elementor-widget-button\" data-id=\"74e740c0\" data-element_type=\"widget\" data-e-type=\"widget\" data-widget_type=\"button.default\">\n\t\t\t\t<div class=\"elementor-widget-container\">\n\t\t\t\t\t\t\t\t\t<div class=\"elementor-button-wrapper\">\n\t\t\t\t\t<a class=\"elementor-button elementor-size-sm\" role=\"button\" id=\"physical-dev-btn1\">\n\t\t\t\t\t\t<span class=\"elementor-button-content-wrapper\">\n\t\t\t\t\t\t\t\t\t<span class=\"elementor-button-text\">Kontaktieren Sie uns<\/span>\n\t\t\t\t\t<\/span>\n\t\t\t\t\t<\/a>\n\t\t\t\t<\/div>\n\t\t\t\t\t\t\t\t<\/div>\n\t\t\t\t<\/div>\n\t\t\t\t<\/div>\n\t\t\t\t<\/div>\n\t\t\t\t<\/div>\n\t\t<div class=\"elementor-element elementor-element-61723754 popup-new  e-con-full e-flex e-con e-child\" data-id=\"61723754\" data-element_type=\"container\" data-e-type=\"container\" id=\"activity-program\" data-settings=\"{&quot;background_background&quot;:&quot;classic&quot;}\">\n\t\t<div class=\"elementor-element elementor-element-42abd613 e-con-full scroll-box e-flex e-con e-child\" data-id=\"42abd613\" data-element_type=\"container\" data-e-type=\"container\">\n\t\t<div class=\"elementor-element elementor-element-70fb893c e-con-full e-flex e-con e-child\" data-id=\"70fb893c\" data-element_type=\"container\" data-e-type=\"container\" data-settings=\"{&quot;background_background&quot;:&quot;classic&quot;}\">\n\t\t\t\t<div class=\"elementor-element elementor-element-59231da0 elementor-widget__width-initial elementor-widget elementor-widget-text-editor\" data-id=\"59231da0\" data-element_type=\"widget\" data-e-type=\"widget\" data-widget_type=\"text-editor.default\">\n\t\t\t\t<div class=\"elementor-widget-container\">\n\t\t\t\t\t\t\t\t\t<p>Mit unserem <strong>erweiterten Betreuungskonzept<\/strong> begleiten wir Ihr Kind Schritt f\u00fcr Schritt auf seinem Bildungsweg. Beginnend in der Kita schaffen wir eine warme, geborgene Umgebung, in der sich bereits unsere Kleinsten wohlf\u00fchlen, spielerisch lernen und erste soziale Erfahrungen sammeln k\u00f6nnen. Im Montessori-Kindergarten f\u00f6rdern wir die nat\u00fcrliche Neugier und die individuellen F\u00e4higkeiten Ihres Kindes. Unsere P\u00e4dagoginnen und P\u00e4dagogen unterst\u00fctzen es dabei, eigenst\u00e4ndig zu entdecken, Verantwortung zu \u00fcbernehmen und Freude am Lernen zu entwickeln.<\/p><p>Der <strong>nahtlose \u00dcbergang in die Primarschule<\/strong> erm\u00f6glicht eine kontinuierliche Weiterentwicklung \u2013 ohne Br\u00fcche im Alltag oder Umgew\u00f6hnung auf neue Bezugspersonen. Unsere kleinen Klassen, engagierte Lehrpersonen und das bew\u00e4hrte p\u00e4dagogische Konzept bieten dabei optimale Bedingungen, um Ihr Kind gezielt zu f\u00f6rdern und auf den n\u00e4chsten Bildungsabschnitt vorzubereiten.<\/p><p>Mit Children First erlebt Ihr Kind einen begleiteten und ganzheitlichen Bildungsweg von der Kita bis zur Primarschule \u2013 <strong>pers\u00f6nlich, individuell und alles unter einem Dach<\/strong>.<\/p>\t\t\t\t\t\t\t\t<\/div>\n\t\t\t\t<\/div>\n\t\t\t\t<div class=\"elementor-element elementor-element-52ba18cc elementor-widget elementor-widget-image\" data-id=\"52ba18cc\" data-element_type=\"widget\" data-e-type=\"widget\" data-widget_type=\"image.default\">\n\t\t\t\t<div class=\"elementor-widget-container\">\n\t\t\t\t\t\t\t\t\t\t\t\t\t\t\t<img decoding=\"async\" width=\"400\" height=\"267\" src=\"https:\/\/www.childrenfirst.ch\/wp-content\/uploads\/2025\/01\/Forest-32.jpg\" class=\"attachment-full size-full wp-image-4928\" alt=\"\" srcset=\"https:\/\/www.childrenfirst.ch\/wp-content\/uploads\/2025\/01\/Forest-32.jpg 400w, https:\/\/www.childrenfirst.ch\/wp-content\/uploads\/2025\/01\/Forest-32-300x200.jpg 300w\" sizes=\"(max-width: 400px) 100vw, 400px\" \/>\t\t\t\t\t\t\t\t\t\t\t\t\t\t\t<\/div>\n\t\t\t\t<\/div>\n\t\t\t\t<\/div>\n\t\t<div class=\"elementor-element elementor-element-affdff2 e-con-full e-flex e-con e-child\" data-id=\"affdff2\" data-element_type=\"container\" data-e-type=\"container\">\n\t\t\t\t<div class=\"elementor-element elementor-element-6d9e0efc elementor-widget__width-initial elementor-widget elementor-widget-text-editor\" data-id=\"6d9e0efc\" data-element_type=\"widget\" data-e-type=\"widget\" data-widget_type=\"text-editor.default\">\n\t\t\t\t<div class=\"elementor-widget-container\">\n\t\t\t\t\t\t\t\t\t<h5 style=\"font-weight: bold; margin-bottom: 5px;\">Zweisprachige Kita<\/h5><p><strong>0 bis 2 Jahre:<\/strong> Kinderkrippe<br \/>Liebevolle und sichere Umgebung, in der S\u00e4uglinge und Kleinkinder ab 3 Monaten beginnen zu erforschen, spielen und interagieren.<\/p><h5 style=\"font-weight: bold; margin-bottom: 5px;\">Zweisprachige Grundschule (Englisch\u2013Deutsch)<\/h5><p><strong>2 bis 3,5 Jahre:<\/strong> Vorschule (vor dem Kindergarten)<br \/>Grundlage f\u00fcr fr\u00fches, spielendes Lernen mit Schwerpunkt auf soziale F\u00e4higkeiten, Kreativit\u00e4t und Sprachentwicklung.<\/p><p><strong>3,5 bis 6 Jahre:<\/strong> Montessori-Kindergarten<br \/>Montessori inspirierter Lehrplan, der Unabh\u00e4ngigkeit, kritisches Denken und praktisches Lernen f\u00f6rdert.<\/p><p><strong>6 bis 8 Jahre:<\/strong> Grundschulstufe<br \/>Basisstufe, die einen ausgewogenen Ansatz f\u00fcr akademisches Lernen, emotionales Wachstum und Zusammenarbeit f\u00f6rdert.<\/p><p><strong>Wir freuen uns darauf<\/strong>, Sie und Ihr Kind pers\u00f6nlich kennenzulernen.<\/p><p>F\u00fcr <strong>weitere Informationen<\/strong> oder eine individuelle Beratung stehen wir Ihnen jederzeit gerne zur Verf\u00fcgung.<\/p>\t\t\t\t\t\t\t\t<\/div>\n\t\t\t\t<\/div>\n\t\t\t\t<div class=\"elementor-element elementor-element-76a07d1e buttons-popup elementor-widget elementor-widget-button\" data-id=\"76a07d1e\" data-element_type=\"widget\" data-e-type=\"widget\" data-widget_type=\"button.default\">\n\t\t\t\t<div class=\"elementor-widget-container\">\n\t\t\t\t\t\t\t\t\t<div class=\"elementor-button-wrapper\">\n\t\t\t\t\t<a class=\"elementor-button elementor-size-sm\" role=\"button\" id=\"physical-dev-btn1\">\n\t\t\t\t\t\t<span class=\"elementor-button-content-wrapper\">\n\t\t\t\t\t\t\t\t\t<span class=\"elementor-button-text\">Kontaktieren Sie uns<\/span>\n\t\t\t\t\t<\/span>\n\t\t\t\t\t<\/a>\n\t\t\t\t<\/div>\n\t\t\t\t\t\t\t\t<\/div>\n\t\t\t\t<\/div>\n\t\t\t\t<\/div>\n\t\t\t\t<\/div>\n\t\t\t\t<\/div>\n\t\t\t\t\t<\/div>\n\t\t\t\t<\/div>\n\t\t<div class=\"elementor-element elementor-element-3be6277d relative-section e-flex e-con-boxed e-con e-parent\" data-id=\"3be6277d\" data-element_type=\"container\" data-e-type=\"container\">\n\t\t\t\t\t<div class=\"e-con-inner\">\n\t\t<div class=\"elementor-element elementor-element-6db7fc6b e-con-full e-flex e-con e-child\" data-id=\"6db7fc6b\" data-element_type=\"container\" data-e-type=\"container\">\n\t\t<div class=\"elementor-element elementor-element-277da2a2 e-con-full e-flex e-con e-child\" data-id=\"277da2a2\" data-element_type=\"container\" data-e-type=\"container\" data-settings=\"{&quot;background_background&quot;:&quot;classic&quot;}\">\n\t\t<div class=\"elementor-element elementor-element-128cca13 e-con-full relative e-flex e-con e-child\" data-id=\"128cca13\" data-element_type=\"container\" data-e-type=\"container\" data-settings=\"{&quot;background_background&quot;:&quot;classic&quot;}\">\n\t\t\t\t<div class=\"elementor-element elementor-element-7834e186 elementor-widget__width-initial circle-box left-middle elementor-widget elementor-widget-heading\" data-id=\"7834e186\" data-element_type=\"widget\" data-e-type=\"widget\" id=\"physical-dev-btn1\" data-widget_type=\"heading.default\">\n\t\t\t\t<div class=\"elementor-widget-container\">\n\t\t\t\t\t<h2 class=\"elementor-heading-title elementor-size-default\">Jetzt registrieren<\/h2>\t\t\t\t<\/div>\n\t\t\t\t<\/div>\n\t\t<div class=\"elementor-element elementor-element-78ca93d1 e-con-full realtive e-flex e-con e-child\" data-id=\"78ca93d1\" data-element_type=\"container\" data-e-type=\"container\" data-settings=\"{&quot;background_background&quot;:&quot;classic&quot;}\">\n\t\t<div class=\"elementor-element elementor-element-1197ea94 e-con-full e-flex e-con e-child\" data-id=\"1197ea94\" data-element_type=\"container\" data-e-type=\"container\">\n\t\t\t\t<div class=\"elementor-element elementor-element-49e2d5ee elementor-widget elementor-widget-text-editor\" data-id=\"49e2d5ee\" data-element_type=\"widget\" data-e-type=\"widget\" data-widget_type=\"text-editor.default\">\n\t\t\t\t<div class=\"elementor-widget-container\">\n\t\t\t\t\t\t\t\t\tHaben Sie Fragen zu unseren Angeboten? Wir freuen uns auf Ihre Kontaktaufnahme. Gerne begr\u00fcssen wir Sie auch pers\u00f6nlich am Tag der offenen T\u00fcr oder zu einem unverbindlichen Kennenlerngespr\u00e4ch.\t\t\t\t\t\t\t\t<\/div>\n\t\t\t\t<\/div>\n\t\t\t\t<div class=\"elementor-element elementor-element-35ef28e9 cursor-pointer elementor-widget elementor-widget-heading\" data-id=\"35ef28e9\" data-element_type=\"widget\" data-e-type=\"widget\" id=\"physical-dev-btn\" data-widget_type=\"heading.default\">\n\t\t\t\t<div class=\"elementor-widget-container\">\n\t\t\t\t\t<h5 class=\"elementor-heading-title elementor-size-default\">Mehr erfahren<\/h5>\t\t\t\t<\/div>\n\t\t\t\t<\/div>\n\t\t\t\t<\/div>\n\t\t\t\t<\/div>\n\t\t<div class=\"elementor-element elementor-element-5a0d82ca e-con-full e-flex e-con e-child\" data-id=\"5a0d82ca\" data-element_type=\"container\" data-e-type=\"container\" data-settings=\"{&quot;background_background&quot;:&quot;classic&quot;}\">\n\t\t\t\t<\/div>\n\t\t\t\t<\/div>\n\t\t<div class=\"elementor-element elementor-element-32385c6c e-con-full relative e-flex e-con e-child\" data-id=\"32385c6c\" data-element_type=\"container\" data-e-type=\"container\" data-settings=\"{&quot;background_background&quot;:&quot;classic&quot;}\">\n\t\t\t\t<\/div>\n\t\t\t\t<\/div>\n\t\t\t\t<\/div>\n\t\t<div class=\"elementor-element elementor-element-58f13232 popup-new right  e-con-full e-flex e-con e-child\" data-id=\"58f13232\" data-element_type=\"container\" data-e-type=\"container\" id=\"physical-development\" data-settings=\"{&quot;background_background&quot;:&quot;classic&quot;}\">\n\t\t<div class=\"elementor-element elementor-element-7c8c43ec e-con-full scroll-box e-flex e-con e-child\" data-id=\"7c8c43ec\" data-element_type=\"container\" data-e-type=\"container\">\n\t\t<div class=\"elementor-element elementor-element-1c52d3cd e-con-full e-flex e-con e-child\" data-id=\"1c52d3cd\" data-element_type=\"container\" data-e-type=\"container\" data-settings=\"{&quot;background_background&quot;:&quot;classic&quot;}\">\n\t\t\t\t<div class=\"elementor-element elementor-element-d8db0c1 elementor-widget__width-initial circle-box elementor-widget elementor-widget-heading\" data-id=\"d8db0c1\" data-element_type=\"widget\" data-e-type=\"widget\" data-widget_type=\"heading.default\">\n\t\t\t\t<div class=\"elementor-widget-container\">\n\t\t\t\t\t<h2 class=\"elementor-heading-title elementor-size-default\">Jetzt registrieren<\/h2>\t\t\t\t<\/div>\n\t\t\t\t<\/div>\n\t\t\t\t<div class=\"elementor-element elementor-element-5625cb3b elementor-widget__width-initial elementor-widget elementor-widget-text-editor\" data-id=\"5625cb3b\" data-element_type=\"widget\" data-e-type=\"widget\" data-widget_type=\"text-editor.default\">\n\t\t\t\t<div class=\"elementor-widget-container\">\n\t\t\t\t\t\t\t\t\t<p><strong>Wir freuen uns auf Ihre Kontaktaufnahme<\/strong><\/p><p>Bitte f\u00fcllen Sie nebenstehendes Formular aus. Wir werden uns so schnell wie m\u00f6glich mit Ihnen in Verbindung setzen.<br \/><br \/>Wenn Sie weiterf\u00fchrende Informationen w\u00fcnschen, einen telefonischen R\u00fcckruf bevorzugen oder ein pers\u00f6nliches Gespr\u00e4ch vereinbaren m\u00f6chten, k\u00f6nnen Sie uns dies gerne im Kommentarfeld mitteilen. Wir freuen uns auf Ihre Kontaktaufnahme.<\/p>\t\t\t\t\t\t\t\t<\/div>\n\t\t\t\t<\/div>\n\t\t\t\t<\/div>\n\t\t<div class=\"elementor-element elementor-element-393a6a71 e-con-full e-flex e-con e-child\" data-id=\"393a6a71\" data-element_type=\"container\" data-e-type=\"container\">\n\t\t\t\t<div class=\"elementor-element elementor-element-3546eec5 elementor-widget__width-initial elementor-widget elementor-widget-text-editor\" data-id=\"3546eec5\" data-element_type=\"widget\" data-e-type=\"widget\" data-widget_type=\"text-editor.default\">\n\t\t\t\t<div class=\"elementor-widget-container\">\n\t\t\t\t\t\t\t\t\t\n<div class=\"wpcf7 no-js\" id=\"wpcf7-f4190-o1\" lang=\"en-US\" dir=\"ltr\" data-wpcf7-id=\"4190\">\n<div class=\"screen-reader-response\"><p role=\"status\" aria-live=\"polite\" aria-atomic=\"true\"><\/p> <ul><\/ul><\/div>\n<form action=\"\/de\/wp-json\/wp\/v2\/pages\/7058#wpcf7-f4190-o1\" method=\"post\" class=\"wpcf7-form init\" aria-label=\"Contact form\" novalidate=\"novalidate\" data-status=\"init\">\n<fieldset class=\"hidden-fields-container\"><input type=\"hidden\" name=\"_wpcf7\" value=\"4190\" \/><input type=\"hidden\" name=\"_wpcf7_version\" value=\"6.1.6\" \/><input type=\"hidden\" name=\"_wpcf7_locale\" value=\"en_US\" \/><input type=\"hidden\" name=\"_wpcf7_unit_tag\" value=\"wpcf7-f4190-o1\" \/><input type=\"hidden\" name=\"_wpcf7_container_post\" value=\"0\" \/><input type=\"hidden\" name=\"_wpcf7_posted_data_hash\" value=\"\" \/><input type=\"hidden\" name=\"_wpcf7_recaptcha_response\" value=\"\" \/>\n<\/fieldset>\n<div class=\"form-field\">\n\t<p><label> Name<\/label><br \/>\n<span class=\"wpcf7-form-control-wrap\" data-name=\"your-name\"><input size=\"40\" maxlength=\"400\" class=\"wpcf7-form-control wpcf7-text wpcf7-validates-as-required\" autocomplete=\"name\" aria-required=\"true\" aria-invalid=\"false\" value=\"\" type=\"text\" name=\"your-name\" \/><\/span>\n\t<\/p>\n<\/div>\n<div class=\"form-field\">\n\t<p><label>Name des Kindes<\/label><br \/>\n<span class=\"wpcf7-form-control-wrap\" data-name=\"child-name\"><input size=\"40\" maxlength=\"400\" class=\"wpcf7-form-control wpcf7-text wpcf7-validates-as-required\" aria-required=\"true\" aria-invalid=\"false\" value=\"\" type=\"text\" name=\"child-name\" \/><\/span>\n\t<\/p>\n<\/div>\n<div class=\"form-field\">\n\t<p><label>Geburtsdatum des Kindes<\/label><br \/>\n<span class=\"wpcf7-form-control-wrap\" data-name=\"date-child-born\"><input class=\"wpcf7-form-control wpcf7-date wpcf7-validates-as-date\" aria-invalid=\"false\" value=\"\" type=\"date\" name=\"date-child-born\" \/><\/span>\n\t<\/p>\n<\/div>\n<div class=\"form-field\">\n\t<p><label> E-Mail<\/label><br \/>\n<span class=\"wpcf7-form-control-wrap\" data-name=\"your-email\"><input size=\"40\" maxlength=\"400\" class=\"wpcf7-form-control wpcf7-email wpcf7-validates-as-required wpcf7-text wpcf7-validates-as-email\" autocomplete=\"email\" aria-required=\"true\" aria-invalid=\"false\" value=\"\" type=\"email\" name=\"your-email\" \/><\/span>\n\t<\/p>\n<\/div>\n<div class=\"form-field\">\n\t<p><label> Telephone<\/label><br \/>\n<span class=\"wpcf7-form-control-wrap\" data-name=\"tel-number\"><input size=\"40\" maxlength=\"400\" class=\"wpcf7-form-control wpcf7-text\" aria-invalid=\"false\" value=\"\" type=\"text\" name=\"tel-number\" \/><\/span>\n\t<\/p>\n<\/div>\n<div class=\"form-field\">\n\t<p><label> Nachricht<\/label><br \/>\n<span class=\"wpcf7-form-control-wrap\" data-name=\"your-message\"><textarea cols=\"40\" rows=\"10\" maxlength=\"2000\" class=\"wpcf7-form-control wpcf7-textarea\" aria-invalid=\"false\" name=\"your-message\"><\/textarea><\/span>\n\t<\/p>\n<\/div>\n<div class=\"form-field newsletter-checkbox\">\n\t<p><span class=\"wpcf7-form-control-wrap\" data-name=\"newsletter\"><span class=\"wpcf7-form-control wpcf7-checkbox\"><span class=\"wpcf7-list-item first last\"><label><input type=\"checkbox\" name=\"newsletter[]\" value=\"Ich m\u00f6chte Neuigkeiten von Children First erhalten.\" \/><span class=\"wpcf7-list-item-label\">Ich m\u00f6chte Neuigkeiten von Children First erhalten.<\/span><\/label><\/span><\/span><\/span>\n\t<\/p>\n<\/div>\n\n<div class=\"form-field submit-btn\">\n<input class=\"wpcf7-form-control wpcf7-hidden\" id=\"post-url\" value=\"\" type=\"hidden\" name=\"post-url\" \/>\n<input class=\"wpcf7-form-control wpcf7-hidden\" value=\"\" type=\"hidden\" name=\"campaign-ref\" \/>\n\t<p><input class=\"wpcf7-form-control wpcf7-submit has-spinner\" type=\"submit\" value=\"Senden\" \/>\n\t<\/p>\n<\/div><div class=\"wpcf7-response-output\" aria-hidden=\"true\"><\/div>\n<\/form>\n<\/div>\n\t\t\t\t\t\t\t\t<\/div>\n\t\t\t\t<\/div>\n\t\t\t\t<\/div>\n\t\t\t\t<\/div>\n\t\t\t\t<\/div>\n\t\t\t\t\t<\/div>\n\t\t\t\t<\/div>\n\t\t<div class=\"elementor-element elementor-element-5beec78 cf7-offer-page e-flex e-con-boxed e-con e-parent\" data-id=\"5beec78\" data-element_type=\"container\" data-e-type=\"container\" data-settings=\"{&quot;background_background&quot;:&quot;classic&quot;}\">\n\t\t\t\t\t<div class=\"e-con-inner\">\n\t\t\t\t<div class=\"elementor-element elementor-element-e9554a3 elementor-widget elementor-widget-shortcode\" data-id=\"e9554a3\" data-element_type=\"widget\" data-e-type=\"widget\" data-widget_type=\"shortcode.default\">\n\t\t\t\t<div class=\"elementor-widget-container\">\n\t\t\t\t\t\t\t<div class=\"elementor-shortcode\">\n<div class=\"wpcf7 no-js\" id=\"wpcf7-f8175-o2\" lang=\"en-US\" dir=\"ltr\" data-wpcf7-id=\"8175\">\n<div class=\"screen-reader-response\"><p role=\"status\" aria-live=\"polite\" aria-atomic=\"true\"><\/p> <ul><\/ul><\/div>\n<form action=\"\/de\/wp-json\/wp\/v2\/pages\/7058#wpcf7-f8175-o2\" method=\"post\" class=\"wpcf7-form init\" aria-label=\"Contact form\" novalidate=\"novalidate\" data-status=\"init\">\n<fieldset class=\"hidden-fields-container\"><input type=\"hidden\" name=\"_wpcf7\" value=\"8175\" \/><input type=\"hidden\" name=\"_wpcf7_version\" value=\"6.1.6\" \/><input type=\"hidden\" name=\"_wpcf7_locale\" value=\"en_US\" \/><input type=\"hidden\" name=\"_wpcf7_unit_tag\" value=\"wpcf7-f8175-o2\" \/><input type=\"hidden\" name=\"_wpcf7_container_post\" value=\"0\" \/><input type=\"hidden\" name=\"_wpcf7_posted_data_hash\" value=\"\" \/><input type=\"hidden\" name=\"_wpcf7_recaptcha_response\" value=\"\" \/>\n<\/fieldset>\n<div class=\"form-field\">\n\t<p><label> Name<\/label><br \/>\n<span class=\"wpcf7-form-control-wrap\" data-name=\"your-name\"><input size=\"40\" maxlength=\"400\" class=\"wpcf7-form-control wpcf7-text wpcf7-validates-as-required\" autocomplete=\"name\" aria-required=\"true\" aria-invalid=\"false\" value=\"\" type=\"text\" name=\"your-name\" \/><\/span>\n\t<\/p>\n<\/div>\n<div class=\"form-field\">\n\t<p><label>Name des Kindes<\/label><br \/>\n<span class=\"wpcf7-form-control-wrap\" data-name=\"child-name\"><input size=\"40\" maxlength=\"400\" class=\"wpcf7-form-control wpcf7-text wpcf7-validates-as-required\" aria-required=\"true\" aria-invalid=\"false\" value=\"\" type=\"text\" name=\"child-name\" \/><\/span>\n\t<\/p>\n<\/div>\n<div class=\"form-field\">\n\t<p><label>Geburtsdatum des Kindes<\/label><br \/>\n<span class=\"wpcf7-form-control-wrap\" data-name=\"date-child-born\"><input class=\"wpcf7-form-control wpcf7-date wpcf7-validates-as-date\" aria-invalid=\"false\" value=\"\" type=\"date\" name=\"date-child-born\" \/><\/span>\n\t<\/p>\n<\/div>\n<div class=\"form-field\">\n\t<p><label> E-Mail<\/label><br \/>\n<span class=\"wpcf7-form-control-wrap\" data-name=\"your-email\"><input size=\"40\" maxlength=\"400\" class=\"wpcf7-form-control wpcf7-email wpcf7-validates-as-required wpcf7-text wpcf7-validates-as-email\" autocomplete=\"email\" aria-required=\"true\" aria-invalid=\"false\" value=\"\" type=\"email\" name=\"your-email\" \/><\/span>\n\t<\/p>\n<\/div>\n<div class=\"form-field\">\n\t<p><label> Telephone<\/label><br \/>\n<span class=\"wpcf7-form-control-wrap\" data-name=\"tel-number\"><input size=\"40\" maxlength=\"400\" class=\"wpcf7-form-control wpcf7-text\" aria-invalid=\"false\" value=\"\" type=\"text\" name=\"tel-number\" \/><\/span>\n\t<\/p>\n<\/div>\n<div class=\"form-field\">\n\t<p><label> Nachricht<\/label><br \/>\n<span class=\"wpcf7-form-control-wrap\" data-name=\"your-message\"><textarea cols=\"40\" rows=\"10\" maxlength=\"2000\" class=\"wpcf7-form-control wpcf7-textarea\" aria-invalid=\"false\" name=\"your-message\"><\/textarea><\/span>\n\t<\/p>\n<\/div>\n<div class=\"form-field newsletter-checkbox\">\n\t<p><span class=\"wpcf7-form-control-wrap\" data-name=\"newsletter\"><span class=\"wpcf7-form-control wpcf7-checkbox\"><span class=\"wpcf7-list-item first last\"><label><input type=\"checkbox\" name=\"newsletter[]\" value=\"Ich m\u00f6chte Neuigkeiten von Children First erhalten.\" \/><span class=\"wpcf7-list-item-label\">Ich m\u00f6chte Neuigkeiten von Children First erhalten.<\/span><\/label><\/span><\/span><\/span>\n\t<\/p>\n<\/div>\n\n<div class=\"form-field submit-btn\">\n<input class=\"wpcf7-form-control wpcf7-hidden\" value=\"\" type=\"hidden\" name=\"post-url\" \/>\n<input class=\"wpcf7-form-control wpcf7-hidden\" value=\"\" type=\"hidden\" name=\"campaign-ref\" \/>\n\t<p><input class=\"wpcf7-form-control wpcf7-submit has-spinner\" type=\"submit\" value=\"Senden\" \/>\n\t<\/p>\n<\/div><div class=\"wpcf7-response-output\" aria-hidden=\"true\"><\/div>\n<\/form>\n<\/div>\n<\/div>\n\t\t\t\t\t\t<\/div>\n\t\t\t\t<\/div>\n\t\t\t\t\t<\/div>\n\t\t\t\t<\/div>\n\t\t\t\t<\/div>\n\t\t","protected":false},"excerpt":{"rendered":"<p>Melden Sie sich jetzt an f\u00fcr den Schulbeginn am 17. August 2026. Die zweisprachige Primarschule (DE\/EN) von Children First er\u00f6ffnet im August 2026 ihren neuen Standort in Seefeld. Mit \u00fcber 20 Jahren Erfahrung und Lehrpersonen, die Englisch als Muttersprache beherrschen, bereiten wir die Sch\u00fclerinnen und Sch\u00fcler gezielt auf weiterf\u00fchrende Schulen und die Z\u00fcrcher Gymnasium-Aufnahmepr\u00fcfung vor. [&hellip;]<\/p>\n","protected":false},"author":1,"featured_media":0,"parent":0,"menu_order":0,"comment_status":"closed","ping_status":"closed","template":"","meta":{"_acf_changed":false,"footnotes":""},"class_list":["post-7058","page","type-page","status-publish","hentry"],"acf":[],"yoast_head":"<!-- This site is optimized with the Yoast SEO plugin v28.2 - https:\/\/yoast.com\/product\/yoast-seo-wordpress\/ -->\n<title>Angebot - Children First<\/title>\n<meta name=\"robots\" content=\"index, follow, max-snippet:-1, max-image-preview:large, max-video-preview:-1\" \/>\n<link rel=\"canonical\" href=\"https:\/\/www.childrenfirst.ch\/de\/angebot\/\" \/>\n<meta property=\"og:locale\" content=\"de_DE\" \/>\n<meta property=\"og:type\" content=\"article\" \/>\n<meta property=\"og:title\" content=\"Angebot - Children First\" \/>\n<meta property=\"og:description\" content=\"Melden Sie sich jetzt an f\u00fcr den Schulbeginn am 17. August 2026. Die zweisprachige Primarschule (DE\/EN) von Children First er\u00f6ffnet im August 2026 ihren neuen Standort in Seefeld. Mit \u00fcber 20 Jahren Erfahrung und Lehrpersonen, die Englisch als Muttersprache beherrschen, bereiten wir die Sch\u00fclerinnen und Sch\u00fcler gezielt auf weiterf\u00fchrende Schulen und die Z\u00fcrcher Gymnasium-Aufnahmepr\u00fcfung vor. [&hellip;]\" \/>\n<meta property=\"og:url\" content=\"https:\/\/www.childrenfirst.ch\/de\/angebot\/\" \/>\n<meta property=\"og:site_name\" content=\"Children First\" \/>\n<meta property=\"article:modified_time\" content=\"2026-06-23T08:22:44+00:00\" \/>\n<meta property=\"og:image\" content=\"https:\/\/www.childrenfirst.ch\/wp-content\/uploads\/2025\/01\/Indoor-activities-19-e1738193091133.jpg\" \/>\n\t<meta property=\"og:image:width\" content=\"319\" \/>\n\t<meta property=\"og:image:height\" content=\"213\" \/>\n\t<meta property=\"og:image:type\" content=\"image\/jpeg\" \/>\n<meta name=\"twitter:card\" content=\"summary_large_image\" \/>\n<meta name=\"twitter:label1\" content=\"Gesch\u00e4tzte Lesezeit\" \/>\n\t<meta name=\"twitter:data1\" content=\"4\u00a0Minuten\" \/>\n<script type=\"application\/ld+json\" class=\"yoast-schema-graph\">{\"@context\":\"https:\\\/\\\/schema.org\",\"@graph\":[{\"@type\":\"WebPage\",\"@id\":\"https:\\\/\\\/www.childrenfirst.ch\\\/de\\\/angebot\\\/\",\"url\":\"https:\\\/\\\/www.childrenfirst.ch\\\/de\\\/angebot\\\/\",\"name\":\"Angebot - Children First\",\"isPartOf\":{\"@id\":\"https:\\\/\\\/www.childrenfirst.ch\\\/de\\\/#website\"},\"primaryImageOfPage\":{\"@id\":\"https:\\\/\\\/www.childrenfirst.ch\\\/de\\\/angebot\\\/#primaryimage\"},\"image\":{\"@id\":\"https:\\\/\\\/www.childrenfirst.ch\\\/de\\\/angebot\\\/#primaryimage\"},\"thumbnailUrl\":\"https:\\\/\\\/www.childrenfirst.ch\\\/wp-content\\\/uploads\\\/2025\\\/01\\\/Indoor-activities-19-e1738193091133.jpg\",\"datePublished\":\"2025-05-15T11:24:00+00:00\",\"dateModified\":\"2026-06-23T08:22:44+00:00\",\"breadcrumb\":{\"@id\":\"https:\\\/\\\/www.childrenfirst.ch\\\/de\\\/angebot\\\/#breadcrumb\"},\"inLanguage\":\"de\",\"potentialAction\":[{\"@type\":\"ReadAction\",\"target\":[\"https:\\\/\\\/www.childrenfirst.ch\\\/de\\\/angebot\\\/\"]}]},{\"@type\":\"ImageObject\",\"inLanguage\":\"de\",\"@id\":\"https:\\\/\\\/www.childrenfirst.ch\\\/de\\\/angebot\\\/#primaryimage\",\"url\":\"https:\\\/\\\/www.childrenfirst.ch\\\/wp-content\\\/uploads\\\/2025\\\/01\\\/Indoor-activities-19-e1738193091133.jpg\",\"contentUrl\":\"https:\\\/\\\/www.childrenfirst.ch\\\/wp-content\\\/uploads\\\/2025\\\/01\\\/Indoor-activities-19-e1738193091133.jpg\"},{\"@type\":\"BreadcrumbList\",\"@id\":\"https:\\\/\\\/www.childrenfirst.ch\\\/de\\\/angebot\\\/#breadcrumb\",\"itemListElement\":[{\"@type\":\"ListItem\",\"position\":1,\"name\":\"Home\",\"item\":\"https:\\\/\\\/www.childrenfirst.ch\\\/de\\\/\"},{\"@type\":\"ListItem\",\"position\":2,\"name\":\"Angebot\"}]},{\"@type\":\"WebSite\",\"@id\":\"https:\\\/\\\/www.childrenfirst.ch\\\/de\\\/#website\",\"url\":\"https:\\\/\\\/www.childrenfirst.ch\\\/de\\\/\",\"name\":\"Children First\",\"description\":\"International daycare, preschool and kindergarten\",\"publisher\":{\"@id\":\"https:\\\/\\\/www.childrenfirst.ch\\\/de\\\/#organization\"},\"potentialAction\":[{\"@type\":\"SearchAction\",\"target\":{\"@type\":\"EntryPoint\",\"urlTemplate\":\"https:\\\/\\\/www.childrenfirst.ch\\\/de\\\/?s={search_term_string}\"},\"query-input\":{\"@type\":\"PropertyValueSpecification\",\"valueRequired\":true,\"valueName\":\"search_term_string\"}}],\"inLanguage\":\"de\"},{\"@type\":\"Organization\",\"@id\":\"https:\\\/\\\/www.childrenfirst.ch\\\/de\\\/#organization\",\"name\":\"Children First\",\"url\":\"https:\\\/\\\/www.childrenfirst.ch\\\/de\\\/\",\"logo\":{\"@type\":\"ImageObject\",\"inLanguage\":\"de\",\"@id\":\"https:\\\/\\\/www.childrenfirst.ch\\\/de\\\/#\\\/schema\\\/logo\\\/image\\\/\",\"url\":\"https:\\\/\\\/www.childrenfirst.ch\\\/wp-content\\\/uploads\\\/2024\\\/12\\\/logo-1.png\",\"contentUrl\":\"https:\\\/\\\/www.childrenfirst.ch\\\/wp-content\\\/uploads\\\/2024\\\/12\\\/logo-1.png\",\"width\":305,\"height\":82,\"caption\":\"Children First\"},\"image\":{\"@id\":\"https:\\\/\\\/www.childrenfirst.ch\\\/de\\\/#\\\/schema\\\/logo\\\/image\\\/\"}}]}<\/script>\n<!-- \/ Yoast SEO plugin. -->","yoast_head_json":{"title":"Angebot - Children First","robots":{"index":"index","follow":"follow","max-snippet":"max-snippet:-1","max-image-preview":"max-image-preview:large","max-video-preview":"max-video-preview:-1"},"canonical":"https:\/\/www.childrenfirst.ch\/de\/angebot\/","og_locale":"de_DE","og_type":"article","og_title":"Angebot - Children First","og_description":"Melden Sie sich jetzt an f\u00fcr den Schulbeginn am 17. August 2026. Die zweisprachige Primarschule (DE\/EN) von Children First er\u00f6ffnet im August 2026 ihren neuen Standort in Seefeld. Mit \u00fcber 20 Jahren Erfahrung und Lehrpersonen, die Englisch als Muttersprache beherrschen, bereiten wir die Sch\u00fclerinnen und Sch\u00fcler gezielt auf weiterf\u00fchrende Schulen und die Z\u00fcrcher Gymnasium-Aufnahmepr\u00fcfung vor. [&hellip;]","og_url":"https:\/\/www.childrenfirst.ch\/de\/angebot\/","og_site_name":"Children First","article_modified_time":"2026-06-23T08:22:44+00:00","og_image":[{"width":319,"height":213,"url":"https:\/\/www.childrenfirst.ch\/wp-content\/uploads\/2025\/01\/Indoor-activities-19-e1738193091133.jpg","type":"image\/jpeg"}],"twitter_card":"summary_large_image","twitter_misc":{"Gesch\u00e4tzte Lesezeit":"4\u00a0Minuten"},"schema":{"@context":"https:\/\/schema.org","@graph":[{"@type":"WebPage","@id":"https:\/\/www.childrenfirst.ch\/de\/angebot\/","url":"https:\/\/www.childrenfirst.ch\/de\/angebot\/","name":"Angebot - Children First","isPartOf":{"@id":"https:\/\/www.childrenfirst.ch\/de\/#website"},"primaryImageOfPage":{"@id":"https:\/\/www.childrenfirst.ch\/de\/angebot\/#primaryimage"},"image":{"@id":"https:\/\/www.childrenfirst.ch\/de\/angebot\/#primaryimage"},"thumbnailUrl":"https:\/\/www.childrenfirst.ch\/wp-content\/uploads\/2025\/01\/Indoor-activities-19-e1738193091133.jpg","datePublished":"2025-05-15T11:24:00+00:00","dateModified":"2026-06-23T08:22:44+00:00","breadcrumb":{"@id":"https:\/\/www.childrenfirst.ch\/de\/angebot\/#breadcrumb"},"inLanguage":"de","potentialAction":[{"@type":"ReadAction","target":["https:\/\/www.childrenfirst.ch\/de\/angebot\/"]}]},{"@type":"ImageObject","inLanguage":"de","@id":"https:\/\/www.childrenfirst.ch\/de\/angebot\/#primaryimage","url":"https:\/\/www.childrenfirst.ch\/wp-content\/uploads\/2025\/01\/Indoor-activities-19-e1738193091133.jpg","contentUrl":"https:\/\/www.childrenfirst.ch\/wp-content\/uploads\/2025\/01\/Indoor-activities-19-e1738193091133.jpg"},{"@type":"BreadcrumbList","@id":"https:\/\/www.childrenfirst.ch\/de\/angebot\/#breadcrumb","itemListElement":[{"@type":"ListItem","position":1,"name":"Home","item":"https:\/\/www.childrenfirst.ch\/de\/"},{"@type":"ListItem","position":2,"name":"Angebot"}]},{"@type":"WebSite","@id":"https:\/\/www.childrenfirst.ch\/de\/#website","url":"https:\/\/www.childrenfirst.ch\/de\/","name":"Children First","description":"International daycare, preschool and kindergarten","publisher":{"@id":"https:\/\/www.childrenfirst.ch\/de\/#organization"},"potentialAction":[{"@type":"SearchAction","target":{"@type":"EntryPoint","urlTemplate":"https:\/\/www.childrenfirst.ch\/de\/?s={search_term_string}"},"query-input":{"@type":"PropertyValueSpecification","valueRequired":true,"valueName":"search_term_string"}}],"inLanguage":"de"},{"@type":"Organization","@id":"https:\/\/www.childrenfirst.ch\/de\/#organization","name":"Children First","url":"https:\/\/www.childrenfirst.ch\/de\/","logo":{"@type":"ImageObject","inLanguage":"de","@id":"https:\/\/www.childrenfirst.ch\/de\/#\/schema\/logo\/image\/","url":"https:\/\/www.childrenfirst.ch\/wp-content\/uploads\/2024\/12\/logo-1.png","contentUrl":"https:\/\/www.childrenfirst.ch\/wp-content\/uploads\/2024\/12\/logo-1.png","width":305,"height":82,"caption":"Children First"},"image":{"@id":"https:\/\/www.childrenfirst.ch\/de\/#\/schema\/logo\/image\/"}}]}},"_links":{"self":[{"href":"https:\/\/www.childrenfirst.ch\/de\/wp-json\/wp\/v2\/pages\/7058","targetHints":{"allow":["GET"]}}],"collection":[{"href":"https:\/\/www.childrenfirst.ch\/de\/wp-json\/wp\/v2\/pages"}],"about":[{"href":"https:\/\/www.childrenfirst.ch\/de\/wp-json\/wp\/v2\/types\/page"}],"author":[{"embeddable":true,"href":"https:\/\/www.childrenfirst.ch\/de\/wp-json\/wp\/v2\/users\/1"}],"replies":[{"embeddable":true,"href":"https:\/\/www.childrenfirst.ch\/de\/wp-json\/wp\/v2\/comments?post=7058"}],"version-history":[{"count":62,"href":"https:\/\/www.childrenfirst.ch\/de\/wp-json\/wp\/v2\/pages\/7058\/revisions"}],"predecessor-version":[{"id":8821,"href":"https:\/\/www.childrenfirst.ch\/de\/wp-json\/wp\/v2\/pages\/7058\/revisions\/8821"}],"wp:attachment":[{"href":"https:\/\/www.childrenfirst.ch\/de\/wp-json\/wp\/v2\/media?parent=7058"}],"curies":[{"name":"wp","href":"https:\/\/api.w.org\/{rel}","templated":true}]}}