{"id":4094,"date":"2024-06-11T05:18:16","date_gmt":"2024-06-11T05:18:16","guid":{"rendered":"https:\/\/www.childrenfirst.ch\/startseite\/"},"modified":"2026-08-31T08:52:24","modified_gmt":"2026-08-31T08:52:24","slug":"startseite","status":"publish","type":"page","link":"https:\/\/www.childrenfirst.ch\/de\/","title":{"rendered":"Startseite"},"content":{"rendered":"\t\t<div data-elementor-type=\"wp-page\" data-elementor-id=\"4094\" class=\"elementor elementor-4094 elementor-12\" data-elementor-post-type=\"page\">\n\t\t\t\t<div class=\"elementor-element elementor-element-2056117 e-con-full banner-section e-flex e-con e-parent\" data-id=\"2056117\" data-element_type=\"container\" data-e-type=\"container\" data-settings=\"{&quot;background_background&quot;:&quot;classic&quot;}\">\n\t\t<div class=\"elementor-element elementor-element-9490453 e-flex e-con-boxed e-con e-child\" data-id=\"9490453\" data-element_type=\"container\" data-e-type=\"container\">\n\t\t\t\t\t<div class=\"e-con-inner\">\n\t\t<div class=\"elementor-element elementor-element-195d8df e-con-full e-flex e-con e-child\" data-id=\"195d8df\" data-element_type=\"container\" data-e-type=\"container\">\n\t\t\t\t<div class=\"elementor-element elementor-element-55607b2 elementor-widget__width-initial quote-icon elementor-widget elementor-widget-heading\" data-id=\"55607b2\" data-element_type=\"widget\" data-e-type=\"widget\" data-widget_type=\"heading.default\">\n\t\t\t\t<div class=\"elementor-widget-container\">\n\t\t\t\t\t<h2 class=\"elementor-heading-title elementor-size-default\">Children First ist der einzige Ort, der alles unter einem Dach anbietet. Meine Kinder f\u00fchlen sich hier sehr wohl.<\/h2>\t\t\t\t<\/div>\n\t\t\t\t<\/div>\n\t\t\t\t<div class=\"elementor-element elementor-element-c6f7558 elementor-widget elementor-widget-heading\" data-id=\"c6f7558\" data-element_type=\"widget\" data-e-type=\"widget\" data-widget_type=\"heading.default\">\n\t\t\t\t<div class=\"elementor-widget-container\">\n\t\t\t\t\t<h3 class=\"elementor-heading-title elementor-size-default\">Roman, Vater von Livia und Alison<\/h3>\t\t\t\t<\/div>\n\t\t\t\t<\/div>\n\t\t\t\t<div class=\"elementor-element elementor-element-d4d7629 elementor-widget__width-initial elementor-widget elementor-widget-text-editor\" data-id=\"d4d7629\" data-element_type=\"widget\" data-e-type=\"widget\" data-widget_type=\"text-editor.default\">\n\t\t\t\t<div class=\"elementor-widget-container\">\n\t\t\t\t\t\t\t\t\t<p><strong>Kita, Vorschule und Grundschule in Englisch und Deutsch mit British-Montessori Lehrplan.<br \/><\/strong>Gegr\u00fcndet von der Expertin f\u00fcr Kindesentwicklung Monica Shah.<\/p>\t\t\t\t\t\t\t\t<\/div>\n\t\t\t\t<\/div>\n\t\t\t\t<div class=\"elementor-element elementor-element-18c51ca cursor-pointer elementor-widget elementor-widget-heading\" data-id=\"18c51ca\" data-element_type=\"widget\" data-e-type=\"widget\" id=\"mission-value\" data-widget_type=\"heading.default\">\n\t\t\t\t<div class=\"elementor-widget-container\">\n\t\t\t\t\t<h2 class=\"elementor-heading-title elementor-size-default\">Unser Auftrag und unsere Werte<\/h2>\t\t\t\t<\/div>\n\t\t\t\t<\/div>\n\t\t\t\t<div class=\"elementor-element elementor-element-31a5f19 cursor-pointer elementor-widget elementor-widget-heading\" data-id=\"31a5f19\" data-element_type=\"widget\" data-e-type=\"widget\" id=\"unser-angebot\" data-widget_type=\"heading.default\">\n\t\t\t\t<div class=\"elementor-widget-container\">\n\t\t\t\t\t<h2 class=\"elementor-heading-title elementor-size-default\">Unser Angebot<\/h2>\t\t\t\t<\/div>\n\t\t\t\t<\/div>\n\t\t\t\t<\/div>\n\t\t<div class=\"elementor-element elementor-element-bfcacb8 elementor-hidden-mobile e-flex e-con-boxed e-con e-child\" data-id=\"bfcacb8\" data-element_type=\"container\" data-e-type=\"container\">\n\t\t\t\t\t<div class=\"e-con-inner\">\n\t\t\t\t\t<\/div>\n\t\t\t\t<\/div>\n\t\t\t\t\t<\/div>\n\t\t\t\t<\/div>\n\t\t<div class=\"elementor-element elementor-element-48c6dd5 popup-block e-flex e-con-boxed e-con e-child\" data-id=\"48c6dd5\" data-element_type=\"container\" data-e-type=\"container\" id=\"our-mission-popup\" data-settings=\"{&quot;background_background&quot;:&quot;classic&quot;}\">\n\t\t\t\t\t<div class=\"e-con-inner\">\n\t\t<div class=\"elementor-element elementor-element-0362a2d e-con-full e-flex e-con e-child\" data-id=\"0362a2d\" data-element_type=\"container\" data-e-type=\"container\">\n\t\t\t\t<div class=\"elementor-element elementor-element-eaf656c elementor-widget__width-initial circle-box elementor-widget elementor-widget-heading\" data-id=\"eaf656c\" data-element_type=\"widget\" data-e-type=\"widget\" data-widget_type=\"heading.default\">\n\t\t\t\t<div class=\"elementor-widget-container\">\n\t\t\t\t\t<h2 class=\"elementor-heading-title elementor-size-default\">Unser Auftrag und unsere Werte<\/h2>\t\t\t\t<\/div>\n\t\t\t\t<\/div>\n\t\t\t\t<\/div>\n\t\t<div class=\"elementor-element elementor-element-57b82fd e-con-full e-flex e-con e-child\" data-id=\"57b82fd\" data-element_type=\"container\" data-e-type=\"container\">\n\t\t<div class=\"elementor-element elementor-element-3cc146e e-con-full e-flex e-con e-child\" data-id=\"3cc146e\" data-element_type=\"container\" data-e-type=\"container\">\n\t\t\t\t<div class=\"elementor-element elementor-element-ccef384 elementor-widget elementor-widget-text-editor\" data-id=\"ccef384\" data-element_type=\"widget\" data-e-type=\"widget\" data-widget_type=\"text-editor.default\">\n\t\t\t\t<div class=\"elementor-widget-container\">\n\t\t\t\t\t\t\t\t\t<h5><em><strong>Children First f\u00f6rdert Kinder in kognitiver, emotionaler und sozialer Hinsicht, um sie darauf vorzubereiten, das Leben anzunehmen und in der Welt zu gedeihen.<\/strong><\/em><\/h5><p><span style=\"font-weight: 400;\">Unsere Vision ist es, dass wir uns vom Potenzial der Kinder inspirieren lassen und dies in unseren Unterricht und unsere Betreuung bei Children First einfliessen lassen. Wir respektieren jedes Kind, so wie es ist, und arbeiten partnerschaftlich mit den Eltern zusammen. Unsere P\u00e4dagoginnen und P\u00e4dagogen st\u00fctzen sich beim Unterricht auf den britischen Lehrplan, einer der bekanntesten und am meisten gesch\u00e4tzten Lehrpl\u00e4ne in der Welt. Sie unterrichten mit ihrem breiten, internationalen Fachwissen in Deutsch und Englisch nach dem Montessori-Prinzip.\u00a0 <\/span><\/p><p><span style=\"font-weight: 400;\">Wir haben einen positiven und nachhaltigen Einfluss auf das Leben Ihres Kindes, indem wir seine Entwicklung in den Lebenskompetenzen f\u00f6rdern:<\/span><\/p><ul><li><span style=\"font-weight: 400;\">Selbstdarstellung<\/span><\/li><li><span style=\"font-weight: 400;\">Erforschen und Gestalten<\/span><\/li><li><span style=\"font-weight: 400;\">Lernen, wie man lernt<\/span><\/li><li><span style=\"font-weight: 400;\">Positive Beziehungen aufbauen und Kontakte kn\u00fcpfen<\/span><\/li><li><span style=\"font-weight: 400;\">Sich sicher, wertgesch\u00e4tzt und erf\u00fcllt f\u00fchlen<\/span><\/li><li><span style=\"font-weight: 400;\">Wachsen!<\/span><\/li><\/ul>\t\t\t\t\t\t\t\t<\/div>\n\t\t\t\t<\/div>\n\t\t\t\t<\/div>\n\t\t<div class=\"elementor-element elementor-element-bbe116a e-con-full e-flex e-con e-child\" data-id=\"bbe116a\" data-element_type=\"container\" data-e-type=\"container\">\n\t\t\t\t<div class=\"elementor-element elementor-element-39ccd16 elementor-widget elementor-widget-text-editor\" data-id=\"39ccd16\" data-element_type=\"widget\" data-e-type=\"widget\" data-widget_type=\"text-editor.default\">\n\t\t\t\t<div class=\"elementor-widget-container\">\n\t\t\t\t\t\t\t\t\t<h5><strong><i>Unsere Werte seit 2006<\/i><\/strong><\/h5><ul><li><span style=\"font-weight: 400;\"><strong>Leidenschaft<\/strong>: Wir lieben Kinder und setzen uns f\u00fcr ein starkes zweisprachiges Fundament ein.<\/span><\/li><li><span style=\"font-weight: 400;\"><strong>Exzellenz<\/strong>: wird untermauert mit unserem ganzheitlichen, zweisprachigen Ansatz von klaren Prinzipien: Autonomie, Selbstbewusstsein und soziale Verantwortung.<\/span><\/li><li><span style=\"font-weight: 400;\"><strong>Strukturierter Unterricht<\/strong>: Unabh\u00e4ngigkeit, Freundschaft, Sprache und kreatives Spiel.<\/span><\/li><li><span style=\"font-weight: 400;\"><strong>Partnerschaft<\/strong>: Wir tauschen uns regelm\u00e4ssig mit den Eltern aus \u00fcber die Erkenntnisse und das Potenzial ihres Kindes.<\/span><\/li><li><span style=\"font-weight: 400;\"><strong>Respekt und Inklusivit\u00e4t<\/strong>: Diese Werte leben wir in unserem Unterricht und in unserem Haus. Auch bieten wir den Eltern Einblicke in das Potenzial eines jeden Kindes an.<\/span><\/li><\/ul><p><span style=\"font-weight: 400;\">Monica Shah, Leiterin von Children First und Spezialistin in fr\u00fchkindlicher Entwicklung, stellt erfahrene und gut ausgebildete Lehrpersonen ein, um den hohen Standard in unserer zweisprachigen Kindertagesst\u00e4tte und unserem Kindergarten zu gew\u00e4hrleisten.<\/span><\/p>\t\t\t\t\t\t\t\t<\/div>\n\t\t\t\t<\/div>\n\t\t\t\t<\/div>\n\t\t\t\t<\/div>\n\t\t\t\t<div class=\"elementor-element elementor-element-ef653b0 cursor-pointer elementor-widget elementor-widget-heading\" data-id=\"ef653b0\" data-element_type=\"widget\" data-e-type=\"widget\" id=\"close-btn1\" data-widget_type=\"heading.default\">\n\t\t\t\t<div class=\"elementor-widget-container\">\n\t\t\t\t\t<h2 class=\"elementor-heading-title elementor-size-default\">Schlie\u00dfen Sie<\/h2>\t\t\t\t<\/div>\n\t\t\t\t<\/div>\n\t\t\t\t\t<\/div>\n\t\t\t\t<\/div>\n\t\t<div class=\"elementor-element elementor-element-810a77b popup-block e-flex e-con-boxed e-con e-child\" data-id=\"810a77b\" data-element_type=\"container\" data-e-type=\"container\" id=\"unser-angebot-popup\" data-settings=\"{&quot;background_background&quot;:&quot;classic&quot;}\">\n\t\t\t\t\t<div class=\"e-con-inner\">\n\t\t<div class=\"elementor-element elementor-element-88ad4ca e-con-full e-flex e-con e-child\" data-id=\"88ad4ca\" data-element_type=\"container\" data-e-type=\"container\">\n\t\t\t\t<div class=\"elementor-element elementor-element-2295622 elementor-widget__width-initial circle-box elementor-widget elementor-widget-heading\" data-id=\"2295622\" data-element_type=\"widget\" data-e-type=\"widget\" data-widget_type=\"heading.default\">\n\t\t\t\t<div class=\"elementor-widget-container\">\n\t\t\t\t\t<h2 class=\"elementor-heading-title elementor-size-default\">Unser Angebot<\/h2>\t\t\t\t<\/div>\n\t\t\t\t<\/div>\n\t\t\t\t<\/div>\n\t\t<div class=\"elementor-element elementor-element-072193b e-con-full e-flex e-con e-child\" data-id=\"072193b\" data-element_type=\"container\" data-e-type=\"container\">\n\t\t<div class=\"elementor-element elementor-element-bd9bcde e-con-full e-flex e-con e-child\" data-id=\"bd9bcde\" data-element_type=\"container\" data-e-type=\"container\">\n\t\t\t\t<div class=\"elementor-element elementor-element-5ed7d45 elementor-widget elementor-widget-text-editor\" data-id=\"5ed7d45\" data-element_type=\"widget\" data-e-type=\"widget\" data-widget_type=\"text-editor.default\">\n\t\t\t\t<div class=\"elementor-widget-container\">\n\t\t\t\t\t\t\t\t\t<p>Bei Children First bieten wir eine f\u00f6rderliche, altersgerechte Bildungsreise f\u00fcr Kinder von 0-8 Jahren.<\/p><p><strong>0 bis 2 Jahre: Kinderkrippe<\/strong><br \/>Liebevolle und sichere Umgebung, in der S\u00e4uglinge und Kleinkinder ab 3 Monaten beginnen zu erforschen, spielen und interagieren.<\/p><p><strong>2 bis 3,5 Jahre: Vorschule (vor dem Kindergarten)<\/strong><br \/>Grundlage f\u00fcr fr\u00fches, spielendes Lernen mit Schwerpunkt auf soziale F\u00e4higkeiten, Kreativit\u00e4t und Sprachentwicklung.<\/p>\t\t\t\t\t\t\t\t<\/div>\n\t\t\t\t<\/div>\n\t\t\t\t<\/div>\n\t\t<div class=\"elementor-element elementor-element-ae70694 e-con-full e-flex e-con e-child\" data-id=\"ae70694\" data-element_type=\"container\" data-e-type=\"container\">\n\t\t\t\t<div class=\"elementor-element elementor-element-8111fce elementor-widget elementor-widget-text-editor\" data-id=\"8111fce\" data-element_type=\"widget\" data-e-type=\"widget\" data-widget_type=\"text-editor.default\">\n\t\t\t\t<div class=\"elementor-widget-container\">\n\t\t\t\t\t\t\t\t\t<p><strong>3,5 bis 6 Jahre: Montessori-Kindergarten<\/strong><br \/>Montessori inspirierter Lehrplan, der Unabh\u00e4ngigkeit, kritisches Denken und praktisches Lernen f\u00f6rdert.<\/p><p><strong>6 bis 8 Jahre: Grundschulstufe<\/strong><br \/>Basisstufe, die einen ausgewogenen Ansatz f\u00fcr akademisches Lernen, emotionales Wachstum und Zusammenarbeit f\u00f6rdert.<\/p><p>Alle unsere Gruppen und Klassen sind darauf ausgerichtet, Neugier, pers\u00f6nliches Wachstum und die Liebe zum Lernen zu f\u00f6rdern und eine solide Grundlage f\u00fcr lebenslange Bildung zu schaffen. Es kann jederzeit in die staatliche Schule gewechselt werden. F\u00fcr weiter Informationen oder ein unverbindliches Beratungsgespr\u00e4ch steht ihnen <a href=\"mailto:contact@childrenfirst.ch\">Diana K\u00fcbler and Monica Shah<\/a> sehr gerne zur Verf\u00fcgung.<\/p>\t\t\t\t\t\t\t\t<\/div>\n\t\t\t\t<\/div>\n\t\t\t\t<\/div>\n\t\t\t\t<\/div>\n\t\t\t\t<div class=\"elementor-element elementor-element-29912b0 cursor-pointer elementor-widget elementor-widget-heading\" data-id=\"29912b0\" data-element_type=\"widget\" data-e-type=\"widget\" data-widget_type=\"heading.default\">\n\t\t\t\t<div class=\"elementor-widget-container\">\n\t\t\t\t\t<h2 class=\"elementor-heading-title elementor-size-default\">Schlie\u00dfen Sie<\/h2>\t\t\t\t<\/div>\n\t\t\t\t<\/div>\n\t\t\t\t\t<\/div>\n\t\t\t\t<\/div>\n\t\t\t\t<\/div>\n\t\t<div class=\"elementor-element elementor-element-bbc1344 relative-section e-flex e-con-boxed e-con e-parent\" data-id=\"bbc1344\" data-element_type=\"container\" data-e-type=\"container\">\n\t\t\t\t\t<div class=\"e-con-inner\">\n\t\t<div class=\"elementor-element elementor-element-12e94ed e-con-full e-flex e-con e-child\" data-id=\"12e94ed\" data-element_type=\"container\" data-e-type=\"container\" data-settings=\"{&quot;background_background&quot;:&quot;classic&quot;}\">\n\t\t<div class=\"elementor-element elementor-element-f23852d e-con-full e-flex e-con e-child\" data-id=\"f23852d\" data-element_type=\"container\" data-e-type=\"container\" data-settings=\"{&quot;background_background&quot;:&quot;classic&quot;}\">\n\t\t<div class=\"elementor-element elementor-element-568f1cd e-con-full e-flex e-con e-child\" data-id=\"568f1cd\" data-element_type=\"container\" data-e-type=\"container\" data-settings=\"{&quot;background_background&quot;:&quot;classic&quot;}\">\n\t\t\t\t<div class=\"elementor-element elementor-element-c524e1f elementor-widget__width-initial elementor-widget elementor-widget-text-editor\" data-id=\"c524e1f\" data-element_type=\"widget\" data-e-type=\"widget\" data-widget_type=\"text-editor.default\">\n\t\t\t\t<div class=\"elementor-widget-container\">\n\t\t\t\t\t\t\t\t\t<p><span style=\"font-weight: 400;\">Children First bietet schulische Angebote in Deutsch und Englisch nach dem britischen Lehrplan, einer der bekanntesten und am meisten gesch\u00e4tzten Lehrpl\u00e4ne in der Welt. Es wird nach dem Montessori-Prinzip unterrichtet, welches f\u00fcr die fr\u00fche Kindheit geschaffen ist.<\/span><\/p>\t\t\t\t\t\t\t\t<\/div>\n\t\t\t\t<\/div>\n\t\t\t\t<div class=\"elementor-element elementor-element-1ec7948 cursor-pointer elementor-widget elementor-widget-heading\" data-id=\"1ec7948\" data-element_type=\"widget\" data-e-type=\"widget\" id=\"strong-concept\" data-widget_type=\"heading.default\">\n\t\t\t\t<div class=\"elementor-widget-container\">\n\t\t\t\t\t<h2 class=\"elementor-heading-title elementor-size-default\">Mehr erfahren<\/h2>\t\t\t\t<\/div>\n\t\t\t\t<\/div>\n\t\t\t\t<\/div>\n\t\t<div class=\"elementor-element elementor-element-5fa9f8d e-con-full e-flex e-con e-child\" data-id=\"5fa9f8d\" data-element_type=\"container\" data-e-type=\"container\">\n\t\t\t\t<div class=\"elementor-element elementor-element-7474575 elementor-widget__width-initial circle-box circle-box-center elementor-widget elementor-widget-heading\" data-id=\"7474575\" data-element_type=\"widget\" data-e-type=\"widget\" id=\"strong-concept1\" data-widget_type=\"heading.default\">\n\t\t\t\t<div class=\"elementor-widget-container\">\n\t\t\t\t\t<h2 class=\"elementor-heading-title elementor-size-default\">Unser Konzept<\/h2>\t\t\t\t<\/div>\n\t\t\t\t<\/div>\n\t\t\t\t<\/div>\n\t\t\t\t<\/div>\n\t\t<div class=\"elementor-element elementor-element-ba006b9 e-con-full reverse-block e-flex e-con e-child\" data-id=\"ba006b9\" data-element_type=\"container\" data-e-type=\"container\" data-settings=\"{&quot;background_background&quot;:&quot;classic&quot;}\">\n\t\t<div class=\"elementor-element elementor-element-a43ae4a e-con-full e-flex e-con e-child\" data-id=\"a43ae4a\" data-element_type=\"container\" data-e-type=\"container\" data-settings=\"{&quot;background_background&quot;:&quot;classic&quot;}\">\n\t\t<div class=\"elementor-element elementor-element-83f6e78 e-con-full e-flex e-con e-child\" data-id=\"83f6e78\" data-element_type=\"container\" data-e-type=\"container\">\n\t\t\t\t<div class=\"elementor-element elementor-element-b7e0d55 elementor-widget elementor-widget-text-editor\" data-id=\"b7e0d55\" data-element_type=\"widget\" data-e-type=\"widget\" data-widget_type=\"text-editor.default\">\n\t\t\t\t<div class=\"elementor-widget-container\">\n\t\t\t\t\t\t\t\t\t<p><span style=\"font-weight: 400;\">Monica, die Direktorin, hat einen humanistischen Ansatz, der sich auf das ganze Kind konzentriert und ihm hilft, sich auf seine eigene Weise zu entwickeln und ein wertvoller Teil der Gesellschaft zu sein. <\/span><span style=\"font-weight: 400;\"><br \/><\/span><i><span style=\"font-weight: 400;\">Mutter von Anni, Children First Kindergarten<\/span><\/i><\/p>\t\t\t\t\t\t\t\t<\/div>\n\t\t\t\t<\/div>\n\t\t\t\t<div class=\"elementor-element elementor-element-dbba48a cursor-pointer elementor-widget elementor-widget-heading\" data-id=\"dbba48a\" data-element_type=\"widget\" data-e-type=\"widget\" id=\"value-life\" data-widget_type=\"heading.default\">\n\t\t\t\t<div class=\"elementor-widget-container\">\n\t\t\t\t\t<h2 class=\"elementor-heading-title elementor-size-default\">Mehr erfahren<\/h2>\t\t\t\t<\/div>\n\t\t\t\t<\/div>\n\t\t\t\t<\/div>\n\t\t\t\t<\/div>\n\t\t<div class=\"elementor-element elementor-element-64aacf8 e-con-full e-flex e-con e-child\" data-id=\"64aacf8\" data-element_type=\"container\" data-e-type=\"container\">\n\t\t\t\t<div class=\"elementor-element elementor-element-22ec40a elementor-widget__width-initial circle-box circle-box-center elementor-widget elementor-widget-heading\" data-id=\"22ec40a\" data-element_type=\"widget\" data-e-type=\"widget\" id=\"value-life1\" data-widget_type=\"heading.default\">\n\t\t\t\t<div class=\"elementor-widget-container\">\n\t\t\t\t\t<h2 class=\"elementor-heading-title elementor-size-default\">Werte f\u00fcr das Leben<\/h2>\t\t\t\t<\/div>\n\t\t\t\t<\/div>\n\t\t\t\t<\/div>\n\t\t\t\t<\/div>\n\t\t\t\t<\/div>\n\t\t<div class=\"elementor-element elementor-element-5b722d0 e-con-full e-flex e-con e-child\" data-id=\"5b722d0\" data-element_type=\"container\" data-e-type=\"container\" data-settings=\"{&quot;background_background&quot;:&quot;classic&quot;}\">\n\t\t<div class=\"elementor-element elementor-element-3618792 e-con-full e-flex e-con e-child\" data-id=\"3618792\" data-element_type=\"container\" data-e-type=\"container\" data-settings=\"{&quot;background_background&quot;:&quot;classic&quot;}\">\n\t\t<div class=\"elementor-element elementor-element-955e769 e-con-full e-flex e-con e-child\" data-id=\"955e769\" data-element_type=\"container\" data-e-type=\"container\" data-settings=\"{&quot;background_background&quot;:&quot;classic&quot;}\">\n\t\t\t\t<div class=\"elementor-element elementor-element-3749334 cursor-pointer elementor-widget elementor-widget-heading\" data-id=\"3749334\" data-element_type=\"widget\" data-e-type=\"widget\" id=\"healthy-btn\" data-widget_type=\"heading.default\">\n\t\t\t\t<div class=\"elementor-widget-container\">\n\t\t\t\t\t<h2 class=\"elementor-heading-title elementor-size-default\">Mehr erfahren<\/h2>\t\t\t\t<\/div>\n\t\t\t\t<\/div>\n\t\t\t\t<\/div>\n\t\t<div class=\"elementor-element elementor-element-75131ca e-con-full e-flex e-con e-child\" data-id=\"75131ca\" data-element_type=\"container\" data-e-type=\"container\">\n\t\t\t\t<div class=\"elementor-element elementor-element-c4e1d5b elementor-widget__width-initial circle-box circle-box-center right-left elementor-widget elementor-widget-heading\" data-id=\"c4e1d5b\" data-element_type=\"widget\" data-e-type=\"widget\" id=\"healthy-btn1\" data-widget_type=\"heading.default\">\n\t\t\t\t<div class=\"elementor-widget-container\">\n\t\t\t\t\t<h2 class=\"elementor-heading-title elementor-size-default\">Unsere Gemeinschaft<\/h2>\t\t\t\t<\/div>\n\t\t\t\t<\/div>\n\t\t\t\t<\/div>\n\t\t\t\t<\/div>\n\t\t\t\t<\/div>\n\t\t<div class=\"elementor-element elementor-element-f923f94 e-con-full popup-new e-flex e-con e-child\" data-id=\"f923f94\" data-element_type=\"container\" data-e-type=\"container\" id=\"our-strong-popup\" data-settings=\"{&quot;background_background&quot;:&quot;classic&quot;}\">\n\t\t<div class=\"elementor-element elementor-element-8341caf e-con-full scroll-box e-flex e-con e-child\" data-id=\"8341caf\" data-element_type=\"container\" data-e-type=\"container\" data-settings=\"{&quot;background_background&quot;:&quot;classic&quot;}\">\n\t\t\t\t<div class=\"elementor-element elementor-element-5b0a5a4 elementor-widget__width-initial elementor-widget elementor-widget-text-editor\" data-id=\"5b0a5a4\" data-element_type=\"widget\" data-e-type=\"widget\" data-widget_type=\"text-editor.default\">\n\t\t\t\t<div class=\"elementor-widget-container\">\n\t\t\t\t\t\t\t\t\t<p>Unser Konzept ist die ganzheitliche F\u00f6rderung von Ihrem Kind mit einer einzigartigen Mischung aus globalen Rahmenbedingungen, die von gut ausgebildeten Fachpersonen f\u00fcr Kinderbetreuung in unseren Einrichtungen in Seefeld und Oerlikon vermittelt werden. Unsere Lehrkr\u00e4fte wissen, wie kleine Kinder unbeschwert und mit Freude durch Spielen lernen.<\/p><p>Sprachen sind uns wichtig. Unsere Lehrerinnen und Betreuer sind englische oder deutsche Muttersprachler:innen, qualifiziert durch eine professionelle Ausbildung. Bei Children First bieten wir Schweizer und internationalen Familien eine ganzheitliche, mehrsprachige Erziehung.<\/p><p><strong>Lernen und Entwicklung<\/strong>. Wir unterrichten nach dem britischen Lehrplan, einem der besten der Welt, Kinder im Alter von 2 bis 8 Jahren. Dabei lehren unsere Lehrpersonen nach dem Montessori-Prinzip.<\/p><p><strong>Aktivit\u00e4ten<\/strong>. Mathe, Wald, Kunst, Lesen &amp; Schreiben, Sport und Tanzunterricht sind w\u00f6chentliche Aktivit\u00e4ten. Wir bieten auch ein vielseitiges Programm nach der Schule an, und jedes Jahr kommen neue Angebote hinzu.<\/p><p>Gesunde Nahrung f\u00fcr den Geist. Unsere hauseigene K\u00f6chin bereitet das Essen jeden Tag frisch zu. Die Men\u00fcs von Children First wurden von einer Ern\u00e4hrungsberaterin entwickelt und sind gesund, schmackhaft und saisonal. Je nach Allergie werden die Men\u00fcs f\u00fcr die Kinder individuell angepasst. Wir bieten Mahlzeiten, die einladen, Neues zu entdecken und auch festliche Gerichte zu besonderen Anl\u00e4ssen!<\/p><p style=\"text-align: center;\"><strong><i>\u201cDie Mehrsprachigkeit ist einer sehr robusten Methodik zu verdanken \u2013 und das Team liefert wirklich Top-Arbeit.\u201d<\/i><\/strong><\/p><p style=\"text-align: center;\"><i>Vater, Children First Kindergarten<\/i><\/p><p style=\"text-align: center;\"><strong>\u201cIch finde es auch toll, wie sie das Selbstvertrauen bei Kindern f\u00f6rdern: Bei Children First k\u00f6nnen die Kinder viele Dinge selbst erleben und machen.\u201d<\/strong><\/p><p style=\"text-align: center;\"><strong>\u201cDas Gesundheits- und Ern\u00e4hrungskonzept ist ebenfalls sehr stark, einschliesslich des Sportunterrichts.\u201d<\/strong><\/p><p style=\"text-align: center;\"><i><span style=\"font-weight: 400;\">Mutter, Children First Kindergarten<\/span><\/i><\/p><p><strong>Das Wohl und die individuelle Entwicklung jedes Kindes stehen bei uns im Mittelpunkt und das jeden Augenblick, bei jedem Programm und bei jeder Entscheidung, die wir tagt\u00e4glich treffen.<\/strong><\/p><p><span style=\"font-weight: 400;\">Unsere Kinder und ihre Eltern sch\u00e4tzen unser aussergew\u00f6hnliches und vielf\u00e4ltiges Angebot. Wir bieten ein Unterst\u00fctzungssystem f\u00fcr Eltern, das von unserem erfahrenen Team aus Fachpersonen geleitet wird. Denn es braucht ein Dorf, um ein Kind grosszuziehen!<\/span><\/p>\t\t\t\t\t\t\t\t<\/div>\n\t\t\t\t<\/div>\n\t\t\t\t<div class=\"elementor-element elementor-element-8c850ca cursor-pointer elementor-widget elementor-widget-heading\" data-id=\"8c850ca\" data-element_type=\"widget\" data-e-type=\"widget\" id=\"close-strong\" data-widget_type=\"heading.default\">\n\t\t\t\t<div class=\"elementor-widget-container\">\n\t\t\t\t\t<h2 class=\"elementor-heading-title elementor-size-default\">Schliessen &amp; weiterlesen<\/h2>\t\t\t\t<\/div>\n\t\t\t\t<\/div>\n\t\t\t\t<\/div>\n\t\t<div class=\"elementor-element elementor-element-05ef3ba e-con-full elementor-hidden-mobile e-flex e-con e-child\" data-id=\"05ef3ba\" data-element_type=\"container\" data-e-type=\"container\">\n\t\t\t\t<div class=\"elementor-element elementor-element-89160c0 elementor-widget__width-initial circle-box circle-box-top elementor-widget elementor-widget-heading\" data-id=\"89160c0\" data-element_type=\"widget\" data-e-type=\"widget\" data-widget_type=\"heading.default\">\n\t\t\t\t<div class=\"elementor-widget-container\">\n\t\t\t\t\t<h2 class=\"elementor-heading-title elementor-size-default\">Unser Konzept<\/h2>\t\t\t\t<\/div>\n\t\t\t\t<\/div>\n\t\t\t\t<\/div>\n\t\t\t\t<\/div>\n\t\t<div class=\"elementor-element elementor-element-a5add51 e-con-full popup-new e-flex e-con e-child\" data-id=\"a5add51\" data-element_type=\"container\" data-e-type=\"container\" id=\"value-life-popup\" data-settings=\"{&quot;background_background&quot;:&quot;classic&quot;}\">\n\t\t<div class=\"elementor-element elementor-element-7aac3cc e-con-full scroll-box e-flex e-con e-child\" data-id=\"7aac3cc\" data-element_type=\"container\" data-e-type=\"container\" data-settings=\"{&quot;background_background&quot;:&quot;classic&quot;}\">\n\t\t\t\t<div class=\"elementor-element elementor-element-baddd2c elementor-widget__width-initial elementor-widget elementor-widget-text-editor\" data-id=\"baddd2c\" data-element_type=\"widget\" data-e-type=\"widget\" data-widget_type=\"text-editor.default\">\n\t\t\t\t<div class=\"elementor-widget-container\">\n\t\t\t\t\t\t\t\t\t<p><span style=\"font-weight: 400;\">Kinderg\u00e4rtnerinnen legen den Grundstein f\u00fcr lebenslanges Lernen und Wohlbefinden.<\/span><\/p><p style=\"text-align: center;\"><strong><i>In den ersten Jahren sind Kinder wie Schw\u00e4mme\u2026 die es lieben zu lernen!<\/i><\/strong><\/p><p><span style=\"font-weight: 400;\"><strong>Eine gute Vorschule<\/strong>: Unsere Erzieher sind darin geschult, zu erkennen, wann Kinder bereit sind, in Gruppen zu spielen und zu lernen und k\u00f6nnen ihre Begeisterung daf\u00fcr gezielt f\u00f6rdern.<\/span><\/p><p><span style=\"font-weight: 400;\">Wir erkennen und respektieren das Tempo jedes Kindes und bieten eine unterst\u00fctzende und bereichernde Umgebung, die die ganzheitliche Entwicklung f\u00f6rdert. Eine solche Erfahrung ist die Grundlage f\u00fcr:<\/span><\/p><p><span style=\"font-weight: 400;\"><strong>Emotionales Wohlbefinden<\/strong>: Das Kind f\u00fchlt sich sicher, wertgesch\u00e4tzt und verstanden. Einf\u00fchlsame Unterst\u00fctzung ist entscheidend.<\/span><\/p><p><span style=\"font-weight: 400;\"><strong>Soziale Entwicklung<\/strong>: Wir f\u00f6rdern das Einf\u00fchlungsverm\u00f6gen und lehren die Kinder, die Gef\u00fchle anderer zu verstehen und zu respektieren. Dies hilft ihnen, starke Kommunikationsf\u00e4higkeiten und positive Beziehungen zu Gleichaltrigen zu entwickeln.<\/span><\/p><p><span style=\"font-weight: 400;\">Im Kindergarten erhalten kleine Kinder geeignete Materialien, um spielerisch Lesen, Schreiben und Rechnen zu lernen.<\/span><\/p><p><span style=\"font-weight: 400;\"><strong>Kognitive Entwicklung<\/strong>: Das Erkennen und Anerkennen der Interessen eines Kindes f\u00f6rdert seine Denkf\u00e4higkeiten. Wir bieten anregende und altersgerechte Aktivit\u00e4ten, die auf die individuellen F\u00e4higkeiten des Kindes abgestimmt sind.<\/span><\/p><p><span style=\"font-weight: 400;\"><strong>Kommunikation<\/strong>: Wir geben regelm\u00e4ssig Informationen an die Eltern weiter, um ihnen wertvolle Einblicke in die Fortschritte ihres Kindes zu geben.<\/span><\/p><p><span style=\"font-weight: 400;\"><strong>Personalisierung<\/strong>: Verst\u00e4ndnis und Einf\u00fchlungsverm\u00f6gen erm\u00f6glicht es dem p\u00e4dagogischen Fachpersonal, Unterrichtsmethoden und -ans\u00e4tze an die Bed\u00fcrfnisse jedes einzelnen Kindes anzupassen und so ein integratives und emotional intelligentes Lernumfeld zu schaffen.<\/span><\/p><p><strong>Je fr\u00fcher sie beginnen, desto besser!<\/strong><\/p><p><strong>Zitate:<\/strong><\/p><p><span style=\"font-weight: 400;\">\u201cChildren First respektiert die Kinder und ihren individuellen Rhythmus und macht sie zutiefst gl\u00fccklich. Sie haben sogar einen Waldtag!\u201d\u00a0<\/span><\/p><p><i><span style=\"font-weight: 400;\">Ein zufriedener Vater, Children First Kindergarten<\/span><\/i><\/p><p><span style=\"font-weight: 400;\">\u201cWir geben unser ganzes Herzblut und unsere Leidenschaft daran, dass aus den Kindern emotional intelligente Erwachsene und f\u00e4hige Personen werden, die lernen k\u00f6nnen.\u201d\u00a0<\/span><\/p><p><i><span style=\"font-weight: 400;\">Monica Shah Zeeman, Gr\u00fcnderin<\/span><\/i><\/p>\t\t\t\t\t\t\t\t<\/div>\n\t\t\t\t<\/div>\n\t\t\t\t<div class=\"elementor-element elementor-element-3ec97bf cursor-pointer elementor-widget elementor-widget-heading\" data-id=\"3ec97bf\" data-element_type=\"widget\" data-e-type=\"widget\" id=\"value-close\" data-widget_type=\"heading.default\">\n\t\t\t\t<div class=\"elementor-widget-container\">\n\t\t\t\t\t<h2 class=\"elementor-heading-title elementor-size-default\">Schliessen &amp; weiterlesen<\/h2>\t\t\t\t<\/div>\n\t\t\t\t<\/div>\n\t\t\t\t<\/div>\n\t\t<div class=\"elementor-element elementor-element-768be9e e-con-full elementor-hidden-mobile e-flex e-con e-child\" data-id=\"768be9e\" data-element_type=\"container\" data-e-type=\"container\">\n\t\t\t\t<div class=\"elementor-element elementor-element-ce7c350 elementor-widget__width-initial circle-box circle-box-top elementor-widget elementor-widget-heading\" data-id=\"ce7c350\" data-element_type=\"widget\" data-e-type=\"widget\" data-widget_type=\"heading.default\">\n\t\t\t\t<div class=\"elementor-widget-container\">\n\t\t\t\t\t<h2 class=\"elementor-heading-title elementor-size-default\">Werte <br>f\u00fcr das Leben<\/h2>\t\t\t\t<\/div>\n\t\t\t\t<\/div>\n\t\t\t\t<\/div>\n\t\t\t\t<\/div>\n\t\t<div class=\"elementor-element elementor-element-ac323e6 e-con-full popup-new right e-flex e-con e-child\" data-id=\"ac323e6\" data-element_type=\"container\" data-e-type=\"container\" id=\"healthy-community-popup\" data-settings=\"{&quot;background_background&quot;:&quot;classic&quot;}\">\n\t\t<div class=\"elementor-element elementor-element-7e0fe9a3 e-con-full scroll-box e-flex e-con e-child\" data-id=\"7e0fe9a3\" data-element_type=\"container\" data-e-type=\"container\" data-settings=\"{&quot;background_background&quot;:&quot;classic&quot;}\">\n\t\t\t\t<div class=\"elementor-element elementor-element-1a164e06 elementor-widget__width-initial elementor-widget elementor-widget-text-editor\" data-id=\"1a164e06\" data-element_type=\"widget\" data-e-type=\"widget\" data-widget_type=\"text-editor.default\">\n\t\t\t\t<div class=\"elementor-widget-container\">\n\t\t\t\t\t\t\t\t\t<p>Einer der Werte von Children First ist die Gemeinschaft. Dies bedeutet das F\u00f6rdern von Freundschaften unter den Kindern sowie auch der Austausch zwischen uns und den Eltern.<\/p><p>Eltern erleben diesen Wert unter anderem bei unseren Veranstaltungen f\u00fcr Familien, welche einer der H\u00f6hepunkte f\u00fcr uns sind. Dabei schliessen neue Eltern Freundschaften mit anderen internationalen und Schweizer Eltern. Wir lernen uns in dem hilfreichen \u00d6kosystem der erweiterten Familie von Children First kennen.<\/p><p>Unsere Partnerschaft mit den Eltern ist ein Grundpfeiler unseres Gemeinschafts-Ethos.<\/p><p>Wir sprechen von einer \u201aPartnerschaft\u2018, weil wir echte Partner wollen. Wir streben gemeinsame und koordinierte Anstrengungen an, um das Lernen und die Entwicklung des Kindes zu unterst\u00fctzen.<\/p><ul><li>Wir schaffen t\u00e4glich regelm\u00e4ssige Gelegenheiten, mit Ihnen zu sprechen und Ihnen zuzuh\u00f6ren, wenn Sie Ihr Kind bringen und abholen.<\/li><li>Unsere Lehrpersonen und Betreuer beobachten laufend: Wenn Ihr Kind sich unwohl f\u00fchlt, werden wir es merken und sofort das Gespr\u00e4ch mit den Eltern suchen.<\/li><li>Alle sechs Monate bieten wir ein Gespr\u00e4ch an, in dem wir unsere Beobachtungen \u00fcber Ihr Kind mitteilen und uns mit Ihnen austauschen. Dies ist ein guter Zeitpunkt, um effektive Strategien auszutauschen \u2013 und unsere Partnerschaft zu st\u00e4rken.<\/li><li>Unsere eigene Kommunikationsplattform erm\u00f6glicht es uns, Informationen \u00fcber die Schule, wie z.B. den w\u00f6chentlichen Speiseplan und Veranstaltungen, auszutauschen und auch privat \u00fcber die wichtigsten Neuigkeiten Ihres Kindes zu kommunizieren. Sie k\u00f6nnen uns auch gerne jederzeit anschreiben!<\/li><li>Sie k\u00f6nnen auch gerne eigene gesellschaftliche Veranstaltungen und Networking-Events f\u00fcr Eltern in unseren sch\u00f6nen Gemeinschaftsr\u00e4umen organisieren.<\/li><\/ul>\t\t\t\t\t\t\t\t<\/div>\n\t\t\t\t<\/div>\n\t\t\t\t<div class=\"elementor-element elementor-element-30a5a694 cursor-pointer elementor-widget elementor-widget-heading\" data-id=\"30a5a694\" data-element_type=\"widget\" data-e-type=\"widget\" id=\"health-close\" data-widget_type=\"heading.default\">\n\t\t\t\t<div class=\"elementor-widget-container\">\n\t\t\t\t\t<h2 class=\"elementor-heading-title elementor-size-default\">Schliessen Sie<\/h2>\t\t\t\t<\/div>\n\t\t\t\t<\/div>\n\t\t\t\t<\/div>\n\t\t<div class=\"elementor-element elementor-element-2c00d229 e-con-full elementor-hidden-mobile video-bg-new-location e-flex e-con e-child\" data-id=\"2c00d229\" data-element_type=\"container\" data-e-type=\"container\" data-settings=\"{&quot;background_background&quot;:&quot;slideshow&quot;,&quot;background_slideshow_gallery&quot;:[{&quot;id&quot;:9224,&quot;url&quot;:&quot;https:\\\/\\\/www.childrenfirst.ch\\\/wp-content\\\/uploads\\\/2026\\\/08\\\/Forest-walk-childrenfirst-1.webp&quot;}],&quot;background_slideshow_loop&quot;:&quot;yes&quot;,&quot;background_slideshow_slide_duration&quot;:5000,&quot;background_slideshow_slide_transition&quot;:&quot;fade&quot;,&quot;background_slideshow_transition_duration&quot;:500}\">\n\t\t\t\t<div class=\"elementor-element elementor-element-5e6f89de elementor-widget__width-initial circle-box circle-box-top elementor-widget elementor-widget-heading\" data-id=\"5e6f89de\" data-element_type=\"widget\" data-e-type=\"widget\" data-widget_type=\"heading.default\">\n\t\t\t\t<div class=\"elementor-widget-container\">\n\t\t\t\t\t<h2 class=\"elementor-heading-title elementor-size-default\">Unsere Gemeinschaft <\/h2>\t\t\t\t<\/div>\n\t\t\t\t<\/div>\n\t\t\t\t<\/div>\n\t\t\t\t<\/div>\n\t\t\t\t\t<\/div>\n\t\t\t\t<\/div>\n\t\t<div class=\"elementor-element elementor-element-88dcdb8 e-flex e-con-boxed e-con e-parent\" data-id=\"88dcdb8\" data-element_type=\"container\" data-e-type=\"container\">\n\t\t\t\t\t<div class=\"e-con-inner\">\n\t\t<div class=\"elementor-element elementor-element-b004999 e-con-full e-flex e-con e-child\" data-id=\"b004999\" data-element_type=\"container\" data-e-type=\"container\">\n\t\t\t\t<div class=\"elementor-element elementor-element-a3b2e2a elementor-widget elementor-widget-shortcode\" data-id=\"a3b2e2a\" data-element_type=\"widget\" data-e-type=\"widget\" data-widget_type=\"shortcode.default\">\n\t\t\t\t<div class=\"elementor-widget-container\">\n\t\t\t\t\t\t\t<div class=\"elementor-shortcode\">        <div class=\"category-slide-row\">\n                    <div class=\"slide-column\">\n                <div class=\"category-slide-box\">\n                    <div class=\"category-slide-img\">\n                        <img fetchpriority=\"high\" decoding=\"async\" width=\"500\" height=\"500\" src=\"https:\/\/www.childrenfirst.ch\/wp-content\/uploads\/1899\/04\/two-kids-using-laptop-lesson-500x500.jpg\" class=\"attachment-thumbnail size-thumbnail wp-post-image\" alt=\"\" \/>                        <span class=\"category-count\">1<\/span>\n                    <\/div>\n                    <div class=\"category-slide-content\">\n                        <h3>Online-Seminar \u00fcber Schulsysteme mit Monica Shah Zeeman<\/h3>\n                        \n                        <p>Kommen Sie am 21. September um 12:00-13:00 Uhr (MESZ) zu Monica Shah Zeeman, der Gr\u00fcnderin von Children First, um sich Klarheit zu verschaffen oder praktische Ratschl\u00e4ge zu den Ver\u00e4nderungen in den Bildungswegen und der Navigation durch die Schulsysteme in Z\u00fcrich zu erhalten.<\/p>\n                    <\/div>\n                                        <div class=\"category-slide-read-btn\">\n                        <a href=\"https:\/\/www.childrenfirst.ch\/de\/online-gespraech-ueber-schulsysteme-mit-monica-shah-zeeman\/\">Mehr lesen<\/a>\n                    <\/div>\n                <\/div>\n            <\/div>\n                        <div class=\"slide-column\">\n                <div class=\"category-slide-box\">\n                    <div class=\"category-slide-img\">\n                        <img decoding=\"async\" width=\"500\" height=\"500\" src=\"https:\/\/www.childrenfirst.ch\/wp-content\/uploads\/2026\/05\/family-happy-in-bed-500x500.jpg\" class=\"attachment-thumbnail size-thumbnail wp-post-image\" alt=\"\" \/>                        <span class=\"category-count\">2<\/span>\n                    <\/div>\n                    <div class=\"category-slide-content\">\n                        <h3>Vergangene Veranstaltung: Besserer Schlaf f\u00fcr Eltern und Kinder Online-Gespr\u00e4ch<\/h3>\n                        \n                        <p>Besuchen Sie Monica Shah Zeeman, die Gr\u00fcnderin von Children First, am 2. Juli um 12:00-13:00 Uhr (MESZ), um praktische Ratschl\u00e4ge und Erkenntnisse zu erhalten, die Eltern und Kindern zu erholsameren N\u00e4chten verhelfen.  <\/p>\n                    <\/div>\n                                        <div class=\"category-slide-read-btn\">\n                        <a href=\"https:\/\/www.childrenfirst.ch\/de\/besserer-schlaf-fuer-eltern-und-kinder-online-gespraech\/\">Mehr lesen<\/a>\n                    <\/div>\n                <\/div>\n            <\/div>\n                        <div class=\"slide-column\">\n                <div class=\"category-slide-box\">\n                    <div class=\"category-slide-img\">\n                        <img decoding=\"async\" width=\"500\" height=\"266\" src=\"https:\/\/www.childrenfirst.ch\/wp-content\/uploads\/2026\/07\/IMG_1920-500x266.jpeg\" class=\"attachment-thumbnail size-thumbnail wp-post-image\" alt=\"\" \/>                        <span class=\"category-count\">3<\/span>\n                    <\/div>\n                    <div class=\"category-slide-content\">\n                        <h3>Catherine, Princess of Wales, und die Inspiration aus Reggio Emilia<\/h3>\n                        \n                        <p>Der Reggio-Emilia-Ansatz inspiriert Children First Z\u00fcrich, Kreativit\u00e4t, Beziehungen und kindzentriertes Lernen in den Mittelpunkt der fr\u00fchkindlichen Bildung zu stellen. Monica Shah Zeeman berichtet von ihrem Besuch im Malaguzzi-Zentrum und zeigt, wie diese Philosophie die p\u00e4dagogische Arbeit bis heute pr\u00e4gt.<\/p>\n                    <\/div>\n                                        <div class=\"category-slide-read-btn\">\n                        <a href=\"https:\/\/www.childrenfirst.ch\/de\/reggio-emilia-ansatz-children-first-zuerich\/\">Mehr lesen<\/a>\n                    <\/div>\n                <\/div>\n            <\/div>\n                        <div class=\"slide-column\">\n                <div class=\"category-slide-box\">\n                    <div class=\"category-slide-img\">\n                        <img loading=\"lazy\" decoding=\"async\" width=\"500\" height=\"500\" src=\"https:\/\/www.childrenfirst.ch\/wp-content\/uploads\/2026\/03\/Spring-Event-6-e1774256904580-500x500.png\" class=\"attachment-thumbnail size-thumbnail wp-post-image\" alt=\"\" \/>                        <span class=\"category-count\">4<\/span>\n                    <\/div>\n                    <div class=\"category-slide-content\">\n                        <h3>Vergangene Veranstaltung: Fr\u00fchlings-Event: Familientag<\/h3>\n                        \n                        <p>Nehmen Sie an unserem kostenlosen Familienevent in Z\u00fcrich am 11. April 2026 teil! Freuen Sie sich auf lustige Outdoor-Spiele f\u00fcr Kinder (ab 3 Jahren) und Eltern \u2013 gemeinsam mit Children First & Playball. Jetzt anmelden!<\/p>\n                    <\/div>\n                                        <div class=\"category-slide-read-btn\">\n                        <a href=\"https:\/\/www.childrenfirst.ch\/de\/fruhlingsevent-familientag\/\">Mehr lesen<\/a>\n                    <\/div>\n                <\/div>\n            <\/div>\n                        <div class=\"slide-column\">\n                <div class=\"category-slide-box\">\n                    <div class=\"category-slide-img\">\n                        <img loading=\"lazy\" decoding=\"async\" width=\"500\" height=\"500\" src=\"https:\/\/www.childrenfirst.ch\/wp-content\/uploads\/2026\/03\/IMG_8829-500x500.jpg\" class=\"attachment-thumbnail size-thumbnail wp-post-image\" alt=\"\" \/>                        <span class=\"category-count\">5<\/span>\n                    <\/div>\n                    <div class=\"category-slide-content\">\n                        <h3>10 lustige und kreative Outdoor-Aktivit\u00e4ten bei Children First Z\u00fcrich<\/h3>\n                        \n                        <p>Gehen Sie mit Ihren Kindern auf Naturspazierg\u00e4nge in Z\u00fcrich! Von Steinpfaden \u00fcber Schatzsuchen bis hin zur saisonalen Beerenjagd \u2013 Children First bietet 10 kreative Aktivit\u00e4ten, die Neugier, Selbstvertrauen und Lernen durch Outdoor-Spiel f\u00f6rdern.<\/p>\n                    <\/div>\n                                        <div class=\"category-slide-read-btn\">\n                        <a href=\"https:\/\/www.childrenfirst.ch\/de\/10-lustige-und-kreative-outdoor-aktivitten-bei-children-first-zrich\/\">Mehr lesen<\/a>\n                    <\/div>\n                <\/div>\n            <\/div>\n                        <div class=\"slide-column\">\n                <div class=\"category-slide-box\">\n                    <div class=\"category-slide-img\">\n                        <img loading=\"lazy\" decoding=\"async\" width=\"500\" height=\"500\" src=\"https:\/\/www.childrenfirst.ch\/wp-content\/uploads\/2026\/03\/1-500x500.png\" class=\"attachment-thumbnail size-thumbnail wp-post-image\" alt=\"\" \/>                        <span class=\"category-count\">6<\/span>\n                    <\/div>\n                    <div class=\"category-slide-content\">\n                        <h3>12 Monate, 12 B\u00fccher \u2013 Vorschul-Edition bei Children First Z\u00fcrich<\/h3>\n                        \n                        <p>Unsere 12-Monats-B\u00fccherliste f\u00fcr die Vorschule bei Children First Z\u00fcrich unterst\u00fctzt Kinder von 2\u20135 Jahren in Sprache, Kreativit\u00e4t, emotionaler Intelligenz und Schulbereitschaft durch gemeinsames Lesen.<\/p>\n                    <\/div>\n                                        <div class=\"category-slide-read-btn\">\n                        <a href=\"https:\/\/www.childrenfirst.ch\/de\/12-monate-12-bcher-vorschul-edition-bei-children-first-zrich\/\">Mehr lesen<\/a>\n                    <\/div>\n                <\/div>\n            <\/div>\n                        <div class=\"slide-column\">\n                <div class=\"category-slide-box\">\n                    <div class=\"category-slide-img\">\n                        <img loading=\"lazy\" decoding=\"async\" width=\"500\" height=\"500\" src=\"https:\/\/www.childrenfirst.ch\/wp-content\/uploads\/1900\/11\/Saturday-8th-November-2025-930-1300-2-500x500.png\" class=\"attachment-thumbnail size-thumbnail wp-post-image\" alt=\"\" \/>                        <span class=\"category-count\">7<\/span>\n                    <\/div>\n                    <div class=\"category-slide-content\">\n                        <h3>Vergangene Veranstaltung: Tag der offenen T\u00fcr 2026 bei Children First in Z\u00fcrich<\/h3>\n                        \n                        <p>Sie sind eingeladen, die Lehrer, die Children First so besonders machen, in unserer sch\u00f6nen Villa f\u00fcr Kinder im Z\u00fcrcher Seefeld kennenzulernen. Wir freuen uns darauf, Sie am Samstag, den 24. Januar 2026 an der Freiestrasse 175, Z\u00fcrich 8032, begr\u00fc\u00dfen zu d\u00fcrfen.   <\/p>\n                    <\/div>\n                                        <div class=\"category-slide-read-btn\">\n                        <a href=\"https:\/\/www.childrenfirst.ch\/de\/open-house\/\">Mehr lesen<\/a>\n                    <\/div>\n                <\/div>\n            <\/div>\n                        <div class=\"slide-column\">\n                <div class=\"category-slide-box\">\n                    <div class=\"category-slide-img\">\n                        <img loading=\"lazy\" decoding=\"async\" width=\"500\" height=\"500\" src=\"https:\/\/www.childrenfirst.ch\/wp-content\/uploads\/1899\/10\/IMG_0002-500x500.jpeg\" class=\"attachment-thumbnail size-thumbnail wp-post-image\" alt=\"\" \/>                        <span class=\"category-count\">8<\/span>\n                    <\/div>\n                    <div class=\"category-slide-content\">\n                        <h3>Festtagstraditionen in Z\u00fcrich etablieren<\/h3>\n                        \n                        <p>Feiern Sie Weihnachten in Z\u00fcrich mit Children First! Entdecken Sie Adventstraditionen, Schweizer Backkunst und lustige Aktivit\u00e4ten f\u00fcr Kinder, die bleibende Erinnerungen f\u00fcr die Familie schaffen. <\/p>\n                    <\/div>\n                                        <div class=\"category-slide-read-btn\">\n                        <a href=\"https:\/\/www.childrenfirst.ch\/de\/elementor-7773\/\">Mehr lesen<\/a>\n                    <\/div>\n                <\/div>\n            <\/div>\n                        <div class=\"slide-column\">\n                <div class=\"category-slide-box\">\n                    <div class=\"category-slide-img\">\n                        <img loading=\"lazy\" decoding=\"async\" width=\"500\" height=\"500\" src=\"https:\/\/www.childrenfirst.ch\/wp-content\/uploads\/2025\/10\/Food-2-500x500.jpg\" class=\"attachment-thumbnail size-thumbnail wp-post-image\" alt=\"\" \/>                        <span class=\"category-count\">9<\/span>\n                    <\/div>\n                    <div class=\"category-slide-content\">\n                        <h3>7 Tipps f\u00fcr das Kochen mit Kindern &#8211; einfach und lehrreich<\/h3>\n                        \n                        <p>Kochen mit Kindern kann Spa\u00df machen und lehrreich sein. Entdecken Sie 7 einfache Tipps, mit denen Kinder in der K\u00fcche Mathe, Naturwissenschaften, Lesen und gesunde Gewohnheiten lernen k\u00f6nnen. <\/p>\n                    <\/div>\n                                        <div class=\"category-slide-read-btn\">\n                        <a href=\"https:\/\/www.childrenfirst.ch\/de\/7-tipps-fuer-das-kochen-mit-kindern-einfach-und-lehrreich\/\">Mehr lesen<\/a>\n                    <\/div>\n                <\/div>\n            <\/div>\n                        <div class=\"slide-column\">\n                <div class=\"category-slide-box\">\n                    <div class=\"category-slide-img\">\n                        <img loading=\"lazy\" decoding=\"async\" width=\"500\" height=\"500\" src=\"https:\/\/www.childrenfirst.ch\/wp-content\/uploads\/2025\/10\/Food-20-2-500x500.jpg\" class=\"attachment-thumbnail size-thumbnail wp-post-image\" alt=\"\" \/>                        <span class=\"category-count\">10<\/span>\n                    <\/div>\n                    <div class=\"category-slide-content\">\n                        <h3>Gesunde Gewohnheiten bei Children First von Anfang an f\u00f6rdern<\/h3>\n                        \n                        <p>Bei Children First bringt Monica Shah Zeeman kindgerechte Ern\u00e4hrung in die Schulen von Z\u00fcrich. Unsere Gr\u00fcnderin erz\u00e4hlt, wie Ern\u00e4hrung und Lernen beim Mittagessen und bei den Teestunden f\u00fcr die zweisprachigen Kindergarten- und Grundschulkinder von Children First zusammenkommen.<\/p>\n                    <\/div>\n                                        <div class=\"category-slide-read-btn\">\n                        <a href=\"https:\/\/www.childrenfirst.ch\/de\/gesunde-essgewohnheiten-kinder-2\/\">Mehr lesen<\/a>\n                    <\/div>\n                <\/div>\n            <\/div>\n                        <div class=\"slide-column\">\n                <div class=\"category-slide-box\">\n                    <div class=\"category-slide-img\">\n                        <img loading=\"lazy\" decoding=\"async\" width=\"500\" height=\"500\" src=\"https:\/\/www.childrenfirst.ch\/wp-content\/uploads\/1910\/10\/Indoor-activities-16-500x500.jpg\" class=\"attachment-thumbnail size-thumbnail wp-post-image\" alt=\"\" \/>                        <span class=\"category-count\">11<\/span>\n                    <\/div>\n                    <div class=\"category-slide-content\">\n                        <h3>Warum Sie in unseren Montessori-inspirierten Klassenzimmern bei Children First kein &#8218;Good Job!&#8216; h\u00f6ren werden<\/h3>\n                        \n                        <p>Entdecken Sie die Alternativen zum Montessori-Lob bei Children First. Lernen Sie, wie Sie das Selbstwertgef\u00fchl, das Selbstvertrauen und die Unabh\u00e4ngigkeit Ihres Kindes f\u00f6rdern k\u00f6nnen. <\/p>\n                    <\/div>\n                                        <div class=\"category-slide-read-btn\">\n                        <a href=\"https:\/\/www.childrenfirst.ch\/de\/warum-sie-nicht-staendig-good-job-hoeren-werden-staendig-in-einem-montessori-inspirierten-unterricht-bei-children-first\/\">Mehr lesen<\/a>\n                    <\/div>\n                <\/div>\n            <\/div>\n                        <div class=\"slide-column\">\n                <div class=\"category-slide-box\">\n                    <div class=\"category-slide-img\">\n                        <img loading=\"lazy\" decoding=\"async\" width=\"500\" height=\"500\" src=\"https:\/\/www.childrenfirst.ch\/wp-content\/uploads\/2024\/12\/Indoor-activities-100-500x500.jpg\" class=\"attachment-thumbnail size-thumbnail wp-post-image\" alt=\"\" \/>                        <span class=\"category-count\">12<\/span>\n                    <\/div>\n                    <div class=\"category-slide-content\">\n                        <h3>Fr\u00fch Englisch \u2013 Fit f\u00fcrs Leben<\/h3>\n                        \n                        <p>Wenn Sie vor kurzem in die deutschsprachige Schweiz gezogen sind oder gerade anfangen, die Ausbildung Ihres Kindes zu planen, sind Sie zweifellos mit der Frage der Sprache konfrontiert. Soll es Deutsch, Schweizerdeutsch oder beides lernen? <\/p>\n                    <\/div>\n                                        <div class=\"category-slide-read-btn\">\n                        <a href=\"https:\/\/www.childrenfirst.ch\/de\/frueh-englisch-fit-fuers-leben\/\">Mehr lesen<\/a>\n                    <\/div>\n                <\/div>\n            <\/div>\n                        <div class=\"slide-column\">\n                <div class=\"category-slide-box\">\n                    <div class=\"category-slide-img\">\n                        <img loading=\"lazy\" decoding=\"async\" width=\"500\" height=\"500\" src=\"https:\/\/www.childrenfirst.ch\/wp-content\/uploads\/2024\/05\/inddor-thumb-500x500.webp\" class=\"attachment-thumbnail size-thumbnail wp-post-image\" alt=\"\" \/>                        <span class=\"category-count\">13<\/span>\n                    <\/div>\n                    <div class=\"category-slide-content\">\n                        <h3>Soll ich eine Privatschule oder das freie System w\u00e4hlen?<\/h3>\n                        \n                        <p>The younger your child is, the more you can keep your options open. All preschool and childcare choices are private in Switzerland when children are very young.<\/p>\n                    <\/div>\n                                        <div class=\"category-slide-read-btn\">\n                        <a href=\"\/privateorpublicschool\/\">Mehr lesen<\/a>\n                    <\/div>\n                <\/div>\n            <\/div>\n                        <div class=\"slide-column\">\n                <div class=\"category-slide-box\">\n                    <div class=\"category-slide-img\">\n                        <img loading=\"lazy\" decoding=\"async\" width=\"500\" height=\"400\" src=\"https:\/\/www.childrenfirst.ch\/wp-content\/uploads\/1916\/05\/Diwali-Celebrations-of-Light-2-500x400.jpg\" class=\"attachment-thumbnail size-thumbnail wp-post-image\" alt=\"\" \/>                        <span class=\"category-count\">14<\/span>\n                    <\/div>\n                    <div class=\"category-slide-content\">\n                        <h3>Die Feier des Lichts<\/h3>\n                        \n                        <p>In diesem Schuljahr lernen die Kinder alles \u00fcber Licht, Farben und Muster. Sie haben die verschiedenen Lichtquellen gesehen und gestaltet und mit dem Mischen verschiedener Farben experimentiert.<\/p>\n                    <\/div>\n                                        <div class=\"category-slide-read-btn\">\n                        <a href=\"https:\/\/www.childrenfirst.ch\/de\/die-feier-des-lichts\/\">Mehr lesen<\/a>\n                    <\/div>\n                <\/div>\n            <\/div>\n                        <div class=\"slide-column\">\n                <div class=\"category-slide-box\">\n                    <div class=\"category-slide-img\">\n                        <img loading=\"lazy\" decoding=\"async\" width=\"399\" height=\"500\" src=\"https:\/\/www.childrenfirst.ch\/wp-content\/uploads\/1917\/01\/Piano.jpg\" class=\"attachment-thumbnail size-thumbnail wp-post-image\" alt=\"\" srcset=\"https:\/\/www.childrenfirst.ch\/wp-content\/uploads\/1917\/01\/Piano.jpg 400w, https:\/\/www.childrenfirst.ch\/wp-content\/uploads\/1917\/01\/Piano-240x300.jpg 240w\" sizes=\"(max-width: 399px) 100vw, 399px\" \/>                        <span class=\"category-count\">15<\/span>\n                    <\/div>\n                    <div class=\"category-slide-content\">\n                        <h3>Veranstaltung: Konzert f\u00fcr Kinder<\/h3>\n                        \n                        <p>Join us on Sunday 23.03.25 at 10am & 11am for a charity children\u2019s piano and oboe concert that dives into the world of colour and emotion. Ticket sales open in February 2025. Proceeds go to the Sustainability Institute. <\/p>\n                    <\/div>\n                                        <div class=\"category-slide-read-btn\">\n                        <a href=\"https:\/\/www.childrenfirst.ch\/de\/veranstaltung-konzert-fuer-kinder\/\">Mehr lesen<\/a>\n                    <\/div>\n                <\/div>\n            <\/div>\n                        <div class=\"slide-column\">\n                <div class=\"category-slide-box\">\n                    <div class=\"category-slide-img\">\n                        <img loading=\"lazy\" decoding=\"async\" width=\"500\" height=\"500\" src=\"https:\/\/www.childrenfirst.ch\/wp-content\/uploads\/1920\/01\/iStock-2170612518-min-500x500.jpg\" class=\"attachment-thumbnail size-thumbnail wp-post-image\" alt=\"\" \/>                        <span class=\"category-count\">16<\/span>\n                    <\/div>\n                    <div class=\"category-slide-content\">\n                        <h3>Veranstaltung: Globale Buchmesse<\/h3>\n                        \n                        <p>Save the date: 24.05.25. Stop by Freiestrasse 175, 8032 Zurich to buy children\u2019s books in English, German, French (and more!) for ages 0 to 15. Invite a friend to come and bring the kids for a fun day out.<\/p>\n                    <\/div>\n                                        <div class=\"category-slide-read-btn\">\n                        <a href=\"https:\/\/www.childrenfirst.ch\/de\/veranstaltung-globale-buchmesse\/\">Mehr lesen<\/a>\n                    <\/div>\n                <\/div>\n            <\/div>\n                        <div class=\"slide-column\">\n                <div class=\"category-slide-box\">\n                    <div class=\"category-slide-img\">\n                        <img loading=\"lazy\" decoding=\"async\" width=\"397\" height=\"336\" src=\"https:\/\/www.childrenfirst.ch\/wp-content\/uploads\/1910\/05\/tamara-govedarovic-eU8f07kfQ2Y-unsplash-1.jpg\" class=\"attachment-thumbnail size-thumbnail wp-post-image\" alt=\"\" srcset=\"https:\/\/www.childrenfirst.ch\/wp-content\/uploads\/1910\/05\/tamara-govedarovic-eU8f07kfQ2Y-unsplash-1.jpg 397w, https:\/\/www.childrenfirst.ch\/wp-content\/uploads\/1910\/05\/tamara-govedarovic-eU8f07kfQ2Y-unsplash-1-300x254.jpg 300w\" sizes=\"(max-width: 397px) 100vw, 397px\" \/>                        <span class=\"category-count\">17<\/span>\n                    <\/div>\n                    <div class=\"category-slide-content\">\n                        <h3>Gespr\u00e4ch f\u00fcr Eltern<\/h3>\n                        \n                        <p>Nehmen Sie an unserem kostenlosen Q&A am 3.9.25 oder 17.9.25 um 12 Uhr mit Monica Shah Zeeman, Gr\u00fcnderin von Children First und zertifizierte Schlafberaterin, teil, um Expertentipps zu erhalten, die zu ruhigeren N\u00e4chten und gl\u00fccklicheren Tagen f\u00fchren!<\/p>\n                    <\/div>\n                                        <div class=\"category-slide-read-btn\">\n                        <a href=\"https:\/\/www.childrenfirst.ch\/de\/naechste-veranstaltung\/\">Mehr lesen<\/a>\n                    <\/div>\n                <\/div>\n            <\/div>\n                        <div class=\"slide-column\">\n                <div class=\"category-slide-box\">\n                    <div class=\"category-slide-img\">\n                        <img loading=\"lazy\" decoding=\"async\" width=\"500\" height=\"500\" src=\"https:\/\/www.childrenfirst.ch\/wp-content\/uploads\/2026\/06\/batik-kinder-workshop-500x500.jpg\" class=\"attachment-thumbnail size-thumbnail wp-post-image\" alt=\"\" \/>                        <span class=\"category-count\">18<\/span>\n                    <\/div>\n                    <div class=\"category-slide-content\">\n                        <h3>Vergangene Veranstaltung: Batik-Malworkshop f\u00fcr Kinder und Familien<\/h3>\n                        \n                        <p>Entdecken Sie die farbenfrohe Kunst des Batik in einem kreativen Workshop f\u00fcr Kinder und Familien. Gestalten Sie unter Anleitung einer erfahrenen Batikk\u00fcnstlerin Ihr eigenes Stoffkunstwerk, das von der Natur inspiriert ist. <\/p>\n                    <\/div>\n                                        <div class=\"category-slide-read-btn\">\n                        <a href=\"https:\/\/www.childrenfirst.ch\/de\/batik-malworkshop-fuer-kinder-und-familien\/\">Mehr lesen<\/a>\n                    <\/div>\n                <\/div>\n            <\/div>\n                    <\/div>\n        <\/div>\n\t\t\t\t\t\t<\/div>\n\t\t\t\t<\/div>\n\t\t\t\t<\/div>\n\t\t\t\t\t<\/div>\n\t\t\t\t<\/div>\n\t\t\t\t<\/div>\n\t\t","protected":false},"excerpt":{"rendered":"<p>Children First ist der einzige Ort, der alles unter einem Dach anbietet. Meine Kinder f\u00fchlen sich hier sehr wohl. Roman, Vater von Livia und Alison Kita, Vorschule und Grundschule in Englisch und Deutsch mit British-Montessori Lehrplan.Gegr\u00fcndet von der Expertin f\u00fcr Kindesentwicklung Monica Shah. Unser Auftrag und unsere Werte Unser Angebot Unser Auftrag und unsere Werte [&hellip;]<\/p>\n","protected":false},"author":1,"featured_media":4938,"parent":0,"menu_order":-20,"comment_status":"closed","ping_status":"closed","template":"elementor_header_footer","meta":{"_acf_changed":false,"footnotes":""},"class_list":["post-4094","page","type-page","status-publish","has-post-thumbnail","hentry"],"acf":[],"yoast_head":"<!-- This site is optimized with the Yoast SEO plugin v28.2 - https:\/\/yoast.com\/product\/yoast-seo-wordpress\/ -->\n<title>Children First | Montessori-Unterricht in Englisch und Deutsch<\/title>\n<meta name=\"description\" content=\"F\u00fcr Kinder ab 3 Monaten bis zum 8. Lebensjahr. Gegr\u00fcndet von der Expertin f\u00fcr Kindesentwicklung Monica Shah.\" \/>\n<meta name=\"robots\" content=\"index, follow, max-snippet:-1, max-image-preview:large, max-video-preview:-1\" \/>\n<link rel=\"canonical\" href=\"https:\/\/www.childrenfirst.ch\/de\/\" \/>\n<meta property=\"og:locale\" content=\"de_DE\" \/>\n<meta property=\"og:type\" content=\"article\" \/>\n<meta property=\"og:title\" content=\"Children First | Montessori-Unterricht in Englisch und Deutsch\" \/>\n<meta property=\"og:description\" content=\"F\u00fcr Kinder ab 3 Monaten bis zum 8. Lebensjahr. Gegr\u00fcndet von der Expertin f\u00fcr Kindesentwicklung Monica Shah.\" \/>\n<meta property=\"og:url\" content=\"https:\/\/www.childrenfirst.ch\/de\/\" \/>\n<meta property=\"og:site_name\" content=\"Children First\" \/>\n<meta property=\"article:modified_time\" content=\"2026-08-31T08:52:24+00:00\" \/>\n<meta property=\"og:image\" content=\"https:\/\/www.childrenfirst.ch\/wp-content\/uploads\/2025\/01\/Outdoor-activities-25-1.jpg\" \/>\n\t<meta property=\"og:image:width\" content=\"2000\" \/>\n\t<meta property=\"og:image:height\" content=\"1334\" \/>\n\t<meta property=\"og:image:type\" content=\"image\/jpeg\" \/>\n<meta name=\"twitter:card\" content=\"summary_large_image\" \/>\n<meta name=\"twitter:label1\" content=\"Gesch\u00e4tzte Lesezeit\" \/>\n\t<meta name=\"twitter:data1\" content=\"8\u00a0Minuten\" \/>\n<script type=\"application\/ld+json\" class=\"yoast-schema-graph\">{\"@context\":\"https:\\\/\\\/schema.org\",\"@graph\":[{\"@type\":\"WebPage\",\"@id\":\"https:\\\/\\\/www.childrenfirst.ch\\\/de\\\/\",\"url\":\"https:\\\/\\\/www.childrenfirst.ch\\\/de\\\/\",\"name\":\"Children First | Montessori-Unterricht in Englisch und Deutsch\",\"isPartOf\":{\"@id\":\"https:\\\/\\\/www.childrenfirst.ch\\\/de\\\/#website\"},\"primaryImageOfPage\":{\"@id\":\"https:\\\/\\\/www.childrenfirst.ch\\\/de\\\/#primaryimage\"},\"image\":{\"@id\":\"https:\\\/\\\/www.childrenfirst.ch\\\/de\\\/#primaryimage\"},\"thumbnailUrl\":\"https:\\\/\\\/www.childrenfirst.ch\\\/wp-content\\\/uploads\\\/2025\\\/01\\\/Indoor-activities-84.jpg\",\"datePublished\":\"2024-06-11T05:18:16+00:00\",\"dateModified\":\"2026-08-31T08:52:24+00:00\",\"description\":\"F\u00fcr Kinder ab 3 Monaten bis zum 8. Lebensjahr. Gegr\u00fcndet von der Expertin f\u00fcr Kindesentwicklung Monica Shah.\",\"breadcrumb\":{\"@id\":\"https:\\\/\\\/www.childrenfirst.ch\\\/de\\\/#breadcrumb\"},\"inLanguage\":\"de\",\"potentialAction\":[{\"@type\":\"ReadAction\",\"target\":[\"https:\\\/\\\/www.childrenfirst.ch\\\/de\\\/\"]}]},{\"@type\":\"ImageObject\",\"inLanguage\":\"de\",\"@id\":\"https:\\\/\\\/www.childrenfirst.ch\\\/de\\\/#primaryimage\",\"url\":\"https:\\\/\\\/www.childrenfirst.ch\\\/wp-content\\\/uploads\\\/2025\\\/01\\\/Indoor-activities-84.jpg\",\"contentUrl\":\"https:\\\/\\\/www.childrenfirst.ch\\\/wp-content\\\/uploads\\\/2025\\\/01\\\/Indoor-activities-84.jpg\",\"width\":400,\"height\":267},{\"@type\":\"BreadcrumbList\",\"@id\":\"https:\\\/\\\/www.childrenfirst.ch\\\/de\\\/#breadcrumb\",\"itemListElement\":[{\"@type\":\"ListItem\",\"position\":1,\"name\":\"Home\",\"item\":\"https:\\\/\\\/www.childrenfirst.ch\\\/de\\\/\"},{\"@type\":\"ListItem\",\"position\":2,\"name\":\"Startseite\"}]},{\"@type\":\"WebSite\",\"@id\":\"https:\\\/\\\/www.childrenfirst.ch\\\/de\\\/#website\",\"url\":\"https:\\\/\\\/www.childrenfirst.ch\\\/de\\\/\",\"name\":\"Children First\",\"description\":\"International daycare, preschool and kindergarten\",\"publisher\":{\"@id\":\"https:\\\/\\\/www.childrenfirst.ch\\\/de\\\/#organization\"},\"potentialAction\":[{\"@type\":\"SearchAction\",\"target\":{\"@type\":\"EntryPoint\",\"urlTemplate\":\"https:\\\/\\\/www.childrenfirst.ch\\\/de\\\/?s={search_term_string}\"},\"query-input\":{\"@type\":\"PropertyValueSpecification\",\"valueRequired\":true,\"valueName\":\"search_term_string\"}}],\"inLanguage\":\"de\"},{\"@type\":\"Organization\",\"@id\":\"https:\\\/\\\/www.childrenfirst.ch\\\/de\\\/#organization\",\"name\":\"Children First\",\"url\":\"https:\\\/\\\/www.childrenfirst.ch\\\/de\\\/\",\"logo\":{\"@type\":\"ImageObject\",\"inLanguage\":\"de\",\"@id\":\"https:\\\/\\\/www.childrenfirst.ch\\\/de\\\/#\\\/schema\\\/logo\\\/image\\\/\",\"url\":\"https:\\\/\\\/www.childrenfirst.ch\\\/wp-content\\\/uploads\\\/2024\\\/12\\\/logo-1.png\",\"contentUrl\":\"https:\\\/\\\/www.childrenfirst.ch\\\/wp-content\\\/uploads\\\/2024\\\/12\\\/logo-1.png\",\"width\":305,\"height\":82,\"caption\":\"Children First\"},\"image\":{\"@id\":\"https:\\\/\\\/www.childrenfirst.ch\\\/de\\\/#\\\/schema\\\/logo\\\/image\\\/\"}}]}<\/script>\n<!-- \/ Yoast SEO plugin. -->","yoast_head_json":{"title":"Children First | Montessori-Unterricht in Englisch und Deutsch","description":"F\u00fcr Kinder ab 3 Monaten bis zum 8. Lebensjahr. Gegr\u00fcndet von der Expertin f\u00fcr Kindesentwicklung Monica Shah.","robots":{"index":"index","follow":"follow","max-snippet":"max-snippet:-1","max-image-preview":"max-image-preview:large","max-video-preview":"max-video-preview:-1"},"canonical":"https:\/\/www.childrenfirst.ch\/de\/","og_locale":"de_DE","og_type":"article","og_title":"Children First | Montessori-Unterricht in Englisch und Deutsch","og_description":"F\u00fcr Kinder ab 3 Monaten bis zum 8. Lebensjahr. Gegr\u00fcndet von der Expertin f\u00fcr Kindesentwicklung Monica Shah.","og_url":"https:\/\/www.childrenfirst.ch\/de\/","og_site_name":"Children First","article_modified_time":"2026-08-31T08:52:24+00:00","og_image":[{"width":2000,"height":1334,"url":"https:\/\/www.childrenfirst.ch\/wp-content\/uploads\/2025\/01\/Outdoor-activities-25-1.jpg","type":"image\/jpeg"}],"twitter_card":"summary_large_image","twitter_misc":{"Gesch\u00e4tzte Lesezeit":"8\u00a0Minuten"},"schema":{"@context":"https:\/\/schema.org","@graph":[{"@type":"WebPage","@id":"https:\/\/www.childrenfirst.ch\/de\/","url":"https:\/\/www.childrenfirst.ch\/de\/","name":"Children First | Montessori-Unterricht in Englisch und Deutsch","isPartOf":{"@id":"https:\/\/www.childrenfirst.ch\/de\/#website"},"primaryImageOfPage":{"@id":"https:\/\/www.childrenfirst.ch\/de\/#primaryimage"},"image":{"@id":"https:\/\/www.childrenfirst.ch\/de\/#primaryimage"},"thumbnailUrl":"https:\/\/www.childrenfirst.ch\/wp-content\/uploads\/2025\/01\/Indoor-activities-84.jpg","datePublished":"2024-06-11T05:18:16+00:00","dateModified":"2026-08-31T08:52:24+00:00","description":"F\u00fcr Kinder ab 3 Monaten bis zum 8. Lebensjahr. Gegr\u00fcndet von der Expertin f\u00fcr Kindesentwicklung Monica Shah.","breadcrumb":{"@id":"https:\/\/www.childrenfirst.ch\/de\/#breadcrumb"},"inLanguage":"de","potentialAction":[{"@type":"ReadAction","target":["https:\/\/www.childrenfirst.ch\/de\/"]}]},{"@type":"ImageObject","inLanguage":"de","@id":"https:\/\/www.childrenfirst.ch\/de\/#primaryimage","url":"https:\/\/www.childrenfirst.ch\/wp-content\/uploads\/2025\/01\/Indoor-activities-84.jpg","contentUrl":"https:\/\/www.childrenfirst.ch\/wp-content\/uploads\/2025\/01\/Indoor-activities-84.jpg","width":400,"height":267},{"@type":"BreadcrumbList","@id":"https:\/\/www.childrenfirst.ch\/de\/#breadcrumb","itemListElement":[{"@type":"ListItem","position":1,"name":"Home","item":"https:\/\/www.childrenfirst.ch\/de\/"},{"@type":"ListItem","position":2,"name":"Startseite"}]},{"@type":"WebSite","@id":"https:\/\/www.childrenfirst.ch\/de\/#website","url":"https:\/\/www.childrenfirst.ch\/de\/","name":"Children First","description":"International daycare, preschool and kindergarten","publisher":{"@id":"https:\/\/www.childrenfirst.ch\/de\/#organization"},"potentialAction":[{"@type":"SearchAction","target":{"@type":"EntryPoint","urlTemplate":"https:\/\/www.childrenfirst.ch\/de\/?s={search_term_string}"},"query-input":{"@type":"PropertyValueSpecification","valueRequired":true,"valueName":"search_term_string"}}],"inLanguage":"de"},{"@type":"Organization","@id":"https:\/\/www.childrenfirst.ch\/de\/#organization","name":"Children First","url":"https:\/\/www.childrenfirst.ch\/de\/","logo":{"@type":"ImageObject","inLanguage":"de","@id":"https:\/\/www.childrenfirst.ch\/de\/#\/schema\/logo\/image\/","url":"https:\/\/www.childrenfirst.ch\/wp-content\/uploads\/2024\/12\/logo-1.png","contentUrl":"https:\/\/www.childrenfirst.ch\/wp-content\/uploads\/2024\/12\/logo-1.png","width":305,"height":82,"caption":"Children First"},"image":{"@id":"https:\/\/www.childrenfirst.ch\/de\/#\/schema\/logo\/image\/"}}]}},"_links":{"self":[{"href":"https:\/\/www.childrenfirst.ch\/de\/wp-json\/wp\/v2\/pages\/4094","targetHints":{"allow":["GET"]}}],"collection":[{"href":"https:\/\/www.childrenfirst.ch\/de\/wp-json\/wp\/v2\/pages"}],"about":[{"href":"https:\/\/www.childrenfirst.ch\/de\/wp-json\/wp\/v2\/types\/page"}],"author":[{"embeddable":true,"href":"https:\/\/www.childrenfirst.ch\/de\/wp-json\/wp\/v2\/users\/1"}],"replies":[{"embeddable":true,"href":"https:\/\/www.childrenfirst.ch\/de\/wp-json\/wp\/v2\/comments?post=4094"}],"version-history":[{"count":169,"href":"https:\/\/www.childrenfirst.ch\/de\/wp-json\/wp\/v2\/pages\/4094\/revisions"}],"predecessor-version":[{"id":9228,"href":"https:\/\/www.childrenfirst.ch\/de\/wp-json\/wp\/v2\/pages\/4094\/revisions\/9228"}],"wp:featuredmedia":[{"embeddable":true,"href":"https:\/\/www.childrenfirst.ch\/de\/wp-json\/wp\/v2\/media\/4938"}],"wp:attachment":[{"href":"https:\/\/www.childrenfirst.ch\/de\/wp-json\/wp\/v2\/media?parent=4094"}],"curies":[{"name":"wp","href":"https:\/\/api.w.org\/{rel}","templated":true}]}}