{"id":4086,"date":"2024-06-18T05:51:10","date_gmt":"2024-06-18T05:51:10","guid":{"rendered":"https:\/\/www.childrenfirst.ch\/team\/"},"modified":"2025-02-28T06:32:35","modified_gmt":"2025-02-28T06:32:35","slug":"team","status":"publish","type":"page","link":"https:\/\/www.childrenfirst.ch\/de\/team\/","title":{"rendered":"Team"},"content":{"rendered":"\t\t<div data-elementor-type=\"wp-page\" data-elementor-id=\"4086\" class=\"elementor elementor-4086 elementor-1365\" data-elementor-post-type=\"page\">\n\t\t\t\t<div class=\"elementor-element elementor-element-d577cfb e-con-full banner-section e-flex e-con e-parent\" data-id=\"d577cfb\" data-element_type=\"container\" data-e-type=\"container\" data-settings=\"{&quot;background_background&quot;:&quot;classic&quot;}\">\n\t\t<div class=\"elementor-element elementor-element-e843cf2 e-flex e-con-boxed e-con e-child\" data-id=\"e843cf2\" data-element_type=\"container\" data-e-type=\"container\">\n\t\t\t\t\t<div class=\"e-con-inner\">\n\t\t<div class=\"elementor-element elementor-element-13acde5 e-con-full e-flex e-con e-child\" data-id=\"13acde5\" data-element_type=\"container\" data-e-type=\"container\">\n\t\t\t\t<div class=\"elementor-element elementor-element-a28cc8b elementor-widget__width-initial quote-icon elementor-widget elementor-widget-heading\" data-id=\"a28cc8b\" data-element_type=\"widget\" data-e-type=\"widget\" data-widget_type=\"heading.default\">\n\t\t\t\t<div class=\"elementor-widget-container\">\n\t\t\t\t\t<h2 class=\"elementor-heading-title elementor-size-default\">Sie respektieren die Kinder und ihren Rhythmus zutiefst und machen sie gl\u00fccklich. Sie haben sogar einen Waldtag!<\/h2>\t\t\t\t<\/div>\n\t\t\t\t<\/div>\n\t\t\t\t<div class=\"elementor-element elementor-element-d43226c elementor-widget elementor-widget-heading\" data-id=\"d43226c\" data-element_type=\"widget\" data-e-type=\"widget\" data-widget_type=\"heading.default\">\n\t\t\t\t<div class=\"elementor-widget-container\">\n\t\t\t\t\t<h3 class=\"elementor-heading-title elementor-size-default\">Roman, der Vater von Livia und Alison<\/h3>\t\t\t\t<\/div>\n\t\t\t\t<\/div>\n\t\t\t\t<div class=\"elementor-element elementor-element-5c753c3 cursor-pointer elementor-widget elementor-widget-heading\" data-id=\"5c753c3\" data-element_type=\"widget\" data-e-type=\"widget\" data-widget_type=\"heading.default\">\n\t\t\t\t<div class=\"elementor-widget-container\">\n\t\t\t\t\t<h2 class=\"elementor-heading-title elementor-size-default\"><a href=\"#our-team\">Lernen Sie das Team kennen<\/a><\/h2>\t\t\t\t<\/div>\n\t\t\t\t<\/div>\n\t\t\t\t<\/div>\n\t\t<div class=\"elementor-element elementor-element-4015bd1 elementor-hidden-mobile e-flex e-con-boxed e-con e-child\" data-id=\"4015bd1\" data-element_type=\"container\" data-e-type=\"container\">\n\t\t\t\t\t<div class=\"e-con-inner\">\n\t\t\t\t\t<\/div>\n\t\t\t\t<\/div>\n\t\t\t\t\t<\/div>\n\t\t\t\t<\/div>\n\t\t\t\t<\/div>\n\t\t<div class=\"elementor-element elementor-element-e8a3fe7 e-flex e-con-boxed e-con e-parent\" data-id=\"e8a3fe7\" data-element_type=\"container\" data-e-type=\"container\">\n\t\t\t\t\t<div class=\"e-con-inner\">\n\t\t<div class=\"elementor-element elementor-element-f9a2e62 e-flex e-con-boxed e-con e-child\" data-id=\"f9a2e62\" data-element_type=\"container\" data-e-type=\"container\" data-settings=\"{&quot;background_background&quot;:&quot;classic&quot;}\">\n\t\t\t\t\t<div class=\"e-con-inner\">\n\t\t<div class=\"elementor-element elementor-element-2fdc88e e-con-full e-flex e-con e-child\" data-id=\"2fdc88e\" data-element_type=\"container\" data-e-type=\"container\" data-settings=\"{&quot;background_background&quot;:&quot;classic&quot;}\">\n\t\t\t\t<\/div>\n\t\t<div class=\"elementor-element elementor-element-6ecbb1b e-con-full e-flex e-con e-child\" data-id=\"6ecbb1b\" data-element_type=\"container\" data-e-type=\"container\">\n\t\t<div class=\"elementor-element elementor-element-466e7ba e-con-full e-flex e-con e-child\" data-id=\"466e7ba\" data-element_type=\"container\" data-e-type=\"container\">\n\t\t\t\t<div class=\"elementor-element elementor-element-ccd38d5 elementor-widget__width-initial circle-box  circle-box-founder elementor-widget elementor-widget-heading\" data-id=\"ccd38d5\" data-element_type=\"widget\" data-e-type=\"widget\" data-widget_type=\"heading.default\">\n\t\t\t\t<div class=\"elementor-widget-container\">\n\t\t\t\t\t<h2 class=\"elementor-heading-title elementor-size-default\">Monica Shah, Direktorin &amp; Gr\u00fcnderin<\/h2>\t\t\t\t<\/div>\n\t\t\t\t<\/div>\n\t\t\t\t<\/div>\n\t\t<div class=\"elementor-element elementor-element-b5c5df5 e-con-full e-flex e-con e-child\" data-id=\"b5c5df5\" data-element_type=\"container\" data-e-type=\"container\">\n\t\t\t\t<div class=\"elementor-element elementor-element-abb6874 elementor-widget elementor-widget-text-editor\" data-id=\"abb6874\" data-element_type=\"widget\" data-e-type=\"widget\" data-widget_type=\"text-editor.default\">\n\t\t\t\t<div class=\"elementor-widget-container\">\n\t\t\t\t\t\t\t\t\t<p><b><i>Monica Shah hat ein einzigartiges Betreuungs- und Bildungszentrum aufgebaut, das auf einer unglaublich reichen pers\u00f6nlichen Geschichte beruht.<\/i><\/b><i><span style=\"font-weight: 400;\"> Sie garantiert unsere hohen Standards und sorgt daf\u00fcr, dass die Servicequalit\u00e4t auf einem hohen Niveau bleibt. Sie werden Monica oft auf den Etagen unserer Villa sehen, wo sie unseren Mitarbeitenden unterst\u00fctzend zur Seite steht.<\/span><\/i><\/p>\t\t\t\t\t\t\t\t<\/div>\n\t\t\t\t<\/div>\n\t\t\t\t<\/div>\n\t\t<div class=\"elementor-element elementor-element-8b6bffb e-con-full e-flex e-con e-child\" data-id=\"8b6bffb\" data-element_type=\"container\" data-e-type=\"container\">\n\t\t\t\t<div class=\"elementor-element elementor-element-0910bc5 elementor-icon-list--layout-inline elementor-list-item-link-full_width elementor-widget elementor-widget-icon-list\" data-id=\"0910bc5\" data-element_type=\"widget\" data-e-type=\"widget\" data-widget_type=\"icon-list.default\">\n\t\t\t\t<div class=\"elementor-widget-container\">\n\t\t\t\t\t\t\t<ul class=\"elementor-icon-list-items elementor-inline-items\">\n\t\t\t\t\t\t\t<li class=\"elementor-icon-list-item elementor-inline-item\">\n\t\t\t\t\t\t\t\t\t\t\t<a href=\"https:\/\/www.childrenfirst.ch\/de\/monicas-geschichte\/\">\n\n\t\t\t\t\t\t\t\t\t\t\t<span class=\"elementor-icon-list-text\"><u>Monicas Geschichte<\/u><\/span>\n\t\t\t\t\t\t\t\t\t\t\t<\/a>\n\t\t\t\t\t\t\t\t\t<\/li>\n\t\t\t\t\t\t<\/ul>\n\t\t\t\t\t\t<\/div>\n\t\t\t\t<\/div>\n\t\t\t\t<\/div>\n\t\t\t\t<\/div>\n\t\t\t\t\t<\/div>\n\t\t\t\t<\/div>\n\t\t\t\t\t<\/div>\n\t\t\t\t<\/div>\n\t\t<div class=\"elementor-element elementor-element-1f604bc e-flex e-con-boxed e-con e-parent\" data-id=\"1f604bc\" data-element_type=\"container\" data-e-type=\"container\">\n\t\t\t\t\t<div class=\"e-con-inner\">\n\t\t<div class=\"elementor-element elementor-element-e883af7 e-con-full e-flex e-con e-child\" data-id=\"e883af7\" data-element_type=\"container\" data-e-type=\"container\" data-settings=\"{&quot;background_background&quot;:&quot;classic&quot;}\">\n\t\t<div class=\"elementor-element elementor-element-59671bb e-con-full e-flex e-con e-child\" data-id=\"59671bb\" data-element_type=\"container\" data-e-type=\"container\">\n\t\t<div class=\"elementor-element elementor-element-8dc37fa e-con-full e-flex e-con e-child\" data-id=\"8dc37fa\" data-element_type=\"container\" data-e-type=\"container\">\n\t\t\t\t<div class=\"elementor-element elementor-element-da74ba6 elementor-widget elementor-widget-heading\" data-id=\"da74ba6\" data-element_type=\"widget\" data-e-type=\"widget\" data-widget_type=\"heading.default\">\n\t\t\t\t<div class=\"elementor-widget-container\">\n\t\t\t\t\t<h2 class=\"elementor-heading-title elementor-size-default\">Fr\u00fchf\u00f6rderung und Unterst\u00fctzung f\u00fcr Familien\n<\/h2>\t\t\t\t<\/div>\n\t\t\t\t<\/div>\n\t\t\t\t<div class=\"elementor-element elementor-element-0a9cdc3 elementor-widget elementor-widget-text-editor\" data-id=\"0a9cdc3\" data-element_type=\"widget\" data-e-type=\"widget\" data-widget_type=\"text-editor.default\">\n\t\t\t\t<div class=\"elementor-widget-container\">\n\t\t\t\t\t\t\t\t\t<p><span style=\"font-weight: 400;\">Unsere Gr\u00fcnderin, Monica Shah, hat einen Raum geschaffen f\u00fcr eine harmonische p\u00e4dagogische Erfahrung von den ersten Lebensjahren, daf\u00fcr hat sie die besten Einfl\u00fcsse aus der ganzen Welt und ihr eigenes professionelles Fachwissen genutzt.<\/span><\/p><p><span style=\"font-weight: 400;\">Die britisch-schweizerische Staatsb\u00fcrgerin indischer Abstammung setzt sich seit 2006 f\u00fcr zweisprachige Bildungsangebote in Z\u00fcrich ein.<\/span><\/p><p><span style=\"font-weight: 400;\">Mit einem einzigartigen Hintergrund in der Kinder- und Familienbetreuung hat Monica die<\/span><b> Vision eines Kompetenzzentrums mit Ressourcen f\u00fcr Familien in Z\u00fcrich. Sie konzentriert sich auf die fr\u00fchen Kinderjahre und die Betreuung im Schulalter, um Schweizer zweisprachigen Kindern eine optimale Bildung mit vielen M\u00f6glichkeiten zu bieten.<\/b><\/p>\t\t\t\t\t\t\t\t<\/div>\n\t\t\t\t<\/div>\n\t\t\t\t<\/div>\n\t\t<div class=\"elementor-element elementor-element-88c1757 e-con-full e-flex e-con e-child\" data-id=\"88c1757\" data-element_type=\"container\" data-e-type=\"container\">\n\t\t\t\t<div class=\"elementor-element elementor-element-2b03a2a elementor-widget elementor-widget-heading\" data-id=\"2b03a2a\" data-element_type=\"widget\" data-e-type=\"widget\" data-widget_type=\"heading.default\">\n\t\t\t\t<div class=\"elementor-widget-container\">\n\t\t\t\t\t<h2 class=\"elementor-heading-title elementor-size-default\">Unsere Lehrer und Lehrerinnen sind talentierte Betreuungspersonen\n<\/h2>\t\t\t\t<\/div>\n\t\t\t\t<\/div>\n\t\t\t\t<div class=\"elementor-element elementor-element-8109ef2 elementor-widget elementor-widget-text-editor\" data-id=\"8109ef2\" data-element_type=\"widget\" data-e-type=\"widget\" data-widget_type=\"text-editor.default\">\n\t\t\t\t<div class=\"elementor-widget-container\">\n\t\t\t\t\t\t\t\t\t<p><span style=\"font-weight: 400;\">Unsere Lehrer und Lehrerinnen haben eine echte Verbindung zu Kindern und die F\u00e4higkeit, positive Beziehungen aufzubauen. Kleine Kinder brauchen emotionale Zuwendung und Sanftheit. Sie profitieren von unserem erfahrenen und gut ausgebildeten Team.<\/span><\/p>\t\t\t\t\t\t\t\t<\/div>\n\t\t\t\t<\/div>\n\t\t\t\t<div class=\"elementor-element elementor-element-db05964 cursor-pointer elementor-widget elementor-widget-heading\" data-id=\"db05964\" data-element_type=\"widget\" data-e-type=\"widget\" id=\"team-btn\" data-widget_type=\"heading.default\">\n\t\t\t\t<div class=\"elementor-widget-container\">\n\t\t\t\t\t<h2 class=\"elementor-heading-title elementor-size-default\">Erfahren Sie mehr<\/h2>\t\t\t\t<\/div>\n\t\t\t\t<\/div>\n\t\t\t\t<div class=\"elementor-element elementor-element-d130e60 elementor-widget__width-initial circle-box  circle-box-founder elementor-widget elementor-widget-heading\" data-id=\"d130e60\" data-element_type=\"widget\" data-e-type=\"widget\" id=\"team-btn1\" data-widget_type=\"heading.default\">\n\t\t\t\t<div class=\"elementor-widget-container\">\n\t\t\t\t\t<h2 class=\"elementor-heading-title elementor-size-default\">Team-Infos<\/h2>\t\t\t\t<\/div>\n\t\t\t\t<\/div>\n\t\t\t\t<\/div>\n\t\t\t\t<\/div>\n\t\t<div class=\"elementor-element elementor-element-6e8de53 e-con-full e-flex e-con e-child\" data-id=\"6e8de53\" data-element_type=\"container\" data-e-type=\"container\" data-settings=\"{&quot;background_background&quot;:&quot;classic&quot;}\">\n\t\t\t\t<\/div>\n\t\t\t\t<\/div>\n\t\t<div class=\"elementor-element elementor-element-357c8fd e-con-full popup-new right e-flex e-con e-child\" data-id=\"357c8fd\" data-element_type=\"container\" data-e-type=\"container\" id=\"team-btn-popup\" data-settings=\"{&quot;background_background&quot;:&quot;classic&quot;}\">\n\t\t<div class=\"elementor-element elementor-element-c0546b1 e-con-full scroll-box e-flex e-con e-child\" data-id=\"c0546b1\" data-element_type=\"container\" data-e-type=\"container\">\n\t\t<div class=\"elementor-element elementor-element-a9b95e6 e-con-full e-flex e-con e-child\" data-id=\"a9b95e6\" data-element_type=\"container\" data-e-type=\"container\" data-settings=\"{&quot;background_background&quot;:&quot;classic&quot;}\">\n\t\t\t\t<div class=\"elementor-element elementor-element-5be224a elementor-widget__width-initial elementor-widget elementor-widget-text-editor\" data-id=\"5be224a\" data-element_type=\"widget\" data-e-type=\"widget\" data-widget_type=\"text-editor.default\">\n\t\t\t\t<div class=\"elementor-widget-container\">\n\t\t\t\t\t\t\t\t\t<p><span style=\"font-weight: 400;\">Wir haben besondere Talente bei Children First. Unser Ziel ist es, aussergew\u00f6hnliche Menschen f\u00fcr die Arbeit bei Children First zu gewinnen. Die Forschung zeigt, dass in sozialen Umgebungen der Bildungshintergrund des Personals den Unterschied f\u00fcr das Lernen und die Entwicklung von Kleinkindern ausmacht. Unsere Mitarbeiter sind hochqualifiziert und erfahren. Referendaren werden nur kurzfristige Praktika angeboten. Wir sind unseren Kollegen dankbar, denn jedes Teammitglied macht Children First so einzigartig wie es ist.<\/span><\/p>\t\t\t\t\t\t\t\t<\/div>\n\t\t\t\t<\/div>\n\t\t\t\t<div class=\"elementor-element elementor-element-b84369d elementor-widget__width-initial elementor-widget elementor-widget-text-editor\" data-id=\"b84369d\" data-element_type=\"widget\" data-e-type=\"widget\" data-widget_type=\"text-editor.default\">\n\t\t\t\t<div class=\"elementor-widget-container\">\n\t\t\t\t\t\t\t\t\t<p><span style=\"font-weight: 400;\">\u201eIch bewundere diejenigen sehr, die diesen Job mit Ausgeglichenheit und Gelassenheit aus\u00fcben k\u00f6nnen. Sie machen ihre Arbeit mit sehr viel Liebe und Humor und sie leben die Werte von Children First wirklich. Wir haben gemeinsame Werte und best\u00e4rken uns gegenseitig in dem, was zu Hause und in der Schule passiert. Monica stellt qualifizierte Mitarbeiter ein, nicht nur vom Alter her, sondern auch von ihrer Arbeitsweise.<\/span><i><span style=\"font-weight: 400;\">\u201e<\/span><\/i><i><span style=\"font-weight: 400;\"><br \/><\/span><\/i><i><span style=\"font-weight: 400;\">Aniko, Annis Mutter<\/span><\/i><\/p>\t\t\t\t\t\t\t\t<\/div>\n\t\t\t\t<\/div>\n\t\t\t\t<\/div>\n\t\t<div class=\"elementor-element elementor-element-edcd269 e-con-full e-flex e-con e-child\" data-id=\"edcd269\" data-element_type=\"container\" data-e-type=\"container\">\n\t\t\t\t<div class=\"elementor-element elementor-element-955c6dc elementor-widget__width-initial elementor-widget elementor-widget-text-editor\" data-id=\"955c6dc\" data-element_type=\"widget\" data-e-type=\"widget\" data-widget_type=\"text-editor.default\">\n\t\t\t\t<div class=\"elementor-widget-container\">\n\t\t\t\t\t\t\t\t\t<p><span style=\"font-weight: 400;\">\u201eWenn man viele Kitas besucht, bekommt man auch viele Kita-Konzepte! Aber die Frage ist, ob es gelebt wird? Wir tendieren dazu, alle papiernen Aussagen zu verwerfen und uns die Interaktionen anzusehen. &#8222;Zu sehen, wie die Lehrer bei Children First w\u00e4hrend des Besuchs mit den Kindern arbeiten, hat uns definitiv \u00fcberzeugt.\u201c\u00a0<\/span><\/p><p><i><span style=\"font-weight: 400;\">Claudia, die Mutter von Isabelle<\/span><\/i><\/p>\t\t\t\t\t\t\t\t<\/div>\n\t\t\t\t<\/div>\n\t\t\t\t<\/div>\n\t\t\t\t<\/div>\n\t\t\t\t<\/div>\n\t\t\t\t\t<\/div>\n\t\t\t\t<\/div>\n\t\t<div class=\"elementor-element elementor-element-e12d270 e-con-full e-flex e-con e-parent\" data-id=\"e12d270\" data-element_type=\"container\" data-e-type=\"container\" id=\"our-team\">\n\t\t<div class=\"elementor-element elementor-element-9cc8c12 e-flex e-con-boxed e-con e-child\" data-id=\"9cc8c12\" data-element_type=\"container\" data-e-type=\"container\">\n\t\t\t\t\t<div class=\"e-con-inner\">\n\t\t\t\t<div class=\"elementor-element elementor-element-cd9a6f6 elementor-widget elementor-widget-shortcode\" data-id=\"cd9a6f6\" data-element_type=\"widget\" data-e-type=\"widget\" data-widget_type=\"shortcode.default\">\n\t\t\t\t<div class=\"elementor-widget-container\">\n\t\t\t\t\t\t\t<div class=\"elementor-shortcode\">        <div class=\"category-slide-row\">\n                    <div class=\"slide-column\">\n                <div class=\"category-slide-box\">\n                    <div class=\"category-slide-img\">\n                        <img fetchpriority=\"high\" decoding=\"async\" width=\"500\" height=\"500\" src=\"https:\/\/www.childrenfirst.ch\/wp-content\/uploads\/1908\/06\/WhatsApp-Image-2026-01-28-at-14.06.29-500x500.jpg\" class=\"attachment-thumbnail size-thumbnail wp-post-image\" alt=\"\" \/>                    <\/div>\n                    <div class=\"category-slide-content\">\n                        <h3>Emma Wright<\/h3>\n                        <p><p>Ich freue mich sehr, als englische Kinderg\u00e4rtnerin bei Children First zu arbeiten. Ich bin seit 10 Jahren Teil der Children First-Gemeinschaft. <\/p>\n<p>Meine Berufserfahrung umfasst das Unterrichten von Englisch in Gro\u00dfbritannien und an internationalen Schulen. Ich habe einen Bachelor of Education (Honours) der Universit\u00e4t Cambridge und meine gro\u00dfe Leidenschaft ist es, Kindern dabei zu helfen, selbstbewusst und sicher Englisch lesen und schreiben zu lernen. <\/p>\n<p>Ich liebe es, Kinder auf ihrem Lernweg zu begleiten und ihnen eine herzliche, unterst\u00fctzende und motivierende Lernumgebung zu bieten.<\/p>\n<\/p>\n                    <\/div>\n                    <!-- <div class=\"category-slide-read-btn\">\n                        <a href=\"\"><\/a>\n                    <\/div> -->\n                <\/div>\n            <\/div>\n                        <div class=\"slide-column\">\n                <div class=\"category-slide-box\">\n                    <div class=\"category-slide-img\">\n                        <img decoding=\"async\" width=\"500\" height=\"500\" src=\"https:\/\/www.childrenfirst.ch\/wp-content\/uploads\/1905\/06\/IMG_8443-3-500x500.jpg\" class=\"attachment-thumbnail size-thumbnail wp-post-image\" alt=\"\" \/>                    <\/div>\n                    <div class=\"category-slide-content\">\n                        <h3>Charlotte Clancy<\/h3>\n                        <p><p>Mit \u00fcber 20 Jahren p\u00e4dagogischer Erfahrung bringe ich einen w\u00e4rmenden, kindzentrierten Ansatz in den Unterricht und schaffe eine engagierte und unterst\u00fctzende Lernumgebung.<\/p>\n<p>Ich spezialisiere mich auf bilinguale Programme und individuelle Lernpl\u00e4ne, um jedes Kind bestm\u00f6glich zu f\u00f6rdern. Meine Erfahrung in Schweizer und internationalen Schulen erm\u00f6glicht es mir, Kinder mit verschiedenen Hintergr\u00fcnden und Lernbed\u00fcrfnissen zu unterst\u00fctzen. <\/p>\n<p>Meine Leidenschaft ist es, Neugier, Kreativit\u00e4t und Selbstvertrauen zu f\u00f6rdern und sicherzustellen, dass jedes Kind sich unterst\u00fctzt f\u00fchlt und optimal wachsen kann.<\/p>\n<\/p>\n                    <\/div>\n                    <!-- <div class=\"category-slide-read-btn\">\n                        <a href=\"\"><\/a>\n                    <\/div> -->\n                <\/div>\n            <\/div>\n                        <div class=\"slide-column\">\n                <div class=\"category-slide-box\">\n                    <div class=\"category-slide-img\">\n                        <img decoding=\"async\" width=\"268\" height=\"273\" src=\"https:\/\/www.childrenfirst.ch\/wp-content\/uploads\/2024\/06\/Rebekka-e1738202171160.jpg\" class=\"attachment-thumbnail size-thumbnail wp-post-image\" alt=\"\" \/>                    <\/div>\n                    <div class=\"category-slide-content\">\n                        <h3>Rebekka O&#8217;Brien<\/h3>\n                        <p><p>Urspr\u00fcnglich komme ich aus dem S\u00fcdosten Englands. Vor 31 Jahren habe ich meinen Mann kennengelernt, und wir haben einen 24-j\u00e4hrigen Sohn, Thomas. Seit 2013 leben wir als Familie in Z\u00fcrich und genie\u00dfen die vielen Erfahrungen und M\u00f6glichkeiten, die das Leben in der Schweiz bietet.  <\/p>\n<p>Ich arbeite seit 2008 mit Kindern und habe ein CACHE Level 3 Diploma, basierend auf dem Early Years Foundation Stage Framework. Meine Hobbys sind Reisen, Filme schauen, verschiedene Musikrichtungen h\u00f6ren und mich mit Genealogie besch\u00e4ftigen. <\/p>\n<\/p>\n                    <\/div>\n                    <!-- <div class=\"category-slide-read-btn\">\n                        <a href=\"\"><\/a>\n                    <\/div> -->\n                <\/div>\n            <\/div>\n                        <div class=\"slide-column\">\n                <div class=\"category-slide-box\">\n                    <div class=\"category-slide-img\">\n                        <img loading=\"lazy\" decoding=\"async\" width=\"500\" height=\"500\" src=\"https:\/\/www.childrenfirst.ch\/wp-content\/uploads\/2024\/06\/Balbir-B-e1738201886294-500x500.jpg\" class=\"attachment-thumbnail size-thumbnail wp-post-image\" alt=\"\" \/>                    <\/div>\n                    <div class=\"category-slide-content\">\n                        <h3>Balbir Bhangal<\/h3>\n                        <p><p>Ich lebe im Seefeld in Z\u00fcrich und habe in den letzten 30 Jahren Kindergartenklassen an bilingualen Schulen rund um den Z\u00fcrichsee unterrichtet. Vor meiner Zeit in Z\u00fcrich arbeitete ich in verschiedenen Early Years Kinderzentren in London. Seit 10 Jahren biete ich Waldprogramme f\u00fcr Kindergartenkinder an, zuletzt f\u00fcr Kinder im Alter von 2,5 bis 5 Jahren in Z\u00fcrcher Kinderzentren.  <\/p>\n<p>Ich bin freundlich, verantwortungsbewusst und liebe es, Kinder zu begleiten, um ihre besten Qualit\u00e4ten zu f\u00f6rdern. Meine t\u00e4gliche Routine und das strukturierte Aktivit\u00e4tenprogramm richten sich nach den Bed\u00fcrfnissen der Kinder. Dieses Programm st\u00e4rkt die soziale und emotionale Basis, was sich positiv auf die F\u00e4higkeit der Kinder auswirkt, neues Wissen zu lernen und zu entdecken.  <\/p>\n<\/p>\n                    <\/div>\n                    <!-- <div class=\"category-slide-read-btn\">\n                        <a href=\"\"><\/a>\n                    <\/div> -->\n                <\/div>\n            <\/div>\n                        <div class=\"slide-column\">\n                <div class=\"category-slide-box\">\n                    <div class=\"category-slide-img\">\n                        <img loading=\"lazy\" decoding=\"async\" width=\"500\" height=\"500\" src=\"https:\/\/www.childrenfirst.ch\/wp-content\/uploads\/2026\/02\/Gemini_Generated_Image_3tjzl43tjzl43tjz-500x500.jpg\" class=\"attachment-thumbnail size-thumbnail wp-post-image\" alt=\"\" \/>                    <\/div>\n                    <div class=\"category-slide-content\">\n                        <h3>Gioia Piasko<\/h3>\n                        <p><p>Ich bin diplomierte Tanz und Bewegungsp\u00e4dagogin. Seit \u00fcber 10 Jahre bin ich bei Children First und habe in verschiedenen Institutionen gearbeitet. Ich habe drei erwachsene Kinder (meine \u00e4lteste Tochter ist Schauspielerin).  <\/p>\n<p>In meiner unterrichsstunde lernen wir verschiedene \u00dcbungen f\u00fcr eine gesunde Haltung, Beweglichkeit und Koordination. Wir verpacken die \u00dcbungen in geschichten und tanzen frei zur Musik. <\/p>\n<\/p>\n                    <\/div>\n                    <!-- <div class=\"category-slide-read-btn\">\n                        <a href=\"\"><\/a>\n                    <\/div> -->\n                <\/div>\n            <\/div>\n                    <\/div>\n        <\/div>\n\t\t\t\t\t\t<\/div>\n\t\t\t\t<\/div>\n\t\t\t\t\t<\/div>\n\t\t\t\t<\/div>\n\t\t\t\t<\/div>\n\t\t<div class=\"elementor-element elementor-element-6fc97d9 e-con-full e-flex e-con e-parent\" data-id=\"6fc97d9\" data-element_type=\"container\" data-e-type=\"container\" id=\"team-jobs\">\n\t\t<div class=\"elementor-element elementor-element-7df87c6 e-flex e-con-boxed e-con e-child\" data-id=\"7df87c6\" data-element_type=\"container\" data-e-type=\"container\">\n\t\t\t\t\t<div class=\"e-con-inner\">\n\t\t<div class=\"elementor-element elementor-element-657b9fb e-con-full e-flex e-con e-child\" data-id=\"657b9fb\" data-element_type=\"container\" data-e-type=\"container\" data-settings=\"{&quot;background_background&quot;:&quot;classic&quot;}\">\n\t\t<div class=\"elementor-element elementor-element-0a08e35 e-con-full e-flex e-con e-child\" data-id=\"0a08e35\" data-element_type=\"container\" data-e-type=\"container\">\n\t\t\t\t<div class=\"elementor-element elementor-element-db7c803 elementor-widget elementor-widget-heading\" data-id=\"db7c803\" data-element_type=\"widget\" data-e-type=\"widget\" data-widget_type=\"heading.default\">\n\t\t\t\t<div class=\"elementor-widget-container\">\n\t\t\t\t\t<h2 class=\"elementor-heading-title elementor-size-default\">Children First stellt ein!<\/h2>\t\t\t\t<\/div>\n\t\t\t\t<\/div>\n\t\t\t\t<div class=\"elementor-element elementor-element-9ca7051 cursor-pointer elementor-widget elementor-widget-heading\" data-id=\"9ca7051\" data-element_type=\"widget\" data-e-type=\"widget\" data-widget_type=\"heading.default\">\n\t\t\t\t<div class=\"elementor-widget-container\">\n\t\t\t\t\t<h2 class=\"elementor-heading-title elementor-size-default\"><a href=\"https:\/\/www.childrenfirst.ch\/de\/jobs\/\">Sind Sie daran interessiert, dem Team beizutreten?<\/a><\/h2>\t\t\t\t<\/div>\n\t\t\t\t<\/div>\n\t\t\t\t<\/div>\n\t\t\t\t<\/div>\n\t\t\t\t\t<\/div>\n\t\t\t\t<\/div>\n\t\t\t\t<\/div>\n\t\t\t\t<\/div>\n\t\t","protected":false},"excerpt":{"rendered":"<p>Sie respektieren die Kinder und ihren Rhythmus zutiefst und machen sie gl\u00fccklich. Sie haben sogar einen Waldtag! Roman, der Vater von Livia und Alison Lernen Sie das Team kennen Monica Shah, Direktorin &amp; Gr\u00fcnderin Monica Shah hat ein einzigartiges Betreuungs- und Bildungszentrum aufgebaut, das auf einer unglaublich reichen pers\u00f6nlichen Geschichte beruht. Sie garantiert unsere hohen [&hellip;]<\/p>\n","protected":false},"author":1,"featured_media":0,"parent":0,"menu_order":-17,"comment_status":"closed","ping_status":"closed","template":"elementor_header_footer","meta":{"_acf_changed":false,"footnotes":""},"class_list":["post-4086","page","type-page","status-publish","hentry"],"acf":[],"yoast_head":"<!-- This site is optimized with the Yoast SEO plugin v28.2 - https:\/\/yoast.com\/product\/yoast-seo-wordpress\/ -->\n<title>Children First | Team<\/title>\n<meta name=\"robots\" content=\"index, follow, max-snippet:-1, max-image-preview:large, max-video-preview:-1\" \/>\n<link rel=\"canonical\" href=\"https:\/\/www.childrenfirst.ch\/de\/team\/\" \/>\n<meta property=\"og:locale\" content=\"de_DE\" \/>\n<meta property=\"og:type\" content=\"article\" \/>\n<meta property=\"og:title\" content=\"Children First | Team\" \/>\n<meta property=\"og:description\" content=\"Sie respektieren die Kinder und ihren Rhythmus zutiefst und machen sie gl\u00fccklich. Sie haben sogar einen Waldtag! Roman, der Vater von Livia und Alison Lernen Sie das Team kennen Monica Shah, Direktorin &amp; Gr\u00fcnderin Monica Shah hat ein einzigartiges Betreuungs- und Bildungszentrum aufgebaut, das auf einer unglaublich reichen pers\u00f6nlichen Geschichte beruht. Sie garantiert unsere hohen [&hellip;]\" \/>\n<meta property=\"og:url\" content=\"https:\/\/www.childrenfirst.ch\/de\/team\/\" \/>\n<meta property=\"og:site_name\" content=\"Children First\" \/>\n<meta property=\"article:modified_time\" content=\"2025-02-28T06:32:35+00:00\" \/>\n<meta property=\"og:image\" content=\"https:\/\/www.childrenfirst.ch\/wp-content\/uploads\/2024\/06\/josh-applegate-p_KJvKVsH14-unsplash-scaled.jpg\" \/>\n\t<meta property=\"og:image:width\" content=\"2560\" \/>\n\t<meta property=\"og:image:height\" content=\"1707\" \/>\n\t<meta property=\"og:image:type\" content=\"image\/jpeg\" \/>\n<meta name=\"twitter:card\" content=\"summary_large_image\" \/>\n<meta name=\"twitter:label1\" content=\"Gesch\u00e4tzte Lesezeit\" \/>\n\t<meta name=\"twitter:data1\" content=\"2\u00a0Minuten\" \/>\n<script type=\"application\/ld+json\" class=\"yoast-schema-graph\">{\"@context\":\"https:\\\/\\\/schema.org\",\"@graph\":[{\"@type\":\"WebPage\",\"@id\":\"https:\\\/\\\/www.childrenfirst.ch\\\/de\\\/team\\\/\",\"url\":\"https:\\\/\\\/www.childrenfirst.ch\\\/de\\\/team\\\/\",\"name\":\"Children First | Team\",\"isPartOf\":{\"@id\":\"https:\\\/\\\/www.childrenfirst.ch\\\/de\\\/#website\"},\"datePublished\":\"2024-06-18T05:51:10+00:00\",\"dateModified\":\"2025-02-28T06:32:35+00:00\",\"breadcrumb\":{\"@id\":\"https:\\\/\\\/www.childrenfirst.ch\\\/de\\\/team\\\/#breadcrumb\"},\"inLanguage\":\"de\",\"potentialAction\":[{\"@type\":\"ReadAction\",\"target\":[\"https:\\\/\\\/www.childrenfirst.ch\\\/de\\\/team\\\/\"]}]},{\"@type\":\"BreadcrumbList\",\"@id\":\"https:\\\/\\\/www.childrenfirst.ch\\\/de\\\/team\\\/#breadcrumb\",\"itemListElement\":[{\"@type\":\"ListItem\",\"position\":1,\"name\":\"Home\",\"item\":\"https:\\\/\\\/www.childrenfirst.ch\\\/de\\\/\"},{\"@type\":\"ListItem\",\"position\":2,\"name\":\"Team\"}]},{\"@type\":\"WebSite\",\"@id\":\"https:\\\/\\\/www.childrenfirst.ch\\\/de\\\/#website\",\"url\":\"https:\\\/\\\/www.childrenfirst.ch\\\/de\\\/\",\"name\":\"Children First\",\"description\":\"International daycare, preschool and kindergarten\",\"publisher\":{\"@id\":\"https:\\\/\\\/www.childrenfirst.ch\\\/de\\\/#organization\"},\"potentialAction\":[{\"@type\":\"SearchAction\",\"target\":{\"@type\":\"EntryPoint\",\"urlTemplate\":\"https:\\\/\\\/www.childrenfirst.ch\\\/de\\\/?s={search_term_string}\"},\"query-input\":{\"@type\":\"PropertyValueSpecification\",\"valueRequired\":true,\"valueName\":\"search_term_string\"}}],\"inLanguage\":\"de\"},{\"@type\":\"Organization\",\"@id\":\"https:\\\/\\\/www.childrenfirst.ch\\\/de\\\/#organization\",\"name\":\"Children First\",\"url\":\"https:\\\/\\\/www.childrenfirst.ch\\\/de\\\/\",\"logo\":{\"@type\":\"ImageObject\",\"inLanguage\":\"de\",\"@id\":\"https:\\\/\\\/www.childrenfirst.ch\\\/de\\\/#\\\/schema\\\/logo\\\/image\\\/\",\"url\":\"https:\\\/\\\/www.childrenfirst.ch\\\/wp-content\\\/uploads\\\/2024\\\/12\\\/logo-1.png\",\"contentUrl\":\"https:\\\/\\\/www.childrenfirst.ch\\\/wp-content\\\/uploads\\\/2024\\\/12\\\/logo-1.png\",\"width\":305,\"height\":82,\"caption\":\"Children First\"},\"image\":{\"@id\":\"https:\\\/\\\/www.childrenfirst.ch\\\/de\\\/#\\\/schema\\\/logo\\\/image\\\/\"}}]}<\/script>\n<!-- \/ Yoast SEO plugin. -->","yoast_head_json":{"title":"Children First | Team","robots":{"index":"index","follow":"follow","max-snippet":"max-snippet:-1","max-image-preview":"max-image-preview:large","max-video-preview":"max-video-preview:-1"},"canonical":"https:\/\/www.childrenfirst.ch\/de\/team\/","og_locale":"de_DE","og_type":"article","og_title":"Children First | Team","og_description":"Sie respektieren die Kinder und ihren Rhythmus zutiefst und machen sie gl\u00fccklich. Sie haben sogar einen Waldtag! Roman, der Vater von Livia und Alison Lernen Sie das Team kennen Monica Shah, Direktorin &amp; Gr\u00fcnderin Monica Shah hat ein einzigartiges Betreuungs- und Bildungszentrum aufgebaut, das auf einer unglaublich reichen pers\u00f6nlichen Geschichte beruht. Sie garantiert unsere hohen [&hellip;]","og_url":"https:\/\/www.childrenfirst.ch\/de\/team\/","og_site_name":"Children First","article_modified_time":"2025-02-28T06:32:35+00:00","og_image":[{"width":2560,"height":1707,"url":"https:\/\/www.childrenfirst.ch\/wp-content\/uploads\/2024\/06\/josh-applegate-p_KJvKVsH14-unsplash-scaled.jpg","type":"image\/jpeg"}],"twitter_card":"summary_large_image","twitter_misc":{"Gesch\u00e4tzte Lesezeit":"2\u00a0Minuten"},"schema":{"@context":"https:\/\/schema.org","@graph":[{"@type":"WebPage","@id":"https:\/\/www.childrenfirst.ch\/de\/team\/","url":"https:\/\/www.childrenfirst.ch\/de\/team\/","name":"Children First | Team","isPartOf":{"@id":"https:\/\/www.childrenfirst.ch\/de\/#website"},"datePublished":"2024-06-18T05:51:10+00:00","dateModified":"2025-02-28T06:32:35+00:00","breadcrumb":{"@id":"https:\/\/www.childrenfirst.ch\/de\/team\/#breadcrumb"},"inLanguage":"de","potentialAction":[{"@type":"ReadAction","target":["https:\/\/www.childrenfirst.ch\/de\/team\/"]}]},{"@type":"BreadcrumbList","@id":"https:\/\/www.childrenfirst.ch\/de\/team\/#breadcrumb","itemListElement":[{"@type":"ListItem","position":1,"name":"Home","item":"https:\/\/www.childrenfirst.ch\/de\/"},{"@type":"ListItem","position":2,"name":"Team"}]},{"@type":"WebSite","@id":"https:\/\/www.childrenfirst.ch\/de\/#website","url":"https:\/\/www.childrenfirst.ch\/de\/","name":"Children First","description":"International daycare, preschool and kindergarten","publisher":{"@id":"https:\/\/www.childrenfirst.ch\/de\/#organization"},"potentialAction":[{"@type":"SearchAction","target":{"@type":"EntryPoint","urlTemplate":"https:\/\/www.childrenfirst.ch\/de\/?s={search_term_string}"},"query-input":{"@type":"PropertyValueSpecification","valueRequired":true,"valueName":"search_term_string"}}],"inLanguage":"de"},{"@type":"Organization","@id":"https:\/\/www.childrenfirst.ch\/de\/#organization","name":"Children First","url":"https:\/\/www.childrenfirst.ch\/de\/","logo":{"@type":"ImageObject","inLanguage":"de","@id":"https:\/\/www.childrenfirst.ch\/de\/#\/schema\/logo\/image\/","url":"https:\/\/www.childrenfirst.ch\/wp-content\/uploads\/2024\/12\/logo-1.png","contentUrl":"https:\/\/www.childrenfirst.ch\/wp-content\/uploads\/2024\/12\/logo-1.png","width":305,"height":82,"caption":"Children First"},"image":{"@id":"https:\/\/www.childrenfirst.ch\/de\/#\/schema\/logo\/image\/"}}]}},"_links":{"self":[{"href":"https:\/\/www.childrenfirst.ch\/de\/wp-json\/wp\/v2\/pages\/4086","targetHints":{"allow":["GET"]}}],"collection":[{"href":"https:\/\/www.childrenfirst.ch\/de\/wp-json\/wp\/v2\/pages"}],"about":[{"href":"https:\/\/www.childrenfirst.ch\/de\/wp-json\/wp\/v2\/types\/page"}],"author":[{"embeddable":true,"href":"https:\/\/www.childrenfirst.ch\/de\/wp-json\/wp\/v2\/users\/1"}],"replies":[{"embeddable":true,"href":"https:\/\/www.childrenfirst.ch\/de\/wp-json\/wp\/v2\/comments?post=4086"}],"version-history":[{"count":26,"href":"https:\/\/www.childrenfirst.ch\/de\/wp-json\/wp\/v2\/pages\/4086\/revisions"}],"predecessor-version":[{"id":6157,"href":"https:\/\/www.childrenfirst.ch\/de\/wp-json\/wp\/v2\/pages\/4086\/revisions\/6157"}],"wp:attachment":[{"href":"https:\/\/www.childrenfirst.ch\/de\/wp-json\/wp\/v2\/media?parent=4086"}],"curies":[{"name":"wp","href":"https:\/\/api.w.org\/{rel}","templated":true}]}}