{"id":4077,"date":"2024-11-18T06:02:35","date_gmt":"2024-11-18T06:02:35","guid":{"rendered":"https:\/\/www.childrenfirst.ch\/konzept\/"},"modified":"2025-09-01T07:59:35","modified_gmt":"2025-09-01T07:59:35","slug":"konzept","status":"publish","type":"page","link":"https:\/\/www.childrenfirst.ch\/de\/konzept\/","title":{"rendered":"Konzept"},"content":{"rendered":"\t\t<div data-elementor-type=\"wp-page\" data-elementor-id=\"4077\" class=\"elementor elementor-4077 elementor-1974\" data-elementor-post-type=\"page\">\n\t\t\t\t<div class=\"elementor-element elementor-element-d577cfb e-con-full banner-section e-flex e-con e-parent\" data-id=\"d577cfb\" data-element_type=\"container\" data-e-type=\"container\" data-settings=\"{&quot;background_background&quot;:&quot;classic&quot;}\">\n\t\t<div class=\"elementor-element elementor-element-e843cf2 e-flex e-con-boxed e-con e-child\" data-id=\"e843cf2\" data-element_type=\"container\" data-e-type=\"container\">\n\t\t\t\t\t<div class=\"e-con-inner\">\n\t\t<div class=\"elementor-element elementor-element-13acde5 e-con-full e-flex e-con e-child\" data-id=\"13acde5\" data-element_type=\"container\" data-e-type=\"container\">\n\t\t\t\t<div class=\"elementor-element elementor-element-a28cc8b elementor-widget__width-initial quote-icon elementor-widget elementor-widget-heading\" data-id=\"a28cc8b\" data-element_type=\"widget\" data-e-type=\"widget\" data-widget_type=\"heading.default\">\n\t\t\t\t<div class=\"elementor-widget-container\">\n\t\t\t\t\t<h1 class=\"elementor-heading-title elementor-size-default\">Individueller Unterricht, der auf jedes einzelne Kind zugeschnitten ist<\/h1>\t\t\t\t<\/div>\n\t\t\t\t<\/div>\n\t\t\t\t<div class=\"elementor-element elementor-element-d43226c elementor-widget elementor-widget-heading\" data-id=\"d43226c\" data-element_type=\"widget\" data-e-type=\"widget\" data-widget_type=\"heading.default\">\n\t\t\t\t<div class=\"elementor-widget-container\">\n\t\t\t\t\t<h3 class=\"elementor-heading-title elementor-size-default\">Silja, Mutter von Alison<\/h3>\t\t\t\t<\/div>\n\t\t\t\t<\/div>\n\t\t\t\t<\/div>\n\t\t<div class=\"elementor-element elementor-element-4015bd1 elementor-hidden-mobile e-flex e-con-boxed e-con e-child\" data-id=\"4015bd1\" data-element_type=\"container\" data-e-type=\"container\">\n\t\t\t\t\t<div class=\"e-con-inner\">\n\t\t\t\t\t<\/div>\n\t\t\t\t<\/div>\n\t\t\t\t\t<\/div>\n\t\t\t\t<\/div>\n\t\t<div class=\"elementor-element elementor-element-af6f656 popup-block e-flex e-con-boxed e-con e-child\" data-id=\"af6f656\" data-element_type=\"container\" data-e-type=\"container\" id=\"our-mission-popup\" data-settings=\"{&quot;background_background&quot;:&quot;classic&quot;}\">\n\t\t\t\t\t<div class=\"e-con-inner\">\n\t\t<div class=\"elementor-element elementor-element-11484a8 e-con-full e-flex e-con e-child\" data-id=\"11484a8\" data-element_type=\"container\" data-e-type=\"container\">\n\t\t<div class=\"elementor-element elementor-element-1234248 e-con-full e-flex e-con e-child\" data-id=\"1234248\" data-element_type=\"container\" data-e-type=\"container\">\n\t\t\t\t<div class=\"elementor-element elementor-element-d339532 elementor-widget elementor-widget-image\" data-id=\"d339532\" data-element_type=\"widget\" data-e-type=\"widget\" data-widget_type=\"image.default\">\n\t\t\t\t<div class=\"elementor-widget-container\">\n\t\t\t\t\t\t\t\t\t\t\t\t\t\t\t<img fetchpriority=\"high\" decoding=\"async\" width=\"800\" height=\"534\" src=\"https:\/\/www.childrenfirst.ch\/wp-content\/uploads\/2024\/06\/hans-peter-gauster-3y1zF4hIPCg-unsplash-1024x684.jpg\" class=\"attachment-large size-large wp-image-682\" alt=\"\" srcset=\"https:\/\/www.childrenfirst.ch\/wp-content\/uploads\/2024\/06\/hans-peter-gauster-3y1zF4hIPCg-unsplash-1024x684.jpg 1024w, https:\/\/www.childrenfirst.ch\/wp-content\/uploads\/2024\/06\/hans-peter-gauster-3y1zF4hIPCg-unsplash-300x200.jpg 300w, https:\/\/www.childrenfirst.ch\/wp-content\/uploads\/2024\/06\/hans-peter-gauster-3y1zF4hIPCg-unsplash-768x513.jpg 768w, https:\/\/www.childrenfirst.ch\/wp-content\/uploads\/2024\/06\/hans-peter-gauster-3y1zF4hIPCg-unsplash-1536x1026.jpg 1536w, https:\/\/www.childrenfirst.ch\/wp-content\/uploads\/2024\/06\/hans-peter-gauster-3y1zF4hIPCg-unsplash-2048x1368.jpg 2048w\" sizes=\"(max-width: 800px) 100vw, 800px\" \/>\t\t\t\t\t\t\t\t\t\t\t\t\t\t\t<\/div>\n\t\t\t\t<\/div>\n\t\t\t\t<div class=\"elementor-element elementor-element-acaecd5 elementor-widget elementor-widget-text-editor\" data-id=\"acaecd5\" data-element_type=\"widget\" data-e-type=\"widget\" data-widget_type=\"text-editor.default\">\n\t\t\t\t<div class=\"elementor-widget-container\">\n\t\t\t\t\t\t\t\t\t<p><span style=\"font-weight: 400;\">Jedes Kind in der Kindertagesst\u00e4tte Children First hat eine Bezugsperson, die f\u00fcr sein Gl\u00fcck und sein Wohlbefinden verantwortlich ist. Unser Fachwissen basiert auf den Montessori-Prinzipien und f\u00f6rdert die Entwicklung des ganzen Kindes. Auf der Grundlage von Forschungsergebnissen aus der Fr\u00fchf\u00f6rderung wissen wir, dass kleine Kinder ihr Potenzial am besten mit gut ausgebildeten Betreuern in kleinen Gruppen entfalten k\u00f6nnen. Die Mitglieder des Children First-Teams werden sorgf\u00e4ltig ausgew\u00e4hlt, um vertrauensw\u00fcrdige Partner bei der Erziehung Ihres Kindes zu sein.   <\/span><\/p>\n<p><b>Eine entwicklungsf\u00f6rdernde Kindertagesst\u00e4tte f\u00f6rdert das soziale und emotionale Wachstum<\/b><span style=\"font-weight: 400;\"> &#8211; Emotionale Beziehungen zu den Betreuungspersonen spielen eine wichtige Rolle bei der Entwicklung des Selbstvertrauens und des Selbstwertgef\u00fchls des Kindes.<\/span><\/p>\n<p><b>Spracherwerb<\/b><span style=\"font-weight: 400;\">  Kleine Kinder haben eine nat\u00fcrliche F\u00e4higkeit, Laute perfekt zu reproduzieren. Ihre Bindung zu wichtigen Muttersprachlern gibt ihnen die Sicherheit und den Komfort, den sie brauchen, um sich auf die neue Sprache zu konzentrieren. <\/span><\/p>\n\t\t\t\t\t\t\t\t<\/div>\n\t\t\t\t<\/div>\n\t\t\t\t<\/div>\n\t\t<div class=\"elementor-element elementor-element-08bf536 e-con-full e-flex e-con e-child\" data-id=\"08bf536\" data-element_type=\"container\" data-e-type=\"container\">\n\t\t\t\t<div class=\"elementor-element elementor-element-789b8f2 elementor-widget elementor-widget-image\" data-id=\"789b8f2\" data-element_type=\"widget\" data-e-type=\"widget\" data-widget_type=\"image.default\">\n\t\t\t\t<div class=\"elementor-widget-container\">\n\t\t\t\t\t\t\t\t\t\t\t\t\t\t\t<img decoding=\"async\" width=\"800\" height=\"532\" src=\"https:\/\/www.childrenfirst.ch\/wp-content\/uploads\/2024\/06\/kimberly-farmer-lUaaKCUANVI-unsplash-1024x681.jpg\" class=\"attachment-large size-large wp-image-684\" alt=\"\" srcset=\"https:\/\/www.childrenfirst.ch\/wp-content\/uploads\/2024\/06\/kimberly-farmer-lUaaKCUANVI-unsplash-1024x681.jpg 1024w, https:\/\/www.childrenfirst.ch\/wp-content\/uploads\/2024\/06\/kimberly-farmer-lUaaKCUANVI-unsplash-300x199.jpg 300w, https:\/\/www.childrenfirst.ch\/wp-content\/uploads\/2024\/06\/kimberly-farmer-lUaaKCUANVI-unsplash-768x511.jpg 768w, https:\/\/www.childrenfirst.ch\/wp-content\/uploads\/2024\/06\/kimberly-farmer-lUaaKCUANVI-unsplash-1536x1021.jpg 1536w, https:\/\/www.childrenfirst.ch\/wp-content\/uploads\/2024\/06\/kimberly-farmer-lUaaKCUANVI-unsplash-2048x1362.jpg 2048w\" sizes=\"(max-width: 800px) 100vw, 800px\" \/>\t\t\t\t\t\t\t\t\t\t\t\t\t\t\t<\/div>\n\t\t\t\t<\/div>\n\t\t\t\t<div class=\"elementor-element elementor-element-3120ef2 elementor-widget elementor-widget-text-editor\" data-id=\"3120ef2\" data-element_type=\"widget\" data-e-type=\"widget\" data-widget_type=\"text-editor.default\">\n\t\t\t\t<div class=\"elementor-widget-container\">\n\t\t\t\t\t\t\t\t\t<p><b>Kinderg\u00e4rten, Vorschulen und Grundschulen.<\/b> <span style=\"font-weight: 400;\">Das Team von Children First hat eine Oase f\u00fcr junge Lernende geschaffen. An unserem Standort in Seefeld haben die Kinder eine private Villa und einen eigens angelegten Spielplatz. <\/span><\/p>\n<p><b>Nie zu jung zum Lernen<\/b><b><i>.<\/i><\/b> <span style=\"font-weight: 400;\">Unsere Gr\u00fcnderin, Monica Shah, hat eine harmonische p\u00e4dagogische Erfahrung von den ersten Lebensjahren an geschaffen und dabei die besten Einfl\u00fcsse der Welt und ihr eigenes professionelles Fachwissen genutzt.<br \/>\nDie britisch-schweizerische Staatsb\u00fcrgerin indischer Abstammung setzt sich seit 2006 f\u00fcr zweisprachige Bildungsangebote in Z\u00fcrich ein.<br \/>\nMit einem einzigartigen Hintergrund in der Kinder- und Familienbetreuung,    <\/span><b>Monica hatte die Vision eines Kompetenzzentrums in Z\u00fcrich mit Ressourcen f\u00fcr Familien. Sie konzentriert sich auf die fr\u00fchen Jahre und die Betreuung im Schulalter, um Schweizer zweisprachigen Kindern eine Bildung &#8218;ohne Grenzen&#8216; zu bieten. <\/b><span style=\"font-weight: 400;\">.<\/span><\/p><\/p>\n\t\t\t\t\t\t\t\t<\/div>\n\t\t\t\t<\/div>\n\t\t\t\t<\/div>\n\t\t\t\t<\/div>\n\t\t\t\t<div class=\"elementor-element elementor-element-59745ac cursor-pointer elementor-widget elementor-widget-heading\" data-id=\"59745ac\" data-element_type=\"widget\" data-e-type=\"widget\" id=\"close-btn1\" data-widget_type=\"heading.default\">\n\t\t\t\t<div class=\"elementor-widget-container\">\n\t\t\t\t\t<h2 class=\"elementor-heading-title elementor-size-default\">Schlie\u00dfen Sie<\/h2>\t\t\t\t<\/div>\n\t\t\t\t<\/div>\n\t\t\t\t\t<\/div>\n\t\t\t\t<\/div>\n\t\t\t\t<\/div>\n\t\t<div class=\"elementor-element elementor-element-081ab44 relative-section overflow-full e-flex e-con-boxed e-con e-parent\" data-id=\"081ab44\" data-element_type=\"container\" data-e-type=\"container\">\n\t\t\t\t\t<div class=\"e-con-inner\">\n\t\t<div class=\"elementor-element elementor-element-552075a e-con-full elementor-hidden-mobile e-flex e-con e-child\" data-id=\"552075a\" data-element_type=\"container\" data-e-type=\"container\" data-settings=\"{&quot;background_background&quot;:&quot;classic&quot;}\">\n\t\t<div class=\"elementor-element elementor-element-885cac1 e-con-full e-flex e-con e-child\" data-id=\"885cac1\" data-element_type=\"container\" data-e-type=\"container\" data-settings=\"{&quot;background_background&quot;:&quot;classic&quot;}\">\n\t\t<div class=\"elementor-element elementor-element-46fe4b3 e-con-full e-flex e-con e-child\" data-id=\"46fe4b3\" data-element_type=\"container\" data-e-type=\"container\" data-settings=\"{&quot;background_background&quot;:&quot;classic&quot;}\">\n\t\t\t\t<div class=\"elementor-element elementor-element-2bb91dc cursor-pointer elementor-widget elementor-widget-heading\" data-id=\"2bb91dc\" data-element_type=\"widget\" data-e-type=\"widget\" id=\"nutrition-btn\" data-widget_type=\"heading.default\">\n\t\t\t\t<div class=\"elementor-widget-container\">\n\t\t\t\t\t<h2 class=\"elementor-heading-title elementor-size-default\">Mehr erfahren<\/h2>\t\t\t\t<\/div>\n\t\t\t\t<\/div>\n\t\t\t\t<\/div>\n\t\t<div class=\"elementor-element elementor-element-ceed374 e-con-full e-flex e-con e-child\" data-id=\"ceed374\" data-element_type=\"container\" data-e-type=\"container\">\n\t\t\t\t<div class=\"elementor-element elementor-element-5de0f17 elementor-widget__width-initial circle-box circle-box-center right-left elementor-widget elementor-widget-heading\" data-id=\"5de0f17\" data-element_type=\"widget\" data-e-type=\"widget\" id=\"nutrition-btn1\" data-widget_type=\"heading.default\">\n\t\t\t\t<div class=\"elementor-widget-container\">\n\t\t\t\t\t<h2 class=\"elementor-heading-title elementor-size-default\">Ganzheitliche Kinderbetreuung<\/h2>\t\t\t\t<\/div>\n\t\t\t\t<\/div>\n\t\t\t\t<\/div>\n\t\t\t\t<\/div>\n\t\t\t\t<\/div>\n\t\t<div class=\"elementor-element elementor-element-074a7cf e-con-full e-flex e-con e-child\" data-id=\"074a7cf\" data-element_type=\"container\" data-e-type=\"container\" data-settings=\"{&quot;background_background&quot;:&quot;classic&quot;}\">\n\t\t<div class=\"elementor-element elementor-element-95fd026 e-con-full reverse-block e-flex e-con e-child\" data-id=\"95fd026\" data-element_type=\"container\" data-e-type=\"container\" data-settings=\"{&quot;background_background&quot;:&quot;classic&quot;}\">\n\t\t<div class=\"elementor-element elementor-element-5037555 e-con-full e-flex e-con e-child\" data-id=\"5037555\" data-element_type=\"container\" data-e-type=\"container\" data-settings=\"{&quot;background_background&quot;:&quot;classic&quot;}\">\n\t\t<div class=\"elementor-element elementor-element-9b05dab e-con-full e-flex e-con e-child\" data-id=\"9b05dab\" data-element_type=\"container\" data-e-type=\"container\">\n\t\t\t\t<div class=\"elementor-element elementor-element-866c909 elementor-widget elementor-widget-text-editor\" data-id=\"866c909\" data-element_type=\"widget\" data-e-type=\"widget\" data-widget_type=\"text-editor.default\">\n\t\t\t\t<div class=\"elementor-widget-container\">\n\t\t\t\t\t\t\t\t\t<p><span style=\"font-weight: 400;\">Unsere Lehrpersonen st\u00fctzen sich beim Unterricht auf den britischen Lehrplan, einer der bekanntesten und am meisten gesch\u00e4tzten Lehrpl\u00e4ne in der Welt. Sie unterrichten in Deutsch und Englisch nach dem Montessori-Prinzip.<\/span><\/p>\t\t\t\t\t\t\t\t<\/div>\n\t\t\t\t<\/div>\n\t\t\t\t<div class=\"elementor-element elementor-element-d3652f9 cursor-pointer elementor-widget elementor-widget-heading\" data-id=\"d3652f9\" data-element_type=\"widget\" data-e-type=\"widget\" id=\"education-btn\" data-widget_type=\"heading.default\">\n\t\t\t\t<div class=\"elementor-widget-container\">\n\t\t\t\t\t<h2 class=\"elementor-heading-title elementor-size-default\">Mehr erfahren<\/h2>\t\t\t\t<\/div>\n\t\t\t\t<\/div>\n\t\t\t\t<\/div>\n\t\t\t\t<\/div>\n\t\t<div class=\"elementor-element elementor-element-54ef4c0 e-con-full e-flex e-con e-child\" data-id=\"54ef4c0\" data-element_type=\"container\" data-e-type=\"container\">\n\t\t\t\t<div class=\"elementor-element elementor-element-d227e8a elementor-widget__width-initial circle-box circle-box-center elementor-widget elementor-widget-heading\" data-id=\"d227e8a\" data-element_type=\"widget\" data-e-type=\"widget\" id=\"education-btn1\" data-widget_type=\"heading.default\">\n\t\t\t\t<div class=\"elementor-widget-container\">\n\t\t\t\t\t<h2 class=\"elementor-heading-title elementor-size-default\">Bildung<\/h2>\t\t\t\t<\/div>\n\t\t\t\t<\/div>\n\t\t\t\t<div class=\"elementor-element elementor-element-c18c723 cursor-pointer elementor-view-default elementor-widget elementor-widget-icon\" data-id=\"c18c723\" data-element_type=\"widget\" data-e-type=\"widget\" id=\"video1\" data-widget_type=\"icon.default\">\n\t\t\t\t<div class=\"elementor-widget-container\">\n\t\t\t\t\t\t\t<div class=\"elementor-icon-wrapper\">\n\t\t\t<div class=\"elementor-icon\">\n\t\t\t<svg aria-hidden=\"true\" class=\"e-font-icon-svg e-far-play-circle\" viewBox=\"0 0 512 512\" xmlns=\"http:\/\/www.w3.org\/2000\/svg\"><path d=\"M371.7 238l-176-107c-15.8-8.8-35.7 2.5-35.7 21v208c0 18.4 19.8 29.8 35.7 21l176-101c16.4-9.1 16.4-32.8 0-42zM504 256C504 119 393 8 256 8S8 119 8 256s111 248 248 248 248-111 248-248zm-448 0c0-110.5 89.5-200 200-200s200 89.5 200 200-89.5 200-200 200S56 366.5 56 256z\"><\/path><\/svg>\t\t\t<\/div>\n\t\t<\/div>\n\t\t\t\t\t\t<\/div>\n\t\t\t\t<\/div>\n\t\t\t\t<\/div>\n\t\t\t\t<\/div>\n\t\t<div class=\"elementor-element elementor-element-5a4a2a0 e-con-full elementor-hidden-desktop elementor-hidden-tablet e-flex e-con e-child\" data-id=\"5a4a2a0\" data-element_type=\"container\" data-e-type=\"container\" data-settings=\"{&quot;background_background&quot;:&quot;classic&quot;}\">\n\t\t<div class=\"elementor-element elementor-element-b900a62 e-con-full e-flex e-con e-child\" data-id=\"b900a62\" data-element_type=\"container\" data-e-type=\"container\" data-settings=\"{&quot;background_background&quot;:&quot;classic&quot;}\">\n\t\t<div class=\"elementor-element elementor-element-316f17a e-con-full e-flex e-con e-child\" data-id=\"316f17a\" data-element_type=\"container\" data-e-type=\"container\" data-settings=\"{&quot;background_background&quot;:&quot;classic&quot;}\">\n\t\t\t\t<div class=\"elementor-element elementor-element-bfac746 cursor-pointer elementor-widget elementor-widget-heading\" data-id=\"bfac746\" data-element_type=\"widget\" data-e-type=\"widget\" data-widget_type=\"heading.default\">\n\t\t\t\t<div class=\"elementor-widget-container\">\n\t\t\t\t\t<h2 class=\"elementor-heading-title elementor-size-default\">Finden Sie mehr heraus<\/h2>\t\t\t\t<\/div>\n\t\t\t\t<\/div>\n\t\t\t\t<\/div>\n\t\t<div class=\"elementor-element elementor-element-d1b360b e-con-full e-flex e-con e-child\" data-id=\"d1b360b\" data-element_type=\"container\" data-e-type=\"container\">\n\t\t\t\t<div class=\"elementor-element elementor-element-34a570b elementor-widget__width-initial circle-box circle-box-center right-left elementor-widget elementor-widget-heading\" data-id=\"34a570b\" data-element_type=\"widget\" data-e-type=\"widget\" data-widget_type=\"heading.default\">\n\t\t\t\t<div class=\"elementor-widget-container\">\n\t\t\t\t\t<h2 class=\"elementor-heading-title elementor-size-default\">Ganzheitliche Kinderbetreuung<\/h2>\t\t\t\t<\/div>\n\t\t\t\t<\/div>\n\t\t\t\t<\/div>\n\t\t\t\t<\/div>\n\t\t\t\t<\/div>\n\t\t<div class=\"elementor-element elementor-element-b9730b6 e-con-full e-flex e-con e-child\" data-id=\"b9730b6\" data-element_type=\"container\" data-e-type=\"container\" data-settings=\"{&quot;background_background&quot;:&quot;classic&quot;}\">\n\t\t<div class=\"elementor-element elementor-element-2038f73 e-con-full e-flex e-con e-child\" data-id=\"2038f73\" data-element_type=\"container\" data-e-type=\"container\" data-settings=\"{&quot;background_background&quot;:&quot;classic&quot;}\">\n\t\t\t\t<div class=\"elementor-element elementor-element-d5d84a9 elementor-widget__width-initial elementor-widget elementor-widget-text-editor\" data-id=\"d5d84a9\" data-element_type=\"widget\" data-e-type=\"widget\" data-widget_type=\"text-editor.default\">\n\t\t\t\t<div class=\"elementor-widget-container\">\n\t\t\t\t\t\t\t\t\t<p><span style=\"font-weight: 400;\">Children First bietet alles unter einem Dach: Wir betreuen die Kinder auch w\u00e4hrend der Schulferien. Zudem bieten wir ausserschulischen Unterricht und individuelle Nachhilfe in Deutsch und Englisch an.<\/span><\/p>\t\t\t\t\t\t\t\t<\/div>\n\t\t\t\t<\/div>\n\t\t\t\t<div class=\"elementor-element elementor-element-171eb3c cursor-pointer elementor-widget elementor-widget-heading\" data-id=\"171eb3c\" data-element_type=\"widget\" data-e-type=\"widget\" id=\"activity-program-btn\" data-widget_type=\"heading.default\">\n\t\t\t\t<div class=\"elementor-widget-container\">\n\t\t\t\t\t<h2 class=\"elementor-heading-title elementor-size-default\">Mehr erfahren<\/h2>\t\t\t\t<\/div>\n\t\t\t\t<\/div>\n\t\t\t\t<\/div>\n\t\t<div class=\"elementor-element elementor-element-c918ce1 e-con-full e-flex e-con e-child\" data-id=\"c918ce1\" data-element_type=\"container\" data-e-type=\"container\">\n\t\t\t\t<div class=\"elementor-element elementor-element-6b0a116 elementor-widget__width-initial circle-box circle-box-center elementor-widget elementor-widget-heading\" data-id=\"6b0a116\" data-element_type=\"widget\" data-e-type=\"widget\" id=\"activity-program-btn1\" data-widget_type=\"heading.default\">\n\t\t\t\t<div class=\"elementor-widget-container\">\n\t\t\t\t\t<h2 class=\"elementor-heading-title elementor-size-default\">Aktivit\u00e4ten &amp; Spass<\/h2>\t\t\t\t<\/div>\n\t\t\t\t<\/div>\n\t\t\t\t<\/div>\n\t\t\t\t<\/div>\n\t\t\t\t<\/div>\n\t\t<div class=\"elementor-element elementor-element-02b28e4 popup-new right  e-con-full e-flex e-con e-child\" data-id=\"02b28e4\" data-element_type=\"container\" data-e-type=\"container\" id=\"nutrition-popup\" data-settings=\"{&quot;background_background&quot;:&quot;classic&quot;}\">\n\t\t\t\t<div class=\"elementor-element elementor-element-94248b1 elementor-widget__width-initial circle-box circle-box-top-center elementor-widget elementor-widget-heading\" data-id=\"94248b1\" data-element_type=\"widget\" data-e-type=\"widget\" data-widget_type=\"heading.default\">\n\t\t\t\t<div class=\"elementor-widget-container\">\n\t\t\t\t\t<h2 class=\"elementor-heading-title elementor-size-default\">Ganzheitliche Kinderbetreuung<\/h2>\t\t\t\t<\/div>\n\t\t\t\t<\/div>\n\t\t<div class=\"elementor-element elementor-element-57b7a94 e-con-full scroll-box e-flex e-con e-child\" data-id=\"57b7a94\" data-element_type=\"container\" data-e-type=\"container\">\n\t\t<div class=\"elementor-element elementor-element-f75345d e-con-full e-flex e-con e-child\" data-id=\"f75345d\" data-element_type=\"container\" data-e-type=\"container\" data-settings=\"{&quot;background_background&quot;:&quot;classic&quot;}\">\n\t\t<div class=\"elementor-element elementor-element-776c97e e-flex e-con-boxed e-con e-child\" data-id=\"776c97e\" data-element_type=\"container\" data-e-type=\"container\">\n\t\t\t\t\t<div class=\"e-con-inner\">\n\t\t<div class=\"elementor-element elementor-element-abad6bc e-con-full e-flex e-con e-child\" data-id=\"abad6bc\" data-element_type=\"container\" data-e-type=\"container\">\n\t\t\t\t<div class=\"elementor-element elementor-element-8762ad8 elementor-widget elementor-widget-image\" data-id=\"8762ad8\" data-element_type=\"widget\" data-e-type=\"widget\" data-widget_type=\"image.default\">\n\t\t\t\t<div class=\"elementor-widget-container\">\n\t\t\t\t\t\t\t\t\t\t\t\t\t\t\t<img decoding=\"async\" width=\"400\" height=\"267\" src=\"https:\/\/www.childrenfirst.ch\/wp-content\/uploads\/2025\/01\/Indoor-activities-203-1.jpg\" class=\"attachment-full size-full wp-image-4950\" alt=\"\" srcset=\"https:\/\/www.childrenfirst.ch\/wp-content\/uploads\/2025\/01\/Indoor-activities-203-1.jpg 400w, https:\/\/www.childrenfirst.ch\/wp-content\/uploads\/2025\/01\/Indoor-activities-203-1-300x200.jpg 300w\" sizes=\"(max-width: 400px) 100vw, 400px\" \/>\t\t\t\t\t\t\t\t\t\t\t\t\t\t\t<\/div>\n\t\t\t\t<\/div>\n\t\t\t\t<\/div>\n\t\t\t\t\t<\/div>\n\t\t\t\t<\/div>\n\t\t\t\t<div class=\"elementor-element elementor-element-2ce273b elementor-widget__width-initial elementor-widget elementor-widget-text-editor\" data-id=\"2ce273b\" data-element_type=\"widget\" data-e-type=\"widget\" data-widget_type=\"text-editor.default\">\n\t\t\t\t<div class=\"elementor-widget-container\">\n\t\t\t\t\t\t\t\t\t<p><b>Eine Kindertagesst\u00e4tte f\u00fcr die ganzheitliche Entwicklung f\u00f6rdert das soziale und emotionale Wachstum eines Kindes<\/b><span style=\"font-weight: 400;\"> \u2013 Emotionale Beziehungen zu den Betreuungspersonen spielen dabei eine wichtige Rolle bei der Entwicklung des Selbstvertrauens und des Selbstwertgef\u00fchls des Kindes. Auf der Grundlage von Forschungsergebnissen aus der Fr\u00fchf\u00f6rderung wissen wir, dass kleine Kinder ihr Potenzial am besten mit gut ausgebildeten Erwachsenen in kleinen Gruppen entfalten k\u00f6nnen.<\/span><\/p><p><b>Tagesbetreuung ist wichtig<\/b><span style=\"font-weight: 400;\">: Children First bietet mehr als die Standard-KITA (Kindertagesst\u00e4tte).<\/span><\/p><p><span style=\"font-weight: 400;\">Jede Familie, die bei uns ist, hat eine Person in der Hauptbetreuung, die f\u00fcr das Wohlbefinden des Kindes verantwortlich ist. Die Mitarbeitenden von Children First werden sorgf\u00e4ltig ausgew\u00e4hlt, um vertrauensw\u00fcrdige Partner f\u00fcr die Betreuung Ihres Kindes zu sein. Unser Know-how in der Kinderbetreuung basiert auf den Montessori-Prinzipien und f\u00f6rdert die ganzheitliche Entwicklung des Kindes.<\/span><\/p><p><span style=\"font-weight: 400;\">Bei Children First wollen wir nicht nur praktische Hilfe leisten, indem wir f\u00fcnf Tage in der Woche ge\u00f6ffnet haben, sondern auch <\/span><b>jedem Kind eine aussergew\u00f6hnliche Betreuung<\/b><span style=\"font-weight: 400;\"> in unserer Kinderkrippe und unserem Hortprogramm <\/span><b>bieten<\/b><span style=\"font-weight: 400;\">.<\/span><\/p>\t\t\t\t\t\t\t\t<\/div>\n\t\t\t\t<\/div>\n\t\t\t\t<\/div>\n\t\t<div class=\"elementor-element elementor-element-2d7b7c6 e-con-full elementor-hidden-mobile e-flex e-con e-child\" data-id=\"2d7b7c6\" data-element_type=\"container\" data-e-type=\"container\">\n\t\t<div class=\"elementor-element elementor-element-1f6be3f e-grid e-con-boxed e-con e-child\" data-id=\"1f6be3f\" data-element_type=\"container\" data-e-type=\"container\">\n\t\t\t\t\t<div class=\"e-con-inner\">\n\t\t<div class=\"elementor-element elementor-element-73d6124 e-con-full e-flex e-con e-child\" data-id=\"73d6124\" data-element_type=\"container\" data-e-type=\"container\">\n\t\t\t\t<div class=\"elementor-element elementor-element-55fd927 elementor-widget elementor-widget-image\" data-id=\"55fd927\" data-element_type=\"widget\" data-e-type=\"widget\" data-widget_type=\"image.default\">\n\t\t\t\t<div class=\"elementor-widget-container\">\n\t\t\t\t\t\t\t\t\t\t\t\t\t\t\t<img loading=\"lazy\" decoding=\"async\" width=\"400\" height=\"267\" src=\"https:\/\/www.childrenfirst.ch\/wp-content\/uploads\/2025\/01\/Indoor-activities-16.jpg\" class=\"attachment-full size-full wp-image-4930\" alt=\"\" srcset=\"https:\/\/www.childrenfirst.ch\/wp-content\/uploads\/2025\/01\/Indoor-activities-16.jpg 400w, https:\/\/www.childrenfirst.ch\/wp-content\/uploads\/2025\/01\/Indoor-activities-16-300x200.jpg 300w\" sizes=\"(max-width: 400px) 100vw, 400px\" \/>\t\t\t\t\t\t\t\t\t\t\t\t\t\t\t<\/div>\n\t\t\t\t<\/div>\n\t\t\t\t<\/div>\n\t\t\t\t\t<\/div>\n\t\t\t\t<\/div>\n\t\t\t\t<div class=\"elementor-element elementor-element-d973764 elementor-widget__width-initial elementor-widget elementor-widget-text-editor\" data-id=\"d973764\" data-element_type=\"widget\" data-e-type=\"widget\" data-widget_type=\"text-editor.default\">\n\t\t\t\t<div class=\"elementor-widget-container\">\n\t\t\t\t\t\t\t\t\t<p><b>Spracherwerb<\/b><span style=\"font-weight: 400;\">: Kleine Kinder haben eine nat\u00fcrliche F\u00e4higkeit, Laute perfekt zu reproduzieren. Die Bindung an eine muttersprachliche, betreuende Person gibt ihnen die Sicherheit und den Komfort, den sie brauchen, um sich auf die neue Sprache zu konzentrieren.<\/span><\/p><p><span style=\"font-weight: 400;\">Das kindliche Gehirn ist in der ersten Lebensphase bis zum Alter von 6 Jahren sehr aufnahmef\u00e4hig f\u00fcr bestimmte Arten des Lernens. In einer unterst\u00fctzenden Umgebung wird dieser Zeitraum zu einem <\/span><b>goldenen Zeitalter der Aufnahme<\/b><span style=\"font-weight: 400;\">. Es zeichnet sich durch eine bemerkenswerte F\u00e4higkeit aus, Informationen und neue F\u00e4higkeiten zu erwerben. In diesen Jahren konzentrieren sich die meisten, wenn nicht sogar alle, der von Maria Montessori beschriebenen \u201c<\/span><b>sensiblen Perioden<\/b><span style=\"font-weight: 400;\">\u201e: Perioden, in denen kleine Kinder eine erh\u00f6hte Sensibilit\u00e4t und einen intensiven Drang zum Lernen haben, was zu einer bedeutenden kognitiven sowie emotionalen und sozialen Entwicklung f\u00fchrt.<\/span><\/p>\t\t\t\t\t\t\t\t<\/div>\n\t\t\t\t<\/div>\n\t\t\t\t<\/div>\n\t\t\t\t<\/div>\n\t\t\t\t<\/div>\n\t\t<div class=\"elementor-element elementor-element-23dc802 popup-new  e-con-full e-flex e-con e-child\" data-id=\"23dc802\" data-element_type=\"container\" data-e-type=\"container\" id=\"activity-program\" data-settings=\"{&quot;background_background&quot;:&quot;classic&quot;}\">\n\t\t\t\t<div class=\"elementor-element elementor-element-fba524b elementor-widget__width-initial circle-box circle-box-top-center elementor-widget elementor-widget-heading\" data-id=\"fba524b\" data-element_type=\"widget\" data-e-type=\"widget\" data-widget_type=\"heading.default\">\n\t\t\t\t<div class=\"elementor-widget-container\">\n\t\t\t\t\t<h2 class=\"elementor-heading-title elementor-size-default\">Aktivit\u00e4ten und Spass<\/h2>\t\t\t\t<\/div>\n\t\t\t\t<\/div>\n\t\t<div class=\"elementor-element elementor-element-51a1a31 e-con-full scroll-box e-flex e-con e-child\" data-id=\"51a1a31\" data-element_type=\"container\" data-e-type=\"container\">\n\t\t<div class=\"elementor-element elementor-element-308fd93 e-con-full e-flex e-con e-child\" data-id=\"308fd93\" data-element_type=\"container\" data-e-type=\"container\" data-settings=\"{&quot;background_background&quot;:&quot;classic&quot;}\">\n\t\t<div class=\"elementor-element elementor-element-1834bef e-flex e-con-boxed e-con e-child\" data-id=\"1834bef\" data-element_type=\"container\" data-e-type=\"container\">\n\t\t\t\t\t<div class=\"e-con-inner\">\n\t\t<div class=\"elementor-element elementor-element-7d6e7ca e-con-full e-flex e-con e-child\" data-id=\"7d6e7ca\" data-element_type=\"container\" data-e-type=\"container\">\n\t\t\t\t<div class=\"elementor-element elementor-element-11e9bee elementor-widget elementor-widget-image\" data-id=\"11e9bee\" data-element_type=\"widget\" data-e-type=\"widget\" data-widget_type=\"image.default\">\n\t\t\t\t<div class=\"elementor-widget-container\">\n\t\t\t\t\t\t\t\t\t\t\t\t\t\t\t<img loading=\"lazy\" decoding=\"async\" width=\"400\" height=\"267\" src=\"https:\/\/www.childrenfirst.ch\/wp-content\/uploads\/2025\/01\/Forest-32.jpg\" class=\"attachment-full size-full wp-image-4928\" alt=\"\" srcset=\"https:\/\/www.childrenfirst.ch\/wp-content\/uploads\/2025\/01\/Forest-32.jpg 400w, https:\/\/www.childrenfirst.ch\/wp-content\/uploads\/2025\/01\/Forest-32-300x200.jpg 300w\" sizes=\"(max-width: 400px) 100vw, 400px\" \/>\t\t\t\t\t\t\t\t\t\t\t\t\t\t\t<\/div>\n\t\t\t\t<\/div>\n\t\t\t\t<\/div>\n\t\t<div class=\"elementor-element elementor-element-b3d9c3b e-con-full relative e-flex e-con e-child\" data-id=\"b3d9c3b\" data-element_type=\"container\" data-e-type=\"container\">\n\t\t\t\t<div class=\"elementor-element elementor-element-1385f56 elementor-widget elementor-widget-image\" data-id=\"1385f56\" data-element_type=\"widget\" data-e-type=\"widget\" data-widget_type=\"image.default\">\n\t\t\t\t<div class=\"elementor-widget-container\">\n\t\t\t\t\t\t\t\t\t\t\t\t\t\t\t<img loading=\"lazy\" decoding=\"async\" width=\"400\" height=\"267\" src=\"https:\/\/www.childrenfirst.ch\/wp-content\/uploads\/2025\/01\/Forest-51.jpg\" class=\"attachment-full size-full wp-image-4966\" alt=\"\" srcset=\"https:\/\/www.childrenfirst.ch\/wp-content\/uploads\/2025\/01\/Forest-51.jpg 400w, https:\/\/www.childrenfirst.ch\/wp-content\/uploads\/2025\/01\/Forest-51-300x200.jpg 300w\" sizes=\"(max-width: 400px) 100vw, 400px\" \/>\t\t\t\t\t\t\t\t\t\t\t\t\t\t\t<\/div>\n\t\t\t\t<\/div>\n\t\t\t\t<div class=\"elementor-element elementor-element-30838b2 elementor-absolute cursor-pointer icon-center elementor-view-default elementor-widget elementor-widget-icon\" data-id=\"30838b2\" data-element_type=\"widget\" data-e-type=\"widget\" id=\"video2\" data-settings=\"{&quot;_position&quot;:&quot;absolute&quot;}\" data-widget_type=\"icon.default\">\n\t\t\t\t<div class=\"elementor-widget-container\">\n\t\t\t\t\t\t\t<div class=\"elementor-icon-wrapper\">\n\t\t\t<div class=\"elementor-icon\">\n\t\t\t<svg aria-hidden=\"true\" class=\"e-font-icon-svg e-far-play-circle\" viewBox=\"0 0 512 512\" xmlns=\"http:\/\/www.w3.org\/2000\/svg\"><path d=\"M371.7 238l-176-107c-15.8-8.8-35.7 2.5-35.7 21v208c0 18.4 19.8 29.8 35.7 21l176-101c16.4-9.1 16.4-32.8 0-42zM504 256C504 119 393 8 256 8S8 119 8 256s111 248 248 248 248-111 248-248zm-448 0c0-110.5 89.5-200 200-200s200 89.5 200 200-89.5 200-200 200S56 366.5 56 256z\"><\/path><\/svg>\t\t\t<\/div>\n\t\t<\/div>\n\t\t\t\t\t\t<\/div>\n\t\t\t\t<\/div>\n\t\t\t\t<\/div>\n\t\t\t\t\t<\/div>\n\t\t\t\t<\/div>\n\t\t\t\t<div class=\"elementor-element elementor-element-a4e4190 elementor-widget__width-initial elementor-widget elementor-widget-text-editor\" data-id=\"a4e4190\" data-element_type=\"widget\" data-e-type=\"widget\" data-widget_type=\"text-editor.default\">\n\t\t\t\t<div class=\"elementor-widget-container\">\n\t\t\t\t\t\t\t\t\t<p class=\"normal\"><b>Waldkindergarten<\/b><\/p><p class=\"normal\"><span style=\"font-weight: 400;\">Wir bieten jede Woche einen Waldtag f\u00fcr Kinder im Alter von 3 bis 6 Jahren an, um die Sch\u00f6nheit der Natur zu erleben und gleichzeitig die k\u00f6rperliche Ausdauer zu f\u00f6rdern. Dieser ganze Vormittag im Wald f\u00f6rdert die Neugier der Kinder auf die Welt, um sie herum und sie entwickeln eine Wertsch\u00e4tzung f\u00fcr die freie Bewegung. Die Kinder fahren zum Witikoner Elefanten Bach, einem \u00f6rtlichen Wald-Tipi, oder mit der nahe gelegenen Dolder-Zahnradbahn, um in einer alternativen, weniger strukturierten Umgebung zu lernen. Diese regelm\u00e4ssigen Vormittage im Wald legen den Grundstein daf\u00fcr, dass sie die Natur sch\u00e4tzen lernen. Lange Spazierg\u00e4nge, das Finden praktischer L\u00f6sungen und das \u00dcberwinden von Hindernissen sind Teil des Programms im Wald. An diesem Tag d\u00fcrfen Ihre Kinder selbst\u00e4ndig erforschen, nat\u00fcrliche Werkzeuge benutzen und sich schmutzig machen!<\/span><\/p><p class=\"normal\" style=\"margin: 12pt 0in; text-align: left;\"><span style=\"font-weight: 400;\">In der Freiestrasse 175 bieten wir ein umfassendes Betreuungs- und Bildungsangebot ohne versteckte Extras, einschliesslich 8 Schulferienwochen pro Jahr und dem ausserschulischen Programm Children First.<\/span><\/p><p class=\"normal\" style=\"margin: 12pt 0in; text-align: left;\"><b>Vorschule<\/b><span style=\"font-weight: 400;\">: Pauschalangebote f\u00fcr drei bis f\u00fcnf Tage pro Woche, eine perfekte L\u00f6sung f\u00fcr berufst\u00e4tige Eltern, da wir auch nach der Schule und w\u00e4hrend der Schulferien ge\u00f6ffnet haben. Unsere kleinen Lernenden wollen das ganze Jahr \u00fcber den Zauber von Children First erleben!<\/span><\/p><p><span style=\"font-weight: 400;\">Die Children First-Villa an der Freiestrasse 175 im Z\u00fcrcher Seefeld verf\u00fcgt \u00fcber ein Klavierzimmer f\u00fcr speziellen Musikunterricht im Zentrum von Z\u00fcrich. Sie k\u00f6nnen unsere Gemeinschaftsr\u00e4ume auch mieten. So bieten wir beispielsweise Sprachkurse f\u00fcr Minderheiten an, und unser privater Spielplatz wird oft f\u00fcr Minifussball und Geburtstagsfeiern genutzt.<\/span><\/p>\t\t\t\t\t\t\t\t<\/div>\n\t\t\t\t<\/div>\n\t\t\t\t<\/div>\n\t\t<div class=\"elementor-element elementor-element-3621629 e-con-full elementor-hidden-mobile e-flex e-con e-child\" data-id=\"3621629\" data-element_type=\"container\" data-e-type=\"container\">\n\t\t<div class=\"elementor-element elementor-element-8ad062d e-grid e-con-boxed e-con e-child\" data-id=\"8ad062d\" data-element_type=\"container\" data-e-type=\"container\">\n\t\t\t\t\t<div class=\"e-con-inner\">\n\t\t<div class=\"elementor-element elementor-element-54b649d e-con-full e-flex e-con e-child\" data-id=\"54b649d\" data-element_type=\"container\" data-e-type=\"container\">\n\t\t\t\t<div class=\"elementor-element elementor-element-e2fffc7 elementor-widget elementor-widget-image\" data-id=\"e2fffc7\" data-element_type=\"widget\" data-e-type=\"widget\" data-widget_type=\"image.default\">\n\t\t\t\t<div class=\"elementor-widget-container\">\n\t\t\t\t\t\t\t\t\t\t\t\t\t\t\t<img loading=\"lazy\" decoding=\"async\" width=\"400\" height=\"267\" src=\"https:\/\/www.childrenfirst.ch\/wp-content\/uploads\/2025\/01\/Learning-5.jpg\" class=\"attachment-full size-full wp-image-4952\" alt=\"\" srcset=\"https:\/\/www.childrenfirst.ch\/wp-content\/uploads\/2025\/01\/Learning-5.jpg 400w, https:\/\/www.childrenfirst.ch\/wp-content\/uploads\/2025\/01\/Learning-5-300x200.jpg 300w\" sizes=\"(max-width: 400px) 100vw, 400px\" \/>\t\t\t\t\t\t\t\t\t\t\t\t\t\t\t<\/div>\n\t\t\t\t<\/div>\n\t\t\t\t<\/div>\n\t\t\t\t\t<\/div>\n\t\t\t\t<\/div>\n\t\t\t\t<div class=\"elementor-element elementor-element-5cea93d elementor-widget__width-auto elementor-widget elementor-widget-text-editor\" data-id=\"5cea93d\" data-element_type=\"widget\" data-e-type=\"widget\" data-widget_type=\"text-editor.default\">\n\t\t\t\t<div class=\"elementor-widget-container\">\n\t\t\t\t\t\t\t\t\t<p><b><i>Ferienbetreuung &amp; Aktivit\u00e4ten<\/i><\/b><\/p><p><span style=\"font-weight: 400;\">In den Schulferien bieten wir vielseitige Bildungsprogramme und Ausfl\u00fcge an, darunter Aktivit\u00e4ten f\u00fcr eine Fun Week oder auch Thementage. Zu unseren Gast-Lehrpersonen geh\u00f6ren unter anderem Kunstschaffende aus aller Welt, Architektinnen oder asiatische Sprachlehrer. Die Kinder erleben ein l\u00e4ngeres Eintauchen in ein spezielles Projekt, das Selbstbewusstsein und Neuartigkeit in einer sicheren und vertrauten Umgebung vermittelt.<\/span><\/p><p><span style=\"font-weight: 400;\">Kommende Termine der Fun Week:<\/span><\/p><p>\u00a0<\/p><p><span style=\"font-weight: 400;\">06. \u2013 17. Oktober 2025<\/span><br \/><span style=\"font-weight: 400;\">09. \u2013 20. Februar 2026<\/span><br \/><span style=\"font-weight: 400;\">20. April \u2013 01. Mai 2026<\/span><\/p><p><span style=\"font-weight: 400;\">13. \u2013 24. Juli 2026<\/span><\/p><p>\u00a0<\/p><p><b>Schreiben Sie uns an contact@childrenfirst.ch f\u00fcr weitere Informationen.<\/b><\/p><p><b>Ausserschulisches Programm<\/b><\/p><p><span style=\"font-weight: 400;\">Nach der Schule konzentrieren wir uns auf das spielerische Lernen in kleinen Gruppen und Spezialkurse wie Musik, Sport, Theater, Franz\u00f6sisch, Chinesisch und Backen. Klavierlehrer bieten Einzelunterricht an. Bei sch\u00f6nem Wetter k\u00f6nnen die Kinder ausserdem jeden Tag eine zweite Spielzeit auf unserem privaten, speziell angelegten Spielplatz und im Garten in der Freiestrasse 175 verbringen.<\/span><\/p>\t\t\t\t\t\t\t\t<\/div>\n\t\t\t\t<\/div>\n\t\t\t\t<\/div>\n\t\t\t\t<\/div>\n\t\t\t\t<\/div>\n\t\t<div class=\"elementor-element elementor-element-c19e3b0 e-con-full video-popup e-flex e-con e-child\" data-id=\"c19e3b0\" data-element_type=\"container\" data-e-type=\"container\" id=\"video-popup2\" data-settings=\"{&quot;background_background&quot;:&quot;classic&quot;}\">\n\t\t<div class=\"elementor-element elementor-element-03b0f37 e-con-full e-flex e-con e-child\" data-id=\"03b0f37\" data-element_type=\"container\" data-e-type=\"container\" data-settings=\"{&quot;background_background&quot;:&quot;classic&quot;}\">\n\t\t\t\t<div class=\"elementor-element elementor-element-8487e88 elementor-widget elementor-widget-video\" data-id=\"8487e88\" data-element_type=\"widget\" data-e-type=\"widget\" data-settings=\"{&quot;youtube_url&quot;:&quot;https:\\\/\\\/www.youtube.com\\\/watch?v=XHOmBV4js_E&quot;,&quot;video_type&quot;:&quot;youtube&quot;,&quot;controls&quot;:&quot;yes&quot;}\" data-widget_type=\"video.default\">\n\t\t\t\t<div class=\"elementor-widget-container\">\n\t\t\t\t\t\t\t<div class=\"elementor-wrapper elementor-open-inline\">\n\t\t\t<div class=\"elementor-video\"><\/div>\t\t<\/div>\n\t\t\t\t\t\t<\/div>\n\t\t\t\t<\/div>\n\t\t\t\t<\/div>\n\t\t\t\t<\/div>\n\t\t<div class=\"elementor-element elementor-element-a33a6b6 e-con-full video-popup e-flex e-con e-child\" data-id=\"a33a6b6\" data-element_type=\"container\" data-e-type=\"container\" id=\"video-popup3\" data-settings=\"{&quot;background_background&quot;:&quot;classic&quot;}\">\n\t\t<div class=\"elementor-element elementor-element-53556b2 e-con-full e-flex e-con e-child\" data-id=\"53556b2\" data-element_type=\"container\" data-e-type=\"container\" data-settings=\"{&quot;background_background&quot;:&quot;classic&quot;}\">\n\t\t\t\t<div class=\"elementor-element elementor-element-90e5e8c elementor-widget elementor-widget-video\" data-id=\"90e5e8c\" data-element_type=\"widget\" data-e-type=\"widget\" data-settings=\"{&quot;youtube_url&quot;:&quot;https:\\\/\\\/www.youtube.com\\\/watch?v=XHOmBV4js_E&quot;,&quot;video_type&quot;:&quot;youtube&quot;,&quot;controls&quot;:&quot;yes&quot;}\" data-widget_type=\"video.default\">\n\t\t\t\t<div class=\"elementor-widget-container\">\n\t\t\t\t\t\t\t<div class=\"elementor-wrapper elementor-open-inline\">\n\t\t\t<div class=\"elementor-video\"><\/div>\t\t<\/div>\n\t\t\t\t\t\t<\/div>\n\t\t\t\t<\/div>\n\t\t\t\t<\/div>\n\t\t\t\t<\/div>\n\t\t<div class=\"elementor-element elementor-element-74a3b57 popup-new e-con-full e-flex e-con e-child\" data-id=\"74a3b57\" data-element_type=\"container\" data-e-type=\"container\" id=\"education-popup\" data-settings=\"{&quot;background_background&quot;:&quot;classic&quot;}\">\n\t\t<div class=\"elementor-element elementor-element-18def25 e-con-full scroll-box e-flex e-con e-child\" data-id=\"18def25\" data-element_type=\"container\" data-e-type=\"container\">\n\t\t<div class=\"elementor-element elementor-element-543bb61 e-con-full e-flex e-con e-child\" data-id=\"543bb61\" data-element_type=\"container\" data-e-type=\"container\" data-settings=\"{&quot;background_background&quot;:&quot;classic&quot;}\">\n\t\t<div class=\"elementor-element elementor-element-48f1680 e-flex e-con-boxed e-con e-child\" data-id=\"48f1680\" data-element_type=\"container\" data-e-type=\"container\">\n\t\t\t\t\t<div class=\"e-con-inner\">\n\t\t<div class=\"elementor-element elementor-element-8eb1252 e-con-full e-flex e-con e-child\" data-id=\"8eb1252\" data-element_type=\"container\" data-e-type=\"container\">\n\t\t\t\t<div class=\"elementor-element elementor-element-d8673e3 elementor-widget elementor-widget-image\" data-id=\"d8673e3\" data-element_type=\"widget\" data-e-type=\"widget\" data-widget_type=\"image.default\">\n\t\t\t\t<div class=\"elementor-widget-container\">\n\t\t\t\t\t\t\t\t\t\t\t\t\t\t\t<img loading=\"lazy\" decoding=\"async\" width=\"319\" height=\"213\" src=\"https:\/\/www.childrenfirst.ch\/wp-content\/uploads\/2025\/01\/Indoor-activities-19-e1738193091133.jpg\" class=\"attachment-full size-full wp-image-4934\" alt=\"\" srcset=\"https:\/\/www.childrenfirst.ch\/wp-content\/uploads\/2025\/01\/Indoor-activities-19-e1738193091133.jpg 319w, https:\/\/www.childrenfirst.ch\/wp-content\/uploads\/2025\/01\/Indoor-activities-19-e1738193091133-300x200.jpg 300w\" sizes=\"(max-width: 319px) 100vw, 319px\" \/>\t\t\t\t\t\t\t\t\t\t\t\t\t\t\t<\/div>\n\t\t\t\t<\/div>\n\t\t\t\t<\/div>\n\t\t\t\t\t<\/div>\n\t\t\t\t<\/div>\n\t\t\t\t<div class=\"elementor-element elementor-element-eb10fd5 elementor-widget__width-initial elementor-widget elementor-widget-text-editor\" data-id=\"eb10fd5\" data-element_type=\"widget\" data-e-type=\"widget\" data-widget_type=\"text-editor.default\">\n\t\t\t\t<div class=\"elementor-widget-container\">\n\t\t\t\t\t\t\t\t\t<p><b>Ein sorgf\u00e4ltig zusammengestellter Lehrplan.<\/b><\/p><p><span style=\"font-weight: 400;\">Die Children First-Methode basiert auf f\u00fcnfzig Jahren Erfahrung und wird von unseren Lehrenden in Einzel- und Gruppenunterricht umgesetzt, wobei sowohl die britische als auch die Montessori-Tradition ber\u00fccksichtigt wird. Wir unterrichten seit Jahrzehnten sowohl einsprachige als auch zweisprachige Kinder. Unsere Lernthemen sorgen daf\u00fcr, dass die Kinder einen guten Wortschatz entwickeln, aber auch ein breites Spektrum an Interessen und F\u00e4higkeiten.<\/span><\/p><p><span style=\"font-weight: 400;\"><b>Fr\u00fchkindliche Bildung<\/b>: Bei Children First legen Hochdeutsch und Muttersprachliches Englisch wichtige Grundlagen f\u00fcr zweisprachige Kinder. Wir kombinieren das \u201cEarly Years Framework\u201d mit der Montessori-Methodik. Unsere spezialisierten Kindergartenkurse finden in kleinen Gruppen im Alter von 3 bis 6 Jahren statt, mit integriertem Einzelunterricht zum Erlernen von Lesen, Schreiben und Grundrechenarten. Die t\u00e4gliche Gruppenarbeit f\u00f6rdert die F\u00e4higkeit des Kindes selbstst\u00e4ndig zu denken und nicht nur institutionellen Routinen zu folgen. Das Schliessen von Freundschaften und die Betonung sozialer F\u00e4higkeiten sind Teil des Schweizer Lehrplans und kommen nicht zu kurz. Unser Ziel ist es immer, die Besten der Klasse zu sein! Die Kindergartenkurse sind auch f\u00fcr Kinder geeignet, die zuhause kein Englisch sprechen.<\/span><\/p>\t\t\t\t\t\t\t\t<\/div>\n\t\t\t\t<\/div>\n\t\t<div class=\"elementor-element elementor-element-cc8dca4 e-flex e-con-boxed e-con e-child\" data-id=\"cc8dca4\" data-element_type=\"container\" data-e-type=\"container\">\n\t\t\t\t\t<div class=\"e-con-inner\">\n\t\t<div class=\"elementor-element elementor-element-72f1aaa e-con-full e-flex e-con e-child\" data-id=\"72f1aaa\" data-element_type=\"container\" data-e-type=\"container\">\n\t\t\t\t<div class=\"elementor-element elementor-element-8bdf9a6 elementor-widget elementor-widget-image\" data-id=\"8bdf9a6\" data-element_type=\"widget\" data-e-type=\"widget\" data-widget_type=\"image.default\">\n\t\t\t\t<div class=\"elementor-widget-container\">\n\t\t\t\t\t\t\t\t\t\t\t\t\t\t\t<img loading=\"lazy\" decoding=\"async\" width=\"400\" height=\"267\" src=\"https:\/\/www.childrenfirst.ch\/wp-content\/uploads\/2025\/01\/Indoor-activities-92.jpg\" class=\"attachment-full size-full wp-image-4940\" alt=\"\" srcset=\"https:\/\/www.childrenfirst.ch\/wp-content\/uploads\/2025\/01\/Indoor-activities-92.jpg 400w, https:\/\/www.childrenfirst.ch\/wp-content\/uploads\/2025\/01\/Indoor-activities-92-300x200.jpg 300w\" sizes=\"(max-width: 400px) 100vw, 400px\" \/>\t\t\t\t\t\t\t\t\t\t\t\t\t\t\t<\/div>\n\t\t\t\t<\/div>\n\t\t\t\t<\/div>\n\t\t\t\t\t<\/div>\n\t\t\t\t<\/div>\n\t\t\t\t<div class=\"elementor-element elementor-element-1892c9c elementor-widget__width-initial elementor-widget elementor-widget-text-editor\" data-id=\"1892c9c\" data-element_type=\"widget\" data-e-type=\"widget\" data-widget_type=\"text-editor.default\">\n\t\t\t\t<div class=\"elementor-widget-container\">\n\t\t\t\t\t\t\t\t\t<p><b>Kinderg\u00e4rten, Vorschulen und Grundschulen<\/b><span style=\"font-weight: 400;\">. Das Team von Children First hat eine Oase f\u00fcr Kinder geschaffen. An unserem Standort im Z\u00fcrcher Seefeld haben die Kinder eine aussergew\u00f6hnliche und famili\u00e4re Umgebung in einer privaten Villa mit einem speziell angelegten Spielplatz. Unsere Englisch- und Deutsch-Lehrpersonen bieten einen intensiven Sprachunterricht und eine Reihe von Aktivit\u00e4ten, darunter auch einen Wald-Vormittag. Im Jahr 2025 werden wir unsere erste Grundschulklasse er\u00f6ffnen.<\/span><\/p><p><b>Fr\u00fchf\u00f6rderung und Unterst\u00fctzung f\u00fcr Familien<\/b><span style=\"font-weight: 400;\">. Die Children First Gr\u00fcnderin, Monica Shah, hat in Z\u00fcrich eine einzigartige Betreuung geschaffen, die eine harmonische und p\u00e4dagogisch wertvolle Erfahrung f\u00fcr Kinder in den ersten Lebensjahren bietet. Dabei l\u00e4sst sie die besten Einfl\u00fcsse aus der ganzen Welt und ihr eigenes Fachwissen einfliessen. Die britisch-schweizerische Staatsb\u00fcrgerin mit indischer Abstammung setzt sich seit 2006 f\u00fcr zweisprachige Bildungsangebote in Z\u00fcrich ein.\u00a0<\/span><\/p><p><span style=\"font-weight: 400;\">Sie verf\u00fcgt \u00fcber einen fundierten Bildungshintergrund in der Kinder- und Familienbetreuung. Monica hatte die Idee, in Z\u00fcrich ein Kompetenzzentrum mit Ressourcen f\u00fcr Familien einzurichten. Sie konzentriert sich dabei auf die Betreuung von Kleinkindern und die Nachhilfe im Schulalter, um Schweizer Kindern, die mehrsprachig aufwachsen, eine optimale Bildung zu bieten.<\/span><\/p>\t\t\t\t\t\t\t\t<\/div>\n\t\t\t\t<\/div>\n\t\t\t\t<\/div>\n\t\t<div class=\"elementor-element elementor-element-156be10 e-con-full elementor-hidden-mobile e-flex e-con e-child\" data-id=\"156be10\" data-element_type=\"container\" data-e-type=\"container\">\n\t\t<div class=\"elementor-element elementor-element-8094e11 e-grid e-con-boxed e-con e-child\" data-id=\"8094e11\" data-element_type=\"container\" data-e-type=\"container\">\n\t\t\t\t\t<div class=\"e-con-inner\">\n\t\t<div class=\"elementor-element elementor-element-d663108 e-con-full e-flex e-con e-child\" data-id=\"d663108\" data-element_type=\"container\" data-e-type=\"container\">\n\t\t\t\t<div class=\"elementor-element elementor-element-f499d94 elementor-widget elementor-widget-image\" data-id=\"f499d94\" data-element_type=\"widget\" data-e-type=\"widget\" data-widget_type=\"image.default\">\n\t\t\t\t<div class=\"elementor-widget-container\">\n\t\t\t\t\t\t\t\t\t\t\t\t\t\t\t<img loading=\"lazy\" decoding=\"async\" width=\"400\" height=\"267\" src=\"https:\/\/www.childrenfirst.ch\/wp-content\/uploads\/2025\/01\/Indoor-activities-121.jpg\" class=\"attachment-full size-full wp-image-4944\" alt=\"\" srcset=\"https:\/\/www.childrenfirst.ch\/wp-content\/uploads\/2025\/01\/Indoor-activities-121.jpg 400w, https:\/\/www.childrenfirst.ch\/wp-content\/uploads\/2025\/01\/Indoor-activities-121-300x200.jpg 300w\" sizes=\"(max-width: 400px) 100vw, 400px\" \/>\t\t\t\t\t\t\t\t\t\t\t\t\t\t\t<\/div>\n\t\t\t\t<\/div>\n\t\t\t\t<\/div>\n\t\t\t\t\t<\/div>\n\t\t\t\t<\/div>\n\t\t\t\t<div class=\"elementor-element elementor-element-6e02da9 elementor-widget__width-initial elementor-widget elementor-widget-text-editor\" data-id=\"6e02da9\" data-element_type=\"widget\" data-e-type=\"widget\" data-widget_type=\"text-editor.default\">\n\t\t\t\t<div class=\"elementor-widget-container\">\n\t\t\t\t\t\t\t\t\t<p><span style=\"font-weight: 400;\">Unter den zweisprachigen Schulen in Z\u00fcrich sind wir einzigartig, weil wir das Lernen und Spielen w\u00e4hrend der gesamten ersten Schulstufe von 3 bis 8 Jahren miteinander verbinden, wobei der Schwerpunkt eindeutig auf den grundlegenden F\u00e4higkeiten und Kernf\u00e4chern liegt. Dies stellt sicher, dass die Grundlagen der Bildung gut gelegt sind, egal f\u00fcr welches Schulsystem sich die Eltern sp\u00e4ter entscheiden.<\/span><\/p><p><b>Children First Preschool: Geben Sie Ihrem Kind einen Vorsprung im Leben<\/b><\/p><ul style=\"margin-bottom: 20px;\"><li><span style=\"font-weight: 400;\">Alter 2.5+: <\/span><span style=\"font-weight: 400;\">Erlernen eines Wortschatzes und Entwickeln von internen Monologen<\/span><\/li><li><span style=\"font-weight: 400;\">Soziale Bindungen und k\u00f6rperliche Entwicklung<\/span><\/li><li><span style=\"font-weight: 400;\">Erkunden, Probleml\u00f6sung, Unabh\u00e4ngigkeit<\/span><\/li><li style=\"font-weight: 400;\" aria-level=\"1\"><span style=\"font-weight: 400;\">Fokus auf das Selbstwertgef\u00fchl und das Selbstvertrauen eines jeden Kindes<\/span><\/li><\/ul><p><b>Die Schulzeit des Kindes beginnt mit dem Kindergarten bei Children First<\/b><\/p><ul><li><span style=\"font-weight: 400;\">Alter 3.5+: Montessori-inspirierte Werte und Struktur<\/span><\/li><li><span style=\"font-weight: 400;\">Lesen, Schreiben und Mathe sind Kernf\u00e4cher<\/span><\/li><li><span style=\"font-weight: 400;\">Kognitive F\u00e4higkeiten in Verbindung mit Zweisprachigkeit<\/span><\/li><li><span style=\"font-weight: 400;\">Soziale Bindungen, um Zusammenarbeit und Verhandlungsgeschick zu lernen<\/span><\/li><\/ul>\t\t\t\t\t\t\t\t<\/div>\n\t\t\t\t<\/div>\n\t\t<div class=\"elementor-element elementor-element-6652bbb e-grid e-con-full e-con e-child\" data-id=\"6652bbb\" data-element_type=\"container\" data-e-type=\"container\">\n\t\t<div class=\"elementor-element elementor-element-4c3dd3b e-con-full e-flex e-con e-child\" data-id=\"4c3dd3b\" data-element_type=\"container\" data-e-type=\"container\">\n\t\t\t\t<div class=\"elementor-element elementor-element-bb5a1f2 elementor-widget elementor-widget-image\" data-id=\"bb5a1f2\" data-element_type=\"widget\" data-e-type=\"widget\" data-widget_type=\"image.default\">\n\t\t\t\t<div class=\"elementor-widget-container\">\n\t\t\t\t\t\t\t\t\t\t\t\t\t\t\t<img loading=\"lazy\" decoding=\"async\" width=\"400\" height=\"267\" src=\"https:\/\/www.childrenfirst.ch\/wp-content\/uploads\/2025\/01\/Indoor-activities-100.jpg\" class=\"attachment-full size-full wp-image-4995\" alt=\"\" srcset=\"https:\/\/www.childrenfirst.ch\/wp-content\/uploads\/2025\/01\/Indoor-activities-100.jpg 400w, https:\/\/www.childrenfirst.ch\/wp-content\/uploads\/2025\/01\/Indoor-activities-100-300x200.jpg 300w\" sizes=\"(max-width: 400px) 100vw, 400px\" \/>\t\t\t\t\t\t\t\t\t\t\t\t\t\t\t<\/div>\n\t\t\t\t<\/div>\n\t\t\t\t<\/div>\n\t\t\t\t<\/div>\n\t\t\t\t<div class=\"elementor-element elementor-element-3356b7d elementor-widget__width-initial elementor-widget elementor-widget-text-editor\" data-id=\"3356b7d\" data-element_type=\"widget\" data-e-type=\"widget\" data-widget_type=\"text-editor.default\">\n\t\t\t\t<div class=\"elementor-widget-container\">\n\t\t\t\t\t\t\t\t\t<p><b>Prim\u00e4re Basisstufe<\/b><span style=\"font-weight: 400;\">: In der ersten Phase der Grundschule werden die Grundlagen des Lernens gelegt, w\u00e4hrend sich die Grundf\u00e4higkeiten schnell entwickeln.<\/span><\/p><p><span style=\"font-weight: 400;\">Merkmale der Bildung im Alter von 6 bis 8 Jahren:<\/span><\/p><ul style=\"margin-bottom: 1.2em; margin-top: 1em;\"><li><span style=\"font-weight: 400;\">Abstraktion, Verantwortung f\u00fcr Forschung und Lernen, Anh\u00e4ufung von Wissen und Fakten<\/span><\/li><li><span style=\"font-weight: 400;\">Fl\u00fcssiges Lesen, das Schreiben l\u00e4ngerer S\u00e4tze und einer Vielzahl von Texten verstehen<\/span><\/li><li><span style=\"font-weight: 400;\">Mathematik<\/span><\/li><li style=\"font-weight: 400;\" aria-level=\"1\"><span style=\"font-weight: 400;\">Deutsch sowie Englisch<\/span><\/li><li style=\"font-weight: 400;\" aria-level=\"1\"><span style=\"font-weight: 400;\">Naturwissenschaften<\/span><\/li><\/ul><p><b>Die erste Schule Ihres Kindes.<\/b><span style=\"font-weight: 400;\"> Aus Sicht des Kindes im fr\u00fchen Schulalter ist die Trennung von Lernen und Spielen k\u00fcnstlich, deshalb bieten wir spielerisches Lernen an.<\/span> <span style=\"font-weight: 400;\">Unsere Lehrkr\u00e4fte wissen, dass gl\u00fcckliche Kinder am besten lernen.<\/span><\/p><ul><li style=\"font-weight: 400;\" aria-level=\"1\"><span style=\"font-weight: 400;\">Pers\u00f6nliche Lernziele sichern den Erfolg jedes einzelnen Sch\u00fclers<\/span><\/li><li style=\"font-weight: 400;\" aria-level=\"1\"><span style=\"font-weight: 400;\">Spezialprogramm f\u00fcr begabte Kinder<\/span><\/li><li style=\"font-weight: 400;\" aria-level=\"1\"><span style=\"font-weight: 400;\">Sequenzen von Gruppen- und Einzelunterricht<\/span><\/li><\/ul>\t\t\t\t\t\t\t\t<\/div>\n\t\t\t\t<\/div>\n\t\t\t\t<\/div>\n\t\t\t\t<\/div>\n\t\t\t\t<\/div>\n\t\t<div class=\"elementor-element elementor-element-78e1a1e e-con-full video-popup e-flex e-con e-child\" data-id=\"78e1a1e\" data-element_type=\"container\" data-e-type=\"container\" id=\"video-popup1\" data-settings=\"{&quot;background_background&quot;:&quot;classic&quot;}\">\n\t\t<div class=\"elementor-element elementor-element-e826334 e-con-full e-flex e-con e-child\" data-id=\"e826334\" data-element_type=\"container\" data-e-type=\"container\" data-settings=\"{&quot;background_background&quot;:&quot;classic&quot;}\">\n\t\t\t\t<div class=\"elementor-element elementor-element-385d2d7 elementor-widget elementor-widget-video\" data-id=\"385d2d7\" data-element_type=\"widget\" data-e-type=\"widget\" data-settings=\"{&quot;youtube_url&quot;:&quot;https:\\\/\\\/www.youtube.com\\\/watch?v=XHOmBV4js_E&quot;,&quot;video_type&quot;:&quot;youtube&quot;,&quot;controls&quot;:&quot;yes&quot;}\" data-widget_type=\"video.default\">\n\t\t\t\t<div class=\"elementor-widget-container\">\n\t\t\t\t\t\t\t<div class=\"elementor-wrapper elementor-open-inline\">\n\t\t\t<div class=\"elementor-video\"><\/div>\t\t<\/div>\n\t\t\t\t\t\t<\/div>\n\t\t\t\t<\/div>\n\t\t\t\t<\/div>\n\t\t\t\t<\/div>\n\t\t\t\t\t<\/div>\n\t\t\t\t<\/div>\n\t\t<div class=\"elementor-element elementor-element-9c077d1 relative-section e-flex e-con-boxed e-con e-parent\" data-id=\"9c077d1\" data-element_type=\"container\" data-e-type=\"container\">\n\t\t\t\t\t<div class=\"e-con-inner\">\n\t\t<div class=\"elementor-element elementor-element-2888de1 e-con-full e-flex e-con e-child\" data-id=\"2888de1\" data-element_type=\"container\" data-e-type=\"container\">\n\t\t<div class=\"elementor-element elementor-element-1d65e87 e-con-full e-flex e-con e-child\" data-id=\"1d65e87\" data-element_type=\"container\" data-e-type=\"container\" data-settings=\"{&quot;background_background&quot;:&quot;classic&quot;}\">\n\t\t<div class=\"elementor-element elementor-element-728c862 e-con-full relative e-flex e-con e-child\" data-id=\"728c862\" data-element_type=\"container\" data-e-type=\"container\" data-settings=\"{&quot;background_background&quot;:&quot;classic&quot;}\">\n\t\t\t\t<div class=\"elementor-element elementor-element-cc63206 elementor-widget__width-initial circle-box left-middle elementor-widget elementor-widget-heading\" data-id=\"cc63206\" data-element_type=\"widget\" data-e-type=\"widget\" id=\"physical-dev-btn1\" data-widget_type=\"heading.default\">\n\t\t\t\t<div class=\"elementor-widget-container\">\n\t\t\t\t\t<h2 class=\"elementor-heading-title elementor-size-default\">K\u00f6rperliche Entwicklung<\/h2>\t\t\t\t<\/div>\n\t\t\t\t<\/div>\n\t\t<div class=\"elementor-element elementor-element-55b6507 e-con-full realtive e-flex e-con e-child\" data-id=\"55b6507\" data-element_type=\"container\" data-e-type=\"container\" data-settings=\"{&quot;background_background&quot;:&quot;classic&quot;}\">\n\t\t<div class=\"elementor-element elementor-element-8bdfe95 e-con-full e-flex e-con e-child\" data-id=\"8bdfe95\" data-element_type=\"container\" data-e-type=\"container\">\n\t\t\t\t<div class=\"elementor-element elementor-element-9955808 elementor-widget elementor-widget-text-editor\" data-id=\"9955808\" data-element_type=\"widget\" data-e-type=\"widget\" data-widget_type=\"text-editor.default\">\n\t\t\t\t<div class=\"elementor-widget-container\">\n\t\t\t\t\t\t\t\t\t<p><span style=\"font-weight: 400;\">Wir sind \u00fcberzeugt, dass Bewegung und frische Luft f\u00fcr das Wohlbefinden und die Entwicklung von Kindern unerl\u00e4sslich sind. Kinder wachsen geistig und emotional, w\u00e4hrend sie ihre Koordination und das K\u00f6rperbewusstsein verbessern sowie ihre Umwelt bewusst wahrnehmen.\u00a0<\/span><\/p>\t\t\t\t\t\t\t\t<\/div>\n\t\t\t\t<\/div>\n\t\t\t\t<div class=\"elementor-element elementor-element-c04207a cursor-pointer elementor-widget elementor-widget-heading\" data-id=\"c04207a\" data-element_type=\"widget\" data-e-type=\"widget\" id=\"physical-dev-btn\" data-widget_type=\"heading.default\">\n\t\t\t\t<div class=\"elementor-widget-container\">\n\t\t\t\t\t<h2 class=\"elementor-heading-title elementor-size-default\">Mehr erfahren<\/h2>\t\t\t\t<\/div>\n\t\t\t\t<\/div>\n\t\t\t\t<\/div>\n\t\t\t\t<\/div>\n\t\t<div class=\"elementor-element elementor-element-3cd6fec e-con-full e-flex e-con e-child\" data-id=\"3cd6fec\" data-element_type=\"container\" data-e-type=\"container\" data-settings=\"{&quot;background_background&quot;:&quot;classic&quot;}\">\n\t\t\t\t<div class=\"elementor-element elementor-element-eb23803 cursor-pointer elementor-view-default elementor-widget elementor-widget-icon\" data-id=\"eb23803\" data-element_type=\"widget\" data-e-type=\"widget\" id=\"video4\" data-widget_type=\"icon.default\">\n\t\t\t\t<div class=\"elementor-widget-container\">\n\t\t\t\t\t\t\t<div class=\"elementor-icon-wrapper\">\n\t\t\t<div class=\"elementor-icon\">\n\t\t\t<svg aria-hidden=\"true\" class=\"e-font-icon-svg e-far-play-circle\" viewBox=\"0 0 512 512\" xmlns=\"http:\/\/www.w3.org\/2000\/svg\"><path d=\"M371.7 238l-176-107c-15.8-8.8-35.7 2.5-35.7 21v208c0 18.4 19.8 29.8 35.7 21l176-101c16.4-9.1 16.4-32.8 0-42zM504 256C504 119 393 8 256 8S8 119 8 256s111 248 248 248 248-111 248-248zm-448 0c0-110.5 89.5-200 200-200s200 89.5 200 200-89.5 200-200 200S56 366.5 56 256z\"><\/path><\/svg>\t\t\t<\/div>\n\t\t<\/div>\n\t\t\t\t\t\t<\/div>\n\t\t\t\t<\/div>\n\t\t\t\t<\/div>\n\t\t\t\t<\/div>\n\t\t<div class=\"elementor-element elementor-element-975b716 e-con-full relative e-flex e-con e-child\" data-id=\"975b716\" data-element_type=\"container\" data-e-type=\"container\" data-settings=\"{&quot;background_background&quot;:&quot;classic&quot;}\">\n\t\t\t\t<div class=\"elementor-element elementor-element-41fab02 elementor-widget__width-initial circle-box right-middle elementor-widget elementor-widget-heading\" data-id=\"41fab02\" data-element_type=\"widget\" data-e-type=\"widget\" id=\"additional-0ffering-btn1\" data-widget_type=\"heading.default\">\n\t\t\t\t<div class=\"elementor-widget-container\">\n\t\t\t\t\t<h2 class=\"elementor-heading-title elementor-size-default\">Sprachexzellenz<\/h2>\t\t\t\t<\/div>\n\t\t\t\t<\/div>\n\t\t<div class=\"elementor-element elementor-element-340f569 e-con-full e-flex e-con e-child\" data-id=\"340f569\" data-element_type=\"container\" data-e-type=\"container\" data-settings=\"{&quot;background_background&quot;:&quot;classic&quot;}\">\n\t\t\t\t<div class=\"elementor-element elementor-element-a4b3920 elementor-widget__width-initial elementor-widget elementor-widget-text-editor\" data-id=\"a4b3920\" data-element_type=\"widget\" data-e-type=\"widget\" data-widget_type=\"text-editor.default\">\n\t\t\t\t<div class=\"elementor-widget-container\">\n\t\t\t\t\t\t\t\t\t<p><span style=\"font-weight: 400;\">Sprachen sind bei uns sehr wichtig. Wir interagieren mit den Kindern in ihrer Muttersprache (Deutsch oder Englisch), dabei legen wir besonderes Augenmerk auf perfekte Aussprache und Grammatik, damit die Kinder dies \u00fcbernehmen k\u00f6nnen. Bei uns lernt Ihr Kind Sprachen f\u00fcrs Leben.\u00a0\u00a0<\/span><\/p>\t\t\t\t\t\t\t\t<\/div>\n\t\t\t\t<\/div>\n\t\t\t\t<div class=\"elementor-element elementor-element-0e1d393 cursor-pointer elementor-widget elementor-widget-heading\" data-id=\"0e1d393\" data-element_type=\"widget\" data-e-type=\"widget\" id=\"additional-0ffering-btn\" data-widget_type=\"heading.default\">\n\t\t\t\t<div class=\"elementor-widget-container\">\n\t\t\t\t\t<h2 class=\"elementor-heading-title elementor-size-default\">Mehr erfahren<\/h2>\t\t\t\t<\/div>\n\t\t\t\t<\/div>\n\t\t\t\t<\/div>\n\t\t<div class=\"elementor-element elementor-element-26211b5 e-con-full e-flex e-con e-child\" data-id=\"26211b5\" data-element_type=\"container\" data-e-type=\"container\" data-settings=\"{&quot;background_background&quot;:&quot;classic&quot;}\">\n\t\t\t\t<\/div>\n\t\t\t\t<\/div>\n\t\t\t\t<\/div>\n\t\t\t\t<\/div>\n\t\t<div class=\"elementor-element elementor-element-bed215a popup-new right  e-con-full e-flex e-con e-child\" data-id=\"bed215a\" data-element_type=\"container\" data-e-type=\"container\" id=\"physical-development\" data-settings=\"{&quot;background_background&quot;:&quot;classic&quot;}\">\n\t\t\t\t<div class=\"elementor-element elementor-element-3b60bf2 elementor-widget__width-initial circle-box circle-box-top-center elementor-widget elementor-widget-heading\" data-id=\"3b60bf2\" data-element_type=\"widget\" data-e-type=\"widget\" data-widget_type=\"heading.default\">\n\t\t\t\t<div class=\"elementor-widget-container\">\n\t\t\t\t\t<h2 class=\"elementor-heading-title elementor-size-default\">K\u00f6rperliche Entwicklung<\/h2>\t\t\t\t<\/div>\n\t\t\t\t<\/div>\n\t\t<div class=\"elementor-element elementor-element-623a5bc e-con-full scroll-box e-flex e-con e-child\" data-id=\"623a5bc\" data-element_type=\"container\" data-e-type=\"container\">\n\t\t<div class=\"elementor-element elementor-element-6812e06 e-con-full e-flex e-con e-child\" data-id=\"6812e06\" data-element_type=\"container\" data-e-type=\"container\" data-settings=\"{&quot;background_background&quot;:&quot;classic&quot;}\">\n\t\t<div class=\"elementor-element elementor-element-f2a211f e-flex e-con-boxed e-con e-child\" data-id=\"f2a211f\" data-element_type=\"container\" data-e-type=\"container\">\n\t\t\t\t\t<div class=\"e-con-inner\">\n\t\t<div class=\"elementor-element elementor-element-a237c47 e-con-full e-flex e-con e-child\" data-id=\"a237c47\" data-element_type=\"container\" data-e-type=\"container\">\n\t\t\t\t<div class=\"elementor-element elementor-element-41fdea2 elementor-widget elementor-widget-image\" data-id=\"41fdea2\" data-element_type=\"widget\" data-e-type=\"widget\" data-widget_type=\"image.default\">\n\t\t\t\t<div class=\"elementor-widget-container\">\n\t\t\t\t\t\t\t\t\t\t\t\t\t\t\t<img loading=\"lazy\" decoding=\"async\" width=\"400\" height=\"267\" src=\"https:\/\/www.childrenfirst.ch\/wp-content\/uploads\/2025\/01\/Indoor-activities-17.jpg\" class=\"attachment-full size-full wp-image-4932\" alt=\"\" srcset=\"https:\/\/www.childrenfirst.ch\/wp-content\/uploads\/2025\/01\/Indoor-activities-17.jpg 400w, https:\/\/www.childrenfirst.ch\/wp-content\/uploads\/2025\/01\/Indoor-activities-17-300x200.jpg 300w\" sizes=\"(max-width: 400px) 100vw, 400px\" \/>\t\t\t\t\t\t\t\t\t\t\t\t\t\t\t<\/div>\n\t\t\t\t<\/div>\n\t\t\t\t<\/div>\n\t\t\t\t\t<\/div>\n\t\t\t\t<\/div>\n\t\t\t\t<div class=\"elementor-element elementor-element-e00c640 elementor-widget__width-initial elementor-widget elementor-widget-text-editor\" data-id=\"e00c640\" data-element_type=\"widget\" data-e-type=\"widget\" data-widget_type=\"text-editor.default\">\n\t\t\t\t<div class=\"elementor-widget-container\">\n\t\t\t\t\t\t\t\t\t<p><span style=\"font-weight: 400;\">Grob- und feinmotorische Erfahrungen entwickeln sich schrittweise w\u00e4hrend der gesamten fr\u00fchen Kindheit, beginnend mit sensorischen Erkundungen und der Entwicklung der Kraft, der Koordination und dem Positionsbewusstsein eines Kindes durch Bauch\u00fcbungen, Krabbeln und spielerische Bewegungen mit Gegenst\u00e4nden und Erwachsenen. Durch Spiele und Spielm\u00f6glichkeiten drinnen und draussen k\u00f6nnen unsere Betreuungspersonen Kinder dabei unterst\u00fctzen, ihre Kernkraft, Stabilit\u00e4t, ihr Gleichgewicht, ihr r\u00e4umliches Bewusstsein, ihre Koordination und ihre Beweglichkeit zu entwickeln.<\/span><\/p><p><span style=\"font-weight: 400;\">Grobmotorische F\u00e4higkeiten bilden die Grundlage f\u00fcr die Entwicklung eines gesunden K\u00f6rpers und eines sozialen und emotionalen Wohlbefindens. Feinmotorische Kontrolle und Pr\u00e4zision helfen bei der Hand-Augen-Koordination, die sp\u00e4ter mit der fr\u00fchen Lese- und Schreibf\u00e4higkeit verbunden ist.<\/span><\/p>\t\t\t\t\t\t\t\t<\/div>\n\t\t\t\t<\/div>\n\t\t\t\t<\/div>\n\t\t<div class=\"elementor-element elementor-element-9cc4b2d e-con-full elementor-hidden-mobile e-flex e-con e-child\" data-id=\"9cc4b2d\" data-element_type=\"container\" data-e-type=\"container\">\n\t\t<div class=\"elementor-element elementor-element-d114c1c e-grid e-con-boxed e-con e-child\" data-id=\"d114c1c\" data-element_type=\"container\" data-e-type=\"container\">\n\t\t\t\t\t<div class=\"e-con-inner\">\n\t\t<div class=\"elementor-element elementor-element-86488f9 e-con-full e-flex e-con e-child\" data-id=\"86488f9\" data-element_type=\"container\" data-e-type=\"container\">\n\t\t\t\t<div class=\"elementor-element elementor-element-3043a2c elementor-widget elementor-widget-image\" data-id=\"3043a2c\" data-element_type=\"widget\" data-e-type=\"widget\" data-widget_type=\"image.default\">\n\t\t\t\t<div class=\"elementor-widget-container\">\n\t\t\t\t\t\t\t\t\t\t\t\t\t\t\t<img loading=\"lazy\" decoding=\"async\" width=\"400\" height=\"267\" src=\"https:\/\/www.childrenfirst.ch\/wp-content\/uploads\/2025\/01\/Outdoor-activities-25.jpg\" class=\"attachment-full size-full wp-image-4954\" alt=\"\" srcset=\"https:\/\/www.childrenfirst.ch\/wp-content\/uploads\/2025\/01\/Outdoor-activities-25.jpg 400w, https:\/\/www.childrenfirst.ch\/wp-content\/uploads\/2025\/01\/Outdoor-activities-25-300x200.jpg 300w\" sizes=\"(max-width: 400px) 100vw, 400px\" \/>\t\t\t\t\t\t\t\t\t\t\t\t\t\t\t<\/div>\n\t\t\t\t<\/div>\n\t\t\t\t<\/div>\n\t\t\t\t\t<\/div>\n\t\t\t\t<\/div>\n\t\t\t\t<div class=\"elementor-element elementor-element-05c0cb6 elementor-widget__width-initial elementor-widget elementor-widget-text-editor\" data-id=\"05c0cb6\" data-element_type=\"widget\" data-e-type=\"widget\" data-widget_type=\"text-editor.default\">\n\t\t\t\t<div class=\"elementor-widget-container\">\n\t\t\t\t\t\t\t\t\t<p><b>Spielen im Freien bei Children First<\/b><\/p><p><span style=\"font-weight: 400;\">Das Spielen im Freien hilft Kindern Selbstvertrauen, Unabh\u00e4ngigkeit und ein starkes Selbstwertgef\u00fchl zu entwickeln. Es lehrt sie auch, ihre eigenen Grenzen zu erkennen, Grenzen zu \u00fcberwinden und Herausforderungen im Spiel anzunehmen. Die Kinder k\u00f6nnen zweimal am Tag auf unseren eigenen Spielplatz gehen, aber auch auf die \u00f6ffentlichen Einrichtungen und die Leichtathletikbahn der Schule nebenan sowie in die \u00f6rtlichen Parks.<\/span><\/p><p><b>Playball bei Children First<\/b><\/p><p><span style=\"font-weight: 400;\">Playball ist ein altersgerechtes, strukturiertes Programm, das Kindern die Grundbausteine des Springens, Werfens, Rollens, Schlagens, Fangens und Tretens beibringt und sie auf das Erlernen einer Vielzahl von Sportarten wie Tennis, Hockey, Fussball, Basketball, Baseball, Volleyball und mehr vorbereitet. Die Kurse finden in der Freiestrasse 175 statt und sind in verschiedene Altersgruppen unterteilt (2-3 Jahre, 3-4 Jahre und 4-5 Jahre). Sie sind auf die kognitiven, emotionalen, sozialen und motorischen Entwicklungsschritte der jeweiligen Gruppe abgestimmt.<\/span><\/p>\t\t\t\t\t\t\t\t<\/div>\n\t\t\t\t<\/div>\n\t\t\t\t<\/div>\n\t\t\t\t<\/div>\n\t\t\t\t<\/div>\n\t\t<div class=\"elementor-element elementor-element-710e014 e-con-full video-popup  e-flex e-con e-child\" data-id=\"710e014\" data-element_type=\"container\" data-e-type=\"container\" id=\"video-popup4\" data-settings=\"{&quot;background_background&quot;:&quot;classic&quot;}\">\n\t\t<div class=\"elementor-element elementor-element-caa885c e-con-full e-flex e-con e-child\" data-id=\"caa885c\" data-element_type=\"container\" data-e-type=\"container\" data-settings=\"{&quot;background_background&quot;:&quot;classic&quot;}\">\n\t\t\t\t<div class=\"elementor-element elementor-element-cedfaae elementor-widget elementor-widget-video\" data-id=\"cedfaae\" data-element_type=\"widget\" data-e-type=\"widget\" data-settings=\"{&quot;youtube_url&quot;:&quot;https:\\\/\\\/www.youtube.com\\\/watch?v=XHOmBV4js_E&quot;,&quot;video_type&quot;:&quot;youtube&quot;,&quot;controls&quot;:&quot;yes&quot;}\" data-widget_type=\"video.default\">\n\t\t\t\t<div class=\"elementor-widget-container\">\n\t\t\t\t\t\t\t<div class=\"elementor-wrapper elementor-open-inline\">\n\t\t\t<div class=\"elementor-video\"><\/div>\t\t<\/div>\n\t\t\t\t\t\t<\/div>\n\t\t\t\t<\/div>\n\t\t\t\t<\/div>\n\t\t\t\t<\/div>\n\t\t<div class=\"elementor-element elementor-element-e6ddcd4 popup-new  e-con-full e-flex e-con e-child\" data-id=\"e6ddcd4\" data-element_type=\"container\" data-e-type=\"container\" id=\"additional-0ffering\" data-settings=\"{&quot;background_background&quot;:&quot;classic&quot;}\">\n\t\t\t\t<div class=\"elementor-element elementor-element-a2caea7 elementor-widget__width-initial circle-box circle-box-top-center elementor-widget elementor-widget-heading\" data-id=\"a2caea7\" data-element_type=\"widget\" data-e-type=\"widget\" data-widget_type=\"heading.default\">\n\t\t\t\t<div class=\"elementor-widget-container\">\n\t\t\t\t\t<h2 class=\"elementor-heading-title elementor-size-default\">Sprachexzellenz<\/h2>\t\t\t\t<\/div>\n\t\t\t\t<\/div>\n\t\t<div class=\"elementor-element elementor-element-1f74a4b e-con-full scroll-box e-flex e-con e-child\" data-id=\"1f74a4b\" data-element_type=\"container\" data-e-type=\"container\">\n\t\t<div class=\"elementor-element elementor-element-baf9380 e-con-full e-flex e-con e-child\" data-id=\"baf9380\" data-element_type=\"container\" data-e-type=\"container\" data-settings=\"{&quot;background_background&quot;:&quot;classic&quot;}\">\n\t\t<div class=\"elementor-element elementor-element-d57034e e-flex e-con-boxed e-con e-child\" data-id=\"d57034e\" data-element_type=\"container\" data-e-type=\"container\">\n\t\t\t\t\t<div class=\"e-con-inner\">\n\t\t<div class=\"elementor-element elementor-element-2d29e88 e-con-full e-flex e-con e-child\" data-id=\"2d29e88\" data-element_type=\"container\" data-e-type=\"container\">\n\t\t\t\t<div class=\"elementor-element elementor-element-a093a4b elementor-widget elementor-widget-image\" data-id=\"a093a4b\" data-element_type=\"widget\" data-e-type=\"widget\" data-widget_type=\"image.default\">\n\t\t\t\t<div class=\"elementor-widget-container\">\n\t\t\t\t\t\t\t\t\t\t\t\t\t\t\t<img loading=\"lazy\" decoding=\"async\" width=\"400\" height=\"267\" src=\"https:\/\/www.childrenfirst.ch\/wp-content\/uploads\/2025\/01\/Indoor-activities-29.jpg\" class=\"attachment-full size-full wp-image-4936\" alt=\"\" srcset=\"https:\/\/www.childrenfirst.ch\/wp-content\/uploads\/2025\/01\/Indoor-activities-29.jpg 400w, https:\/\/www.childrenfirst.ch\/wp-content\/uploads\/2025\/01\/Indoor-activities-29-300x200.jpg 300w\" sizes=\"(max-width: 400px) 100vw, 400px\" \/>\t\t\t\t\t\t\t\t\t\t\t\t\t\t\t<\/div>\n\t\t\t\t<\/div>\n\t\t\t\t<\/div>\n\t\t\t\t\t<\/div>\n\t\t\t\t<\/div>\n\t\t\t\t<div class=\"elementor-element elementor-element-2c7d594 elementor-widget__width-initial elementor-widget elementor-widget-text-editor\" data-id=\"2c7d594\" data-element_type=\"widget\" data-e-type=\"widget\" data-widget_type=\"text-editor.default\">\n\t\t\t\t<div class=\"elementor-widget-container\">\n\t\t\t\t\t\t\t\t\t<p><span style=\"font-weight: 400;\">Die Mitarbeitenden von Children First sind Muttersprachler, die mit den Kindern interagieren, um eine instinktive Grammatik und Aussprache in jeder Sprache zu f\u00f6rdern.<\/span><\/p><p><span style=\"font-weight: 400;\">Unsere Betreuenden sowie Lehrer und Lehrerinnen kommen aus deutsch- und englischsprachigen L\u00e4ndern. Ein Schweizer oder deutscher Muttersprachler leitet jede Woche den Vorschul- und Kindergartenunterricht in Hochdeutsch. Bei allen kulturellen Veranstaltungen vor Ort wird Schweizerdeutsch unterrichtet. Um die Offenheit f\u00fcr neue Sprachen zu f\u00f6rdern, bieten wir je nach Bedarf auch Franz\u00f6sisch, Spanisch oder Mandarin an.<\/span><\/p>\t\t\t\t\t\t\t\t<\/div>\n\t\t\t\t<\/div>\n\t\t\t\t<\/div>\n\t\t<div class=\"elementor-element elementor-element-e4523e9 e-con-full elementor-hidden-mobile e-flex e-con e-child\" data-id=\"e4523e9\" data-element_type=\"container\" data-e-type=\"container\">\n\t\t<div class=\"elementor-element elementor-element-32d22ee e-grid e-con-boxed e-con e-child\" data-id=\"32d22ee\" data-element_type=\"container\" data-e-type=\"container\">\n\t\t\t\t\t<div class=\"e-con-inner\">\n\t\t<div class=\"elementor-element elementor-element-7369754 e-con-full e-flex e-con e-child\" data-id=\"7369754\" data-element_type=\"container\" data-e-type=\"container\">\n\t\t\t\t<div class=\"elementor-element elementor-element-ce3c371 elementor-widget elementor-widget-image\" data-id=\"ce3c371\" data-element_type=\"widget\" data-e-type=\"widget\" data-widget_type=\"image.default\">\n\t\t\t\t<div class=\"elementor-widget-container\">\n\t\t\t\t\t\t\t\t\t\t\t\t\t\t\t<img loading=\"lazy\" decoding=\"async\" width=\"400\" height=\"267\" src=\"https:\/\/www.childrenfirst.ch\/wp-content\/uploads\/2025\/01\/Indoor-activities-150.jpg\" class=\"attachment-full size-full wp-image-4946\" alt=\"\" srcset=\"https:\/\/www.childrenfirst.ch\/wp-content\/uploads\/2025\/01\/Indoor-activities-150.jpg 400w, https:\/\/www.childrenfirst.ch\/wp-content\/uploads\/2025\/01\/Indoor-activities-150-300x200.jpg 300w\" sizes=\"(max-width: 400px) 100vw, 400px\" \/>\t\t\t\t\t\t\t\t\t\t\t\t\t\t\t<\/div>\n\t\t\t\t<\/div>\n\t\t\t\t<\/div>\n\t\t\t\t\t<\/div>\n\t\t\t\t<\/div>\n\t\t\t\t<div class=\"elementor-element elementor-element-153feb5 elementor-widget__width-initial elementor-widget elementor-widget-text-editor\" data-id=\"153feb5\" data-element_type=\"widget\" data-e-type=\"widget\" data-widget_type=\"text-editor.default\">\n\t\t\t\t<div class=\"elementor-widget-container\">\n\t\t\t\t\t\t\t\t\t<p><b>Sprache in Schritten lernen<\/b><\/p><p><span style=\"font-weight: 400;\">Bei <\/span><b>Children First<\/b><span style=\"font-weight: 400;\"> ist Sprache ein fester Bestandteil des Alltags \u2013 sowohl in sozialen Gruppen als auch im Unterricht und bei Aktivit\u00e4ten. Besonders im mehrsprachigen Z\u00fcrich kann das Erlernen einer zweiten Sprache ein wichtiges Ziel sein. Der erste Schritt dabei ist das Zuh\u00f6ren und Verstehen. Deshalb kommunizieren wir mit den Kindern sowohl einzeln als auch in kleinen Gruppen auf Englisch und Deutsch.<\/span><\/p><p><span style=\"font-weight: 400;\">Der n\u00e4chste Schritt im Spracherwerb ist die gezielte Nutzung der Sprache f\u00fcr bestimmte Zwecke. Kinder lernen, sich auszudr\u00fccken, um zu verhandeln und Konflikte in der Gruppe zu l\u00f6sen. Unsere Sprachf\u00f6rderung hilft ihnen, Sprache nicht nur als Kommunikationsmittel, sondern auch als Werkzeug zum Denken zu nutzen.<\/span><\/p><p><span style=\"font-weight: 400;\">Mit Unterst\u00fctzung von Kunstschaffenden, die in Italien ausgebildet wurden, und anderen Lehrkr\u00e4ften bieten wir Ateliers f\u00fcr Kinder vom Vorschul- bis zum Grundschulalter an. Damit f\u00f6rdern wir ihre Konzentration in den Bereichen Kunst, Mathematik und Naturwissenschaften und vermitteln ihnen gleichzeitig die Bedeutung von Gespr\u00e4chen und Austausch.<\/span><\/p><p style=\"text-align: center;\"><span style=\"font-weight: 400;\">\u201eWir haben festgestellt, dass Children First <\/span><b>einzigartig ist<\/b><span style=\"font-weight: 400;\">: alle Lehrpersonen sind Muttersprachler; es gibt eine ganz andere Kultur der Kommunikation mit dem Kind (wie die Dinge formuliert werden); die Anzahl der Kinder in einer Gruppe ist gut bemessen; die Menschen, die dort arbeiten, sind einzigartig. Sie stellen die richtigen Leute ein, und das macht einen grossen Unterschied: Kinder lernen durch ein Vorbild, eine pers\u00f6nliche Beziehung, und Children First schafft das, wobei das Kind stets im Mittelpunkt steht (- so wie es sein soll).\u201c<\/span><span style=\"font-weight: 400;\"><br \/><\/span> <i><span style=\"font-weight: 400;\">Roman, der Vater von Alison<\/span><\/i><\/p>\t\t\t\t\t\t\t\t<\/div>\n\t\t\t\t<\/div>\n\t\t\t\t<\/div>\n\t\t\t\t<\/div>\n\t\t\t\t<\/div>\n\t\t\t\t\t<\/div>\n\t\t\t\t<\/div>\n\t\t<div class=\"elementor-element elementor-element-e12d270 e-flex e-con-boxed e-con e-parent\" data-id=\"e12d270\" data-element_type=\"container\" data-e-type=\"container\">\n\t\t\t\t\t<div class=\"e-con-inner\">\n\t\t<div class=\"elementor-element elementor-element-9cc8c12 e-con-full e-flex e-con e-child\" data-id=\"9cc8c12\" data-element_type=\"container\" data-e-type=\"container\">\n\t\t\t\t<div class=\"elementor-element elementor-element-cd9a6f6 elementor-widget elementor-widget-shortcode\" data-id=\"cd9a6f6\" data-element_type=\"widget\" data-e-type=\"widget\" data-widget_type=\"shortcode.default\">\n\t\t\t\t<div class=\"elementor-widget-container\">\n\t\t\t\t\t\t\t<div class=\"elementor-shortcode\">        <div class=\"category-slide-row\">\n                    <div class=\"slide-column\">\n                <div class=\"category-slide-box\">\n                    <div class=\"category-slide-img\">\n                        <img loading=\"lazy\" decoding=\"async\" width=\"500\" height=\"266\" src=\"https:\/\/www.childrenfirst.ch\/wp-content\/uploads\/2026\/07\/IMG_1920-500x266.jpeg\" class=\"attachment-thumbnail size-thumbnail wp-post-image\" alt=\"\" \/>                        <span class=\"category-count\">1<\/span>\n                    <\/div>\n                    <div class=\"category-slide-content\">\n                        <h3>Catherine, Princess of Wales, und die Inspiration aus Reggio Emilia<\/h3>\n                        \n                        <p>Der Reggio-Emilia-Ansatz inspiriert Children First Z\u00fcrich, Kreativit\u00e4t, Beziehungen und kindzentriertes Lernen in den Mittelpunkt der fr\u00fchkindlichen Bildung zu stellen. Monica Shah Zeeman berichtet von ihrem Besuch im Malaguzzi-Zentrum und zeigt, wie diese Philosophie die p\u00e4dagogische Arbeit bis heute pr\u00e4gt.<\/p>\n                    <\/div>\n                                        <div class=\"category-slide-read-btn\">\n                        <a href=\"https:\/\/www.childrenfirst.ch\/de\/reggio-emilia-ansatz-children-first-zuerich\/\">Mehr lesen<\/a>\n                    <\/div>\n                <\/div>\n            <\/div>\n                        <div class=\"slide-column\">\n                <div class=\"category-slide-box\">\n                    <div class=\"category-slide-img\">\n                        <img loading=\"lazy\" decoding=\"async\" width=\"500\" height=\"500\" src=\"https:\/\/www.childrenfirst.ch\/wp-content\/uploads\/2026\/03\/Spring-Event-6-e1774256904580-500x500.png\" class=\"attachment-thumbnail size-thumbnail wp-post-image\" alt=\"\" \/>                        <span class=\"category-count\">2<\/span>\n                    <\/div>\n                    <div class=\"category-slide-content\">\n                        <h3>Vergangene Veranstaltung: Fr\u00fchlings-Event: Familientag<\/h3>\n                        \n                        <p>Nehmen Sie an unserem kostenlosen Familienevent in Z\u00fcrich am 11. April 2026 teil! Freuen Sie sich auf lustige Outdoor-Spiele f\u00fcr Kinder (ab 3 Jahren) und Eltern \u2013 gemeinsam mit Children First & Playball. Jetzt anmelden!<\/p>\n                    <\/div>\n                                        <div class=\"category-slide-read-btn\">\n                        <a href=\"https:\/\/www.childrenfirst.ch\/de\/fruhlingsevent-familientag\/\">Mehr lesen<\/a>\n                    <\/div>\n                <\/div>\n            <\/div>\n                        <div class=\"slide-column\">\n                <div class=\"category-slide-box\">\n                    <div class=\"category-slide-img\">\n                        <img loading=\"lazy\" decoding=\"async\" width=\"500\" height=\"500\" src=\"https:\/\/www.childrenfirst.ch\/wp-content\/uploads\/1900\/11\/Saturday-8th-November-2025-930-1300-2-500x500.png\" class=\"attachment-thumbnail size-thumbnail wp-post-image\" alt=\"\" \/>                        <span class=\"category-count\">3<\/span>\n                    <\/div>\n                    <div class=\"category-slide-content\">\n                        <h3>Vergangene Veranstaltung: Tag der offenen T\u00fcr 2026 bei Children First in Z\u00fcrich<\/h3>\n                        \n                        <p>Sie sind eingeladen, die Lehrer, die Children First so besonders machen, in unserer sch\u00f6nen Villa f\u00fcr Kinder im Z\u00fcrcher Seefeld kennenzulernen. Wir freuen uns darauf, Sie am Samstag, den 24. Januar 2026 an der Freiestrasse 175, Z\u00fcrich 8032, begr\u00fc\u00dfen zu d\u00fcrfen.   <\/p>\n                    <\/div>\n                                        <div class=\"category-slide-read-btn\">\n                        <a href=\"https:\/\/www.childrenfirst.ch\/de\/open-house\/\">Mehr lesen<\/a>\n                    <\/div>\n                <\/div>\n            <\/div>\n                        <div class=\"slide-column\">\n                <div class=\"category-slide-box\">\n                    <div class=\"category-slide-img\">\n                        <img loading=\"lazy\" decoding=\"async\" width=\"500\" height=\"500\" src=\"https:\/\/www.childrenfirst.ch\/wp-content\/uploads\/1899\/10\/IMG_0002-500x500.jpeg\" class=\"attachment-thumbnail size-thumbnail wp-post-image\" alt=\"\" \/>                        <span class=\"category-count\">4<\/span>\n                    <\/div>\n                    <div class=\"category-slide-content\">\n                        <h3>Festtagstraditionen in Z\u00fcrich etablieren<\/h3>\n                        \n                        <p>Feiern Sie Weihnachten in Z\u00fcrich mit Children First! Entdecken Sie Adventstraditionen, Schweizer Backkunst und lustige Aktivit\u00e4ten f\u00fcr Kinder, die bleibende Erinnerungen f\u00fcr die Familie schaffen. <\/p>\n                    <\/div>\n                                        <div class=\"category-slide-read-btn\">\n                        <a href=\"https:\/\/www.childrenfirst.ch\/de\/elementor-7773\/\">Mehr lesen<\/a>\n                    <\/div>\n                <\/div>\n            <\/div>\n                        <div class=\"slide-column\">\n                <div class=\"category-slide-box\">\n                    <div class=\"category-slide-img\">\n                        <img loading=\"lazy\" decoding=\"async\" width=\"500\" height=\"500\" src=\"https:\/\/www.childrenfirst.ch\/wp-content\/uploads\/1910\/10\/Indoor-activities-16-500x500.jpg\" class=\"attachment-thumbnail size-thumbnail wp-post-image\" alt=\"\" \/>                        <span class=\"category-count\">5<\/span>\n                    <\/div>\n                    <div class=\"category-slide-content\">\n                        <h3>Warum Sie in unseren Montessori-inspirierten Klassenzimmern bei Children First kein &#8218;Good Job!&#8216; h\u00f6ren werden<\/h3>\n                        \n                        <p>Entdecken Sie die Alternativen zum Montessori-Lob bei Children First. Lernen Sie, wie Sie das Selbstwertgef\u00fchl, das Selbstvertrauen und die Unabh\u00e4ngigkeit Ihres Kindes f\u00f6rdern k\u00f6nnen. <\/p>\n                    <\/div>\n                                        <div class=\"category-slide-read-btn\">\n                        <a href=\"https:\/\/www.childrenfirst.ch\/de\/warum-sie-nicht-staendig-good-job-hoeren-werden-staendig-in-einem-montessori-inspirierten-unterricht-bei-children-first\/\">Mehr lesen<\/a>\n                    <\/div>\n                <\/div>\n            <\/div>\n                        <div class=\"slide-column\">\n                <div class=\"category-slide-box\">\n                    <div class=\"category-slide-img\">\n                        <img loading=\"lazy\" decoding=\"async\" width=\"500\" height=\"500\" src=\"https:\/\/www.childrenfirst.ch\/wp-content\/uploads\/2024\/12\/Indoor-activities-100-500x500.jpg\" class=\"attachment-thumbnail size-thumbnail wp-post-image\" alt=\"\" \/>                        <span class=\"category-count\">6<\/span>\n                    <\/div>\n                    <div class=\"category-slide-content\">\n                        <h3>Fr\u00fch Englisch \u2013 Fit f\u00fcrs Leben<\/h3>\n                        \n                        <p>Wenn Sie vor kurzem in die deutschsprachige Schweiz gezogen sind oder gerade anfangen, die Ausbildung Ihres Kindes zu planen, sind Sie zweifellos mit der Frage der Sprache konfrontiert. Soll es Deutsch, Schweizerdeutsch oder beides lernen? <\/p>\n                    <\/div>\n                                        <div class=\"category-slide-read-btn\">\n                        <a href=\"https:\/\/www.childrenfirst.ch\/de\/frueh-englisch-fit-fuers-leben\/\">Mehr lesen<\/a>\n                    <\/div>\n                <\/div>\n            <\/div>\n                        <div class=\"slide-column\">\n                <div class=\"category-slide-box\">\n                    <div class=\"category-slide-img\">\n                        <img loading=\"lazy\" decoding=\"async\" width=\"500\" height=\"500\" src=\"https:\/\/www.childrenfirst.ch\/wp-content\/uploads\/2024\/11\/9-500x500.jpg\" class=\"attachment-thumbnail size-thumbnail wp-post-image\" alt=\"\" \/>                        <span class=\"category-count\">7<\/span>\n                    <\/div>\n                    <div class=\"category-slide-content\">\n                        <h3>Entwicklungsorientierte Kindertagesst\u00e4tte<\/h3>\n                        \n                        <p>Entwicklungsorientierte Kindertagesst\u00e4tte Pflege mit Pfiff F\u00fcr viele von uns berufst\u00e4tigen Eltern bedeutet der Begriff &#8222;Tagesst\u00e4tte&#8220; (Kindertagesst\u00e4tte, Kita oder Krippe in der deutschsprachigen Schweiz) einfach, dass wir die Verantwortung f\u00fcr die Sicherheit und das Gl\u00fcck unserer Kinder \u00fcbernehmen, w\u00e4hrend wir arbeiten. In einer entwicklungsf\u00f6rdernden Kindertagesst\u00e4tte jedoch f\u00fchren der Hintergrund und die Ausbildung der Erzieherinnen zu einer [&hellip;]<\/p>\n                    <\/div>\n                                        <div class=\"category-slide-read-btn\">\n                        <a href=\"\/developmental-daycare\/\">Mehr lesen<\/a>\n                    <\/div>\n                <\/div>\n            <\/div>\n                        <div class=\"slide-column\">\n                <div class=\"category-slide-box\">\n                    <div class=\"category-slide-img\">\n                        <img loading=\"lazy\" decoding=\"async\" width=\"500\" height=\"500\" src=\"https:\/\/www.childrenfirst.ch\/wp-content\/uploads\/2024\/06\/96db22_ba0997692189413081bb4b4d888354b4mv2-500x500.webp\" class=\"attachment-thumbnail size-thumbnail wp-post-image\" alt=\"\" \/>                        <span class=\"category-count\">8<\/span>\n                    <\/div>\n                    <div class=\"category-slide-content\">\n                        <h3>Sollten wir in den ersten Jahren unterrichten?<\/h3>\n                        \n                        <p>In Europa wurde viel dar\u00fcber diskutiert, ob es f\u00fcr Kinder in der Vorschule wichtiger ist, zu lernen oder zu spielen. Diesem Dilemma liegt ein veraltetes Konzept des Lernens zugrunde. <\/p>\n                    <\/div>\n                                        <div class=\"category-slide-read-btn\">\n                        <a href=\"\/should-we-be-teaching-in-the-early-years\/\">Mehr lesen<\/a>\n                    <\/div>\n                <\/div>\n            <\/div>\n                        <div class=\"slide-column\">\n                <div class=\"category-slide-box\">\n                    <div class=\"category-slide-img\">\n                        <img loading=\"lazy\" decoding=\"async\" width=\"500\" height=\"500\" src=\"https:\/\/www.childrenfirst.ch\/wp-content\/uploads\/2024\/11\/13-500x500.jpg\" class=\"attachment-thumbnail size-thumbnail wp-post-image\" alt=\"\" \/>                        <span class=\"category-count\">9<\/span>\n                    <\/div>\n                    <div class=\"category-slide-content\">\n                        <h3>Soll ich eine Privatschule oder das staatliche System w\u00e4hlen?<\/h3>\n                        \n                        <p>Je j\u00fcnger Ihr Kind ist, desto mehr k\u00f6nnen Sie sich Ihre Optionen offen halten. Alle Vorschul- und Kinderbetreuungsangebote in der Schweiz sind privat, wenn die Kinder noch sehr klein sind. Artikel von Monica Shah Zeeman Sollen wir eine Privatschule oder das staatliche Bildungssystem w\u00e4hlen? In den letzten zwanzig Jahren hat sich die Wahl der Eltern [&hellip;]<\/p>\n                    <\/div>\n                                        <div class=\"category-slide-read-btn\">\n                        <a href=\"\/privateorstate\/\">Mehr lesen<\/a>\n                    <\/div>\n                <\/div>\n            <\/div>\n                    <\/div>\n        <\/div>\n\t\t\t\t\t\t<\/div>\n\t\t\t\t<\/div>\n\t\t\t\t<\/div>\n\t\t\t\t\t<\/div>\n\t\t\t\t<\/div>\n\t\t\t\t<\/div>\n\t\t","protected":false},"excerpt":{"rendered":"<p>Individueller Unterricht, der auf jedes einzelne Kind zugeschnitten ist Silja, Mutter von Alison Jedes Kind in der Kindertagesst\u00e4tte Children First hat eine Bezugsperson, die f\u00fcr sein Gl\u00fcck und sein Wohlbefinden verantwortlich ist. Unser Fachwissen basiert auf den Montessori-Prinzipien und f\u00f6rdert die Entwicklung des ganzen Kindes. Auf der Grundlage von Forschungsergebnissen aus der Fr\u00fchf\u00f6rderung wissen wir, [&hellip;]<\/p>\n","protected":false},"author":1,"featured_media":0,"parent":0,"menu_order":-19,"comment_status":"closed","ping_status":"closed","template":"elementor_header_footer","meta":{"_acf_changed":false,"footnotes":""},"class_list":["post-4077","page","type-page","status-publish","hentry"],"acf":[],"yoast_head":"<!-- This site is optimized with the Yoast SEO plugin v28.2 - https:\/\/yoast.com\/product\/yoast-seo-wordpress\/ -->\n<title>Children First | Konzept<\/title>\n<meta name=\"description\" content=\"Individueller Unterricht, der auf jedes einzelne Kind zugeschnitten ist\" \/>\n<meta name=\"robots\" content=\"index, follow, max-snippet:-1, max-image-preview:large, max-video-preview:-1\" \/>\n<link rel=\"canonical\" href=\"https:\/\/www.childrenfirst.ch\/concept\/\" \/>\n<meta property=\"og:locale\" content=\"de_DE\" \/>\n<meta property=\"og:type\" content=\"article\" \/>\n<meta property=\"og:title\" content=\"Children First | Konzept\" \/>\n<meta property=\"og:description\" content=\"Individueller Unterricht, der auf jedes einzelne Kind zugeschnitten ist\" \/>\n<meta property=\"og:url\" content=\"https:\/\/www.childrenfirst.ch\/concept\/\" \/>\n<meta property=\"og:site_name\" content=\"Children First\" \/>\n<meta property=\"article:modified_time\" content=\"2025-09-01T07:59:35+00:00\" \/>\n<meta property=\"og:image\" content=\"https:\/\/www.childrenfirst.ch\/wp-content\/uploads\/2024\/06\/hans-peter-gauster-3y1zF4hIPCg-unsplash-scaled.jpg\" \/>\n\t<meta property=\"og:image:width\" content=\"2560\" \/>\n\t<meta property=\"og:image:height\" content=\"1710\" \/>\n\t<meta property=\"og:image:type\" content=\"image\/jpeg\" \/>\n<meta name=\"twitter:card\" content=\"summary_large_image\" \/>\n<meta name=\"twitter:label1\" content=\"Gesch\u00e4tzte Lesezeit\" \/>\n\t<meta name=\"twitter:data1\" content=\"16\u00a0Minuten\" \/>\n<script type=\"application\/ld+json\" class=\"yoast-schema-graph\">{\"@context\":\"https:\\\/\\\/schema.org\",\"@graph\":[{\"@type\":\"WebPage\",\"@id\":\"https:\\\/\\\/www.childrenfirst.ch\\\/concept\\\/\",\"url\":\"https:\\\/\\\/www.childrenfirst.ch\\\/concept\\\/\",\"name\":\"Children First | Konzept\",\"isPartOf\":{\"@id\":\"https:\\\/\\\/www.childrenfirst.ch\\\/de\\\/#website\"},\"primaryImageOfPage\":{\"@id\":\"https:\\\/\\\/www.childrenfirst.ch\\\/concept\\\/#primaryimage\"},\"image\":{\"@id\":\"https:\\\/\\\/www.childrenfirst.ch\\\/concept\\\/#primaryimage\"},\"thumbnailUrl\":\"https:\\\/\\\/www.childrenfirst.ch\\\/wp-content\\\/uploads\\\/2024\\\/06\\\/hans-peter-gauster-3y1zF4hIPCg-unsplash-1024x684.jpg\",\"datePublished\":\"2024-11-18T06:02:35+00:00\",\"dateModified\":\"2025-09-01T07:59:35+00:00\",\"description\":\"Individueller Unterricht, der auf jedes einzelne Kind zugeschnitten ist\",\"breadcrumb\":{\"@id\":\"https:\\\/\\\/www.childrenfirst.ch\\\/concept\\\/#breadcrumb\"},\"inLanguage\":\"de\",\"potentialAction\":[{\"@type\":\"ReadAction\",\"target\":[\"https:\\\/\\\/www.childrenfirst.ch\\\/concept\\\/\"]}]},{\"@type\":\"ImageObject\",\"inLanguage\":\"de\",\"@id\":\"https:\\\/\\\/www.childrenfirst.ch\\\/concept\\\/#primaryimage\",\"url\":\"https:\\\/\\\/www.childrenfirst.ch\\\/wp-content\\\/uploads\\\/2024\\\/06\\\/hans-peter-gauster-3y1zF4hIPCg-unsplash-1024x684.jpg\",\"contentUrl\":\"https:\\\/\\\/www.childrenfirst.ch\\\/wp-content\\\/uploads\\\/2024\\\/06\\\/hans-peter-gauster-3y1zF4hIPCg-unsplash-1024x684.jpg\"},{\"@type\":\"BreadcrumbList\",\"@id\":\"https:\\\/\\\/www.childrenfirst.ch\\\/concept\\\/#breadcrumb\",\"itemListElement\":[{\"@type\":\"ListItem\",\"position\":1,\"name\":\"Home\",\"item\":\"https:\\\/\\\/www.childrenfirst.ch\\\/de\\\/\"},{\"@type\":\"ListItem\",\"position\":2,\"name\":\"Konzept\"}]},{\"@type\":\"WebSite\",\"@id\":\"https:\\\/\\\/www.childrenfirst.ch\\\/de\\\/#website\",\"url\":\"https:\\\/\\\/www.childrenfirst.ch\\\/de\\\/\",\"name\":\"Children First\",\"description\":\"International daycare, preschool and kindergarten\",\"publisher\":{\"@id\":\"https:\\\/\\\/www.childrenfirst.ch\\\/de\\\/#organization\"},\"potentialAction\":[{\"@type\":\"SearchAction\",\"target\":{\"@type\":\"EntryPoint\",\"urlTemplate\":\"https:\\\/\\\/www.childrenfirst.ch\\\/de\\\/?s={search_term_string}\"},\"query-input\":{\"@type\":\"PropertyValueSpecification\",\"valueRequired\":true,\"valueName\":\"search_term_string\"}}],\"inLanguage\":\"de\"},{\"@type\":\"Organization\",\"@id\":\"https:\\\/\\\/www.childrenfirst.ch\\\/de\\\/#organization\",\"name\":\"Children First\",\"url\":\"https:\\\/\\\/www.childrenfirst.ch\\\/de\\\/\",\"logo\":{\"@type\":\"ImageObject\",\"inLanguage\":\"de\",\"@id\":\"https:\\\/\\\/www.childrenfirst.ch\\\/de\\\/#\\\/schema\\\/logo\\\/image\\\/\",\"url\":\"https:\\\/\\\/www.childrenfirst.ch\\\/wp-content\\\/uploads\\\/2024\\\/12\\\/logo-1.png\",\"contentUrl\":\"https:\\\/\\\/www.childrenfirst.ch\\\/wp-content\\\/uploads\\\/2024\\\/12\\\/logo-1.png\",\"width\":305,\"height\":82,\"caption\":\"Children First\"},\"image\":{\"@id\":\"https:\\\/\\\/www.childrenfirst.ch\\\/de\\\/#\\\/schema\\\/logo\\\/image\\\/\"}}]}<\/script>\n<!-- \/ Yoast SEO plugin. -->","yoast_head_json":{"title":"Children First | Konzept","description":"Individueller Unterricht, der auf jedes einzelne Kind zugeschnitten ist","robots":{"index":"index","follow":"follow","max-snippet":"max-snippet:-1","max-image-preview":"max-image-preview:large","max-video-preview":"max-video-preview:-1"},"canonical":"https:\/\/www.childrenfirst.ch\/concept\/","og_locale":"de_DE","og_type":"article","og_title":"Children First | Konzept","og_description":"Individueller Unterricht, der auf jedes einzelne Kind zugeschnitten ist","og_url":"https:\/\/www.childrenfirst.ch\/concept\/","og_site_name":"Children First","article_modified_time":"2025-09-01T07:59:35+00:00","og_image":[{"width":2560,"height":1710,"url":"https:\/\/www.childrenfirst.ch\/wp-content\/uploads\/2024\/06\/hans-peter-gauster-3y1zF4hIPCg-unsplash-scaled.jpg","type":"image\/jpeg"}],"twitter_card":"summary_large_image","twitter_misc":{"Gesch\u00e4tzte Lesezeit":"16\u00a0Minuten"},"schema":{"@context":"https:\/\/schema.org","@graph":[{"@type":"WebPage","@id":"https:\/\/www.childrenfirst.ch\/concept\/","url":"https:\/\/www.childrenfirst.ch\/concept\/","name":"Children First | Konzept","isPartOf":{"@id":"https:\/\/www.childrenfirst.ch\/de\/#website"},"primaryImageOfPage":{"@id":"https:\/\/www.childrenfirst.ch\/concept\/#primaryimage"},"image":{"@id":"https:\/\/www.childrenfirst.ch\/concept\/#primaryimage"},"thumbnailUrl":"https:\/\/www.childrenfirst.ch\/wp-content\/uploads\/2024\/06\/hans-peter-gauster-3y1zF4hIPCg-unsplash-1024x684.jpg","datePublished":"2024-11-18T06:02:35+00:00","dateModified":"2025-09-01T07:59:35+00:00","description":"Individueller Unterricht, der auf jedes einzelne Kind zugeschnitten ist","breadcrumb":{"@id":"https:\/\/www.childrenfirst.ch\/concept\/#breadcrumb"},"inLanguage":"de","potentialAction":[{"@type":"ReadAction","target":["https:\/\/www.childrenfirst.ch\/concept\/"]}]},{"@type":"ImageObject","inLanguage":"de","@id":"https:\/\/www.childrenfirst.ch\/concept\/#primaryimage","url":"https:\/\/www.childrenfirst.ch\/wp-content\/uploads\/2024\/06\/hans-peter-gauster-3y1zF4hIPCg-unsplash-1024x684.jpg","contentUrl":"https:\/\/www.childrenfirst.ch\/wp-content\/uploads\/2024\/06\/hans-peter-gauster-3y1zF4hIPCg-unsplash-1024x684.jpg"},{"@type":"BreadcrumbList","@id":"https:\/\/www.childrenfirst.ch\/concept\/#breadcrumb","itemListElement":[{"@type":"ListItem","position":1,"name":"Home","item":"https:\/\/www.childrenfirst.ch\/de\/"},{"@type":"ListItem","position":2,"name":"Konzept"}]},{"@type":"WebSite","@id":"https:\/\/www.childrenfirst.ch\/de\/#website","url":"https:\/\/www.childrenfirst.ch\/de\/","name":"Children First","description":"International daycare, preschool and kindergarten","publisher":{"@id":"https:\/\/www.childrenfirst.ch\/de\/#organization"},"potentialAction":[{"@type":"SearchAction","target":{"@type":"EntryPoint","urlTemplate":"https:\/\/www.childrenfirst.ch\/de\/?s={search_term_string}"},"query-input":{"@type":"PropertyValueSpecification","valueRequired":true,"valueName":"search_term_string"}}],"inLanguage":"de"},{"@type":"Organization","@id":"https:\/\/www.childrenfirst.ch\/de\/#organization","name":"Children First","url":"https:\/\/www.childrenfirst.ch\/de\/","logo":{"@type":"ImageObject","inLanguage":"de","@id":"https:\/\/www.childrenfirst.ch\/de\/#\/schema\/logo\/image\/","url":"https:\/\/www.childrenfirst.ch\/wp-content\/uploads\/2024\/12\/logo-1.png","contentUrl":"https:\/\/www.childrenfirst.ch\/wp-content\/uploads\/2024\/12\/logo-1.png","width":305,"height":82,"caption":"Children First"},"image":{"@id":"https:\/\/www.childrenfirst.ch\/de\/#\/schema\/logo\/image\/"}}]}},"_links":{"self":[{"href":"https:\/\/www.childrenfirst.ch\/de\/wp-json\/wp\/v2\/pages\/4077","targetHints":{"allow":["GET"]}}],"collection":[{"href":"https:\/\/www.childrenfirst.ch\/de\/wp-json\/wp\/v2\/pages"}],"about":[{"href":"https:\/\/www.childrenfirst.ch\/de\/wp-json\/wp\/v2\/types\/page"}],"author":[{"embeddable":true,"href":"https:\/\/www.childrenfirst.ch\/de\/wp-json\/wp\/v2\/users\/1"}],"replies":[{"embeddable":true,"href":"https:\/\/www.childrenfirst.ch\/de\/wp-json\/wp\/v2\/comments?post=4077"}],"version-history":[{"count":59,"href":"https:\/\/www.childrenfirst.ch\/de\/wp-json\/wp\/v2\/pages\/4077\/revisions"}],"predecessor-version":[{"id":7477,"href":"https:\/\/www.childrenfirst.ch\/de\/wp-json\/wp\/v2\/pages\/4077\/revisions\/7477"}],"wp:attachment":[{"href":"https:\/\/www.childrenfirst.ch\/de\/wp-json\/wp\/v2\/media?parent=4077"}],"curies":[{"name":"wp","href":"https:\/\/api.w.org\/{rel}","templated":true}]}}