{"id":4070,"date":"2025-01-17T10:54:04","date_gmt":"2025-01-17T10:54:04","guid":{"rendered":"https:\/\/www.childrenfirst.ch\/standorte\/"},"modified":"2026-08-31T09:33:41","modified_gmt":"2026-08-31T09:33:41","slug":"standorte","status":"publish","type":"page","link":"https:\/\/www.childrenfirst.ch\/de\/standorte\/","title":{"rendered":"Standorte"},"content":{"rendered":"\t\t<div data-elementor-type=\"wp-page\" data-elementor-id=\"4070\" class=\"elementor elementor-4070 elementor-2867\" data-elementor-post-type=\"page\">\n\t\t\t\t<div class=\"elementor-element elementor-element-69315ab relative-section location overflow-full e-flex e-con-boxed e-con e-parent\" data-id=\"69315ab\" data-element_type=\"container\" data-e-type=\"container\">\n\t\t\t\t\t<div class=\"e-con-inner\">\n\t\t<div class=\"elementor-element elementor-element-4fb2252 e-con-full e-flex e-con e-child\" data-id=\"4fb2252\" data-element_type=\"container\" data-e-type=\"container\" data-settings=\"{&quot;background_background&quot;:&quot;classic&quot;}\">\n\t\t<div class=\"elementor-element elementor-element-953a816 e-con-full e-flex e-con e-child\" data-id=\"953a816\" data-element_type=\"container\" data-e-type=\"container\" data-settings=\"{&quot;background_background&quot;:&quot;classic&quot;}\">\n\t\t<div class=\"elementor-element elementor-element-ba1a8cc e-con-full e-flex e-con e-child\" data-id=\"ba1a8cc\" data-element_type=\"container\" data-e-type=\"container\" data-settings=\"{&quot;background_background&quot;:&quot;classic&quot;}\">\n\t\t\t\t<div class=\"elementor-element elementor-element-d492e5f cursor-pointer elementor-widget elementor-widget-heading\" data-id=\"d492e5f\" data-element_type=\"widget\" data-e-type=\"widget\" data-widget_type=\"heading.default\">\n\t\t\t\t<div class=\"elementor-widget-container\">\n\t\t\t\t\t<h2 class=\"elementor-heading-title elementor-size-default\">Englischviertelstrasse 42<div>\n8032 Z\u00fcrich<\/h2>\t\t\t\t<\/div>\n\t\t\t\t<\/div>\n\t\t\t\t<div class=\"elementor-element elementor-element-c900de7 cursor-pointer elementor-widget elementor-widget-heading\" data-id=\"c900de7\" data-element_type=\"widget\" data-e-type=\"widget\" data-widget_type=\"heading.default\">\n\t\t\t\t<div class=\"elementor-widget-container\">\n\t\t\t\t\t<h2 class=\"elementor-heading-title elementor-size-default\"><a href=\"\/de\/standort\/\">Standort in Seefeld<\/a><\/h2>\t\t\t\t<\/div>\n\t\t\t\t<\/div>\n\t\t\t\t<\/div>\n\t\t<div class=\"elementor-element elementor-element-ff93a92 e-con-full e-flex e-con e-child\" data-id=\"ff93a92\" data-element_type=\"container\" data-e-type=\"container\">\n\t\t\t\t<div class=\"elementor-element elementor-element-0a04fe4 elementor-widget__width-initial circle-box circle-box-center right-left elementor-widget elementor-widget-heading\" data-id=\"0a04fe4\" data-element_type=\"widget\" data-e-type=\"widget\" data-widget_type=\"heading.default\">\n\t\t\t\t<div class=\"elementor-widget-container\">\n\t\t\t\t\t<h2 class=\"elementor-heading-title elementor-size-default\">Seefeld<div>\n0-12 Jahre<\/h2>\t\t\t\t<\/div>\n\t\t\t\t<\/div>\n\t\t\t\t<div class=\"elementor-element elementor-element-ded63f8 elementor-view-stacked elementor-absolute elementor-shape-circle elementor-widget elementor-widget-icon\" data-id=\"ded63f8\" data-element_type=\"widget\" data-e-type=\"widget\" data-settings=\"{&quot;_position&quot;:&quot;absolute&quot;}\" data-widget_type=\"icon.default\">\n\t\t\t\t<div class=\"elementor-widget-container\">\n\t\t\t\t\t\t\t<div class=\"elementor-icon-wrapper\">\n\t\t\t<div class=\"elementor-icon\">\n\t\t\t<svg aria-hidden=\"true\" class=\"e-font-icon-svg e-fas-map-marker-alt\" viewBox=\"0 0 384 512\" xmlns=\"http:\/\/www.w3.org\/2000\/svg\"><path d=\"M172.268 501.67C26.97 291.031 0 269.413 0 192 0 85.961 85.961 0 192 0s192 85.961 192 192c0 77.413-26.97 99.031-172.268 309.67-9.535 13.774-29.93 13.773-39.464 0zM192 272c44.183 0 80-35.817 80-80s-35.817-80-80-80-80 35.817-80 80 35.817 80 80 80z\"><\/path><\/svg>\t\t\t<\/div>\n\t\t<\/div>\n\t\t\t\t\t\t<\/div>\n\t\t\t\t<\/div>\n\t\t\t\t<\/div>\n\t\t\t\t<\/div>\n\t\t\t\t<\/div>\n\t\t<div class=\"elementor-element elementor-element-c6fd486 e-con-full e-flex e-con e-child\" data-id=\"c6fd486\" data-element_type=\"container\" data-e-type=\"container\" data-settings=\"{&quot;background_background&quot;:&quot;classic&quot;}\">\n\t\t<div class=\"elementor-element elementor-element-428c602 e-con-full e-flex e-con e-child\" data-id=\"428c602\" data-element_type=\"container\" data-e-type=\"container\" data-settings=\"{&quot;background_background&quot;:&quot;classic&quot;}\">\n\t\t<div class=\"elementor-element elementor-element-9d3b079 e-con-full e-flex e-con e-child\" data-id=\"9d3b079\" data-element_type=\"container\" data-e-type=\"container\" data-settings=\"{&quot;background_background&quot;:&quot;classic&quot;}\">\n\t\t\t\t<div class=\"elementor-element elementor-element-bdb272c elementor-widget__width-initial elementor-widget elementor-widget-text-editor\" data-id=\"bdb272c\" data-element_type=\"widget\" data-e-type=\"widget\" data-widget_type=\"text-editor.default\">\n\t\t\t\t<div class=\"elementor-widget-container\">\n\t\t\t\t\t\t\t\t\t<p><span style=\"font-weight: 400;\">Schwamendingenstrasse 77<br \/><\/span><span style=\"font-weight: 400;\"> 8050 Z\u00fcrich<\/span><\/p>\t\t\t\t\t\t\t\t<\/div>\n\t\t\t\t<\/div>\n\t\t\t\t<div class=\"elementor-element elementor-element-44814cc cursor-pointer elementor-widget elementor-widget-heading\" data-id=\"44814cc\" data-element_type=\"widget\" data-e-type=\"widget\" data-widget_type=\"heading.default\">\n\t\t\t\t<div class=\"elementor-widget-container\">\n\t\t\t\t\t<h2 class=\"elementor-heading-title elementor-size-default\"><a href=\"\/de\/standort-oerlikon\/\">Standort in Oerlikon<\/a><\/h2>\t\t\t\t<\/div>\n\t\t\t\t<\/div>\n\t\t\t\t<\/div>\n\t\t<div class=\"elementor-element elementor-element-5f4a194 e-con-full e-flex e-con e-child\" data-id=\"5f4a194\" data-element_type=\"container\" data-e-type=\"container\">\n\t\t\t\t<div class=\"elementor-element elementor-element-7c5cf4c elementor-widget__width-initial circle-box circle-box-center elementor-widget elementor-widget-heading\" data-id=\"7c5cf4c\" data-element_type=\"widget\" data-e-type=\"widget\" data-widget_type=\"heading.default\">\n\t\t\t\t<div class=\"elementor-widget-container\">\n\t\t\t\t\t<h2 class=\"elementor-heading-title elementor-size-default\">Oerlikon <div>\n2-8 Jahre <div><\/h2>\t\t\t\t<\/div>\n\t\t\t\t<\/div>\n\t\t\t\t<div class=\"elementor-element elementor-element-9326919 elementor-view-stacked elementor-absolute elementor-shape-circle elementor-widget elementor-widget-icon\" data-id=\"9326919\" data-element_type=\"widget\" data-e-type=\"widget\" data-settings=\"{&quot;_position&quot;:&quot;absolute&quot;}\" data-widget_type=\"icon.default\">\n\t\t\t\t<div class=\"elementor-widget-container\">\n\t\t\t\t\t\t\t<div class=\"elementor-icon-wrapper\">\n\t\t\t<div class=\"elementor-icon\">\n\t\t\t<svg aria-hidden=\"true\" class=\"e-font-icon-svg e-fas-map-marker-alt\" viewBox=\"0 0 384 512\" xmlns=\"http:\/\/www.w3.org\/2000\/svg\"><path d=\"M172.268 501.67C26.97 291.031 0 269.413 0 192 0 85.961 85.961 0 192 0s192 85.961 192 192c0 77.413-26.97 99.031-172.268 309.67-9.535 13.774-29.93 13.773-39.464 0zM192 272c44.183 0 80-35.817 80-80s-35.817-80-80-80-80 35.817-80 80 35.817 80 80 80z\"><\/path><\/svg>\t\t\t<\/div>\n\t\t<\/div>\n\t\t\t\t\t\t<\/div>\n\t\t\t\t<\/div>\n\t\t\t\t<\/div>\n\t\t\t\t<\/div>\n\t\t<div class=\"elementor-element elementor-element-3cbbe1e e-con-full reverse-block e-flex e-con e-child\" data-id=\"3cbbe1e\" data-element_type=\"container\" data-e-type=\"container\" data-settings=\"{&quot;background_background&quot;:&quot;classic&quot;}\">\n\t\t<div class=\"elementor-element elementor-element-d0bd965 e-con-full e-flex e-con e-child\" data-id=\"d0bd965\" data-element_type=\"container\" data-e-type=\"container\" data-settings=\"{&quot;background_background&quot;:&quot;classic&quot;}\">\n\t\t<div class=\"elementor-element elementor-element-b8a8a0a e-con-full e-flex e-con e-child\" data-id=\"b8a8a0a\" data-element_type=\"container\" data-e-type=\"container\">\n\t\t\t\t<div class=\"elementor-element elementor-element-e4e1831 elementor-widget elementor-widget-text-editor\" data-id=\"e4e1831\" data-element_type=\"widget\" data-e-type=\"widget\" data-widget_type=\"text-editor.default\">\n\t\t\t\t<div class=\"elementor-widget-container\">\n\t\t\t\t\t\t\t\t\t<p><span style=\"font-weight: 400;\">fit4school-Z\u00fcrichberg<br \/><\/span><\/p>\t\t\t\t\t\t\t\t<\/div>\n\t\t\t\t<\/div>\n\t\t\t\t<div class=\"elementor-element elementor-element-6f78f66 cursor-pointer elementor-widget elementor-widget-heading\" data-id=\"6f78f66\" data-element_type=\"widget\" data-e-type=\"widget\" data-widget_type=\"heading.default\">\n\t\t\t\t<div class=\"elementor-widget-container\">\n\t\t\t\t\t<h2 class=\"elementor-heading-title elementor-size-default\"><a href=\"https:\/\/www.fit4school.ch\/nachhilfe\/zuerichberg\/\">Mehr Info<\/a><\/h2>\t\t\t\t<\/div>\n\t\t\t\t<\/div>\n\t\t\t\t<\/div>\n\t\t\t\t<\/div>\n\t\t<div class=\"elementor-element elementor-element-a54abe5 e-con-full e-flex e-con e-child\" data-id=\"a54abe5\" data-element_type=\"container\" data-e-type=\"container\" data-settings=\"{&quot;background_background&quot;:&quot;classic&quot;}\">\n\t\t\t\t<div class=\"elementor-element elementor-element-45314d1 elementor-widget__width-initial circle-box circle-box-center elementor-widget elementor-widget-heading\" data-id=\"45314d1\" data-element_type=\"widget\" data-e-type=\"widget\" data-widget_type=\"heading.default\">\n\t\t\t\t<div class=\"elementor-widget-container\">\n\t\t\t\t\t<h2 class=\"elementor-heading-title elementor-size-default\">Stadelhofen\n7-19 Jahre\n<\/h2>\t\t\t\t<\/div>\n\t\t\t\t<\/div>\n\t\t\t\t<div class=\"elementor-element elementor-element-0df26b6 elementor-view-stacked elementor-absolute elementor-shape-circle elementor-widget elementor-widget-icon\" data-id=\"0df26b6\" data-element_type=\"widget\" data-e-type=\"widget\" data-settings=\"{&quot;_position&quot;:&quot;absolute&quot;}\" data-widget_type=\"icon.default\">\n\t\t\t\t<div class=\"elementor-widget-container\">\n\t\t\t\t\t\t\t<div class=\"elementor-icon-wrapper\">\n\t\t\t<div class=\"elementor-icon\">\n\t\t\t<svg aria-hidden=\"true\" class=\"e-font-icon-svg e-fas-map-marker-alt\" viewBox=\"0 0 384 512\" xmlns=\"http:\/\/www.w3.org\/2000\/svg\"><path d=\"M172.268 501.67C26.97 291.031 0 269.413 0 192 0 85.961 85.961 0 192 0s192 85.961 192 192c0 77.413-26.97 99.031-172.268 309.67-9.535 13.774-29.93 13.773-39.464 0zM192 272c44.183 0 80-35.817 80-80s-35.817-80-80-80-80 35.817-80 80 35.817 80 80 80z\"><\/path><\/svg>\t\t\t<\/div>\n\t\t<\/div>\n\t\t\t\t\t\t<\/div>\n\t\t\t\t<\/div>\n\t\t\t\t<\/div>\n\t\t\t\t<\/div>\n\t\t\t\t<\/div>\n\t\t<div class=\"elementor-element elementor-element-2a48501 popup-new right  e-con-full e-flex e-con e-child\" data-id=\"2a48501\" data-element_type=\"container\" data-e-type=\"container\" data-settings=\"{&quot;background_background&quot;:&quot;classic&quot;}\">\n\t\t\t\t<div class=\"elementor-element elementor-element-4f3eb23 elementor-widget__width-initial circle-box circle-box-top-center elementor-widget elementor-widget-heading\" data-id=\"4f3eb23\" data-element_type=\"widget\" data-e-type=\"widget\" data-widget_type=\"heading.default\">\n\t\t\t\t<div class=\"elementor-widget-container\">\n\t\t\t\t\t<h2 class=\"elementor-heading-title elementor-size-default\">Gesunde Gemeinschaft<\/h2>\t\t\t\t<\/div>\n\t\t\t\t<\/div>\n\t\t<div class=\"elementor-element elementor-element-fea0b53 e-con-full scroll-box e-flex e-con e-child\" data-id=\"fea0b53\" data-element_type=\"container\" data-e-type=\"container\">\n\t\t<div class=\"elementor-element elementor-element-9fcf2c5 e-con-full e-flex e-con e-child\" data-id=\"9fcf2c5\" data-element_type=\"container\" data-e-type=\"container\" data-settings=\"{&quot;background_background&quot;:&quot;classic&quot;}\">\n\t\t<div class=\"elementor-element elementor-element-370da4a e-flex e-con-boxed e-con e-child\" data-id=\"370da4a\" data-element_type=\"container\" data-e-type=\"container\">\n\t\t\t\t\t<div class=\"e-con-inner\">\n\t\t<div class=\"elementor-element elementor-element-4a0871c e-con-full e-flex e-con e-child\" data-id=\"4a0871c\" data-element_type=\"container\" data-e-type=\"container\">\n\t\t\t\t<div class=\"elementor-element elementor-element-be423b8 elementor-widget elementor-widget-image\" data-id=\"be423b8\" data-element_type=\"widget\" data-e-type=\"widget\" data-widget_type=\"image.default\">\n\t\t\t\t<div class=\"elementor-widget-container\">\n\t\t\t\t\t\t\t\t\t\t\t\t\t\t\t<img fetchpriority=\"high\" decoding=\"async\" width=\"800\" height=\"600\" src=\"https:\/\/www.childrenfirst.ch\/wp-content\/uploads\/2024\/06\/marcus-wallis-MTeZ5FmCGCU-unsplash-1024x768.jpg\" class=\"attachment-large size-large wp-image-986\" alt=\"\" srcset=\"https:\/\/www.childrenfirst.ch\/wp-content\/uploads\/2024\/06\/marcus-wallis-MTeZ5FmCGCU-unsplash-1024x768.jpg 1024w, https:\/\/www.childrenfirst.ch\/wp-content\/uploads\/2024\/06\/marcus-wallis-MTeZ5FmCGCU-unsplash-300x225.jpg 300w, https:\/\/www.childrenfirst.ch\/wp-content\/uploads\/2024\/06\/marcus-wallis-MTeZ5FmCGCU-unsplash-768x576.jpg 768w, https:\/\/www.childrenfirst.ch\/wp-content\/uploads\/2024\/06\/marcus-wallis-MTeZ5FmCGCU-unsplash-1536x1152.jpg 1536w, https:\/\/www.childrenfirst.ch\/wp-content\/uploads\/2024\/06\/marcus-wallis-MTeZ5FmCGCU-unsplash-2048x1536.jpg 2048w\" sizes=\"(max-width: 800px) 100vw, 800px\" \/>\t\t\t\t\t\t\t\t\t\t\t\t\t\t\t<\/div>\n\t\t\t\t<\/div>\n\t\t\t\t<\/div>\n\t\t\t\t\t<\/div>\n\t\t\t\t<\/div>\n\t\t\t\t<div class=\"elementor-element elementor-element-c9da187 elementor-widget__width-initial elementor-widget elementor-widget-text-editor\" data-id=\"c9da187\" data-element_type=\"widget\" data-e-type=\"widget\" data-widget_type=\"text-editor.default\">\n\t\t\t\t<div class=\"elementor-widget-container\">\n\t\t\t\t\t\t\t\t\t<p><strong>Das Essen ist ein wichtiger Teil des Tages der Kinder bei uns:<\/strong> Unser Essen wird von einer Ern\u00e4hrungsberaterin entwickelt und jeden Tag vor Ort frisch zubereitet. Unsere Men\u00fcs sind schmackhaft, saisonal, f\u00fcr Allergiker geeignet, laden zum Entdecken ein und sind gelegentlich auch festlich. Haupts\u00e4chlich auf pflanzlicher Basis, aber mit einem guten Anteil an Proteinen (an bestimmten Tagen auch Fleisch und Fisch).  <\/p>\n<ul>\n<li>1. Kein verarbeiteter Zucker<\/li>\n<li>2. Keine allergenen Konservierungsstoffe.<\/li>\n<\/ul>\n<p>Die Kinder erhalten hier Nahrung f\u00fcr ihren K\u00f6rper und Energie f\u00fcr das Lernen. Die Men\u00fcs bei Children First werden saisonal geplant und regelm\u00e4\u00dfig mit neuen Rezepten erg\u00e4nzt.  Wir glauben, dass gemeinsames Essen eine angenehme gesellschaftliche Gelegenheit ist, um junge Gaumen zu schulen und gesunde Gewohnheiten zu entwickeln. Das Teilen und Zubereiten von Speisen ist ein wichtiger Teil des Gemeinschaftslebens.<\/p>\n<p>In der Morgenpause teilen wir Fr\u00fcchte, die die Kinder von zu Hause mitgebracht haben. Als Teil des famili\u00e4ren Ethos bei Children First ist dies ein Gemeinschaftserlebnis, bei dem die Kinder lernen, eine Reihe von Fr\u00fcchten zu teilen und zu essen. Die Mittagspause ist Teil unseres Kernlehrplans. Die Kinder helfen beim Eindecken der Tische und lernen, wie Lebensmittel wachsen und wie man mit guten Manieren isst! Praktische \u00dcbungen zur Entwicklung der Hand-Augen-Koordination werden in jede Mahlzeit integriert. Das Mittagessen und die Snacks werden aus hochwertigen Zutaten mit wenigen Zusatzstoffen zubereitet. Allergien und Unvertr\u00e4glichkeiten werden durch eine professionelle Schulung des Personals ber\u00fccksichtigt. Wir sind daf\u00fcr verantwortlich, K\u00f6rper und Geist zu n\u00e4hren!       <\/p>\n<p><em>&#8222;Das Essen ist super gesund und wird vor Ort gekocht. Meine Freunde sind beeindruckt, wenn ich ihnen die Men\u00fcs zeige und sie sehen, was mein Kind isst. Ich liebe die Quinoa-, Bulgar- und Getreidealternativen, anstatt nur Nudeln zu servieren und dass es keine Pommes, Schnitzel und S\u00fc\u00dfigkeiten gibt!&#8220;<\/em><br \/>Aniko, Mutter von Anni<\/p>\n\t\t\t\t\t\t\t\t<\/div>\n\t\t\t\t<\/div>\n\t\t<div class=\"elementor-element elementor-element-ade3e3b e-flex e-con-boxed e-con e-child\" data-id=\"ade3e3b\" data-element_type=\"container\" data-e-type=\"container\">\n\t\t\t\t\t<div class=\"e-con-inner\">\n\t\t<div class=\"elementor-element elementor-element-68ef581 e-con-full e-flex e-con e-child\" data-id=\"68ef581\" data-element_type=\"container\" data-e-type=\"container\">\n\t\t\t\t<div class=\"elementor-element elementor-element-d6c1942 elementor-widget elementor-widget-image\" data-id=\"d6c1942\" data-element_type=\"widget\" data-e-type=\"widget\" data-widget_type=\"image.default\">\n\t\t\t\t<div class=\"elementor-widget-container\">\n\t\t\t\t\t\t\t\t\t\t\t\t\t\t\t<img fetchpriority=\"high\" decoding=\"async\" width=\"800\" height=\"600\" src=\"https:\/\/www.childrenfirst.ch\/wp-content\/uploads\/2024\/06\/marcus-wallis-MTeZ5FmCGCU-unsplash-1024x768.jpg\" class=\"attachment-large size-large wp-image-986\" alt=\"\" srcset=\"https:\/\/www.childrenfirst.ch\/wp-content\/uploads\/2024\/06\/marcus-wallis-MTeZ5FmCGCU-unsplash-1024x768.jpg 1024w, https:\/\/www.childrenfirst.ch\/wp-content\/uploads\/2024\/06\/marcus-wallis-MTeZ5FmCGCU-unsplash-300x225.jpg 300w, https:\/\/www.childrenfirst.ch\/wp-content\/uploads\/2024\/06\/marcus-wallis-MTeZ5FmCGCU-unsplash-768x576.jpg 768w, https:\/\/www.childrenfirst.ch\/wp-content\/uploads\/2024\/06\/marcus-wallis-MTeZ5FmCGCU-unsplash-1536x1152.jpg 1536w, https:\/\/www.childrenfirst.ch\/wp-content\/uploads\/2024\/06\/marcus-wallis-MTeZ5FmCGCU-unsplash-2048x1536.jpg 2048w\" sizes=\"(max-width: 800px) 100vw, 800px\" \/>\t\t\t\t\t\t\t\t\t\t\t\t\t\t\t<\/div>\n\t\t\t\t<\/div>\n\t\t\t\t<\/div>\n\t\t\t\t\t<\/div>\n\t\t\t\t<\/div>\n\t\t\t\t<div class=\"elementor-element elementor-element-9042ba5 elementor-widget__width-initial elementor-widget elementor-widget-text-editor\" data-id=\"9042ba5\" data-element_type=\"widget\" data-e-type=\"widget\" data-widget_type=\"text-editor.default\">\n\t\t\t\t<div class=\"elementor-widget-container\">\n\t\t\t\t\t\t\t\t\t<p><strong><i>Ferienbetreuung &amp; Aktivit\u00e4ten<\/i><\/strong><\/p>\n<p>Int quias nusae re pernam,<br \/>id quate magnatus earuptatur ma comnis cum rem as am sim volorem re pe quibeat voluptaqui saerunt issimporum as volorepudae. Hendae <\/p>\n<p>Apid escipis ipiduci andipsam, etus dolectem inis dolorest, nis sunto exeriberesci quodita tectustium aspiden imiliat enihiti ute nulparuptas essere idi num intectem andist harupta qEndandit facessi sumquiatium ea qui volor si omnihitatquo cone nis nonseceat<\/p>\n\t\t\t\t\t\t\t\t<\/div>\n\t\t\t\t<\/div>\n\t\t\t\t<\/div>\n\t\t<div class=\"elementor-element elementor-element-9df979b e-con-full elementor-hidden-mobile e-flex e-con e-child\" data-id=\"9df979b\" data-element_type=\"container\" data-e-type=\"container\">\n\t\t<div class=\"elementor-element elementor-element-fc9a33e e-grid e-con-boxed e-con e-child\" data-id=\"fc9a33e\" data-element_type=\"container\" data-e-type=\"container\">\n\t\t\t\t\t<div class=\"e-con-inner\">\n\t\t<div class=\"elementor-element elementor-element-5aa4487 e-con-full e-flex e-con e-child\" data-id=\"5aa4487\" data-element_type=\"container\" data-e-type=\"container\">\n\t\t\t\t<div class=\"elementor-element elementor-element-cecc82d elementor-widget elementor-widget-image\" data-id=\"cecc82d\" data-element_type=\"widget\" data-e-type=\"widget\" data-widget_type=\"image.default\">\n\t\t\t\t<div class=\"elementor-widget-container\">\n\t\t\t\t\t\t\t\t\t\t\t\t\t\t\t<img decoding=\"async\" width=\"800\" height=\"534\" src=\"https:\/\/www.childrenfirst.ch\/wp-content\/uploads\/2024\/06\/marisa-howenstine-Cq9slNxV8YU-unsplash-1024x683.jpg\" class=\"attachment-large size-large wp-image-1097\" alt=\"\" srcset=\"https:\/\/www.childrenfirst.ch\/wp-content\/uploads\/2024\/06\/marisa-howenstine-Cq9slNxV8YU-unsplash-1024x683.jpg 1024w, https:\/\/www.childrenfirst.ch\/wp-content\/uploads\/2024\/06\/marisa-howenstine-Cq9slNxV8YU-unsplash-300x200.jpg 300w, https:\/\/www.childrenfirst.ch\/wp-content\/uploads\/2024\/06\/marisa-howenstine-Cq9slNxV8YU-unsplash-768x512.jpg 768w, https:\/\/www.childrenfirst.ch\/wp-content\/uploads\/2024\/06\/marisa-howenstine-Cq9slNxV8YU-unsplash-1536x1024.jpg 1536w, https:\/\/www.childrenfirst.ch\/wp-content\/uploads\/2024\/06\/marisa-howenstine-Cq9slNxV8YU-unsplash-2048x1365.jpg 2048w\" sizes=\"(max-width: 800px) 100vw, 800px\" \/>\t\t\t\t\t\t\t\t\t\t\t\t\t\t\t<\/div>\n\t\t\t\t<\/div>\n\t\t\t\t<\/div>\n\t\t\t\t\t<\/div>\n\t\t\t\t<\/div>\n\t\t\t\t<div class=\"elementor-element elementor-element-aaa9607 elementor-widget__width-initial elementor-widget elementor-widget-text-editor\" data-id=\"aaa9607\" data-element_type=\"widget\" data-e-type=\"widget\" data-widget_type=\"text-editor.default\">\n\t\t\t\t<div class=\"elementor-widget-container\">\n\t\t\t\t\t\t\t\t\t<p><strong><i>Kreiszeit<\/i><\/strong><\/p>\n<p>Int quias nusae re pernam, id quate magnatus earuptatur ma comnis cum rem as am sim volorem re pe quibeat voluptaqui saerunt issimporum as volorepudae.<br \/>\nHendae Int quias nusae re pernam, id quate magnatus earuptatur ma comnis cum rem as am sim volorem re pe quibeat voluptaqui saerunt issimporum as volorepudae.<br \/>\nHendae  <\/p>\n<p>Apid escipis ipiduci andipsam, etus dolectem inis dolorest, nis sunto exeriberesci quodita tectustium aspiden imiliat enihiti ute nulparuptas essere idi num intectem andist harupta quis et qui omnis mo tem faccust, quaeperum que que dolupid erita con re laut fuga.<br \/>\nEt faciet exceatur aligendi sime eossum, sunt, quibus, optae dipidus amusantistin rem.<br \/>\nGenis eos inisquis uta doluptate dolores sapictatem nima sunti voluptaturi officictiur alistiis ma duntur, volorepe venihil lorendel maio et aut voluptati dem aut vel is coneturion niam, num suntota doluptatur?  <\/p>\n\t\t\t\t\t\t\t\t<\/div>\n\t\t\t\t<\/div>\n\t\t<div class=\"elementor-element elementor-element-f5fa5b2 e-flex e-con-boxed e-con e-child\" data-id=\"f5fa5b2\" data-element_type=\"container\" data-e-type=\"container\">\n\t\t\t\t\t<div class=\"e-con-inner\">\n\t\t<div class=\"elementor-element elementor-element-64c0467 e-con-full e-flex e-con e-child\" data-id=\"64c0467\" data-element_type=\"container\" data-e-type=\"container\">\n\t\t\t\t<div class=\"elementor-element elementor-element-8b1a703 elementor-widget elementor-widget-image\" data-id=\"8b1a703\" data-element_type=\"widget\" data-e-type=\"widget\" data-widget_type=\"image.default\">\n\t\t\t\t<div class=\"elementor-widget-container\">\n\t\t\t\t\t\t\t\t\t\t\t\t\t\t\t<img fetchpriority=\"high\" decoding=\"async\" width=\"800\" height=\"600\" src=\"https:\/\/www.childrenfirst.ch\/wp-content\/uploads\/2024\/06\/marcus-wallis-MTeZ5FmCGCU-unsplash-1024x768.jpg\" class=\"attachment-large size-large wp-image-986\" alt=\"\" srcset=\"https:\/\/www.childrenfirst.ch\/wp-content\/uploads\/2024\/06\/marcus-wallis-MTeZ5FmCGCU-unsplash-1024x768.jpg 1024w, https:\/\/www.childrenfirst.ch\/wp-content\/uploads\/2024\/06\/marcus-wallis-MTeZ5FmCGCU-unsplash-300x225.jpg 300w, https:\/\/www.childrenfirst.ch\/wp-content\/uploads\/2024\/06\/marcus-wallis-MTeZ5FmCGCU-unsplash-768x576.jpg 768w, https:\/\/www.childrenfirst.ch\/wp-content\/uploads\/2024\/06\/marcus-wallis-MTeZ5FmCGCU-unsplash-1536x1152.jpg 1536w, https:\/\/www.childrenfirst.ch\/wp-content\/uploads\/2024\/06\/marcus-wallis-MTeZ5FmCGCU-unsplash-2048x1536.jpg 2048w\" sizes=\"(max-width: 800px) 100vw, 800px\" \/>\t\t\t\t\t\t\t\t\t\t\t\t\t\t\t<\/div>\n\t\t\t\t<\/div>\n\t\t\t\t<\/div>\n\t\t\t\t\t<\/div>\n\t\t\t\t<\/div>\n\t\t\t\t<div class=\"elementor-element elementor-element-30d75a5 elementor-widget__width-initial elementor-widget elementor-widget-text-editor\" data-id=\"30d75a5\" data-element_type=\"widget\" data-e-type=\"widget\" data-widget_type=\"text-editor.default\">\n\t\t\t\t<div class=\"elementor-widget-container\">\n\t\t\t\t\t\t\t\t\t<p><strong><i>Sprachunterricht<\/i><\/strong><\/p>\n<p>Int quias nusae re pernam, id quate magnatus earuptatur ma comnis cum rem as am sim volorem re pe quibeat voluptaqui saerunt issimporum as volorepudae.<br \/>\nHendae Int quias nusae re pernam, id quate magnatus earuptatur ma comnis cum rem as am sim volorem re pe quibeat voluptaqui saerunt issimporum as volorepudae.<br \/>\nHendae  <\/p>\n<p>Apid escipis ipiduci andipsam, etus dolectem inis dolorest, nis sunto exeriberesci quodita tectustium aspiden imiliat enihiti ute nulparuptas essere idi num intectem andist harupta quis et qui omnis mo tem faccust, quaeperum que que dolupid erita con re laut fuga.<br \/>\nEt faciet exceatur aligendi sime eossum, sunt, quibus, optae dipidus amusantistin rem.<br \/>\nGenis eos inisquis uta doluptate dolores sapictatem nima sunti voluptaturi officictiur alistiis ma duntur, volorepe venihil lorendel maio et aut voluptati dem aut vel is coneturion niam, num suntota doluptatur?  <\/p>\n\t\t\t\t\t\t\t\t<\/div>\n\t\t\t\t<\/div>\n\t\t\t\t<\/div>\n\t\t\t\t<\/div>\n\t\t\t\t<\/div>\n\t\t<div class=\"elementor-element elementor-element-e48162b popup-new  e-con-full e-flex e-con e-child\" data-id=\"e48162b\" data-element_type=\"container\" data-e-type=\"container\" data-settings=\"{&quot;background_background&quot;:&quot;classic&quot;}\">\n\t\t\t\t<div class=\"elementor-element elementor-element-52d2810 elementor-widget__width-initial circle-box circle-box-top-center elementor-widget elementor-widget-heading\" data-id=\"52d2810\" data-element_type=\"widget\" data-e-type=\"widget\" data-widget_type=\"heading.default\">\n\t\t\t\t<div class=\"elementor-widget-container\">\n\t\t\t\t\t<h2 class=\"elementor-heading-title elementor-size-default\">Aktivit\u00e4ten und Spa\u00df<\/h2>\t\t\t\t<\/div>\n\t\t\t\t<\/div>\n\t\t<div class=\"elementor-element elementor-element-0be9677 e-con-full scroll-box e-flex e-con e-child\" data-id=\"0be9677\" data-element_type=\"container\" data-e-type=\"container\">\n\t\t<div class=\"elementor-element elementor-element-7096d05 e-con-full e-flex e-con e-child\" data-id=\"7096d05\" data-element_type=\"container\" data-e-type=\"container\" data-settings=\"{&quot;background_background&quot;:&quot;classic&quot;}\">\n\t\t<div class=\"elementor-element elementor-element-e177373 e-flex e-con-boxed e-con e-child\" data-id=\"e177373\" data-element_type=\"container\" data-e-type=\"container\">\n\t\t\t\t\t<div class=\"e-con-inner\">\n\t\t<div class=\"elementor-element elementor-element-4f9905b e-con-full e-flex e-con e-child\" data-id=\"4f9905b\" data-element_type=\"container\" data-e-type=\"container\">\n\t\t\t\t<div class=\"elementor-element elementor-element-53df29f elementor-widget elementor-widget-image\" data-id=\"53df29f\" data-element_type=\"widget\" data-e-type=\"widget\" data-widget_type=\"image.default\">\n\t\t\t\t<div class=\"elementor-widget-container\">\n\t\t\t\t\t\t\t\t\t\t\t\t\t\t\t<img fetchpriority=\"high\" decoding=\"async\" width=\"800\" height=\"600\" src=\"https:\/\/www.childrenfirst.ch\/wp-content\/uploads\/2024\/06\/marcus-wallis-MTeZ5FmCGCU-unsplash-1024x768.jpg\" class=\"attachment-large size-large wp-image-986\" alt=\"\" srcset=\"https:\/\/www.childrenfirst.ch\/wp-content\/uploads\/2024\/06\/marcus-wallis-MTeZ5FmCGCU-unsplash-1024x768.jpg 1024w, https:\/\/www.childrenfirst.ch\/wp-content\/uploads\/2024\/06\/marcus-wallis-MTeZ5FmCGCU-unsplash-300x225.jpg 300w, https:\/\/www.childrenfirst.ch\/wp-content\/uploads\/2024\/06\/marcus-wallis-MTeZ5FmCGCU-unsplash-768x576.jpg 768w, https:\/\/www.childrenfirst.ch\/wp-content\/uploads\/2024\/06\/marcus-wallis-MTeZ5FmCGCU-unsplash-1536x1152.jpg 1536w, https:\/\/www.childrenfirst.ch\/wp-content\/uploads\/2024\/06\/marcus-wallis-MTeZ5FmCGCU-unsplash-2048x1536.jpg 2048w\" sizes=\"(max-width: 800px) 100vw, 800px\" \/>\t\t\t\t\t\t\t\t\t\t\t\t\t\t\t<\/div>\n\t\t\t\t<\/div>\n\t\t\t\t<\/div>\n\t\t<div class=\"elementor-element elementor-element-974e7d1 e-con-full relative e-flex e-con e-child\" data-id=\"974e7d1\" data-element_type=\"container\" data-e-type=\"container\">\n\t\t\t\t<div class=\"elementor-element elementor-element-caab8a1 elementor-widget elementor-widget-image\" data-id=\"caab8a1\" data-element_type=\"widget\" data-e-type=\"widget\" data-widget_type=\"image.default\">\n\t\t\t\t<div class=\"elementor-widget-container\">\n\t\t\t\t\t\t\t\t\t\t\t\t\t\t\t<img decoding=\"async\" width=\"683\" height=\"1024\" src=\"https:\/\/www.childrenfirst.ch\/wp-content\/uploads\/2024\/06\/sven-brandsma-Ph6P53hGgrs-unsplash-683x1024.jpg\" class=\"attachment-large size-large wp-image-995\" alt=\"\" srcset=\"https:\/\/www.childrenfirst.ch\/wp-content\/uploads\/2024\/06\/sven-brandsma-Ph6P53hGgrs-unsplash-683x1024.jpg 683w, https:\/\/www.childrenfirst.ch\/wp-content\/uploads\/2024\/06\/sven-brandsma-Ph6P53hGgrs-unsplash-200x300.jpg 200w, https:\/\/www.childrenfirst.ch\/wp-content\/uploads\/2024\/06\/sven-brandsma-Ph6P53hGgrs-unsplash-768x1152.jpg 768w, https:\/\/www.childrenfirst.ch\/wp-content\/uploads\/2024\/06\/sven-brandsma-Ph6P53hGgrs-unsplash-1024x1536.jpg 1024w, https:\/\/www.childrenfirst.ch\/wp-content\/uploads\/2024\/06\/sven-brandsma-Ph6P53hGgrs-unsplash-1365x2048.jpg 1365w, https:\/\/www.childrenfirst.ch\/wp-content\/uploads\/2024\/06\/sven-brandsma-Ph6P53hGgrs-unsplash-scaled.jpg 1707w\" sizes=\"(max-width: 683px) 100vw, 683px\" \/>\t\t\t\t\t\t\t\t\t\t\t\t\t\t\t<\/div>\n\t\t\t\t<\/div>\n\t\t\t\t<div class=\"elementor-element elementor-element-a05e79f elementor-absolute cursor-pointer icon-center elementor-view-default elementor-widget elementor-widget-icon\" data-id=\"a05e79f\" data-element_type=\"widget\" data-e-type=\"widget\" data-settings=\"{&quot;_position&quot;:&quot;absolute&quot;}\" data-widget_type=\"icon.default\">\n\t\t\t\t<div class=\"elementor-widget-container\">\n\t\t\t\t\t\t\t<div class=\"elementor-icon-wrapper\">\n\t\t\t<div class=\"elementor-icon\">\n\t\t\t<svg aria-hidden=\"true\" class=\"e-font-icon-svg e-far-play-circle\" viewBox=\"0 0 512 512\" xmlns=\"http:\/\/www.w3.org\/2000\/svg\"><path d=\"M371.7 238l-176-107c-15.8-8.8-35.7 2.5-35.7 21v208c0 18.4 19.8 29.8 35.7 21l176-101c16.4-9.1 16.4-32.8 0-42zM504 256C504 119 393 8 256 8S8 119 8 256s111 248 248 248 248-111 248-248zm-448 0c0-110.5 89.5-200 200-200s200 89.5 200 200-89.5 200-200 200S56 366.5 56 256z\"><\/path><\/svg>\t\t\t<\/div>\n\t\t<\/div>\n\t\t\t\t\t\t<\/div>\n\t\t\t\t<\/div>\n\t\t\t\t<\/div>\n\t\t\t\t\t<\/div>\n\t\t\t\t<\/div>\n\t\t\t\t<div class=\"elementor-element elementor-element-476bf85 elementor-widget__width-initial elementor-widget elementor-widget-text-editor\" data-id=\"476bf85\" data-element_type=\"widget\" data-e-type=\"widget\" data-widget_type=\"text-editor.default\">\n\t\t\t\t<div class=\"elementor-widget-container\">\n\t\t\t\t\t\t\t\t\t<p><strong>Gestalten Sie Ihr Familienleben<\/strong><\/p>\n<p><span style=\"font-weight: 400;\">Unsere Englisch- und Deutschlehrer bieten seit 2012 einen immersiven Sprachunterricht und unterhaltsame Aktivit\u00e4ten wie einen Waldvormittag an. Eltern von Vorschulkindern k\u00f6nnen All-inclusive-Pakete f\u00fcr drei bis f\u00fcnf Tage pro Woche w\u00e4hlen, die auch Kurse nach der Schule beinhalten &#8211; eine perfekte L\u00f6sung f\u00fcr berufst\u00e4tige Eltern, da wir auch w\u00e4hrend der Schulferien ge\u00f6ffnet sind. Unsere kleinen Lernenden wollen das ganze Jahr \u00fcber den Zauber von Children First erleben!  <\/span><\/p>\n<p><span style=\"font-weight: 400;\">Die Children First-Villa an der Freiestrasse 175 im Seefeld verf\u00fcgt \u00fcber ein Klavierzimmer f\u00fcr den Fachunterricht f\u00fcr Musikinstrumente im Zentrum von Z\u00fcrich. Wir vermieten auch unsere Gemeinschaftsr\u00e4ume an Sprachlehrer und unser privater Spielplatz wird f\u00fcr Fu\u00dfballkurse und Geburtstagsfeiern genutzt. <\/span><\/p>\n<p><strong><i>Wald Morgens<\/i><\/strong><\/p>\n<p><span style=\"font-weight: 400;\">Wir bieten jede Woche einen Waldausflug f\u00fcr Kinder von 3 bis 6 Jahren an. Dieser ganze Vormittag in der Natur ermutigt die Kinder, neugierig auf die Welt um sie herum zu sein und sie entwickeln eine Wertsch\u00e4tzung f\u00fcr die freie Bewegung. Sie erleben die Sch\u00f6nheit der freien Natur und entwickeln gleichzeitig ihre k\u00f6rperliche Ausdauer. Die Kindergarten- und Vorschulkinder gehen zum Witikoner Elefanten Bach, dem Wald-Tipi, und auf die nahe gelegene Dolder-Zahnradbahn, um in einer alternativen, weniger strukturierten Umgebung zu lernen. Diese regelm\u00e4\u00dfigen Ausfl\u00fcge in den Wald legen den Grundstein daf\u00fcr, dass sie die Natur zu sch\u00e4tzen wissen. Lange Spazierg\u00e4nge, das Finden praktischer L\u00f6sungen und das \u00dcberwinden von Hindernissen sind Teil des Programms im Wald. Seien Sie bereit, Ihre Kinder erforschen, Werkzeuge benutzen und sich schmutzig machen zu lassen!      <\/span><\/p>\n\t\t\t\t\t\t\t\t<\/div>\n\t\t\t\t<\/div>\n\t\t<div class=\"elementor-element elementor-element-75e7992 e-flex e-con-boxed e-con e-child\" data-id=\"75e7992\" data-element_type=\"container\" data-e-type=\"container\">\n\t\t\t\t\t<div class=\"e-con-inner\">\n\t\t<div class=\"elementor-element elementor-element-f990179 e-con-full e-flex e-con e-child\" data-id=\"f990179\" data-element_type=\"container\" data-e-type=\"container\">\n\t\t\t\t<div class=\"elementor-element elementor-element-3304637 elementor-widget elementor-widget-image\" data-id=\"3304637\" data-element_type=\"widget\" data-e-type=\"widget\" data-widget_type=\"image.default\">\n\t\t\t\t<div class=\"elementor-widget-container\">\n\t\t\t\t\t\t\t\t\t\t\t\t\t\t\t<img fetchpriority=\"high\" decoding=\"async\" width=\"800\" height=\"600\" src=\"https:\/\/www.childrenfirst.ch\/wp-content\/uploads\/2024\/06\/marcus-wallis-MTeZ5FmCGCU-unsplash-1024x768.jpg\" class=\"attachment-large size-large wp-image-986\" alt=\"\" srcset=\"https:\/\/www.childrenfirst.ch\/wp-content\/uploads\/2024\/06\/marcus-wallis-MTeZ5FmCGCU-unsplash-1024x768.jpg 1024w, https:\/\/www.childrenfirst.ch\/wp-content\/uploads\/2024\/06\/marcus-wallis-MTeZ5FmCGCU-unsplash-300x225.jpg 300w, https:\/\/www.childrenfirst.ch\/wp-content\/uploads\/2024\/06\/marcus-wallis-MTeZ5FmCGCU-unsplash-768x576.jpg 768w, https:\/\/www.childrenfirst.ch\/wp-content\/uploads\/2024\/06\/marcus-wallis-MTeZ5FmCGCU-unsplash-1536x1152.jpg 1536w, https:\/\/www.childrenfirst.ch\/wp-content\/uploads\/2024\/06\/marcus-wallis-MTeZ5FmCGCU-unsplash-2048x1536.jpg 2048w\" sizes=\"(max-width: 800px) 100vw, 800px\" \/>\t\t\t\t\t\t\t\t\t\t\t\t\t\t\t<\/div>\n\t\t\t\t<\/div>\n\t\t\t\t<\/div>\n\t\t\t\t\t<\/div>\n\t\t\t\t<\/div>\n\t\t\t\t<div class=\"elementor-element elementor-element-d536f23 elementor-widget__width-initial elementor-widget elementor-widget-text-editor\" data-id=\"d536f23\" data-element_type=\"widget\" data-e-type=\"widget\" data-widget_type=\"text-editor.default\">\n\t\t\t\t<div class=\"elementor-widget-container\">\n\t\t\t\t\t\t\t\t\t<p><strong><i>Ferienbetreuung &amp; Aktivit\u00e4ten<\/i><\/strong><\/p>\n<p><span style=\"font-weight: 400;\">In den Schulferien bieten wir mundgerechte Bildungsprogramme und Ausfl\u00fcge mit lustigen Gruppenaktivit\u00e4ten und Thementagen an. Zu den Gastlehrern geh\u00f6ren K\u00fcnstler, ein Architekt und Sprachlehrer aus der ganzen Welt. Die Kinder erleben ein l\u00e4ngeres Eintauchen in ein spezielles Projekt, das Selbstbewusstsein und Neuartigkeit in einer sicheren und vertrauten Umgebung vermittelt.  <\/span><\/p>\n<p><span style=\"font-weight: 400;\">Nach der Schule konzentrieren wir uns auf das spielerische Lernen in kleinen Gruppen und Spezialkurse wie Musik, Fu\u00dfball, Theater, Franz\u00f6sisch, Chinesisch und Backen. Klavierlehrer bieten Einzelunterricht an. Die Kinder k\u00f6nnen auch wieder nach drau\u00dfen gehen und bei sch\u00f6nem Wetter eine zweite Spielzeit auf unserem privaten, speziell angelegten Spielplatz und Garten in der Freiestrasse 175 genie\u00dfen.  <\/span><\/p>\n\t\t\t\t\t\t\t\t<\/div>\n\t\t\t\t<\/div>\n\t\t\t\t<\/div>\n\t\t<div class=\"elementor-element elementor-element-6c1eaf1 e-con-full elementor-hidden-mobile e-flex e-con e-child\" data-id=\"6c1eaf1\" data-element_type=\"container\" data-e-type=\"container\">\n\t\t<div class=\"elementor-element elementor-element-6d6e93a e-grid e-con-boxed e-con e-child\" data-id=\"6d6e93a\" data-element_type=\"container\" data-e-type=\"container\">\n\t\t\t\t\t<div class=\"e-con-inner\">\n\t\t<div class=\"elementor-element elementor-element-7c9ab6f e-con-full e-flex e-con e-child\" data-id=\"7c9ab6f\" data-element_type=\"container\" data-e-type=\"container\">\n\t\t\t\t<div class=\"elementor-element elementor-element-1c1c8e1 elementor-widget elementor-widget-image\" data-id=\"1c1c8e1\" data-element_type=\"widget\" data-e-type=\"widget\" data-widget_type=\"image.default\">\n\t\t\t\t<div class=\"elementor-widget-container\">\n\t\t\t\t\t\t\t\t\t\t\t\t\t\t\t<img decoding=\"async\" width=\"800\" height=\"534\" src=\"https:\/\/www.childrenfirst.ch\/wp-content\/uploads\/2024\/06\/marisa-howenstine-Cq9slNxV8YU-unsplash-1024x683.jpg\" class=\"attachment-large size-large wp-image-1097\" alt=\"\" srcset=\"https:\/\/www.childrenfirst.ch\/wp-content\/uploads\/2024\/06\/marisa-howenstine-Cq9slNxV8YU-unsplash-1024x683.jpg 1024w, https:\/\/www.childrenfirst.ch\/wp-content\/uploads\/2024\/06\/marisa-howenstine-Cq9slNxV8YU-unsplash-300x200.jpg 300w, https:\/\/www.childrenfirst.ch\/wp-content\/uploads\/2024\/06\/marisa-howenstine-Cq9slNxV8YU-unsplash-768x512.jpg 768w, https:\/\/www.childrenfirst.ch\/wp-content\/uploads\/2024\/06\/marisa-howenstine-Cq9slNxV8YU-unsplash-1536x1024.jpg 1536w, https:\/\/www.childrenfirst.ch\/wp-content\/uploads\/2024\/06\/marisa-howenstine-Cq9slNxV8YU-unsplash-2048x1365.jpg 2048w\" sizes=\"(max-width: 800px) 100vw, 800px\" \/>\t\t\t\t\t\t\t\t\t\t\t\t\t\t\t<\/div>\n\t\t\t\t<\/div>\n\t\t\t\t<\/div>\n\t\t\t\t\t<\/div>\n\t\t\t\t<\/div>\n\t\t\t\t<div class=\"elementor-element elementor-element-f722d92 elementor-widget__width-initial elementor-widget elementor-widget-text-editor\" data-id=\"f722d92\" data-element_type=\"widget\" data-e-type=\"widget\" data-widget_type=\"text-editor.default\">\n\t\t\t\t<div class=\"elementor-widget-container\">\n\t\t\t\t\t\t\t\t\t<p><strong>Ferienbetreuung &amp; Aktivit\u00e4ten<\/strong><\/p>\n<p><span style=\"font-weight: 400;\">In den Schulferien bieten wir mundgerechte Bildungsprogramme und Ausfl\u00fcge mit lustigen Gruppenaktivit\u00e4ten und Thementagen an. Zu den Gastlehrern geh\u00f6ren K\u00fcnstler, ein Architekt und Sprachlehrer aus der ganzen Welt. Die Kinder erleben ein l\u00e4ngeres Eintauchen in ein spezielles Projekt, das Selbstbewusstsein und Neuartigkeit in einer sicheren und vertrauten Umgebung vermittelt.  <\/span><\/p>\n<\/p>\n<p><span style=\"font-weight: 400;\">Nach der Schule konzentrieren wir uns auf das spielerische Lernen in kleinen Gruppen und Spezialkurse wie Musik, Fu\u00dfball, Theater, Franz\u00f6sisch, Chinesisch und Backen. Klavierlehrer bieten Einzelunterricht an. Die Kinder k\u00f6nnen auch wieder nach drau\u00dfen gehen und bei sch\u00f6nem Wetter eine zweite Spielzeit auf unserem privaten, speziell angelegten Spielplatz und Garten in der Freiestrasse 175 genie\u00dfen.  <\/span><\/p>\n\t\t\t\t\t\t\t\t<\/div>\n\t\t\t\t<\/div>\n\t\t<div class=\"elementor-element elementor-element-e9b2ee0 e-flex e-con-boxed e-con e-child\" data-id=\"e9b2ee0\" data-element_type=\"container\" data-e-type=\"container\">\n\t\t\t\t\t<div class=\"e-con-inner\">\n\t\t<div class=\"elementor-element elementor-element-5acf6e8 e-con-full e-flex e-con e-child\" data-id=\"5acf6e8\" data-element_type=\"container\" data-e-type=\"container\">\n\t\t\t\t<div class=\"elementor-element elementor-element-57e6e7c elementor-widget elementor-widget-image\" data-id=\"57e6e7c\" data-element_type=\"widget\" data-e-type=\"widget\" data-widget_type=\"image.default\">\n\t\t\t\t<div class=\"elementor-widget-container\">\n\t\t\t\t\t\t\t\t\t\t\t\t\t\t\t<img fetchpriority=\"high\" decoding=\"async\" width=\"800\" height=\"600\" src=\"https:\/\/www.childrenfirst.ch\/wp-content\/uploads\/2024\/06\/marcus-wallis-MTeZ5FmCGCU-unsplash-1024x768.jpg\" class=\"attachment-large size-large wp-image-986\" alt=\"\" srcset=\"https:\/\/www.childrenfirst.ch\/wp-content\/uploads\/2024\/06\/marcus-wallis-MTeZ5FmCGCU-unsplash-1024x768.jpg 1024w, https:\/\/www.childrenfirst.ch\/wp-content\/uploads\/2024\/06\/marcus-wallis-MTeZ5FmCGCU-unsplash-300x225.jpg 300w, https:\/\/www.childrenfirst.ch\/wp-content\/uploads\/2024\/06\/marcus-wallis-MTeZ5FmCGCU-unsplash-768x576.jpg 768w, https:\/\/www.childrenfirst.ch\/wp-content\/uploads\/2024\/06\/marcus-wallis-MTeZ5FmCGCU-unsplash-1536x1152.jpg 1536w, https:\/\/www.childrenfirst.ch\/wp-content\/uploads\/2024\/06\/marcus-wallis-MTeZ5FmCGCU-unsplash-2048x1536.jpg 2048w\" sizes=\"(max-width: 800px) 100vw, 800px\" \/>\t\t\t\t\t\t\t\t\t\t\t\t\t\t\t<\/div>\n\t\t\t\t<\/div>\n\t\t\t\t<\/div>\n\t\t<div class=\"elementor-element elementor-element-99188b2 e-con-full relative e-flex e-con e-child\" data-id=\"99188b2\" data-element_type=\"container\" data-e-type=\"container\">\n\t\t\t\t<div class=\"elementor-element elementor-element-a08fced elementor-widget elementor-widget-image\" data-id=\"a08fced\" data-element_type=\"widget\" data-e-type=\"widget\" data-widget_type=\"image.default\">\n\t\t\t\t<div class=\"elementor-widget-container\">\n\t\t\t\t\t\t\t\t\t\t\t\t\t\t\t<img decoding=\"async\" width=\"683\" height=\"1024\" src=\"https:\/\/www.childrenfirst.ch\/wp-content\/uploads\/2024\/06\/sven-brandsma-Ph6P53hGgrs-unsplash-683x1024.jpg\" class=\"attachment-large size-large wp-image-995\" alt=\"\" srcset=\"https:\/\/www.childrenfirst.ch\/wp-content\/uploads\/2024\/06\/sven-brandsma-Ph6P53hGgrs-unsplash-683x1024.jpg 683w, https:\/\/www.childrenfirst.ch\/wp-content\/uploads\/2024\/06\/sven-brandsma-Ph6P53hGgrs-unsplash-200x300.jpg 200w, https:\/\/www.childrenfirst.ch\/wp-content\/uploads\/2024\/06\/sven-brandsma-Ph6P53hGgrs-unsplash-768x1152.jpg 768w, https:\/\/www.childrenfirst.ch\/wp-content\/uploads\/2024\/06\/sven-brandsma-Ph6P53hGgrs-unsplash-1024x1536.jpg 1024w, https:\/\/www.childrenfirst.ch\/wp-content\/uploads\/2024\/06\/sven-brandsma-Ph6P53hGgrs-unsplash-1365x2048.jpg 1365w, https:\/\/www.childrenfirst.ch\/wp-content\/uploads\/2024\/06\/sven-brandsma-Ph6P53hGgrs-unsplash-scaled.jpg 1707w\" sizes=\"(max-width: 683px) 100vw, 683px\" \/>\t\t\t\t\t\t\t\t\t\t\t\t\t\t\t<\/div>\n\t\t\t\t<\/div>\n\t\t\t\t<div class=\"elementor-element elementor-element-7811248 elementor-absolute cursor-pointer icon-center elementor-view-default elementor-widget elementor-widget-icon\" data-id=\"7811248\" data-element_type=\"widget\" data-e-type=\"widget\" data-settings=\"{&quot;_position&quot;:&quot;absolute&quot;}\" data-widget_type=\"icon.default\">\n\t\t\t\t<div class=\"elementor-widget-container\">\n\t\t\t\t\t\t\t<div class=\"elementor-icon-wrapper\">\n\t\t\t<div class=\"elementor-icon\">\n\t\t\t<svg aria-hidden=\"true\" class=\"e-font-icon-svg e-far-play-circle\" viewBox=\"0 0 512 512\" xmlns=\"http:\/\/www.w3.org\/2000\/svg\"><path d=\"M371.7 238l-176-107c-15.8-8.8-35.7 2.5-35.7 21v208c0 18.4 19.8 29.8 35.7 21l176-101c16.4-9.1 16.4-32.8 0-42zM504 256C504 119 393 8 256 8S8 119 8 256s111 248 248 248 248-111 248-248zm-448 0c0-110.5 89.5-200 200-200s200 89.5 200 200-89.5 200-200 200S56 366.5 56 256z\"><\/path><\/svg>\t\t\t<\/div>\n\t\t<\/div>\n\t\t\t\t\t\t<\/div>\n\t\t\t\t<\/div>\n\t\t\t\t<\/div>\n\t\t\t\t\t<\/div>\n\t\t\t\t<\/div>\n\t\t\t\t<div class=\"elementor-element elementor-element-3a8699c elementor-widget__width-initial elementor-widget elementor-widget-text-editor\" data-id=\"3a8699c\" data-element_type=\"widget\" data-e-type=\"widget\" data-widget_type=\"text-editor.default\">\n\t\t\t\t<div class=\"elementor-widget-container\">\n\t\t\t\t\t\t\t\t\t<p><span style=\"font-weight: 400;\">Children First bietet alles unter einem Dach, einschlie\u00dflich Schulferienbetreuung, Nachhilfeunterricht wie Yoga, Tanz, Sprache und individuelle Nachhilfe.<\/span><\/p>\n<\/p>\n<p><span style=\"font-weight: 400;\">Kommende Termine der Fun Week:  <\/span><\/p>\n<ul>\n<li><span style=\"font-weight: 400;\">10. &#8211; 21. Februar 2025<\/span><\/li>\n<li><span style=\"font-weight: 400;\">22. April &#8211; 2. Mai 2025<\/span><\/li>\n<li><span style=\"font-weight: 400;\">14. &#8211; 25. Juli 2025<\/span><\/li>\n<\/ul>\n<p>Schreiben Sie uns an <strong>contact(at)childrenfirst.ch<\/strong> f\u00fcr weitere Informationen.<\/p>\n\t\t\t\t\t\t\t\t<\/div>\n\t\t\t\t<\/div>\n\t\t\t\t<\/div>\n\t\t\t\t<\/div>\n\t\t\t\t<\/div>\n\t\t<div class=\"elementor-element elementor-element-badc6df e-con-full video-popup e-flex e-con e-child\" data-id=\"badc6df\" data-element_type=\"container\" data-e-type=\"container\" data-settings=\"{&quot;background_background&quot;:&quot;classic&quot;}\">\n\t\t<div class=\"elementor-element elementor-element-b1835a6 e-con-full e-flex e-con e-child\" data-id=\"b1835a6\" data-element_type=\"container\" data-e-type=\"container\" data-settings=\"{&quot;background_background&quot;:&quot;classic&quot;}\">\n\t\t\t\t<div class=\"elementor-element elementor-element-6da802c elementor-widget elementor-widget-video\" data-id=\"6da802c\" data-element_type=\"widget\" data-e-type=\"widget\" data-settings=\"{&quot;youtube_url&quot;:&quot;https:\\\/\\\/www.youtube.com\\\/watch?v=XHOmBV4js_E&quot;,&quot;video_type&quot;:&quot;youtube&quot;,&quot;controls&quot;:&quot;yes&quot;}\" data-widget_type=\"video.default\">\n\t\t\t\t<div class=\"elementor-widget-container\">\n\t\t\t\t\t\t\t<div class=\"elementor-wrapper elementor-open-inline\">\n\t\t\t<div class=\"elementor-video\"><\/div>\t\t<\/div>\n\t\t\t\t\t\t<\/div>\n\t\t\t\t<\/div>\n\t\t\t\t<\/div>\n\t\t\t\t<\/div>\n\t\t<div class=\"elementor-element elementor-element-f1db405 e-con-full video-popup e-flex e-con e-child\" data-id=\"f1db405\" data-element_type=\"container\" data-e-type=\"container\" data-settings=\"{&quot;background_background&quot;:&quot;classic&quot;}\">\n\t\t<div class=\"elementor-element elementor-element-bccf464 e-con-full e-flex e-con e-child\" data-id=\"bccf464\" data-element_type=\"container\" data-e-type=\"container\" data-settings=\"{&quot;background_background&quot;:&quot;classic&quot;}\">\n\t\t\t\t<div class=\"elementor-element elementor-element-9545dbb elementor-widget elementor-widget-video\" data-id=\"9545dbb\" data-element_type=\"widget\" data-e-type=\"widget\" data-settings=\"{&quot;youtube_url&quot;:&quot;https:\\\/\\\/www.youtube.com\\\/watch?v=XHOmBV4js_E&quot;,&quot;video_type&quot;:&quot;youtube&quot;,&quot;controls&quot;:&quot;yes&quot;}\" data-widget_type=\"video.default\">\n\t\t\t\t<div class=\"elementor-widget-container\">\n\t\t\t\t\t\t\t<div class=\"elementor-wrapper elementor-open-inline\">\n\t\t\t<div class=\"elementor-video\"><\/div>\t\t<\/div>\n\t\t\t\t\t\t<\/div>\n\t\t\t\t<\/div>\n\t\t\t\t<\/div>\n\t\t\t\t<\/div>\n\t\t<div class=\"elementor-element elementor-element-cd7b07c popup-new e-con-full e-flex e-con e-child\" data-id=\"cd7b07c\" data-element_type=\"container\" data-e-type=\"container\" data-settings=\"{&quot;background_background&quot;:&quot;classic&quot;}\">\n\t\t\t\t<div class=\"elementor-element elementor-element-4949302 elementor-widget__width-initial circle-box circle-box-top-center elementor-widget elementor-widget-heading\" data-id=\"4949302\" data-element_type=\"widget\" data-e-type=\"widget\" data-widget_type=\"heading.default\">\n\t\t\t\t<div class=\"elementor-widget-container\">\n\t\t\t\t\t<h2 class=\"elementor-heading-title elementor-size-default\">Bildung<\/h2>\t\t\t\t<\/div>\n\t\t\t\t<\/div>\n\t\t<div class=\"elementor-element elementor-element-2d78a55 e-con-full scroll-box e-flex e-con e-child\" data-id=\"2d78a55\" data-element_type=\"container\" data-e-type=\"container\">\n\t\t<div class=\"elementor-element elementor-element-9ca83bf e-con-full e-flex e-con e-child\" data-id=\"9ca83bf\" data-element_type=\"container\" data-e-type=\"container\" data-settings=\"{&quot;background_background&quot;:&quot;classic&quot;}\">\n\t\t<div class=\"elementor-element elementor-element-b55a960 e-flex e-con-boxed e-con e-child\" data-id=\"b55a960\" data-element_type=\"container\" data-e-type=\"container\">\n\t\t\t\t\t<div class=\"e-con-inner\">\n\t\t<div class=\"elementor-element elementor-element-215fac1 e-con-full e-flex e-con e-child\" data-id=\"215fac1\" data-element_type=\"container\" data-e-type=\"container\">\n\t\t\t\t<div class=\"elementor-element elementor-element-a42b046 elementor-widget elementor-widget-image\" data-id=\"a42b046\" data-element_type=\"widget\" data-e-type=\"widget\" data-widget_type=\"image.default\">\n\t\t\t\t<div class=\"elementor-widget-container\">\n\t\t\t\t\t\t\t\t\t\t\t\t\t\t\t<img fetchpriority=\"high\" decoding=\"async\" width=\"800\" height=\"600\" src=\"https:\/\/www.childrenfirst.ch\/wp-content\/uploads\/2024\/06\/marcus-wallis-MTeZ5FmCGCU-unsplash-1024x768.jpg\" class=\"attachment-large size-large wp-image-986\" alt=\"\" srcset=\"https:\/\/www.childrenfirst.ch\/wp-content\/uploads\/2024\/06\/marcus-wallis-MTeZ5FmCGCU-unsplash-1024x768.jpg 1024w, https:\/\/www.childrenfirst.ch\/wp-content\/uploads\/2024\/06\/marcus-wallis-MTeZ5FmCGCU-unsplash-300x225.jpg 300w, https:\/\/www.childrenfirst.ch\/wp-content\/uploads\/2024\/06\/marcus-wallis-MTeZ5FmCGCU-unsplash-768x576.jpg 768w, https:\/\/www.childrenfirst.ch\/wp-content\/uploads\/2024\/06\/marcus-wallis-MTeZ5FmCGCU-unsplash-1536x1152.jpg 1536w, https:\/\/www.childrenfirst.ch\/wp-content\/uploads\/2024\/06\/marcus-wallis-MTeZ5FmCGCU-unsplash-2048x1536.jpg 2048w\" sizes=\"(max-width: 800px) 100vw, 800px\" \/>\t\t\t\t\t\t\t\t\t\t\t\t\t\t\t<\/div>\n\t\t\t\t<\/div>\n\t\t\t\t<\/div>\n\t\t\t\t\t<\/div>\n\t\t\t\t<\/div>\n\t\t\t\t<div class=\"elementor-element elementor-element-5aa6d3b elementor-widget__width-initial elementor-widget elementor-widget-text-editor\" data-id=\"5aa6d3b\" data-element_type=\"widget\" data-e-type=\"widget\" data-widget_type=\"text-editor.default\">\n\t\t\t\t<div class=\"elementor-widget-container\">\n\t\t\t\t\t\t\t\t\t<p><b>Ein kuratierter Lehrplan.<\/b><\/p>\n<p><span style=\"font-weight: 400;\">Die Children First-Methode basiert auf jahrzehntelangen bew\u00e4hrten Verfahren und wird von unseren Lehrern in Einzel- und Gruppenstunden unter Einbeziehung der britischen und Montessori<\/span><span style=\"font-weight: 400;\"> Traditionen. <\/span> <span style=\"font-weight: 400;\">Wir verf\u00fcgen \u00fcber umfangreiche Erfahrung im Unterrichten von ein- und zweisprachigen Kindern. Unser <\/span><span style=\"font-weight: 400;\">  J\u00e4hrliche Lernthemen sorgen daf\u00fcr, dass die Kinder nicht nur einen speziellen Wortschatz entwickeln, sondern auch ein breites Spektrum an Interessen und F\u00e4higkeiten.  <\/span><\/p>\n<p style=\"padding-left: 40px;\"><b>Tagesbetreuung ist wichtig<\/b><span style=\"font-weight: 400;\">: Das kindliche Gehirn ist im Alter von 1 bis 6 Jahren besonders aufnahmef\u00e4hig f\u00fcr bestimmte Arten des Lernens. In einer unterst\u00fctzenden Umgebung wird diese Zeit zu einer   <\/span><b>Goldenes Zeitalter der Absorption<\/b><span style=\"font-weight: 400;\">. It is characterized by a remarkable ability to acquire information and new skills. These years concentrate most, if not all, the    <\/span><b>&#8218;Sensible Perioden&#8216;<\/b> <span style=\"font-weight: 400;\">von Maria Montessori beschrieben: Perioden, in denen kleine Kinder eine erh\u00f6hte Sensibilit\u00e4t und einen intensiven Drang zum Lernen haben, was zu einer bedeutenden kognitiven sowie emotionalen und sozialen Entwicklung f\u00fchrt.<\/span><\/p>\n\t\t\t\t\t\t\t\t<\/div>\n\t\t\t\t<\/div>\n\t\t<div class=\"elementor-element elementor-element-e5881c3 e-flex e-con-boxed e-con e-child\" data-id=\"e5881c3\" data-element_type=\"container\" data-e-type=\"container\">\n\t\t\t\t\t<div class=\"e-con-inner\">\n\t\t<div class=\"elementor-element elementor-element-6d04d7a e-con-full e-flex e-con e-child\" data-id=\"6d04d7a\" data-element_type=\"container\" data-e-type=\"container\">\n\t\t\t\t<div class=\"elementor-element elementor-element-636c15d elementor-widget elementor-widget-image\" data-id=\"636c15d\" data-element_type=\"widget\" data-e-type=\"widget\" data-widget_type=\"image.default\">\n\t\t\t\t<div class=\"elementor-widget-container\">\n\t\t\t\t\t\t\t\t\t\t\t\t\t\t\t<img fetchpriority=\"high\" decoding=\"async\" width=\"800\" height=\"600\" src=\"https:\/\/www.childrenfirst.ch\/wp-content\/uploads\/2024\/06\/marcus-wallis-MTeZ5FmCGCU-unsplash-1024x768.jpg\" class=\"attachment-large size-large wp-image-986\" alt=\"\" srcset=\"https:\/\/www.childrenfirst.ch\/wp-content\/uploads\/2024\/06\/marcus-wallis-MTeZ5FmCGCU-unsplash-1024x768.jpg 1024w, https:\/\/www.childrenfirst.ch\/wp-content\/uploads\/2024\/06\/marcus-wallis-MTeZ5FmCGCU-unsplash-300x225.jpg 300w, https:\/\/www.childrenfirst.ch\/wp-content\/uploads\/2024\/06\/marcus-wallis-MTeZ5FmCGCU-unsplash-768x576.jpg 768w, https:\/\/www.childrenfirst.ch\/wp-content\/uploads\/2024\/06\/marcus-wallis-MTeZ5FmCGCU-unsplash-1536x1152.jpg 1536w, https:\/\/www.childrenfirst.ch\/wp-content\/uploads\/2024\/06\/marcus-wallis-MTeZ5FmCGCU-unsplash-2048x1536.jpg 2048w\" sizes=\"(max-width: 800px) 100vw, 800px\" \/>\t\t\t\t\t\t\t\t\t\t\t\t\t\t\t<\/div>\n\t\t\t\t<\/div>\n\t\t\t\t<\/div>\n\t\t\t\t\t<\/div>\n\t\t\t\t<\/div>\n\t\t\t\t<div class=\"elementor-element elementor-element-d4a40db elementor-widget__width-initial elementor-widget elementor-widget-text-editor\" data-id=\"d4a40db\" data-element_type=\"widget\" data-e-type=\"widget\" data-widget_type=\"text-editor.default\">\n\t\t\t\t<div class=\"elementor-widget-container\">\n\t\t\t\t\t\t\t\t\t<p><b>Kindergarten<\/b><span style=\"font-weight: 400;\">  Bei Children First legen Hochdeutsch und muttersprachliches Englisch wichtige Grundlagen f\u00fcr das Lernen des Denkens. Wir verbinden das Lernen von 3 bis 6 Jahren wie ein Montessori-Kindergarten. Unsere spezialisierten Kurse werden in kleinen Gruppen mit individueller Betreuung durchgef\u00fchrt, um Lesen, Schreiben und grundlegende Mathematik zu lernen. Das Schlie\u00dfen von Freundschaften und die Betonung sozialer F\u00e4higkeiten sind Bestandteil des Schweizer Lehrplans.   <\/span><\/p>\n\t\t\t\t\t\t\t\t<\/div>\n\t\t\t\t<\/div>\n\t\t\t\t<\/div>\n\t\t<div class=\"elementor-element elementor-element-a620fc2 e-con-full elementor-hidden-mobile e-flex e-con e-child\" data-id=\"a620fc2\" data-element_type=\"container\" data-e-type=\"container\">\n\t\t<div class=\"elementor-element elementor-element-c7e41f6 e-grid e-con-boxed e-con e-child\" data-id=\"c7e41f6\" data-element_type=\"container\" data-e-type=\"container\">\n\t\t\t\t\t<div class=\"e-con-inner\">\n\t\t<div class=\"elementor-element elementor-element-09d99ed e-con-full e-flex e-con e-child\" data-id=\"09d99ed\" data-element_type=\"container\" data-e-type=\"container\">\n\t\t\t\t<div class=\"elementor-element elementor-element-d12ea63 elementor-widget elementor-widget-image\" data-id=\"d12ea63\" data-element_type=\"widget\" data-e-type=\"widget\" data-widget_type=\"image.default\">\n\t\t\t\t<div class=\"elementor-widget-container\">\n\t\t\t\t\t\t\t\t\t\t\t\t\t\t\t<img decoding=\"async\" width=\"800\" height=\"534\" src=\"https:\/\/www.childrenfirst.ch\/wp-content\/uploads\/2024\/06\/marisa-howenstine-Cq9slNxV8YU-unsplash-1024x683.jpg\" class=\"attachment-large size-large wp-image-1097\" alt=\"\" srcset=\"https:\/\/www.childrenfirst.ch\/wp-content\/uploads\/2024\/06\/marisa-howenstine-Cq9slNxV8YU-unsplash-1024x683.jpg 1024w, https:\/\/www.childrenfirst.ch\/wp-content\/uploads\/2024\/06\/marisa-howenstine-Cq9slNxV8YU-unsplash-300x200.jpg 300w, https:\/\/www.childrenfirst.ch\/wp-content\/uploads\/2024\/06\/marisa-howenstine-Cq9slNxV8YU-unsplash-768x512.jpg 768w, https:\/\/www.childrenfirst.ch\/wp-content\/uploads\/2024\/06\/marisa-howenstine-Cq9slNxV8YU-unsplash-1536x1024.jpg 1536w, https:\/\/www.childrenfirst.ch\/wp-content\/uploads\/2024\/06\/marisa-howenstine-Cq9slNxV8YU-unsplash-2048x1365.jpg 2048w\" sizes=\"(max-width: 800px) 100vw, 800px\" \/>\t\t\t\t\t\t\t\t\t\t\t\t\t\t\t<\/div>\n\t\t\t\t<\/div>\n\t\t\t\t<\/div>\n\t\t\t\t\t<\/div>\n\t\t\t\t<\/div>\n\t\t\t\t<div class=\"elementor-element elementor-element-3d26a5c elementor-widget__width-initial elementor-widget elementor-widget-text-editor\" data-id=\"3d26a5c\" data-element_type=\"widget\" data-e-type=\"widget\" data-widget_type=\"text-editor.default\">\n\t\t\t\t<div class=\"elementor-widget-container\">\n\t\t\t\t\t\t\t\t\t<p><b>Die erste Schule Ihres Kindes <\/b><span style=\"font-weight: 400;\">Aus der Sicht eines Kindes in dem Alter, in dem es in die Schule kommt, ist die Trennung zwischen Lernen und Spielen k\u00fcnstlich und irrelevant f\u00fcr seine Erfahrungen, bei denen es nur um das Lernen geht <\/span><b>durch<\/b><span style=\"font-weight: 400;\">  spielen. Unsere Lehrer wissen, dass gl\u00fcckliche Kinder am besten lernen. <\/span><\/p>\n\t\t\t\t\t\t\t\t<\/div>\n\t\t\t\t<\/div>\n\t\t\t\t<\/div>\n\t\t\t\t<\/div>\n\t\t\t\t<\/div>\n\t\t<div class=\"elementor-element elementor-element-680caf0 e-con-full video-popup e-flex e-con e-child\" data-id=\"680caf0\" data-element_type=\"container\" data-e-type=\"container\" data-settings=\"{&quot;background_background&quot;:&quot;classic&quot;}\">\n\t\t<div class=\"elementor-element elementor-element-da8d8d1 e-con-full e-flex e-con e-child\" data-id=\"da8d8d1\" data-element_type=\"container\" data-e-type=\"container\" data-settings=\"{&quot;background_background&quot;:&quot;classic&quot;}\">\n\t\t\t\t<div class=\"elementor-element elementor-element-2a5ae53 elementor-widget elementor-widget-video\" data-id=\"2a5ae53\" data-element_type=\"widget\" data-e-type=\"widget\" data-settings=\"{&quot;youtube_url&quot;:&quot;https:\\\/\\\/www.youtube.com\\\/watch?v=XHOmBV4js_E&quot;,&quot;video_type&quot;:&quot;youtube&quot;,&quot;controls&quot;:&quot;yes&quot;}\" data-widget_type=\"video.default\">\n\t\t\t\t<div class=\"elementor-widget-container\">\n\t\t\t\t\t\t\t<div class=\"elementor-wrapper elementor-open-inline\">\n\t\t\t<div class=\"elementor-video\"><\/div>\t\t<\/div>\n\t\t\t\t\t\t<\/div>\n\t\t\t\t<\/div>\n\t\t\t\t<\/div>\n\t\t\t\t<\/div>\n\t\t\t\t\t<\/div>\n\t\t\t\t<\/div>\n\t\t\t\t<\/div>\n\t\t","protected":false},"excerpt":{"rendered":"<p>Englischviertelstrasse 42 8032 Z\u00fcrich Standort in Seefeld Seefeld 0-12 Jahre Schwamendingenstrasse 77 8050 Z\u00fcrich Standort in Oerlikon Oerlikon 2-8 Jahre fit4school-Z\u00fcrichberg Mehr Info Stadelhofen 7-19 Jahre Gesunde Gemeinschaft Das Essen ist ein wichtiger Teil des Tages der Kinder bei uns: Unser Essen wird von einer Ern\u00e4hrungsberaterin entwickelt und jeden Tag vor Ort frisch zubereitet. Unsere [&hellip;]<\/p>\n","protected":false},"author":1,"featured_media":0,"parent":0,"menu_order":-14,"comment_status":"closed","ping_status":"closed","template":"","meta":{"_acf_changed":false,"footnotes":""},"class_list":["post-4070","page","type-page","status-publish","hentry"],"acf":[],"yoast_head":"<!-- This site is optimized with the Yoast SEO plugin v28.2 - https:\/\/yoast.com\/product\/yoast-seo-wordpress\/ -->\n<title>Standorte - Children First<\/title>\n<meta name=\"robots\" content=\"index, follow, max-snippet:-1, max-image-preview:large, max-video-preview:-1\" \/>\n<link rel=\"canonical\" href=\"https:\/\/www.childrenfirst.ch\/de\/standorte\/\" \/>\n<meta property=\"og:locale\" content=\"de_DE\" \/>\n<meta property=\"og:type\" content=\"article\" \/>\n<meta property=\"og:title\" content=\"Standorte - Children First\" \/>\n<meta property=\"og:description\" content=\"Englischviertelstrasse 42 8032 Z\u00fcrich Standort in Seefeld Seefeld 0-12 Jahre Schwamendingenstrasse 77 8050 Z\u00fcrich Standort in Oerlikon Oerlikon 2-8 Jahre fit4school-Z\u00fcrichberg Mehr Info Stadelhofen 7-19 Jahre Gesunde Gemeinschaft Das Essen ist ein wichtiger Teil des Tages der Kinder bei uns: Unser Essen wird von einer Ern\u00e4hrungsberaterin entwickelt und jeden Tag vor Ort frisch zubereitet. Unsere [&hellip;]\" \/>\n<meta property=\"og:url\" content=\"https:\/\/www.childrenfirst.ch\/de\/standorte\/\" \/>\n<meta property=\"og:site_name\" content=\"Children First\" \/>\n<meta property=\"article:modified_time\" content=\"2026-08-31T09:33:41+00:00\" \/>\n<meta property=\"og:image\" content=\"https:\/\/www.childrenfirst.ch\/wp-content\/uploads\/2024\/06\/marcus-wallis-MTeZ5FmCGCU-unsplash-scaled.jpg\" \/>\n\t<meta property=\"og:image:width\" content=\"2560\" \/>\n\t<meta property=\"og:image:height\" content=\"1920\" \/>\n\t<meta property=\"og:image:type\" content=\"image\/jpeg\" \/>\n<meta name=\"twitter:card\" content=\"summary_large_image\" \/>\n<meta name=\"twitter:label1\" content=\"Gesch\u00e4tzte Lesezeit\" \/>\n\t<meta name=\"twitter:data1\" content=\"11\u00a0Minuten\" \/>\n<script type=\"application\/ld+json\" class=\"yoast-schema-graph\">{\"@context\":\"https:\\\/\\\/schema.org\",\"@graph\":[{\"@type\":\"WebPage\",\"@id\":\"https:\\\/\\\/www.childrenfirst.ch\\\/de\\\/standorte\\\/\",\"url\":\"https:\\\/\\\/www.childrenfirst.ch\\\/de\\\/standorte\\\/\",\"name\":\"Standorte - Children First\",\"isPartOf\":{\"@id\":\"https:\\\/\\\/www.childrenfirst.ch\\\/de\\\/#website\"},\"primaryImageOfPage\":{\"@id\":\"https:\\\/\\\/www.childrenfirst.ch\\\/de\\\/standorte\\\/#primaryimage\"},\"image\":{\"@id\":\"https:\\\/\\\/www.childrenfirst.ch\\\/de\\\/standorte\\\/#primaryimage\"},\"thumbnailUrl\":\"https:\\\/\\\/www.childrenfirst.ch\\\/wp-content\\\/uploads\\\/2024\\\/06\\\/marcus-wallis-MTeZ5FmCGCU-unsplash-1024x768.jpg\",\"datePublished\":\"2025-01-17T10:54:04+00:00\",\"dateModified\":\"2026-08-31T09:33:41+00:00\",\"breadcrumb\":{\"@id\":\"https:\\\/\\\/www.childrenfirst.ch\\\/de\\\/standorte\\\/#breadcrumb\"},\"inLanguage\":\"de\",\"potentialAction\":[{\"@type\":\"ReadAction\",\"target\":[\"https:\\\/\\\/www.childrenfirst.ch\\\/de\\\/standorte\\\/\"]}]},{\"@type\":\"ImageObject\",\"inLanguage\":\"de\",\"@id\":\"https:\\\/\\\/www.childrenfirst.ch\\\/de\\\/standorte\\\/#primaryimage\",\"url\":\"https:\\\/\\\/www.childrenfirst.ch\\\/wp-content\\\/uploads\\\/2024\\\/06\\\/marcus-wallis-MTeZ5FmCGCU-unsplash-1024x768.jpg\",\"contentUrl\":\"https:\\\/\\\/www.childrenfirst.ch\\\/wp-content\\\/uploads\\\/2024\\\/06\\\/marcus-wallis-MTeZ5FmCGCU-unsplash-1024x768.jpg\"},{\"@type\":\"BreadcrumbList\",\"@id\":\"https:\\\/\\\/www.childrenfirst.ch\\\/de\\\/standorte\\\/#breadcrumb\",\"itemListElement\":[{\"@type\":\"ListItem\",\"position\":1,\"name\":\"Home\",\"item\":\"https:\\\/\\\/www.childrenfirst.ch\\\/de\\\/\"},{\"@type\":\"ListItem\",\"position\":2,\"name\":\"Standorte\"}]},{\"@type\":\"WebSite\",\"@id\":\"https:\\\/\\\/www.childrenfirst.ch\\\/de\\\/#website\",\"url\":\"https:\\\/\\\/www.childrenfirst.ch\\\/de\\\/\",\"name\":\"Children First\",\"description\":\"International daycare, preschool and kindergarten\",\"publisher\":{\"@id\":\"https:\\\/\\\/www.childrenfirst.ch\\\/de\\\/#organization\"},\"potentialAction\":[{\"@type\":\"SearchAction\",\"target\":{\"@type\":\"EntryPoint\",\"urlTemplate\":\"https:\\\/\\\/www.childrenfirst.ch\\\/de\\\/?s={search_term_string}\"},\"query-input\":{\"@type\":\"PropertyValueSpecification\",\"valueRequired\":true,\"valueName\":\"search_term_string\"}}],\"inLanguage\":\"de\"},{\"@type\":\"Organization\",\"@id\":\"https:\\\/\\\/www.childrenfirst.ch\\\/de\\\/#organization\",\"name\":\"Children First\",\"url\":\"https:\\\/\\\/www.childrenfirst.ch\\\/de\\\/\",\"logo\":{\"@type\":\"ImageObject\",\"inLanguage\":\"de\",\"@id\":\"https:\\\/\\\/www.childrenfirst.ch\\\/de\\\/#\\\/schema\\\/logo\\\/image\\\/\",\"url\":\"https:\\\/\\\/www.childrenfirst.ch\\\/wp-content\\\/uploads\\\/2024\\\/12\\\/logo-1.png\",\"contentUrl\":\"https:\\\/\\\/www.childrenfirst.ch\\\/wp-content\\\/uploads\\\/2024\\\/12\\\/logo-1.png\",\"width\":305,\"height\":82,\"caption\":\"Children First\"},\"image\":{\"@id\":\"https:\\\/\\\/www.childrenfirst.ch\\\/de\\\/#\\\/schema\\\/logo\\\/image\\\/\"}}]}<\/script>\n<!-- \/ Yoast SEO plugin. -->","yoast_head_json":{"title":"Standorte - Children First","robots":{"index":"index","follow":"follow","max-snippet":"max-snippet:-1","max-image-preview":"max-image-preview:large","max-video-preview":"max-video-preview:-1"},"canonical":"https:\/\/www.childrenfirst.ch\/de\/standorte\/","og_locale":"de_DE","og_type":"article","og_title":"Standorte - Children First","og_description":"Englischviertelstrasse 42 8032 Z\u00fcrich Standort in Seefeld Seefeld 0-12 Jahre Schwamendingenstrasse 77 8050 Z\u00fcrich Standort in Oerlikon Oerlikon 2-8 Jahre fit4school-Z\u00fcrichberg Mehr Info Stadelhofen 7-19 Jahre Gesunde Gemeinschaft Das Essen ist ein wichtiger Teil des Tages der Kinder bei uns: Unser Essen wird von einer Ern\u00e4hrungsberaterin entwickelt und jeden Tag vor Ort frisch zubereitet. Unsere [&hellip;]","og_url":"https:\/\/www.childrenfirst.ch\/de\/standorte\/","og_site_name":"Children First","article_modified_time":"2026-08-31T09:33:41+00:00","og_image":[{"width":2560,"height":1920,"url":"https:\/\/www.childrenfirst.ch\/wp-content\/uploads\/2024\/06\/marcus-wallis-MTeZ5FmCGCU-unsplash-scaled.jpg","type":"image\/jpeg"}],"twitter_card":"summary_large_image","twitter_misc":{"Gesch\u00e4tzte Lesezeit":"11\u00a0Minuten"},"schema":{"@context":"https:\/\/schema.org","@graph":[{"@type":"WebPage","@id":"https:\/\/www.childrenfirst.ch\/de\/standorte\/","url":"https:\/\/www.childrenfirst.ch\/de\/standorte\/","name":"Standorte - Children First","isPartOf":{"@id":"https:\/\/www.childrenfirst.ch\/de\/#website"},"primaryImageOfPage":{"@id":"https:\/\/www.childrenfirst.ch\/de\/standorte\/#primaryimage"},"image":{"@id":"https:\/\/www.childrenfirst.ch\/de\/standorte\/#primaryimage"},"thumbnailUrl":"https:\/\/www.childrenfirst.ch\/wp-content\/uploads\/2024\/06\/marcus-wallis-MTeZ5FmCGCU-unsplash-1024x768.jpg","datePublished":"2025-01-17T10:54:04+00:00","dateModified":"2026-08-31T09:33:41+00:00","breadcrumb":{"@id":"https:\/\/www.childrenfirst.ch\/de\/standorte\/#breadcrumb"},"inLanguage":"de","potentialAction":[{"@type":"ReadAction","target":["https:\/\/www.childrenfirst.ch\/de\/standorte\/"]}]},{"@type":"ImageObject","inLanguage":"de","@id":"https:\/\/www.childrenfirst.ch\/de\/standorte\/#primaryimage","url":"https:\/\/www.childrenfirst.ch\/wp-content\/uploads\/2024\/06\/marcus-wallis-MTeZ5FmCGCU-unsplash-1024x768.jpg","contentUrl":"https:\/\/www.childrenfirst.ch\/wp-content\/uploads\/2024\/06\/marcus-wallis-MTeZ5FmCGCU-unsplash-1024x768.jpg"},{"@type":"BreadcrumbList","@id":"https:\/\/www.childrenfirst.ch\/de\/standorte\/#breadcrumb","itemListElement":[{"@type":"ListItem","position":1,"name":"Home","item":"https:\/\/www.childrenfirst.ch\/de\/"},{"@type":"ListItem","position":2,"name":"Standorte"}]},{"@type":"WebSite","@id":"https:\/\/www.childrenfirst.ch\/de\/#website","url":"https:\/\/www.childrenfirst.ch\/de\/","name":"Children First","description":"International daycare, preschool and kindergarten","publisher":{"@id":"https:\/\/www.childrenfirst.ch\/de\/#organization"},"potentialAction":[{"@type":"SearchAction","target":{"@type":"EntryPoint","urlTemplate":"https:\/\/www.childrenfirst.ch\/de\/?s={search_term_string}"},"query-input":{"@type":"PropertyValueSpecification","valueRequired":true,"valueName":"search_term_string"}}],"inLanguage":"de"},{"@type":"Organization","@id":"https:\/\/www.childrenfirst.ch\/de\/#organization","name":"Children First","url":"https:\/\/www.childrenfirst.ch\/de\/","logo":{"@type":"ImageObject","inLanguage":"de","@id":"https:\/\/www.childrenfirst.ch\/de\/#\/schema\/logo\/image\/","url":"https:\/\/www.childrenfirst.ch\/wp-content\/uploads\/2024\/12\/logo-1.png","contentUrl":"https:\/\/www.childrenfirst.ch\/wp-content\/uploads\/2024\/12\/logo-1.png","width":305,"height":82,"caption":"Children First"},"image":{"@id":"https:\/\/www.childrenfirst.ch\/de\/#\/schema\/logo\/image\/"}}]}},"_links":{"self":[{"href":"https:\/\/www.childrenfirst.ch\/de\/wp-json\/wp\/v2\/pages\/4070","targetHints":{"allow":["GET"]}}],"collection":[{"href":"https:\/\/www.childrenfirst.ch\/de\/wp-json\/wp\/v2\/pages"}],"about":[{"href":"https:\/\/www.childrenfirst.ch\/de\/wp-json\/wp\/v2\/types\/page"}],"author":[{"embeddable":true,"href":"https:\/\/www.childrenfirst.ch\/de\/wp-json\/wp\/v2\/users\/1"}],"replies":[{"embeddable":true,"href":"https:\/\/www.childrenfirst.ch\/de\/wp-json\/wp\/v2\/comments?post=4070"}],"version-history":[{"count":76,"href":"https:\/\/www.childrenfirst.ch\/de\/wp-json\/wp\/v2\/pages\/4070\/revisions"}],"predecessor-version":[{"id":9279,"href":"https:\/\/www.childrenfirst.ch\/de\/wp-json\/wp\/v2\/pages\/4070\/revisions\/9279"}],"wp:attachment":[{"href":"https:\/\/www.childrenfirst.ch\/de\/wp-json\/wp\/v2\/media?parent=4070"}],"curies":[{"name":"wp","href":"https:\/\/api.w.org\/{rel}","templated":true}]}}