{"id":4043,"date":"2024-05-12T08:01:33","date_gmt":"2024-05-12T08:01:33","guid":{"rendered":"https:\/\/www.childrenfirst.ch\/standort\/"},"modified":"2026-08-31T09:26:11","modified_gmt":"2026-08-31T09:26:11","slug":"standort","status":"publish","type":"page","link":"https:\/\/www.childrenfirst.ch\/de\/standort\/","title":{"rendered":"Standort Seefeld"},"content":{"rendered":"\t\t<div data-elementor-type=\"wp-post\" data-elementor-id=\"4043\" class=\"elementor elementor-4043 elementor-916\" data-elementor-post-type=\"page\">\n\t\t\t\t<div class=\"elementor-element elementor-element-2a9f8c3 relative-section e-flex e-con-boxed e-con e-parent\" data-id=\"2a9f8c3\" data-element_type=\"container\" data-e-type=\"container\">\n\t\t\t\t\t<div class=\"e-con-inner\">\n\t\t<div class=\"elementor-element elementor-element-1095bde3 e-con-full e-flex e-con e-child\" data-id=\"1095bde3\" data-element_type=\"container\" data-e-type=\"container\" data-settings=\"{&quot;background_background&quot;:&quot;classic&quot;}\">\n\t\t<div class=\"elementor-element elementor-element-581ea9e9 e-con-full e-flex e-con e-child\" data-id=\"581ea9e9\" data-element_type=\"container\" data-e-type=\"container\" data-settings=\"{&quot;background_background&quot;:&quot;classic&quot;}\">\n\t\t<div class=\"elementor-element elementor-element-50a91fb9 e-con-full e-flex e-con e-child\" data-id=\"50a91fb9\" data-element_type=\"container\" data-e-type=\"container\" data-settings=\"{&quot;background_background&quot;:&quot;classic&quot;}\">\n\t\t\t\t<div class=\"elementor-element elementor-element-2eb4cb54 elementor-widget__width-initial circle-box right-left elementor-widget elementor-widget-heading\" data-id=\"2eb4cb54\" data-element_type=\"widget\" data-e-type=\"widget\" data-widget_type=\"heading.default\">\n\t\t\t\t<div class=\"elementor-widget-container\">\n\t\t\t\t\t<h1 class=\"elementor-heading-title elementor-size-default\">Seefeld<\/h1>\t\t\t\t<\/div>\n\t\t\t\t<\/div>\n\t\t\t\t<\/div>\n\t\t\t\t<\/div>\n\t\t\t\t<\/div>\n\t\t<div class=\"elementor-element elementor-element-50b0e933 e-con-full e-flex e-con e-child\" data-id=\"50b0e933\" data-element_type=\"container\" data-e-type=\"container\" data-settings=\"{&quot;background_background&quot;:&quot;classic&quot;}\">\n\t\t<div class=\"elementor-element elementor-element-1a444dc3 e-con-full e-flex e-con e-child\" data-id=\"1a444dc3\" data-element_type=\"container\" data-e-type=\"container\" data-settings=\"{&quot;background_background&quot;:&quot;classic&quot;}\">\n\t\t\t\t<div class=\"elementor-element elementor-element-2bb7acf4 elementor-widget elementor-widget-text-editor\" data-id=\"2bb7acf4\" data-element_type=\"widget\" data-e-type=\"widget\" data-widget_type=\"text-editor.default\">\n\t\t\t\t<div class=\"elementor-widget-container\">\n\t\t\t\t\t\t\t\t\t<p>Unser Standort an der Englischviertelstrasse 42 liegt in einem ruhigen Wohnquartier, nur wenige Schritte vom Artergutpark entfernt.<\/p><p>Die Tramlinie 2 h\u00e4lt direkt vor unserer T\u00fcr an der Haltestelle \u00abEnglischviertelstrasse\u00bb, und der Kreuzplatz ist in nur f\u00fcnf Gehminuten erreichbar. Es bestehen bequeme Verbindungen zum Bahnhof Stadelhofen, zum Bellevue und ins Z\u00fcrcher Stadtzentrum. \u00d6ffentliche Parkpl\u00e4tze befinden sich in der n\u00e4heren Umgebung.<\/p>\t\t\t\t\t\t\t\t<\/div>\n\t\t\t\t<\/div>\n\t\t\t\t<div class=\"elementor-element elementor-element-cfec8b6 elementor-widget elementor-widget-google_maps\" data-id=\"cfec8b6\" data-element_type=\"widget\" data-e-type=\"widget\" data-widget_type=\"google_maps.default\">\n\t\t\t\t<div class=\"elementor-widget-container\">\n\t\t\t\t\t\t\t<div class=\"elementor-custom-embed\">\n\t\t\t<iframe loading=\"lazy\"\n\t\t\t\t\tsrc=\"https:\/\/maps.google.com\/maps?q=Englischviertelstrasse%2042%2C%208032%20Z%C3%BCrich%20&#038;t=m&#038;z=14&#038;output=embed&#038;iwloc=near\"\n\t\t\t\t\ttitle=\"Englischviertelstrasse 42, 8032 Z\u00fcrich \"\n\t\t\t\t\taria-label=\"Englischviertelstrasse 42, 8032 Z\u00fcrich \"\n\t\t\t><\/iframe>\n\t\t<\/div>\n\t\t\t\t\t\t<\/div>\n\t\t\t\t<\/div>\n\t\t\t\t<div class=\"elementor-element elementor-element-c2aa84a elementor-widget elementor-widget-image-gallery\" data-id=\"c2aa84a\" data-element_type=\"widget\" data-e-type=\"widget\" data-widget_type=\"image-gallery.default\">\n\t\t\t\t<div class=\"elementor-widget-container\">\n\t\t\t\t\t\t\t<div class=\"elementor-image-gallery\">\n\t\t\t<div id='gallery-1' class='gallery galleryid-4043 gallery-columns-3 gallery-size-full'><figure class='gallery-item'>\n\t\t\t<div class='gallery-icon landscape'>\n\t\t\t\t<img decoding=\"async\" width=\"278\" height=\"175\" src=\"https:\/\/www.childrenfirst.ch\/wp-content\/uploads\/2025\/01\/n-IMG_0751.jpg\" class=\"attachment-full size-full\" alt=\"\" \/>\n\t\t\t<\/div><\/figure><figure class='gallery-item'>\n\t\t\t<div class='gallery-icon landscape'>\n\t\t\t\t<img decoding=\"async\" width=\"278\" height=\"175\" src=\"https:\/\/www.childrenfirst.ch\/wp-content\/uploads\/2025\/01\/NIMG_1065.jpg\" class=\"attachment-full size-full\" alt=\"\" \/>\n\t\t\t<\/div><\/figure><figure class='gallery-item'>\n\t\t\t<div class='gallery-icon landscape'>\n\t\t\t\t<img decoding=\"async\" width=\"278\" height=\"175\" src=\"https:\/\/www.childrenfirst.ch\/wp-content\/uploads\/2025\/01\/slide-278x175-1.jpg\" class=\"attachment-full size-full\" alt=\"\" \/>\n\t\t\t<\/div><\/figure>\n\t\t<\/div>\n\t\t<\/div>\n\t\t\t\t\t\t<\/div>\n\t\t\t\t<\/div>\n\t\t\t\t<\/div>\n\t\t\t\t<\/div>\n\t\t\t\t\t<\/div>\n\t\t\t\t<\/div>\n\t\t\t\t<\/div>\n\t\t","protected":false},"excerpt":{"rendered":"<p>Seefeld Unser Standort an der Englischviertelstrasse 42 liegt in einem ruhigen Wohnquartier, nur wenige Schritte vom Artergutpark entfernt. Die Tramlinie 2 h\u00e4lt direkt vor unserer T\u00fcr an der Haltestelle \u00abEnglischviertelstrasse\u00bb, und der Kreuzplatz ist in nur f\u00fcnf Gehminuten erreichbar. Es bestehen bequeme Verbindungen zum Bahnhof Stadelhofen, zum Bellevue und ins Z\u00fcrcher Stadtzentrum. \u00d6ffentliche Parkpl\u00e4tze befinden [&hellip;]<\/p>\n","protected":false},"author":1,"featured_media":682,"parent":0,"menu_order":10,"comment_status":"closed","ping_status":"closed","template":"","meta":{"_acf_changed":false,"footnotes":""},"class_list":["post-4043","page","type-page","status-publish","has-post-thumbnail","hentry"],"acf":[],"yoast_head":"<!-- This site is optimized with the Yoast SEO plugin v28.2 - https:\/\/yoast.com\/product\/yoast-seo-wordpress\/ -->\n<title>Standort Seefeld - Children First<\/title>\n<meta name=\"robots\" content=\"index, follow, max-snippet:-1, max-image-preview:large, max-video-preview:-1\" \/>\n<link rel=\"canonical\" href=\"https:\/\/www.childrenfirst.ch\/de\/standort\/\" \/>\n<meta property=\"og:locale\" content=\"de_DE\" \/>\n<meta property=\"og:type\" content=\"article\" \/>\n<meta property=\"og:title\" content=\"Standort Seefeld - Children First\" \/>\n<meta property=\"og:description\" content=\"Seefeld Unser Standort an der Englischviertelstrasse 42 liegt in einem ruhigen Wohnquartier, nur wenige Schritte vom Artergutpark entfernt. Die Tramlinie 2 h\u00e4lt direkt vor unserer T\u00fcr an der Haltestelle \u00abEnglischviertelstrasse\u00bb, und der Kreuzplatz ist in nur f\u00fcnf Gehminuten erreichbar. Es bestehen bequeme Verbindungen zum Bahnhof Stadelhofen, zum Bellevue und ins Z\u00fcrcher Stadtzentrum. \u00d6ffentliche Parkpl\u00e4tze befinden [&hellip;]\" \/>\n<meta property=\"og:url\" content=\"https:\/\/www.childrenfirst.ch\/de\/standort\/\" \/>\n<meta property=\"og:site_name\" content=\"Children First\" \/>\n<meta property=\"article:modified_time\" content=\"2026-08-31T09:26:11+00:00\" \/>\n<meta property=\"og:image\" content=\"https:\/\/www.childrenfirst.ch\/wp-content\/uploads\/2024\/06\/hans-peter-gauster-3y1zF4hIPCg-unsplash-scaled.jpg\" \/>\n\t<meta property=\"og:image:width\" content=\"2560\" \/>\n\t<meta property=\"og:image:height\" content=\"1710\" \/>\n\t<meta property=\"og:image:type\" content=\"image\/jpeg\" \/>\n<meta name=\"twitter:card\" content=\"summary_large_image\" \/>\n<meta name=\"twitter:label1\" content=\"Gesch\u00e4tzte Lesezeit\" \/>\n\t<meta name=\"twitter:data1\" content=\"1\u00a0Minute\" \/>\n<script type=\"application\/ld+json\" class=\"yoast-schema-graph\">{\"@context\":\"https:\\\/\\\/schema.org\",\"@graph\":[{\"@type\":\"WebPage\",\"@id\":\"https:\\\/\\\/www.childrenfirst.ch\\\/de\\\/standort\\\/\",\"url\":\"https:\\\/\\\/www.childrenfirst.ch\\\/de\\\/standort\\\/\",\"name\":\"Standort Seefeld - Children First\",\"isPartOf\":{\"@id\":\"https:\\\/\\\/www.childrenfirst.ch\\\/de\\\/#website\"},\"primaryImageOfPage\":{\"@id\":\"https:\\\/\\\/www.childrenfirst.ch\\\/de\\\/standort\\\/#primaryimage\"},\"image\":{\"@id\":\"https:\\\/\\\/www.childrenfirst.ch\\\/de\\\/standort\\\/#primaryimage\"},\"thumbnailUrl\":\"https:\\\/\\\/www.childrenfirst.ch\\\/wp-content\\\/uploads\\\/2024\\\/06\\\/hans-peter-gauster-3y1zF4hIPCg-unsplash-scaled.jpg\",\"datePublished\":\"2024-05-12T08:01:33+00:00\",\"dateModified\":\"2026-08-31T09:26:11+00:00\",\"breadcrumb\":{\"@id\":\"https:\\\/\\\/www.childrenfirst.ch\\\/de\\\/standort\\\/#breadcrumb\"},\"inLanguage\":\"de\",\"potentialAction\":[{\"@type\":\"ReadAction\",\"target\":[\"https:\\\/\\\/www.childrenfirst.ch\\\/de\\\/standort\\\/\"]}]},{\"@type\":\"ImageObject\",\"inLanguage\":\"de\",\"@id\":\"https:\\\/\\\/www.childrenfirst.ch\\\/de\\\/standort\\\/#primaryimage\",\"url\":\"https:\\\/\\\/www.childrenfirst.ch\\\/wp-content\\\/uploads\\\/2024\\\/06\\\/hans-peter-gauster-3y1zF4hIPCg-unsplash-scaled.jpg\",\"contentUrl\":\"https:\\\/\\\/www.childrenfirst.ch\\\/wp-content\\\/uploads\\\/2024\\\/06\\\/hans-peter-gauster-3y1zF4hIPCg-unsplash-scaled.jpg\",\"width\":2560,\"height\":1710},{\"@type\":\"BreadcrumbList\",\"@id\":\"https:\\\/\\\/www.childrenfirst.ch\\\/de\\\/standort\\\/#breadcrumb\",\"itemListElement\":[{\"@type\":\"ListItem\",\"position\":1,\"name\":\"Home\",\"item\":\"https:\\\/\\\/www.childrenfirst.ch\\\/de\\\/\"},{\"@type\":\"ListItem\",\"position\":2,\"name\":\"Standort Seefeld\"}]},{\"@type\":\"WebSite\",\"@id\":\"https:\\\/\\\/www.childrenfirst.ch\\\/de\\\/#website\",\"url\":\"https:\\\/\\\/www.childrenfirst.ch\\\/de\\\/\",\"name\":\"Children First\",\"description\":\"International daycare, preschool and kindergarten\",\"publisher\":{\"@id\":\"https:\\\/\\\/www.childrenfirst.ch\\\/de\\\/#organization\"},\"potentialAction\":[{\"@type\":\"SearchAction\",\"target\":{\"@type\":\"EntryPoint\",\"urlTemplate\":\"https:\\\/\\\/www.childrenfirst.ch\\\/de\\\/?s={search_term_string}\"},\"query-input\":{\"@type\":\"PropertyValueSpecification\",\"valueRequired\":true,\"valueName\":\"search_term_string\"}}],\"inLanguage\":\"de\"},{\"@type\":\"Organization\",\"@id\":\"https:\\\/\\\/www.childrenfirst.ch\\\/de\\\/#organization\",\"name\":\"Children First\",\"url\":\"https:\\\/\\\/www.childrenfirst.ch\\\/de\\\/\",\"logo\":{\"@type\":\"ImageObject\",\"inLanguage\":\"de\",\"@id\":\"https:\\\/\\\/www.childrenfirst.ch\\\/de\\\/#\\\/schema\\\/logo\\\/image\\\/\",\"url\":\"https:\\\/\\\/www.childrenfirst.ch\\\/wp-content\\\/uploads\\\/2024\\\/12\\\/logo-1.png\",\"contentUrl\":\"https:\\\/\\\/www.childrenfirst.ch\\\/wp-content\\\/uploads\\\/2024\\\/12\\\/logo-1.png\",\"width\":305,\"height\":82,\"caption\":\"Children First\"},\"image\":{\"@id\":\"https:\\\/\\\/www.childrenfirst.ch\\\/de\\\/#\\\/schema\\\/logo\\\/image\\\/\"}}]}<\/script>\n<!-- \/ Yoast SEO plugin. -->","yoast_head_json":{"title":"Standort Seefeld - Children First","robots":{"index":"index","follow":"follow","max-snippet":"max-snippet:-1","max-image-preview":"max-image-preview:large","max-video-preview":"max-video-preview:-1"},"canonical":"https:\/\/www.childrenfirst.ch\/de\/standort\/","og_locale":"de_DE","og_type":"article","og_title":"Standort Seefeld - Children First","og_description":"Seefeld Unser Standort an der Englischviertelstrasse 42 liegt in einem ruhigen Wohnquartier, nur wenige Schritte vom Artergutpark entfernt. Die Tramlinie 2 h\u00e4lt direkt vor unserer T\u00fcr an der Haltestelle \u00abEnglischviertelstrasse\u00bb, und der Kreuzplatz ist in nur f\u00fcnf Gehminuten erreichbar. Es bestehen bequeme Verbindungen zum Bahnhof Stadelhofen, zum Bellevue und ins Z\u00fcrcher Stadtzentrum. \u00d6ffentliche Parkpl\u00e4tze befinden [&hellip;]","og_url":"https:\/\/www.childrenfirst.ch\/de\/standort\/","og_site_name":"Children First","article_modified_time":"2026-08-31T09:26:11+00:00","og_image":[{"width":2560,"height":1710,"url":"https:\/\/www.childrenfirst.ch\/wp-content\/uploads\/2024\/06\/hans-peter-gauster-3y1zF4hIPCg-unsplash-scaled.jpg","type":"image\/jpeg"}],"twitter_card":"summary_large_image","twitter_misc":{"Gesch\u00e4tzte Lesezeit":"1\u00a0Minute"},"schema":{"@context":"https:\/\/schema.org","@graph":[{"@type":"WebPage","@id":"https:\/\/www.childrenfirst.ch\/de\/standort\/","url":"https:\/\/www.childrenfirst.ch\/de\/standort\/","name":"Standort Seefeld - Children First","isPartOf":{"@id":"https:\/\/www.childrenfirst.ch\/de\/#website"},"primaryImageOfPage":{"@id":"https:\/\/www.childrenfirst.ch\/de\/standort\/#primaryimage"},"image":{"@id":"https:\/\/www.childrenfirst.ch\/de\/standort\/#primaryimage"},"thumbnailUrl":"https:\/\/www.childrenfirst.ch\/wp-content\/uploads\/2024\/06\/hans-peter-gauster-3y1zF4hIPCg-unsplash-scaled.jpg","datePublished":"2024-05-12T08:01:33+00:00","dateModified":"2026-08-31T09:26:11+00:00","breadcrumb":{"@id":"https:\/\/www.childrenfirst.ch\/de\/standort\/#breadcrumb"},"inLanguage":"de","potentialAction":[{"@type":"ReadAction","target":["https:\/\/www.childrenfirst.ch\/de\/standort\/"]}]},{"@type":"ImageObject","inLanguage":"de","@id":"https:\/\/www.childrenfirst.ch\/de\/standort\/#primaryimage","url":"https:\/\/www.childrenfirst.ch\/wp-content\/uploads\/2024\/06\/hans-peter-gauster-3y1zF4hIPCg-unsplash-scaled.jpg","contentUrl":"https:\/\/www.childrenfirst.ch\/wp-content\/uploads\/2024\/06\/hans-peter-gauster-3y1zF4hIPCg-unsplash-scaled.jpg","width":2560,"height":1710},{"@type":"BreadcrumbList","@id":"https:\/\/www.childrenfirst.ch\/de\/standort\/#breadcrumb","itemListElement":[{"@type":"ListItem","position":1,"name":"Home","item":"https:\/\/www.childrenfirst.ch\/de\/"},{"@type":"ListItem","position":2,"name":"Standort Seefeld"}]},{"@type":"WebSite","@id":"https:\/\/www.childrenfirst.ch\/de\/#website","url":"https:\/\/www.childrenfirst.ch\/de\/","name":"Children First","description":"International daycare, preschool and kindergarten","publisher":{"@id":"https:\/\/www.childrenfirst.ch\/de\/#organization"},"potentialAction":[{"@type":"SearchAction","target":{"@type":"EntryPoint","urlTemplate":"https:\/\/www.childrenfirst.ch\/de\/?s={search_term_string}"},"query-input":{"@type":"PropertyValueSpecification","valueRequired":true,"valueName":"search_term_string"}}],"inLanguage":"de"},{"@type":"Organization","@id":"https:\/\/www.childrenfirst.ch\/de\/#organization","name":"Children First","url":"https:\/\/www.childrenfirst.ch\/de\/","logo":{"@type":"ImageObject","inLanguage":"de","@id":"https:\/\/www.childrenfirst.ch\/de\/#\/schema\/logo\/image\/","url":"https:\/\/www.childrenfirst.ch\/wp-content\/uploads\/2024\/12\/logo-1.png","contentUrl":"https:\/\/www.childrenfirst.ch\/wp-content\/uploads\/2024\/12\/logo-1.png","width":305,"height":82,"caption":"Children First"},"image":{"@id":"https:\/\/www.childrenfirst.ch\/de\/#\/schema\/logo\/image\/"}}]}},"_links":{"self":[{"href":"https:\/\/www.childrenfirst.ch\/de\/wp-json\/wp\/v2\/pages\/4043","targetHints":{"allow":["GET"]}}],"collection":[{"href":"https:\/\/www.childrenfirst.ch\/de\/wp-json\/wp\/v2\/pages"}],"about":[{"href":"https:\/\/www.childrenfirst.ch\/de\/wp-json\/wp\/v2\/types\/page"}],"author":[{"embeddable":true,"href":"https:\/\/www.childrenfirst.ch\/de\/wp-json\/wp\/v2\/users\/1"}],"replies":[{"embeddable":true,"href":"https:\/\/www.childrenfirst.ch\/de\/wp-json\/wp\/v2\/comments?post=4043"}],"version-history":[{"count":9,"href":"https:\/\/www.childrenfirst.ch\/de\/wp-json\/wp\/v2\/pages\/4043\/revisions"}],"predecessor-version":[{"id":9267,"href":"https:\/\/www.childrenfirst.ch\/de\/wp-json\/wp\/v2\/pages\/4043\/revisions\/9267"}],"wp:featuredmedia":[{"embeddable":true,"href":"https:\/\/www.childrenfirst.ch\/de\/wp-json\/wp\/v2\/media\/682"}],"wp:attachment":[{"href":"https:\/\/www.childrenfirst.ch\/de\/wp-json\/wp\/v2\/media?parent=4043"}],"curies":[{"name":"wp","href":"https:\/\/api.w.org\/{rel}","templated":true}]}}