{"version":"1.0","provider_name":"Children First","provider_url":"https:\/\/www.childrenfirst.ch\/de\/","author_name":"admin","author_url":"https:\/\/www.childrenfirst.ch\/de\/author\/mauricio\/","title":"Entwicklungsorientierte Kindertagesst\u00e4tte - Children First","type":"rich","width":600,"height":338,"html":"<blockquote class=\"wp-embedded-content\" data-secret=\"6yR1y3e4QX\"><a href=\"https:\/\/www.childrenfirst.ch\/de\/entwicklungspolitische-kindertagesstaette\/\">Entwicklungsorientierte Kindertagesst\u00e4tte<\/a><\/blockquote><iframe sandbox=\"allow-scripts\" security=\"restricted\" src=\"https:\/\/www.childrenfirst.ch\/de\/entwicklungspolitische-kindertagesstaette\/embed\/#?secret=6yR1y3e4QX\" width=\"600\" height=\"338\" title=\"&#8222;Entwicklungsorientierte Kindertagesst\u00e4tte&#8220; &#8211; Children First\" data-secret=\"6yR1y3e4QX\" frameborder=\"0\" marginwidth=\"0\" marginheight=\"0\" scrolling=\"no\" class=\"wp-embedded-content\"><\/iframe><script>\n\/*! This file is auto-generated *\/\n!function(d,l){\"use strict\";l.querySelector&&d.addEventListener&&\"undefined\"!=typeof URL&&(d.wp=d.wp||{},d.wp.receiveEmbedMessage||(d.wp.receiveEmbedMessage=function(e){var t=e.data;if((t||t.secret||t.message||t.value)&&!\/[^a-zA-Z0-9]\/.test(t.secret)){for(var s,r,n,a=l.querySelectorAll('iframe[data-secret=\"'+t.secret+'\"]'),o=l.querySelectorAll('blockquote[data-secret=\"'+t.secret+'\"]'),c=new RegExp(\"^https?:$\",\"i\"),i=0;i<o.length;i++)o[i].style.display=\"none\";for(i=0;i<a.length;i++)s=a[i],e.source===s.contentWindow&&(s.removeAttribute(\"style\"),\"height\"===t.message?(1e3<(r=parseInt(t.value,10))?r=1e3:~~r<200&&(r=200),s.height=r):\"link\"===t.message&&(r=new URL(s.getAttribute(\"src\")),n=new URL(t.value),c.test(n.protocol))&&n.host===r.host&&l.activeElement===s&&(d.top.location.href=t.value))}},d.addEventListener(\"message\",d.wp.receiveEmbedMessage,!1),l.addEventListener(\"DOMContentLoaded\",function(){for(var e,t,s=l.querySelectorAll(\"iframe.wp-embedded-content\"),r=0;r<s.length;r++)(t=(e=s[r]).getAttribute(\"data-secret\"))||(t=Math.random().toString(36).substring(2,12),e.src+=\"#?secret=\"+t,e.setAttribute(\"data-secret\",t)),e.contentWindow.postMessage({message:\"ready\",secret:t},\"*\")},!1)))}(window,document);\n\/\/# sourceURL=https:\/\/www.childrenfirst.ch\/wp-includes\/js\/wp-embed.min.js\n<\/script>\n","thumbnail_url":"https:\/\/www.childrenfirst.ch\/wp-content\/uploads\/2024\/11\/9.jpg","thumbnail_width":546,"thumbnail_height":526,"description":"Entwicklungsorientierte Kindertagesst\u00e4tte Pflege mit Pfiff F\u00fcr viele von uns berufst\u00e4tigen Eltern bedeutet der Begriff &#8222;Tagesst\u00e4tte&#8220; (Kindertagesst\u00e4tte, Kita oder Krippe in der deutschsprachigen Schweiz) einfach, dass wir die Verantwortung f\u00fcr die Sicherheit und das Gl\u00fcck unserer Kinder \u00fcbernehmen, w\u00e4hrend wir arbeiten. In einer entwicklungsf\u00f6rdernden Kindertagesst\u00e4tte jedoch f\u00fchren der Hintergrund und die Ausbildung der Erzieherinnen zu einer [&hellip;]"}